{"id":1688,"date":"2020-02-25T09:51:18","date_gmt":"2020-02-25T08:51:18","guid":{"rendered":"http:\/\/agora.xtec.cat\/ceiptorreroja\/?page_id=1688"},"modified":"2020-03-27T12:36:53","modified_gmt":"2020-03-27T11:36:53","slug":"musica-cs","status":"publish","type":"page","link":"https:\/\/agora.xtec.cat\/ceiptorreroja\/el-rebost\/musica\/musica-cs\/","title":{"rendered":"M\u00fasica &#8211; CS"},"content":{"rendered":"<hr \/>\n<p><a href=\"..\"><img loading=\"lazy\" decoding=\"async\" class=\"wp-image-1645 aligncenter\" src=\"https:\/\/agora.xtec.cat\/ceiptorreroja\/wp-content\/uploads\/usu1673\/2020\/02\/back-arrow_icon-icons.com_72866-150x150.png\" alt=\"\" width=\"100\" height=\"100\" srcset=\"https:\/\/agora.xtec.cat\/ceiptorreroja\/wp-content\/uploads\/usu1673\/2020\/02\/back-arrow_icon-icons.com_72866-150x150.png 150w, https:\/\/agora.xtec.cat\/ceiptorreroja\/wp-content\/uploads\/usu1673\/2020\/02\/back-arrow_icon-icons.com_72866-300x300.png 300w, https:\/\/agora.xtec.cat\/ceiptorreroja\/wp-content\/uploads\/usu1673\/2020\/02\/back-arrow_icon-icons.com_72866.png 512w\" sizes=\"auto, (max-width: 100px) 100vw, 100px\" \/><\/a><\/p>\n<hr \/>\n<h2>Propostes de m\u00fasica en familia<\/h2>\n<p style=\"text-align: center;\"><iframe loading=\"lazy\" title=\"M\u00daSICA EN FAM\u00cdLIA (per a nadons i infants) . N\u00faria Camps\" width=\"500\" height=\"281\" src=\"https:\/\/www.youtube.com\/embed\/TVsO8Z_U-vs?feature=oembed\" frameborder=\"0\" allow=\"accelerometer; autoplay; clipboard-write; encrypted-media; gyroscope; picture-in-picture; web-share\" referrerpolicy=\"strict-origin-when-cross-origin\" allowfullscreen><\/iframe><\/p>\n<hr \/>\n<h2>Cant\u00e0nia<\/h2>\n<p>Llista de Youtube amb versi\u00f3 normal i instrumental per poder practicar a casa:<\/p>\n<p style=\"text-align: center;\"><iframe loading=\"lazy\" title=\"CANT\u00c0NIA 2020: VIRTU@L. 02 El m\u00f3n digital.\" width=\"500\" height=\"281\" src=\"https:\/\/www.youtube.com\/embed\/1-g1iGWYk78?list=PLtlmtT5fn4zGNlpMWU78yC7elLV5CDk6N\" frameborder=\"0\" allow=\"accelerometer; autoplay; clipboard-write; encrypted-media; gyroscope; picture-in-picture; web-share\" referrerpolicy=\"strict-origin-when-cross-origin\" allowfullscreen><\/iframe><\/p>\n<hr \/>\n<p>Partitura de la BSO de la pel\u00b7l\u00edcula Pirates del Caribe que treballarem els propers dies dintre de l\u2019unitat did\u00e0ctica de m\u00fasica de cinema<\/p>\n<p><a href=\"https:\/\/agora.xtec.cat\/ceiptorreroja\/wp-content\/uploads\/usu1673\/2020\/02\/Flauta-Piratas-del-Caribe-1.jpg\" target=\"_blank\" rel=\"noopener noreferrer\"><img loading=\"lazy\" decoding=\"async\" class=\"aligncenter wp-image-1692 size-medium\" src=\"https:\/\/agora.xtec.cat\/ceiptorreroja\/wp-content\/uploads\/usu1673\/2020\/02\/Flauta-Piratas-del-Caribe-1-224x300.jpg\" alt=\"\" width=\"224\" height=\"300\" srcset=\"https:\/\/agora.xtec.cat\/ceiptorreroja\/wp-content\/uploads\/usu1673\/2020\/02\/Flauta-Piratas-del-Caribe-1-224x300.jpg 224w, https:\/\/agora.xtec.cat\/ceiptorreroja\/wp-content\/uploads\/usu1673\/2020\/02\/Flauta-Piratas-del-Caribe-1-768x1027.jpg 768w, https:\/\/agora.xtec.cat\/ceiptorreroja\/wp-content\/uploads\/usu1673\/2020\/02\/Flauta-Piratas-del-Caribe-1-766x1024.jpg 766w\" sizes=\"auto, (max-width: 224px) 100vw, 224px\" \/><\/a><\/p>\n<pre style=\"text-align: center;\">(Fes clic a l'imatge per augmentar)<\/pre>\n<pre><\/pre>\n","protected":false},"excerpt":{"rendered":"<p><a href=\"..\"><\/a><\/p>\n<p>Propostes de m\u00fasica en familia<\/p>\n<p>Cant\u00e0nia<br \/>\nLlista de Youtube amb versi\u00f3 normal i instrumental per poder practicar a casa:<\/p>\n<p>Partitura de la BSO de la pel\u00b7l\u00edcula Pirates del Caribe que treballarem els propers dies dintre de l\u2019unitat did\u00e0ctica de m\u00fasica de cinema<br \/>\n<a href=\"https:\/\/agora.xtec.cat\/ceiptorreroja\/wp-content\/uploads\/usu1673\/2020\/02\/Flauta-Piratas-del-Caribe-1.jpg\" target=\"_blank\" rel=\"noopener noreferrer\"><\/a><br \/>\n(Fes clic&hellip;  <a href=\"https:\/\/agora.xtec.cat\/ceiptorreroja\/el-rebost\/musica\/musica-cs\/\" title=\"Read M\u00fasica &#8211; CS\">Llegeix m\u00e9s\u00bb<\/a><\/p>\n","protected":false},"author":1,"featured_media":0,"parent":1532,"menu_order":4,"comment_status":"closed","ping_status":"closed","template":"page-templates\/side-menu.php","meta":{"_bbp_topic_count":0,"_bbp_reply_count":0,"_bbp_total_topic_count":0,"_bbp_total_reply_count":0,"_bbp_voice_count":0,"_bbp_anonymous_reply_count":0,"_bbp_topic_count_hidden":0,"_bbp_reply_count_hidden":0,"_bbp_forum_subforum_count":0,"footnotes":""},"class_list":["post-1688","page","type-page","status-publish","hentry"],"post_mailing_queue_ids":[],"_links":{"self":[{"href":"https:\/\/agora.xtec.cat\/ceiptorreroja\/wp-json\/wp\/v2\/pages\/1688","targetHints":{"allow":["GET"]}}],"collection":[{"href":"https:\/\/agora.xtec.cat\/ceiptorreroja\/wp-json\/wp\/v2\/pages"}],"about":[{"href":"https:\/\/agora.xtec.cat\/ceiptorreroja\/wp-json\/wp\/v2\/types\/page"}],"author":[{"embeddable":true,"href":"https:\/\/agora.xtec.cat\/ceiptorreroja\/wp-json\/wp\/v2\/users\/1"}],"replies":[{"embeddable":true,"href":"https:\/\/agora.xtec.cat\/ceiptorreroja\/wp-json\/wp\/v2\/comments?post=1688"}],"version-history":[{"count":3,"href":"https:\/\/agora.xtec.cat\/ceiptorreroja\/wp-json\/wp\/v2\/pages\/1688\/revisions"}],"predecessor-version":[{"id":1813,"href":"https:\/\/agora.xtec.cat\/ceiptorreroja\/wp-json\/wp\/v2\/pages\/1688\/revisions\/1813"}],"up":[{"embeddable":true,"href":"https:\/\/agora.xtec.cat\/ceiptorreroja\/wp-json\/wp\/v2\/pages\/1532"}],"wp:attachment":[{"href":"https:\/\/agora.xtec.cat\/ceiptorreroja\/wp-json\/wp\/v2\/media?parent=1688"}],"curies":[{"name":"wp","href":"https:\/\/api.w.org\/{rel}","templated":true}]}}