{"id":1829,"date":"2026-01-13T09:05:51","date_gmt":"2026-01-13T08:05:51","guid":{"rendered":"https:\/\/agora.xtec.cat\/ceiptorrentdenmelis\/?page_id=1829"},"modified":"2026-04-24T09:23:56","modified_gmt":"2026-04-24T07:23:56","slug":"preinscripcio-per-al-curs-2026-2027","status":"publish","type":"page","link":"https:\/\/agora.xtec.cat\/ceiptorrentdenmelis\/preinscripcio-per-al-curs-2026-2027\/","title":{"rendered":"\ud83c\udf93 Preinscripci\u00f3 per al curs 2026-2027"},"content":{"rendered":"\n<h4 class=\"wp-block-heading has-light-green-cyan-background-color has-background\">\ud83d\uddd3 Calendari de preinscripci\u00f3<\/h4>\n\n\n\n<p>\ud83d\udccc <strong>Preinscripci\u00f3 Educaci\u00f3 Infantil i Prim\u00e0ria<\/strong><br \/>Segons calendari oficial del Departament d\u2019Educaci\u00f3.<\/p>\n\n\n\n<p>\ud83d\udd17 Informaci\u00f3 oficial i tr\u00e0mit:<br \/><a href=\"https:\/\/www.edubcn.cat\/ca\/alumnat_i_familia\/informacio_general_matriculacio\/preinscripcio#!#%2F3\">https:\/\/www.edubcn.cat\/ca\/alumnat_i_familia\/informacio_general_matriculacio\/preinscripcio#!#%2F3<\/a><\/p>\n\n\n\n<p>\ud83d\udcc5 Publicaci\u00f3 oferta inicial de places. <a href=\"https:\/\/drive.google.com\/file\/d\/1TiPBk_AuazkQkYk75BcgrWq-llkV4gw5\/view?usp=sharing\">Fes clic.  <\/a><\/p>\n\n\n\n<p>\ud83d\udcc5Publicaci\u00f3 de la llista de sol\u00b7licituds que han demanat el centre i l&#8217;ensenyament en primera petici\u00f3 amb la puntuaci\u00f3 provisional a <strong>15\/04\/2026<\/strong>. <a href=\"https:\/\/drive.google.com\/file\/d\/10ECbKiO50ThgzADn0ViJTVgEd48ejD5q\/view?usp=sharing\"><strong>Aqu\u00ed <\/strong><\/a><\/p>\n\n\n\n<p>\ud83d\udcc5 Publicaci\u00f3 de la llista de sol\u00b7licituds que han demanat el centre i l&#8217;ensenyament en primera petici\u00f3 amb la puntuaci\u00f3 un cop resoltes les reclamacions a <strong>23\/04\/2026.<\/strong> <strong><a href=\"https:\/\/drive.google.com\/file\/d\/1DLtj6Wx-tw7u_ZFcvhDF4w_WIuzq_fdW\/view?usp=drive_link\">Aqu\u00ed.<\/a><\/strong><\/p>\n\n\n\n<hr class=\"wp-block-separator has-alpha-channel-opacity\"\/>\n\n\n\n<h4 class=\"wp-block-heading has-light-green-cyan-background-color has-background\">\ud83d\udcd6 Projecte educatiu del centre<\/h4>\n\n\n\n<p>L\u2019escola ofereix:<\/p>\n\n\n\n<ul class=\"wp-block-list\">\n<li><a href=\"https:\/\/agora.xtec.cat\/ceiptorrentdenmelis\/projecte-educatiu\/projecte-educatiu-de-centre\/\">Projecte educatiu propi.<\/a><\/li>\n\n\n\n<li><a href=\"https:\/\/educacio.gencat.cat\/ca\/departament\/publicacions\/colleccions\/inclusio\/mesures-suports-universals-centre-educatiu\/\">Escola inclusiva i atenci\u00f3 personalitzada.<\/a><\/li>\n\n\n\n<li>Treball competencial.<\/li>\n\n\n\n<li>Coordinaci\u00f3 amb instituts adscrits: <strong><a href=\"https:\/\/agora.xtec.cat\/iesjoanbrossa\/\">Brossa,<\/a>  <a href=\"https:\/\/agora.xtec.cat\/iesgoya\/\">Goya<\/a> i <\/strong><a href=\"https:\/\/institutbroggi.org\/\"><strong>Broggi<\/strong>.<\/a><\/li>\n\n\n\n<li><a href=\"https:\/\/agora.xtec.cat\/ceiptorrentdenmelis\/wp-content\/uploads\/usu2278\/2021\/07\/Carta-comprom%C3%ADs-Torrent-20.21.pdf\">Carta de comprom\u00eds educatiu.<\/a><\/li>\n\n\n\n<li>\ud83d\udccdConsulta la zona escolar del centre aqu\u00ed:<br \/><a href=\"https:\/\/www.edubcn.cat\/ca\/alumnat_i_familia\/informacio_general_matriculacio\/consulta_de_centres_educatius#\/centres\/08039537\/\/\/\/\/0\/0\/\/\/\/\">https:\/\/www.edubcn.cat\/ca\/alumnat_i_familia\/informacio_general_matriculacio\/consulta_de_centres_educatius#\/centres\/08039537\/\/\/\/\/0\/0\/\/\/\/<\/a><\/li>\n<\/ul>\n\n\n\n<hr class=\"wp-block-separator has-alpha-channel-opacity\"\/>\n\n\n\n<h4 class=\"wp-block-heading has-light-green-cyan-background-color has-background\">\ud83c\udfeb Oferta educativa<\/h4>\n\n\n\n<p>\ud83d\udd0e Criteris d\u2019admissi\u00f3 oficials:<br \/><a href=\"https:\/\/preinscripcio.gencat.cat\/ca\/estudis\/infantil-3-6\/informat\/criteris-assignacio\/index.html\">https:\/\/preinscripcio.gencat.cat\/ca\/estudis\/infantil-3-6\/informat\/criteris-assignacio\/index.html<\/a><\/p>\n\n\n\n<hr class=\"wp-block-separator has-alpha-channel-opacity\"\/>\n\n\n\n<h4 class=\"wp-block-heading has-light-green-cyan-background-color has-background\">\ud83d\udcb6 Informaci\u00f3 econ\u00f2mica<\/h4>\n\n\n\n<figure class=\"wp-block-table\"><table class=\"has-fixed-layout\" style=\"border-width:3px\"><tbody><tr><td>\ud83d\udcda Material escolar i sortides escolars<\/td><td><strong>190 \u20ac <\/strong>per alumne\/a i curs<\/td><\/tr><tr><td>\ud83c\udfd5  Col\u00f2nies (d\u2019I5 a 6\u00e8)<\/td><td>Entre <strong>130 \u20ac a 200 \u20ac aproximadament<\/strong><\/td><\/tr><tr><td><strong>\ud83c\udf7d\ufe0fMenjador<\/strong> (aquest servei disposa de diversos men\u00fas)<\/td><td>7,54\u20ac ( diari curs 25-26)<\/td><\/tr><tr><td><strong>Servei d&#8217;acollida mat\u00ed o tarda<\/strong><\/td><td>55\u20ac mes aproximadament (segons l&#8217;horari)<\/td><\/tr><tr><td>Casal d&#8217;estiu, col\u00f2nies d&#8217;estiu, casal de setembre<\/td><td>A concretar<\/td><\/tr><\/tbody><\/table><\/figure>\n\n\n\n<hr class=\"wp-block-separator has-alpha-channel-opacity\"\/>\n\n\n\n<h4 class=\"wp-block-heading\">          \ud83d\udc69\u200d\ud83d\udc69\u200d\ud83d\udc67\u200d\ud83d\udc66 AFA<\/h4>\n\n\n\n<ul class=\"wp-block-list\">\n<li>Les activitats extraescolars i els serveis escolars estan gestionats per l\u2019<strong>Associaci\u00f3 de Fam\u00edlies d\u2019Alumnes (AFA)<\/strong>.<\/li>\n\n\n\n<li>Associaci\u00f3 volunt\u00e0ria i sense \u00e0nim de lucre.<\/li>\n\n\n\n<li><strong>Quota: 45 \u20ac per fam\u00edlia \/ curs<\/strong><\/li>\n\n\n\n<li><a href=\"https:\/\/sites.google.com\/escolatorrentdenmelis.cat\/afa-escolat-torrent-den-melis\/inici?pli=1\">Web de l&#8217;Afa on trobar tota la informaci\u00f3 d&#8217;extraescolars<\/a><\/li>\n<\/ul>\n\n\n\n<p><\/p>\n\n\n\n<p><\/p>\n","protected":false},"excerpt":{"rendered":"<p>\ud83d\uddd3 Calendari de preinscripci\u00f3 \ud83d\udccc Preinscripci\u00f3 Educaci\u00f3 Infantil i Prim\u00e0riaSegons calendari oficial del Departament d\u2019Educaci\u00f3. \ud83d\udd17 Informaci\u00f3 oficial i tr\u00e0mit:https:\/\/www.edubcn.cat\/ca\/alumnat_i_familia\/informacio_general_matriculacio\/preinscripcio#!#%2F3 \ud83d\udcc5 Publicaci\u00f3 oferta inicial de places. Fes clic. \ud83d\udcc5Publicaci\u00f3 de la llista de sol\u00b7licituds que han demanat el centre i l&#8217;ensenyament en primera petici\u00f3 amb la puntuaci\u00f3 provisional a 15\/04\/2026. Aqu\u00ed \ud83d\udcc5 Publicaci\u00f3 de la [&hellip;]<\/p>\n","protected":false},"author":1,"featured_media":0,"parent":0,"menu_order":0,"comment_status":"closed","ping_status":"close","template":"","meta":{"_bbp_topic_count":0,"_bbp_reply_count":0,"_bbp_total_topic_count":0,"_bbp_total_reply_count":0,"_bbp_voice_count":0,"_bbp_anonymous_reply_count":0,"_bbp_topic_count_hidden":0,"_bbp_reply_count_hidden":0,"_bbp_forum_subforum_count":0,"site-sidebar-layout":"default","site-content-layout":"","ast-site-content-layout":"default","site-content-style":"default","site-sidebar-style":"default","ast-global-header-display":"","ast-banner-title-visibility":"","ast-main-header-display":"","ast-hfb-above-header-display":"","ast-hfb-below-header-display":"","ast-hfb-mobile-header-display":"","site-post-title":"","ast-breadcrumbs-content":"","ast-featured-img":"","footer-sml-layout":"","theme-transparent-header-meta":"","adv-header-id-meta":"","stick-header-meta":"","header-above-stick-meta":"","header-main-stick-meta":"","header-below-stick-meta":"","astra-migrate-meta-layouts":"set","ast-page-background-enabled":"default","ast-page-background-meta":{"desktop":{"background-color":"var(--ast-global-color-4)","background-image":"","background-repeat":"repeat","background-position":"center center","background-size":"auto","background-attachment":"scroll","background-type":"","background-media":"","overlay-type":"","overlay-color":"","overlay-opacity":"","overlay-gradient":""},"tablet":{"background-color":"","background-image":"","background-repeat":"repeat","background-position":"center center","background-size":"auto","background-attachment":"scroll","background-type":"","background-media":"","overlay-type":"","overlay-color":"","overlay-opacity":"","overlay-gradient":""},"mobile":{"background-color":"","background-image":"","background-repeat":"repeat","background-position":"center center","background-size":"auto","background-attachment":"scroll","background-type":"","background-media":"","overlay-type":"","overlay-color":"","overlay-opacity":"","overlay-gradient":""}},"ast-content-background-meta":{"desktop":{"background-color":"var(--ast-global-color-5)","background-image":"","background-repeat":"repeat","background-position":"center center","background-size":"auto","background-attachment":"scroll","background-type":"","background-media":"","overlay-type":"","overlay-color":"","overlay-opacity":"","overlay-gradient":""},"tablet":{"background-color":"var(--ast-global-color-5)","background-image":"","background-repeat":"repeat","background-position":"center center","background-size":"auto","background-attachment":"scroll","background-type":"","background-media":"","overlay-type":"","overlay-color":"","overlay-opacity":"","overlay-gradient":""},"mobile":{"background-color":"var(--ast-global-color-5)","background-image":"","background-repeat":"repeat","background-position":"center center","background-size":"auto","background-attachment":"scroll","background-type":"","background-media":"","overlay-type":"","overlay-color":"","overlay-opacity":"","overlay-gradient":""}},"footnotes":""},"class_list":["post-1829","page","type-page","status-publish","hentry"],"post_mailing_queue_ids":[],"_links":{"self":[{"href":"https:\/\/agora.xtec.cat\/ceiptorrentdenmelis\/wp-json\/wp\/v2\/pages\/1829","targetHints":{"allow":["GET"]}}],"collection":[{"href":"https:\/\/agora.xtec.cat\/ceiptorrentdenmelis\/wp-json\/wp\/v2\/pages"}],"about":[{"href":"https:\/\/agora.xtec.cat\/ceiptorrentdenmelis\/wp-json\/wp\/v2\/types\/page"}],"author":[{"embeddable":true,"href":"https:\/\/agora.xtec.cat\/ceiptorrentdenmelis\/wp-json\/wp\/v2\/users\/1"}],"replies":[{"embeddable":true,"href":"https:\/\/agora.xtec.cat\/ceiptorrentdenmelis\/wp-json\/wp\/v2\/comments?post=1829"}],"version-history":[{"count":6,"href":"https:\/\/agora.xtec.cat\/ceiptorrentdenmelis\/wp-json\/wp\/v2\/pages\/1829\/revisions"}],"predecessor-version":[{"id":1881,"href":"https:\/\/agora.xtec.cat\/ceiptorrentdenmelis\/wp-json\/wp\/v2\/pages\/1829\/revisions\/1881"}],"wp:attachment":[{"href":"https:\/\/agora.xtec.cat\/ceiptorrentdenmelis\/wp-json\/wp\/v2\/media?parent=1829"}],"curies":[{"name":"wp","href":"https:\/\/api.w.org\/{rel}","templated":true}]}}