{"id":1048,"date":"2022-06-14T14:04:33","date_gmt":"2022-06-14T12:04:33","guid":{"rendered":"https:\/\/agora.xtec.cat\/ceiptorrentdenmelis\/?page_id=1048"},"modified":"2023-06-06T13:27:50","modified_gmt":"2023-06-06T11:27:50","slug":"6-portals-web-i-xarxes-socials","status":"publish","type":"page","link":"https:\/\/agora.xtec.cat\/ceiptorrentdenmelis\/cultura-digital\/6-portals-web-i-xarxes-socials\/","title":{"rendered":"5. Portals web i xarxes socials"},"content":{"rendered":"<p>La pres\u00e8ncia del centre a Internet es vehicula a partir del Twitter, l\u2019instagram, Youtube i el Node de Centre.<\/p>\n<table style=\"border-collapse: collapse; width: 94.9932%; height: 96px;\">\n<tbody>\n<tr>\n<td style=\"width: 25%;\"><a href=\"https:\/\/twitter.com\/torrentmelis?lang=es\"><img loading=\"lazy\" decoding=\"async\" class=\"aligncenter wp-image-1074\" src=\"https:\/\/agora.xtec.cat\/ceiptorrentdenmelis\/wp-content\/uploads\/usu2278\/2022\/06\/twitter-1024x1024.jpg\" alt=\"\" width=\"90\" height=\"90\" srcset=\"https:\/\/agora.xtec.cat\/ceiptorrentdenmelis\/wp-content\/uploads\/usu2278\/2022\/06\/twitter-1024x1024.jpg 1024w, https:\/\/agora.xtec.cat\/ceiptorrentdenmelis\/wp-content\/uploads\/usu2278\/2022\/06\/twitter-300x300.jpg 300w, https:\/\/agora.xtec.cat\/ceiptorrentdenmelis\/wp-content\/uploads\/usu2278\/2022\/06\/twitter-150x150.jpg 150w, https:\/\/agora.xtec.cat\/ceiptorrentdenmelis\/wp-content\/uploads\/usu2278\/2022\/06\/twitter-768x768.jpg 768w, https:\/\/agora.xtec.cat\/ceiptorrentdenmelis\/wp-content\/uploads\/usu2278\/2022\/06\/twitter-1536x1536.jpg 1536w, https:\/\/agora.xtec.cat\/ceiptorrentdenmelis\/wp-content\/uploads\/usu2278\/2022\/06\/twitter.jpg 1920w\" sizes=\"auto, (max-width: 90px) 100vw, 90px\" \/><\/a><\/td>\n<td style=\"width: 25%;\"><a href=\"https:\/\/www.instagram.com\/torrentmelis\/\"><img loading=\"lazy\" decoding=\"async\" class=\"aligncenter wp-image-1075\" src=\"https:\/\/agora.xtec.cat\/ceiptorrentdenmelis\/wp-content\/uploads\/usu2278\/2022\/06\/Instagram_logo_2016.svg_.png\" alt=\"\" width=\"72\" height=\"72\" srcset=\"https:\/\/agora.xtec.cat\/ceiptorrentdenmelis\/wp-content\/uploads\/usu2278\/2022\/06\/Instagram_logo_2016.svg_.png 768w, https:\/\/agora.xtec.cat\/ceiptorrentdenmelis\/wp-content\/uploads\/usu2278\/2022\/06\/Instagram_logo_2016.svg_-300x300.png 300w, https:\/\/agora.xtec.cat\/ceiptorrentdenmelis\/wp-content\/uploads\/usu2278\/2022\/06\/Instagram_logo_2016.svg_-150x150.png 150w\" sizes=\"auto, (max-width: 72px) 100vw, 72px\" \/><\/a><\/td>\n<td style=\"width: 25%;\"><a href=\"https:\/\/www.youtube.com\/channel\/UCuBR-PmmQAqHDsP-oyr2_tQ\"><img loading=\"lazy\" decoding=\"async\" class=\"aligncenter size-full wp-image-1076\" src=\"https:\/\/agora.xtec.cat\/ceiptorrentdenmelis\/wp-content\/uploads\/usu2278\/2022\/06\/baixa.png\" alt=\"\" width=\"367\" height=\"137\" srcset=\"https:\/\/agora.xtec.cat\/ceiptorrentdenmelis\/wp-content\/uploads\/usu2278\/2022\/06\/baixa.png 367w, https:\/\/agora.xtec.cat\/ceiptorrentdenmelis\/wp-content\/uploads\/usu2278\/2022\/06\/baixa-300x112.png 300w\" sizes=\"auto, (max-width: 367px) 100vw, 367px\" \/><\/a><\/td>\n<td style=\"width: 25%;\"><a href=\"https:\/\/agora.xtec.cat\/ceiptorrentdenmelis\/\"><img loading=\"lazy\" decoding=\"async\" class=\"aligncenter wp-image-1077\" src=\"https:\/\/agora.xtec.cat\/ceiptorrentdenmelis\/wp-content\/uploads\/usu2278\/2022\/06\/nodes.jpg\" alt=\"\" width=\"92\" height=\"69\" srcset=\"https:\/\/agora.xtec.cat\/ceiptorrentdenmelis\/wp-content\/uploads\/usu2278\/2022\/06\/nodes.jpg 608w, https:\/\/agora.xtec.cat\/ceiptorrentdenmelis\/wp-content\/uploads\/usu2278\/2022\/06\/nodes-300x227.jpg 300w, https:\/\/agora.xtec.cat\/ceiptorrentdenmelis\/wp-content\/uploads\/usu2278\/2022\/06\/nodes-200x150.jpg 200w\" sizes=\"auto, (max-width: 92px) 100vw, 92px\" \/><\/a><\/td>\n<\/tr>\n<\/tbody>\n<\/table>\n<p>Totes les fam\u00edlies han de signar una <a href=\"https:\/\/documents.espai.educacio.gencat.cat\/FormularisModels\/ProteccioDades\/A251.pdf\"><span class=\" aw5Odc\"><strong>autoritzaci\u00f3 d&#8217;\u00fas d&#8217;imatge<\/strong><\/span><\/a> al principi de la seva escolaritat. En cas contrari, l&#8217;infant en q\u00fcesti\u00f3 no pot apar\u00e8ixer en cap publicaci\u00f3 de l&#8217;escola.<\/p>\n<p><img loading=\"lazy\" decoding=\"async\" class=\"aligncenter size-full wp-image-1241\" src=\"https:\/\/agora.xtec.cat\/ceiptorrentdenmelis\/wp-content\/uploads\/usu2278\/2023\/01\/13-1.png\" alt=\"\" width=\"728\" height=\"90\" srcset=\"https:\/\/agora.xtec.cat\/ceiptorrentdenmelis\/wp-content\/uploads\/usu2278\/2023\/01\/13-1.png 728w, https:\/\/agora.xtec.cat\/ceiptorrentdenmelis\/wp-content\/uploads\/usu2278\/2023\/01\/13-1-300x37.png 300w\" sizes=\"auto, (max-width: 728px) 100vw, 728px\" \/><\/p>\n<p>Aquest web est\u00e0 realitzat aprofitant el servei Nodes que ofereix el Departament d&#8217;Educaci\u00f3.\u00a0 \u00a0 \u00a0 <a href=\"http:\/\/www.escolatorrentdenmelis.cat\">www.escolatorrentdenmelis.cat. <\/a>S&#8217;hi poden trobar informacions est\u00e0tiques, que es revisen peri\u00f2dicament (documentaci\u00f3, calendari, etc.) i articles din\u00e0mics sobre el que va succeint al centre.<\/p>\n<p style=\"text-align: justify;\">Tamb\u00e9 podreu descobrir els blocs d\u2019aula on hi ha molta m\u00e9s informaci\u00f3 compartida de les activitats que es duen a terme a l\u2019escola en el dia a dia. En els blocs podreu veure les fotografies de les activitats utilitzant la contrasenya que donin els docents a l\u2019inici de curs.<\/p>\n<p>El manteniment estructural de la informaci\u00f3 el fa la coordinadora, la secret\u00e0ria i l&#8217;administrativa qui tamb\u00e9 revisa tota la resta de continguts.<\/p>\n<p style=\"text-align: center;\"><strong>El domini de l\u2019escola: <a href=\"http:\/\/www.escolatorrentdenmelis.cat\"><b>www.escolatorrentdenmelis.cat<\/b><\/a>\u00a0 es renova al setembre a <a href=\"http:\/\/www.webempresa.es\"><b>www.webempresa.es<\/b><\/a> amb usuari i contrasenya de <a href=\"mailto:escolatorrentdenmelis@gmail.com\"><b>escolatorrentdenmelis@gmail.com<\/b><\/a> . La coordinadora \u00e9s l\u2019encarregada de fer la renovaci\u00f3 del domini.<\/strong><\/p>\n<p><img loading=\"lazy\" decoding=\"async\" class=\"aligncenter size-full wp-image-1242\" src=\"https:\/\/agora.xtec.cat\/ceiptorrentdenmelis\/wp-content\/uploads\/usu2278\/2023\/01\/23-1.png\" alt=\"\" width=\"728\" height=\"90\" srcset=\"https:\/\/agora.xtec.cat\/ceiptorrentdenmelis\/wp-content\/uploads\/usu2278\/2023\/01\/23-1.png 728w, https:\/\/agora.xtec.cat\/ceiptorrentdenmelis\/wp-content\/uploads\/usu2278\/2023\/01\/23-1-300x37.png 300w\" sizes=\"auto, (max-width: 728px) 100vw, 728px\" \/><\/p>\n<p><span style=\"font-weight: 400;\">Telegram, Twitter i Instagram s\u00f3n les xarxes socials de l&#8217;escola que <\/span>donen sortida i difusi\u00f3 immediata a les activitats di\u00e0ries del Centre. En elles<span style=\"font-family: inherit; font-size: 1em;\"> van publicant not\u00edcies, sortides i activitats rellevants que es realitzen al centre.\u00a0<\/span><\/p>\n<p><img loading=\"lazy\" decoding=\"async\" class=\"aligncenter size-full wp-image-1243\" src=\"https:\/\/agora.xtec.cat\/ceiptorrentdenmelis\/wp-content\/uploads\/usu2278\/2023\/01\/33-1.png\" alt=\"\" width=\"728\" height=\"90\" srcset=\"https:\/\/agora.xtec.cat\/ceiptorrentdenmelis\/wp-content\/uploads\/usu2278\/2023\/01\/33-1.png 728w, https:\/\/agora.xtec.cat\/ceiptorrentdenmelis\/wp-content\/uploads\/usu2278\/2023\/01\/33-1-300x37.png 300w\" sizes=\"auto, (max-width: 728px) 100vw, 728px\" \/><\/p>\n<p><span style=\"font-weight: 400;\">Google Classroom \u00e9s una eina de Google destinada exclusivament al m\u00f3n de l&#8217;educaci\u00f3. L\u2019alumnat de primer a sis\u00e8 treballen activitats a trav\u00e9s d\u2019aquesta eina. Cadasc\u00fa t\u00e9 els seus usuaris i contrasenyes i les fam\u00edlies poden fer-ne el seguiment. <\/span><span style=\"font-weight: 400;\">\u00a0El correu electr\u00f2nic que els correspon l\u2019anoten a la seva agenda personal el dia que se\u2019ls en faci lliurament. Tamb\u00e9 l\u2019anoten els docents a un document del Drive.<\/span><a href=\"https:\/\/drive.google.com\/drive\/folders\/1JgmbCFV873XlCQp5mTMa3pczeUd9emky?usp=sharing\"><b>07_alumnes_contrasenyes.\u00a0<\/b><\/a><\/p>\n<p><img loading=\"lazy\" decoding=\"async\" class=\"aligncenter size-full wp-image-1244\" src=\"https:\/\/agora.xtec.cat\/ceiptorrentdenmelis\/wp-content\/uploads\/usu2278\/2023\/01\/43.png\" alt=\"\" width=\"728\" height=\"90\" srcset=\"https:\/\/agora.xtec.cat\/ceiptorrentdenmelis\/wp-content\/uploads\/usu2278\/2023\/01\/43.png 728w, https:\/\/agora.xtec.cat\/ceiptorrentdenmelis\/wp-content\/uploads\/usu2278\/2023\/01\/43-300x37.png 300w\" sizes=\"auto, (max-width: 728px) 100vw, 728px\" \/><\/p>\n<p><span style=\"font-weight: 400;\">Tots els cursos de l\u2019escola tenen un bloc on s\u2019aniran penjant, durant el curs, totes les novetats, sortides, activitats i not\u00edcies m\u00e9s espec\u00edfiques del nivell. D&#8217;aquesta manera les fam\u00edlies podran estar al dia de tot all\u00f2 que fem a l&#8217;escola.\u00a0\u00a0<\/span><\/p>\n<p style=\"text-align: center;\"><strong>PERIODICITAT DE LES PUBLICACIONS<\/strong><\/p>\n<p><span style=\"font-weight: 400;\">Per tal de garantir l\u2019actualitzaci\u00f3 dels espais a internet i la vig\u00e8ncia dels articles a les categories:<\/span><\/p>\n<ul>\n<li style=\"font-weight: 400;\" aria-level=\"1\"><span style=\"font-weight: 400;\">Les activitats generals de centre, es penjaran <\/span><span style=\"font-weight: 400;\">com a m\u00e0xim una setmana<\/span><span style=\"font-weight: 400;\"> despr\u00e9s de la seva realitzaci\u00f3.<\/span><\/li>\n<li style=\"font-weight: 400;\" aria-level=\"1\"><span style=\"font-weight: 400;\">Les activitats de les comunitats, es penjaran <\/span><span style=\"font-weight: 400;\">com a m\u00e0xim una setmana despr\u00e9s <\/span><span style=\"font-weight: 400;\">de la seva realitzaci\u00f3.<\/span><\/li>\n<li style=\"font-weight: 400;\" aria-level=\"1\"><span style=\"font-weight: 400;\">Les activitats de classe, taller o especialitat, <\/span><span style=\"font-weight: 400;\">es penjaran com\u00a0a m\u00e0xim una setmana despr\u00e9s <\/span><span style=\"font-weight: 400;\">de la seva realitzaci\u00f3.<\/span><\/li>\n<\/ul>\n<p><a href=\"https:\/\/agora.xtec.cat\/ceiptorrentdenmelis\/categoria\/general\/edc\/\"><img loading=\"lazy\" decoding=\"async\" class=\"aligncenter wp-image-1118\" src=\"https:\/\/agora.xtec.cat\/ceiptorrentdenmelis\/wp-content\/uploads\/usu2278\/2022\/11\/INICIOK-removebg-preview.png\" alt=\"\" width=\"149\" height=\"40\" srcset=\"https:\/\/agora.xtec.cat\/ceiptorrentdenmelis\/wp-content\/uploads\/usu2278\/2022\/11\/INICIOK-removebg-preview.png 829w, https:\/\/agora.xtec.cat\/ceiptorrentdenmelis\/wp-content\/uploads\/usu2278\/2022\/11\/INICIOK-removebg-preview-300x81.png 300w, https:\/\/agora.xtec.cat\/ceiptorrentdenmelis\/wp-content\/uploads\/usu2278\/2022\/11\/INICIOK-removebg-preview-768x207.png 768w\" sizes=\"auto, (max-width: 149px) 100vw, 149px\" \/><\/a><\/p>\n","protected":false},"excerpt":{"rendered":"<p>La pres\u00e8ncia del centre a Internet es vehicula a partir del Twitter, l\u2019instagram, Youtube i el Node de Centre. Totes les fam\u00edlies han de signar una autoritzaci\u00f3 d&#8217;\u00fas d&#8217;imatge al principi de la seva escolaritat. En cas contrari, l&#8217;infant en q\u00fcesti\u00f3 no pot apar\u00e8ixer en cap publicaci\u00f3 de l&#8217;escola. Aquest web est\u00e0 realitzat aprofitant el [&hellip;]<\/p>\n","protected":false},"author":1,"featured_media":0,"parent":1011,"menu_order":0,"comment_status":"closed","ping_status":"closed","template":"page-templates\/side-menu.php","meta":{"_bbp_topic_count":0,"_bbp_reply_count":0,"_bbp_total_topic_count":0,"_bbp_total_reply_count":0,"_bbp_voice_count":0,"_bbp_anonymous_reply_count":0,"_bbp_topic_count_hidden":0,"_bbp_reply_count_hidden":0,"_bbp_forum_subforum_count":0,"site-sidebar-layout":"default","site-content-layout":"","ast-site-content-layout":"","site-content-style":"default","site-sidebar-style":"default","ast-global-header-display":"","ast-banner-title-visibility":"","ast-main-header-display":"","ast-hfb-above-header-display":"","ast-hfb-below-header-display":"","ast-hfb-mobile-header-display":"","site-post-title":"","ast-breadcrumbs-content":"","ast-featured-img":"","footer-sml-layout":"","theme-transparent-header-meta":"","adv-header-id-meta":"","stick-header-meta":"","header-above-stick-meta":"","header-main-stick-meta":"","header-below-stick-meta":"","astra-migrate-meta-layouts":"default","ast-page-background-enabled":"default","ast-page-background-meta":{"desktop":{"background-color":"var(--ast-global-color-4)","background-image":"","background-repeat":"repeat","background-position":"center center","background-size":"auto","background-attachment":"scroll","background-type":"","background-media":"","overlay-type":"","overlay-color":"","overlay-opacity":"","overlay-gradient":""},"tablet":{"background-color":"","background-image":"","background-repeat":"repeat","background-position":"center center","background-size":"auto","background-attachment":"scroll","background-type":"","background-media":"","overlay-type":"","overlay-color":"","overlay-opacity":"","overlay-gradient":""},"mobile":{"background-color":"","background-image":"","background-repeat":"repeat","background-position":"center center","background-size":"auto","background-attachment":"scroll","background-type":"","background-media":"","overlay-type":"","overlay-color":"","overlay-opacity":"","overlay-gradient":""}},"ast-content-background-meta":{"desktop":{"background-color":"var(--ast-global-color-5)","background-image":"","background-repeat":"repeat","background-position":"center center","background-size":"auto","background-attachment":"scroll","background-type":"","background-media":"","overlay-type":"","overlay-color":"","overlay-opacity":"","overlay-gradient":""},"tablet":{"background-color":"var(--ast-global-color-5)","background-image":"","background-repeat":"repeat","background-position":"center center","background-size":"auto","background-attachment":"scroll","background-type":"","background-media":"","overlay-type":"","overlay-color":"","overlay-opacity":"","overlay-gradient":""},"mobile":{"background-color":"var(--ast-global-color-5)","background-image":"","background-repeat":"repeat","background-position":"center center","background-size":"auto","background-attachment":"scroll","background-type":"","background-media":"","overlay-type":"","overlay-color":"","overlay-opacity":"","overlay-gradient":""}},"footnotes":""},"class_list":["post-1048","page","type-page","status-publish","hentry"],"post_mailing_queue_ids":[],"_links":{"self":[{"href":"https:\/\/agora.xtec.cat\/ceiptorrentdenmelis\/wp-json\/wp\/v2\/pages\/1048","targetHints":{"allow":["GET"]}}],"collection":[{"href":"https:\/\/agora.xtec.cat\/ceiptorrentdenmelis\/wp-json\/wp\/v2\/pages"}],"about":[{"href":"https:\/\/agora.xtec.cat\/ceiptorrentdenmelis\/wp-json\/wp\/v2\/types\/page"}],"author":[{"embeddable":true,"href":"https:\/\/agora.xtec.cat\/ceiptorrentdenmelis\/wp-json\/wp\/v2\/users\/1"}],"replies":[{"embeddable":true,"href":"https:\/\/agora.xtec.cat\/ceiptorrentdenmelis\/wp-json\/wp\/v2\/comments?post=1048"}],"version-history":[{"count":4,"href":"https:\/\/agora.xtec.cat\/ceiptorrentdenmelis\/wp-json\/wp\/v2\/pages\/1048\/revisions"}],"predecessor-version":[{"id":1369,"href":"https:\/\/agora.xtec.cat\/ceiptorrentdenmelis\/wp-json\/wp\/v2\/pages\/1048\/revisions\/1369"}],"up":[{"embeddable":true,"href":"https:\/\/agora.xtec.cat\/ceiptorrentdenmelis\/wp-json\/wp\/v2\/pages\/1011"}],"wp:attachment":[{"href":"https:\/\/agora.xtec.cat\/ceiptorrentdenmelis\/wp-json\/wp\/v2\/media?parent=1048"}],"curies":[{"name":"wp","href":"https:\/\/api.w.org\/{rel}","templated":true}]}}