{"id":1037,"date":"2022-06-14T13:57:08","date_gmt":"2022-06-14T11:57:08","guid":{"rendered":"https:\/\/agora.xtec.cat\/ceiptorrentdenmelis\/?page_id=1037"},"modified":"2023-05-16T09:41:10","modified_gmt":"2023-05-16T07:41:10","slug":"1-documentacio-basica","status":"publish","type":"page","link":"https:\/\/agora.xtec.cat\/ceiptorrentdenmelis\/cultura-digital\/1-documentacio-basica\/","title":{"rendered":"1.Documentaci\u00f3 b\u00e0sica"},"content":{"rendered":"<p><span style=\"font-weight: 400;\">En aquest apartat es recullen tots els documents del centre que fan refer\u00e8ncia a aspectes de la cultura digital. D&#8217;aquesta manera, es pot tenir una visi\u00f3 completa de l&#8217;assoliment d&#8217;aquesta cultura pel que fa a centre. <\/span><\/p>\n<p><span style=\"font-weight: 400;\">El centre organitza tota la documentaci\u00f3 en unitats compartides. Aquestes unitats es comparteixen exclusivament amb grups, de tal manera que en tot moment es controla qui t\u00e9 acc\u00e9s a la informaci\u00f3.<\/span><\/p>\n<p><span style=\"font-weight: 400;\">En aquestes carpetes hi ha la informaci\u00f3 que necessita el centre. Des de la documentaci\u00f3 oficial (PEC, NOFC, projecte de direcci\u00f3, etc.), horaris, programacions, les sortides de tots els cursos, informaci\u00f3 de les comissions i dels cicles.\u00a0<\/span><br \/>\n<img loading=\"lazy\" decoding=\"async\" class=\"aligncenter size-large wp-image-1060\" src=\"https:\/\/agora.xtec.cat\/ceiptorrentdenmelis\/wp-content\/uploads\/usu2278\/2022\/06\/unitats-compartides-1024x294.jpg\" alt=\"\" width=\"1024\" height=\"294\" srcset=\"https:\/\/agora.xtec.cat\/ceiptorrentdenmelis\/wp-content\/uploads\/usu2278\/2022\/06\/unitats-compartides-1024x294.jpg 1024w, https:\/\/agora.xtec.cat\/ceiptorrentdenmelis\/wp-content\/uploads\/usu2278\/2022\/06\/unitats-compartides-300x86.jpg 300w, https:\/\/agora.xtec.cat\/ceiptorrentdenmelis\/wp-content\/uploads\/usu2278\/2022\/06\/unitats-compartides-768x220.jpg 768w, https:\/\/agora.xtec.cat\/ceiptorrentdenmelis\/wp-content\/uploads\/usu2278\/2022\/06\/unitats-compartides-1536x440.jpg 1536w, https:\/\/agora.xtec.cat\/ceiptorrentdenmelis\/wp-content\/uploads\/usu2278\/2022\/06\/unitats-compartides.jpg 1852w\" sizes=\"auto, (max-width: 1024px) 100vw, 1024px\" \/><span style=\"font-weight: 400;\">La cultura digital apareix en pr\u00e0cticament tots els documents b\u00e0sics del centre. A continuaci\u00f3 es remarquen els aspectes m\u00e9s importants de cada un d&#8217;ells.<\/span><\/p>\n<p><img loading=\"lazy\" decoding=\"async\" class=\"aligncenter size-large wp-image-1235\" src=\"https:\/\/agora.xtec.cat\/ceiptorrentdenmelis\/wp-content\/uploads\/usu2278\/2023\/01\/13-1024x173.png\" alt=\"\" width=\"1024\" height=\"173\" srcset=\"https:\/\/agora.xtec.cat\/ceiptorrentdenmelis\/wp-content\/uploads\/usu2278\/2023\/01\/13-1024x173.png 1024w, https:\/\/agora.xtec.cat\/ceiptorrentdenmelis\/wp-content\/uploads\/usu2278\/2023\/01\/13-300x51.png 300w, https:\/\/agora.xtec.cat\/ceiptorrentdenmelis\/wp-content\/uploads\/usu2278\/2023\/01\/13-768x130.png 768w, https:\/\/agora.xtec.cat\/ceiptorrentdenmelis\/wp-content\/uploads\/usu2278\/2023\/01\/13.png 1128w\" sizes=\"auto, (max-width: 1024px) 100vw, 1024px\" \/><\/p>\n<p><span style=\"font-weight: 400;\">Un dels objectius i prioritats generals que es recullen en el PEC, concretament en el punt <\/span><b><i>6.1. PRIORITATS I OBJECTIUS EDUCATIUS<\/i><\/b><b>:<\/b><span style=\"font-weight: 400;\"> impulsar l\u2019\u00fas responsable de les eines digitals i audiovisuals en el nostre alumnat.\u00a0<\/span><\/p>\n<p><span style=\"font-weight: 400;\">Tamb\u00e9 es fa refer\u00e8ncia a la cultura digital: En el punt<\/span> <b><i>6.1.2. OBJECTIUS DE L\u2019EDUCACI\u00d3 PRIM\u00c0RIA<\/i><\/b><\/p>\n<p><span style=\"font-weight: 400;\">\u2014 Pel que fa als objectius relacionats amb el curr\u00edculum, l\u2019equip de mestres t\u00e9 com a finalitat orientar aquests objectius per a l\u2019adquisici\u00f3 de les compet\u00e8ncies b\u00e0siques, que han de contribuir al desenvolupament personal dels alumnes i a la pr\u00e0ctica de la ciutadania activa, i han d\u2019incorporar de manera generalitzada les tecnologies de la informaci\u00f3 i la comunicaci\u00f3 en els processos d\u2019aprenentatge. Aix\u00ed com adoptar les mesures pertinents per atendre la diversitat de l\u2019alumnat i per detectar i prevenir les possibles dificultats en l\u2019aprenentatge.<\/span><\/p>\n<p><span style=\"font-weight: 400;\">A l\u2019apartat <\/span><b><i>6.2. CRITERIS D\u2019ORGANITZACI\u00d3 PEDAG\u00d2GICA<\/i><\/b><span style=\"font-weight: 400;\"> fa refer\u00e8ncia a la cultura digital en dos punts:<\/span><\/p>\n<p><span style=\"font-weight: 400;\">1. Integrar les TAC en el proc\u00e9s d\u2019ensenyament \u2013 aprenentatge (digitalitzaci\u00f3 de totes les aules).<\/span><\/p>\n<p><span style=\"font-weight: 400;\">2. Engegar projectes relacionats amb les eines digitals (projecte de rob\u00f2tica).\u00a0<\/span><\/p>\n<p><span style=\"font-weight: 400;\">En el punt <\/span><b>13.4. PLA TAC <\/b><span style=\"font-weight: 400;\">es recullen les caracter\u00edstiques actuals del centre en relaci\u00f3 a les tic\/tac.<\/span><\/p>\n<p><span style=\"font-weight: 400;\">Les actuacions per seguir aquest pla s\u00f3n les seg\u00fcents:<\/span><\/p>\n<ul>\n<li style=\"font-weight: 400;\" aria-level=\"1\"><span style=\"font-weight: 400;\">Estrat\u00e8gia, lideratge i gesti\u00f3.<\/span><\/li>\n<li style=\"font-weight: 400;\" aria-level=\"1\"><span style=\"font-weight: 400;\">Usos curriculars.<\/span><\/li>\n<li style=\"font-weight: 400;\" aria-level=\"1\"><span style=\"font-weight: 400;\">Compet\u00e8ncia digital docent i desenvolupament professional.<\/span><\/li>\n<li style=\"font-weight: 400;\" aria-level=\"1\"><span style=\"font-weight: 400;\">Seguiment, avaluaci\u00f3 i millora.<\/span><\/li>\n<\/ul>\n<p><span style=\"font-weight: 400;\">Actualment, aquest pla est\u00e0 en revisi\u00f3 per tal d\u2019adaptar-ho a l\u2019estrat\u00e8gia digital de centre.\u00a0<\/span><\/p>\n<p><img loading=\"lazy\" decoding=\"async\" class=\"aligncenter size-large wp-image-1234\" src=\"https:\/\/agora.xtec.cat\/ceiptorrentdenmelis\/wp-content\/uploads\/usu2278\/2023\/01\/23-1024x173.png\" alt=\"\" width=\"1024\" height=\"173\" srcset=\"https:\/\/agora.xtec.cat\/ceiptorrentdenmelis\/wp-content\/uploads\/usu2278\/2023\/01\/23-1024x173.png 1024w, https:\/\/agora.xtec.cat\/ceiptorrentdenmelis\/wp-content\/uploads\/usu2278\/2023\/01\/23-300x51.png 300w, https:\/\/agora.xtec.cat\/ceiptorrentdenmelis\/wp-content\/uploads\/usu2278\/2023\/01\/23-768x130.png 768w, https:\/\/agora.xtec.cat\/ceiptorrentdenmelis\/wp-content\/uploads\/usu2278\/2023\/01\/23.png 1128w\" sizes=\"auto, (max-width: 1024px) 100vw, 1024px\" \/><\/p>\n<p style=\"font-family: 'Helvetica Neue', Helvetica, Helvetica, Arial, sans-serif; font-size: 16px;\">En les NOFC es detalla les funcions del coordinador digital del centre i de la comissi\u00f3 digital del centre. <a style=\"color: #2795b6;\" href=\"https:\/\/agora.xtec.cat\/ceiptorrentdenmelis\/projecte-educatiu\/nofc-normativa-dorganitzacio-i-funcionament-de-centre\/\">En el seg\u00fcent enlla\u00e7 es poden consultar. <\/a><\/p>\n<p>Tamb\u00e9 s&#8217;han elaborat unes NOFC DIGITALS que podeu consultar a continuaci\u00f3: <a href=\"https:\/\/docs.google.com\/document\/d\/163sRElHIXb2XwhGLOek2wZJNdtskqXk7J8y2YqfmgmE\/edit?usp=sharing\"><strong>NOFC DIGITALS<\/strong><\/a><\/p>\n<p style=\"font-family: 'Helvetica Neue', Helvetica, Helvetica, Arial, sans-serif; font-size: 16px;\"><img loading=\"lazy\" decoding=\"async\" class=\"aligncenter size-large wp-image-1233\" src=\"https:\/\/agora.xtec.cat\/ceiptorrentdenmelis\/wp-content\/uploads\/usu2278\/2023\/01\/33-1024x173.png\" alt=\"\" width=\"1024\" height=\"173\" srcset=\"https:\/\/agora.xtec.cat\/ceiptorrentdenmelis\/wp-content\/uploads\/usu2278\/2023\/01\/33-1024x173.png 1024w, https:\/\/agora.xtec.cat\/ceiptorrentdenmelis\/wp-content\/uploads\/usu2278\/2023\/01\/33-300x51.png 300w, https:\/\/agora.xtec.cat\/ceiptorrentdenmelis\/wp-content\/uploads\/usu2278\/2023\/01\/33-768x130.png 768w, https:\/\/agora.xtec.cat\/ceiptorrentdenmelis\/wp-content\/uploads\/usu2278\/2023\/01\/33.png 1128w\" sizes=\"auto, (max-width: 1024px) 100vw, 1024px\" \/><\/p>\n<p><span style=\"font-weight: 400;\">Apareix en aquest apartat:\u00a0<\/span><\/p>\n<ol start=\"2\">\n<li><b> POTENCIAR L\u2019\u00daS DE LES EINES DIGITALS PER MILLORAR LA COMPET\u00c8NCIA PR\u00d2PIA<\/b><\/li>\n<\/ol>\n<p><strong><em>1.2.1. Integrar la tecnologia TAC (tecnologies de l\u2019aprenentatge i el coneixement)<\/em><\/strong><\/p>\n<p><span style=\"font-weight: 400;\">Aprofitar l\u2019aprenentatge Moodle durant el confinament a prim\u00e0ria. Mestres de prim\u00e0ria Curs\u00a0 20-22.<\/span><\/p>\n<p><strong><em>1.2.2. Introduir l\u2019STEM (science,\u00a0 technology,\u00a0 engineering and\u00a0 mathematics) des d\u2019infantil<\/em>.<\/strong><\/p>\n<ul>\n<li><span style=\"font-weight: 400;\">Bee bots i Coding express<\/span><\/li>\n<li><span style=\"font-weight: 400;\">Scratch\u00a0<\/span><\/li>\n<li><span style=\"font-weight: 400;\">We Do 2.0<\/span><\/li>\n<li><span style=\"font-weight: 400;\">Spike<\/span><\/li>\n<\/ul>\n<p><em><strong>1.2.3. Integrar la tecnologia MAV\u00a0<\/strong><\/em><\/p>\n<p><span style=\"font-weight: 400;\">Utilitzar el llenguatge i els recursos de producci\u00f3 realitzat per l\u2019alumnat de la comunitat de grans. Elaborar una pel\u00b7l\u00edcula duent a terme el seu muntatge.\u00a0<\/span><\/p>\n<p>&nbsp;<\/p>\n<p><a href=\"https:\/\/agora.xtec.cat\/ceiptorrentdenmelis\/categoria\/general\/edc\/\"><img loading=\"lazy\" decoding=\"async\" class=\"aligncenter wp-image-1118\" src=\"https:\/\/agora.xtec.cat\/ceiptorrentdenmelis\/wp-content\/uploads\/usu2278\/2022\/11\/INICIOK-removebg-preview.png\" alt=\"\" width=\"141\" height=\"38\" srcset=\"https:\/\/agora.xtec.cat\/ceiptorrentdenmelis\/wp-content\/uploads\/usu2278\/2022\/11\/INICIOK-removebg-preview.png 829w, https:\/\/agora.xtec.cat\/ceiptorrentdenmelis\/wp-content\/uploads\/usu2278\/2022\/11\/INICIOK-removebg-preview-300x81.png 300w, https:\/\/agora.xtec.cat\/ceiptorrentdenmelis\/wp-content\/uploads\/usu2278\/2022\/11\/INICIOK-removebg-preview-768x207.png 768w\" sizes=\"auto, (max-width: 141px) 100vw, 141px\" \/><\/a><\/p>\n","protected":false},"excerpt":{"rendered":"<p>En aquest apartat es recullen tots els documents del centre que fan refer\u00e8ncia a aspectes de la cultura digital. D&#8217;aquesta manera, es pot tenir una visi\u00f3 completa de l&#8217;assoliment d&#8217;aquesta cultura pel que fa a centre. El centre organitza tota la documentaci\u00f3 en unitats compartides. Aquestes unitats es comparteixen exclusivament amb grups, de tal manera [&hellip;]<\/p>\n","protected":false},"author":1,"featured_media":0,"parent":1011,"menu_order":0,"comment_status":"closed","ping_status":"closed","template":"page-templates\/side-menu.php","meta":{"_bbp_topic_count":0,"_bbp_reply_count":0,"_bbp_total_topic_count":0,"_bbp_total_reply_count":0,"_bbp_voice_count":0,"_bbp_anonymous_reply_count":0,"_bbp_topic_count_hidden":0,"_bbp_reply_count_hidden":0,"_bbp_forum_subforum_count":0,"site-sidebar-layout":"default","site-content-layout":"","ast-site-content-layout":"","site-content-style":"default","site-sidebar-style":"default","ast-global-header-display":"","ast-banner-title-visibility":"","ast-main-header-display":"","ast-hfb-above-header-display":"","ast-hfb-below-header-display":"","ast-hfb-mobile-header-display":"","site-post-title":"","ast-breadcrumbs-content":"","ast-featured-img":"","footer-sml-layout":"","theme-transparent-header-meta":"","adv-header-id-meta":"","stick-header-meta":"","header-above-stick-meta":"","header-main-stick-meta":"","header-below-stick-meta":"","astra-migrate-meta-layouts":"default","ast-page-background-enabled":"default","ast-page-background-meta":{"desktop":{"background-color":"var(--ast-global-color-4)","background-image":"","background-repeat":"repeat","background-position":"center center","background-size":"auto","background-attachment":"scroll","background-type":"","background-media":"","overlay-type":"","overlay-color":"","overlay-opacity":"","overlay-gradient":""},"tablet":{"background-color":"","background-image":"","background-repeat":"repeat","background-position":"center center","background-size":"auto","background-attachment":"scroll","background-type":"","background-media":"","overlay-type":"","overlay-color":"","overlay-opacity":"","overlay-gradient":""},"mobile":{"background-color":"","background-image":"","background-repeat":"repeat","background-position":"center center","background-size":"auto","background-attachment":"scroll","background-type":"","background-media":"","overlay-type":"","overlay-color":"","overlay-opacity":"","overlay-gradient":""}},"ast-content-background-meta":{"desktop":{"background-color":"var(--ast-global-color-5)","background-image":"","background-repeat":"repeat","background-position":"center center","background-size":"auto","background-attachment":"scroll","background-type":"","background-media":"","overlay-type":"","overlay-color":"","overlay-opacity":"","overlay-gradient":""},"tablet":{"background-color":"var(--ast-global-color-5)","background-image":"","background-repeat":"repeat","background-position":"center center","background-size":"auto","background-attachment":"scroll","background-type":"","background-media":"","overlay-type":"","overlay-color":"","overlay-opacity":"","overlay-gradient":""},"mobile":{"background-color":"var(--ast-global-color-5)","background-image":"","background-repeat":"repeat","background-position":"center center","background-size":"auto","background-attachment":"scroll","background-type":"","background-media":"","overlay-type":"","overlay-color":"","overlay-opacity":"","overlay-gradient":""}},"footnotes":""},"class_list":["post-1037","page","type-page","status-publish","hentry"],"post_mailing_queue_ids":[],"_links":{"self":[{"href":"https:\/\/agora.xtec.cat\/ceiptorrentdenmelis\/wp-json\/wp\/v2\/pages\/1037","targetHints":{"allow":["GET"]}}],"collection":[{"href":"https:\/\/agora.xtec.cat\/ceiptorrentdenmelis\/wp-json\/wp\/v2\/pages"}],"about":[{"href":"https:\/\/agora.xtec.cat\/ceiptorrentdenmelis\/wp-json\/wp\/v2\/types\/page"}],"author":[{"embeddable":true,"href":"https:\/\/agora.xtec.cat\/ceiptorrentdenmelis\/wp-json\/wp\/v2\/users\/1"}],"replies":[{"embeddable":true,"href":"https:\/\/agora.xtec.cat\/ceiptorrentdenmelis\/wp-json\/wp\/v2\/comments?post=1037"}],"version-history":[{"count":3,"href":"https:\/\/agora.xtec.cat\/ceiptorrentdenmelis\/wp-json\/wp\/v2\/pages\/1037\/revisions"}],"predecessor-version":[{"id":1356,"href":"https:\/\/agora.xtec.cat\/ceiptorrentdenmelis\/wp-json\/wp\/v2\/pages\/1037\/revisions\/1356"}],"up":[{"embeddable":true,"href":"https:\/\/agora.xtec.cat\/ceiptorrentdenmelis\/wp-json\/wp\/v2\/pages\/1011"}],"wp:attachment":[{"href":"https:\/\/agora.xtec.cat\/ceiptorrentdenmelis\/wp-json\/wp\/v2\/media?parent=1037"}],"curies":[{"name":"wp","href":"https:\/\/api.w.org\/{rel}","templated":true}]}}