{"id":9,"date":"2017-04-30T08:08:18","date_gmt":"2017-04-30T06:08:18","guid":{"rendered":"http:\/\/agora.xtec.cat\/ceipteresaclaramunt\/?page_id=9"},"modified":"2021-01-07T23:20:10","modified_gmt":"2021-01-07T22:20:10","slug":"pagina-dinici-buida","status":"publish","type":"page","link":"https:\/\/agora.xtec.cat\/ceipteresaclaramunt\/projectesdelcentre\/pagina-dinici-buida\/","title":{"rendered":"P\u00e0gina d&#8217;inici"},"content":{"rendered":"<h1 style=\"text-align: center;\"><a href=\"https:\/\/agora.xtec.cat\/ceipteresaclaramunt\/general\/felicitacio-de-les-festes-i-concert-de-nadal\/\">Felicitaci\u00f3 de les festes i concert de Nadal<\/a><\/h1>\n<p><iframe loading=\"lazy\" src=\"https:\/\/www.youtube.com\/embed\/VWpAEJuAPO0\" width=\"1360\" height=\"315\" frameborder=\"0\"><\/iframe><\/p>\n<h1><\/h1>\n<p>&nbsp;<\/p>\n<h1 style=\"text-align: center;\"><strong><a href=\"https:\/\/blocs.xtec.cat\/etcbiblioteca\/\">Coneixes el nostre bloc &#8220;El rac\u00f3 de la biblioteca&#8221; ? <\/a><\/strong><\/h1>\n<h1 style=\"text-align: center;\"><strong><a href=\"https:\/\/blocs.xtec.cat\/etcbiblioteca\/\">Entra-hi, trobar\u00e0s informaci\u00f3 que et pot ser \u00fatil&#8230;<\/a><\/strong><\/h1>\n<h1><\/h1>\n<p>&nbsp;<\/p>\n<h1 style=\"text-align: center;\"><strong>PRESENTACI\u00d3 DEL PLA D&#8217;ORGANITZACI\u00d3 DE L&#8217;ESCOLA TERESA CLARAMUNT 2020-21<\/strong><\/h1>\n<h3><iframe loading=\"lazy\" src=\"https:\/\/www.youtube.com\/embed\/fwf0CfSAT2g\" width=\"1360\" height=\"315\" frameborder=\"0\"><span data-mce-type=\"bookmark\" style=\"display: inline-block; width: 0px; overflow: hidden; line-height: 0;\" class=\"mce_SELRES_start\"><\/span><\/iframe><\/h3>\n<p>&nbsp;<\/p>\n<p>&nbsp;<\/p>\n<h3 style=\"text-align: center;\"><strong>Benvolgudes fam\u00edlies,<\/strong><\/h3>\n<h3 style=\"text-align: center;\"><strong>Hem actualitzat tota la informaci\u00f3 relativa a l&#8217;inici de curs del proper dilluns. Trobareu totes les informacions necess\u00e0ries clicant al men\u00fa. En destaquem els documents d&#8217;inici de curs per cicles.<\/strong><\/h3>\n<h3 style=\"text-align: center;\"><strong>Tamb\u00e9 trobareu el Pla d&#8217;organitzaci\u00f3 definitiu del curs 2020\/21 i una presentaci\u00f3-resum d&#8217;aquest.<\/strong><\/h3>\n<h3 style=\"text-align: center;\"><strong>Moltes gr\u00e0cies per tot i us desitgem un bon curs !<\/strong><\/h3>\n<h3 style=\"text-align: center;\"><strong>Us esperem amb els bra\u00e7os oberts!<\/strong><\/h3>\n<h3 style=\"text-align: center;\"><strong>Claustre de l&#8217;escola Teresa Claramunt<\/strong><\/h3>\n<h1><\/h1>\n<p>&nbsp;<\/p>\n<h1 style=\"text-align: center;\"><a href=\"https:\/\/agora.xtec.cat\/ceipteresaclaramunt\/wp-content\/uploads\/usu667\/2021\/01\/PLA-DORGANITZACI\u00d3-DEL-CURS-20-21-ESCOLA-TERESA-CLARAMUNT-2n-tri.pdf\"><strong>PLA D&#8217;ORGANITZACI\u00d3 DEL CURS 2020\/21 (versi\u00f3 definitiva)<\/strong><\/a><\/h1>\n<p>&nbsp;<\/p>\n<p>&nbsp;<\/p>\n<h2 style=\"text-align: center;\"><strong>L&#8217;ESCOLA TERESA CLARAMUNT US DESITJA UN BON SANT JORDI<\/strong><\/h2>\n<h3 style=\"text-align: center;\"><iframe loading=\"lazy\" src=\"https:\/\/www.youtube.com\/embed\/OFCIjv-TgFg\" width=\"1360\" height=\"315\" frameborder=\"0\" data-mce-fragment=\"1\"><\/iframe><\/h3>\n<p style=\"text-align: center;\"><iframe loading=\"lazy\" src=\"https:\/\/www.youtube.com\/embed\/RK6HWiv2U2w\" width=\"1360\" height=\"315\" frameborder=\"0\"><\/iframe><br \/>\n<iframe loading=\"lazy\" src=\"https:\/\/www.youtube.com\/embed\/c0Fc1AE23WI\" width=\"1360\" height=\"315\" frameborder=\"0\"><\/iframe><br \/>\n<iframe loading=\"lazy\" src=\"https:\/\/www.youtube.com\/embed\/hTKJCxmC2no\" width=\"1360\" height=\"315\" frameborder=\"0\"><\/iframe><\/p>\n","protected":false},"excerpt":{"rendered":"<p><a href=\"https:\/\/agora.xtec.cat\/ceipteresaclaramunt\/general\/felicitacio-de-les-festes-i-concert-de-nadal\/\">Felicitaci\u00f3 de les festes i concert de Nadal<\/a><\/p>\n<p>&nbsp;<br \/>\n<a href=\"https:\/\/blocs.xtec.cat\/etcbiblioteca\/\">Coneixes el nostre bloc &#8220;El rac\u00f3 de la biblioteca&#8221; ? <\/a><br \/>\n<a href=\"https:\/\/blocs.xtec.cat\/etcbiblioteca\/\">Entra-hi, trobar\u00e0s informaci\u00f3 que et pot ser \u00fatil&#8230;<\/a><\/p>\n<p>&nbsp;<br \/>\nPRESENTACI\u00d3 DEL PLA D&#8217;ORGANITZACI\u00d3 DE L&#8217;ESCOLA TERESA CLARAMUNT 2020-21<\/p>\n<p>&nbsp;<br \/>\n&nbsp;<br \/>\nBenvolgudes fam\u00edlies,<br \/>\nHem actualitzat tota la informaci\u00f3 relativa a l&#8217;inici de&hellip;  <a href=\"https:\/\/agora.xtec.cat\/ceipteresaclaramunt\/projectesdelcentre\/pagina-dinici-buida\/\" title=\"Read P\u00e0gina d&#8217;inici\">Llegeix m\u00e9s\u00bb<\/a><\/p>\n","protected":false},"author":2,"featured_media":0,"parent":210,"menu_order":0,"comment_status":"closed","ping_status":"closed","template":"page-templates\/front-page.php","meta":{"_bbp_topic_count":0,"_bbp_reply_count":0,"_bbp_total_topic_count":0,"_bbp_total_reply_count":0,"_bbp_voice_count":0,"_bbp_anonymous_reply_count":0,"_bbp_topic_count_hidden":0,"_bbp_reply_count_hidden":0,"_bbp_forum_subforum_count":0,"footnotes":""},"class_list":["post-9","page","type-page","status-publish","hentry"],"post_mailing_queue_ids":[],"_links":{"self":[{"href":"https:\/\/agora.xtec.cat\/ceipteresaclaramunt\/wp-json\/wp\/v2\/pages\/9","targetHints":{"allow":["GET"]}}],"collection":[{"href":"https:\/\/agora.xtec.cat\/ceipteresaclaramunt\/wp-json\/wp\/v2\/pages"}],"about":[{"href":"https:\/\/agora.xtec.cat\/ceipteresaclaramunt\/wp-json\/wp\/v2\/types\/page"}],"author":[{"embeddable":true,"href":"https:\/\/agora.xtec.cat\/ceipteresaclaramunt\/wp-json\/wp\/v2\/users\/2"}],"replies":[{"embeddable":true,"href":"https:\/\/agora.xtec.cat\/ceipteresaclaramunt\/wp-json\/wp\/v2\/comments?post=9"}],"version-history":[{"count":4,"href":"https:\/\/agora.xtec.cat\/ceipteresaclaramunt\/wp-json\/wp\/v2\/pages\/9\/revisions"}],"predecessor-version":[{"id":1568,"href":"https:\/\/agora.xtec.cat\/ceipteresaclaramunt\/wp-json\/wp\/v2\/pages\/9\/revisions\/1568"}],"up":[{"embeddable":true,"href":"https:\/\/agora.xtec.cat\/ceipteresaclaramunt\/wp-json\/wp\/v2\/pages\/210"}],"wp:attachment":[{"href":"https:\/\/agora.xtec.cat\/ceipteresaclaramunt\/wp-json\/wp\/v2\/media?parent=9"}],"curies":[{"name":"wp","href":"https:\/\/api.w.org\/{rel}","templated":true}]}}