{"id":486,"date":"2016-02-17T13:02:05","date_gmt":"2016-02-17T12:02:05","guid":{"rendered":"http:\/\/agora.xtec.cat\/ceipteresaclaramunt\/?page_id=486"},"modified":"2022-11-08T13:42:46","modified_gmt":"2022-11-08T12:42:46","slug":"a-educacio-infantil","status":"publish","type":"page","link":"https:\/\/agora.xtec.cat\/ceipteresaclaramunt\/a-educacio-infantil\/","title":{"rendered":"A Educaci\u00f3 Infantil"},"content":{"rendered":"<p style=\"text-align: left;\">Els espais d\u2019aprenentatge s\u00f3n una metodologia que vam iniciar el curs13-14 que pret\u00e9n facilitar a l\u2019infant\u00a0 la possibilitat d\u2019aprenentatge en el qual ell n\u2019\u00e9s el protagonista. En cada espai, oferim a l\u2019infant diversos materials i activitats que l\u2019emocionen, el motiven i desperten la curiositat i l\u2019inter\u00e8s per aprendre. En aquests espais es troben nens i nenes de 3, 4 i 5 anys, la qual cosa afavoreix l\u2019aprenentatge entre iguals. Entre els infants trobaran un suport, un model d\u2019acci\u00f3, observaran les descobertes fetes entre totes i els permetr\u00e0 avan\u00e7ar individualment i amb els altres.<\/p>\n<p style=\"text-align: left;\">L\u2019aprenentatge vivencial, manipulatiu i compartit afavoreix que cada infant pugui anar fent experi\u00e8ncies, hip\u00f2tesi\u00a0 i anar-les contrastant amb el suport de l\u2019adult que anir\u00e0 observant els seus aven\u00e7os, i li anir\u00e0 proposant situacions noves que el facin cr\u00e9ixer. Aquesta manera d\u2019oferir l\u2019activitat d\u2019aprenentatge emociona a l\u2019infant i aix\u00f2 li permet millorar el desig de saber, la motivaci\u00f3, l\u2019inter\u00e8s, els quals s\u00f3n imprescindibles per avan\u00e7ar en els aprenentatges i en el seu desenvolupament personal i integral.<\/p>\n<p style=\"text-align: left;\">Els grups s\u00f3n de 15 a 17 infants a cada espai, cada infant tria a quin espai vol anar i, al llarg del curs l\u2019adult l\u2019ajuda per tal que com a m\u00ednim, hagi pogut anar un torn a cada proposta. L\u2019agrupament diversificat i amb un nombre redu\u00eft d\u2019infants afavoreix el seu benestar personal i social, i permet tamb\u00e9 al docent\u00a0 poder atendre millor a la diversitat i fer una intervenci\u00f3 educativa que s\u2019ajusti a les capacitats i individualitat de cada infant.<\/p>\n<p style=\"text-align: left;\">En els espais es treballen totes les \u00e0rees del curr\u00edculum d\u2019infantil, i donen resposta al les capacitats i objectius a assolir al final de l\u2019etapa.<\/p>\n<ul>\n<li><span style=\"color: #993300;\"><em><strong>QUINS ESPA<\/strong><\/em><em><strong>IS TENIM<\/strong><\/em><em><strong>?\u00a0\u00a0<\/strong><\/em><\/span><\/li>\n<\/ul>\n<table style=\"border-collapse: collapse; width: 100%;\">\n<tbody>\n<tr>\n<td style=\"width: 33.3333%; text-align: center;\"><a href=\"https:\/\/agora.xtec.cat\/ceipteresaclaramunt\/llum-i-color\/\"><img loading=\"lazy\" decoding=\"async\" class=\"wp-image-2321 aligncenter\" src=\"https:\/\/agora.xtec.cat\/ceipteresaclaramunt\/wp-content\/uploads\/usu2652\/2022\/10\/llum-i-color.jpg\" alt=\"\" width=\"106\" height=\"144\" srcset=\"https:\/\/agora.xtec.cat\/ceipteresaclaramunt\/wp-content\/uploads\/usu2652\/2022\/10\/llum-i-color.jpg 1080w, https:\/\/agora.xtec.cat\/ceipteresaclaramunt\/wp-content\/uploads\/usu2652\/2022\/10\/llum-i-color-220x300.jpg 220w, https:\/\/agora.xtec.cat\/ceipteresaclaramunt\/wp-content\/uploads\/usu2652\/2022\/10\/llum-i-color-751x1024.jpg 751w, https:\/\/agora.xtec.cat\/ceipteresaclaramunt\/wp-content\/uploads\/usu2652\/2022\/10\/llum-i-color-768x1047.jpg 768w\" sizes=\"auto, (max-width: 106px) 100vw, 106px\" \/><\/a><\/td>\n<td style=\"width: 33.3333%; text-align: center;\"><a href=\"https:\/\/agora.xtec.cat\/ceipteresaclaramunt\/construim\/\"><img loading=\"lazy\" decoding=\"async\" class=\"wp-image-2320 aligncenter\" src=\"https:\/\/agora.xtec.cat\/ceipteresaclaramunt\/wp-content\/uploads\/usu2652\/2022\/10\/construim.jpg\" alt=\"\" width=\"106\" height=\"145\" srcset=\"https:\/\/agora.xtec.cat\/ceipteresaclaramunt\/wp-content\/uploads\/usu2652\/2022\/10\/construim.jpg 1077w, https:\/\/agora.xtec.cat\/ceipteresaclaramunt\/wp-content\/uploads\/usu2652\/2022\/10\/construim-220x300.jpg 220w, https:\/\/agora.xtec.cat\/ceipteresaclaramunt\/wp-content\/uploads\/usu2652\/2022\/10\/construim-752x1024.jpg 752w, https:\/\/agora.xtec.cat\/ceipteresaclaramunt\/wp-content\/uploads\/usu2652\/2022\/10\/construim-768x1045.jpg 768w\" sizes=\"auto, (max-width: 106px) 100vw, 106px\" \/><\/a><\/td>\n<td style=\"width: 33.3333%; text-align: center;\"><a href=\"https:\/\/agora.xtec.cat\/ceipteresaclaramunt\/el-carrer\/\"><img loading=\"lazy\" decoding=\"async\" class=\"wp-image-2319 aligncenter\" src=\"https:\/\/agora.xtec.cat\/ceipteresaclaramunt\/wp-content\/uploads\/usu2652\/2022\/10\/carrer.jpg\" alt=\"\" width=\"107\" height=\"145\" srcset=\"https:\/\/agora.xtec.cat\/ceipteresaclaramunt\/wp-content\/uploads\/usu2652\/2022\/10\/carrer.jpg 1086w, https:\/\/agora.xtec.cat\/ceipteresaclaramunt\/wp-content\/uploads\/usu2652\/2022\/10\/carrer-221x300.jpg 221w, https:\/\/agora.xtec.cat\/ceipteresaclaramunt\/wp-content\/uploads\/usu2652\/2022\/10\/carrer-755x1024.jpg 755w, https:\/\/agora.xtec.cat\/ceipteresaclaramunt\/wp-content\/uploads\/usu2652\/2022\/10\/carrer-768x1041.jpg 768w\" sizes=\"auto, (max-width: 107px) 100vw, 107px\" \/><\/a><\/td>\n<\/tr>\n<tr>\n<td style=\"width: 33.3333%; text-align: center;\"><a href=\"https:\/\/agora.xtec.cat\/ceipteresaclaramunt\/som-artistes\/\"><img loading=\"lazy\" decoding=\"async\" class=\"wp-image-2318 aligncenter\" src=\"https:\/\/agora.xtec.cat\/ceipteresaclaramunt\/wp-content\/uploads\/usu2652\/2022\/10\/artistes.jpg\" alt=\"\" width=\"107\" height=\"145\" srcset=\"https:\/\/agora.xtec.cat\/ceipteresaclaramunt\/wp-content\/uploads\/usu2652\/2022\/10\/artistes.jpg 1072w, https:\/\/agora.xtec.cat\/ceipteresaclaramunt\/wp-content\/uploads\/usu2652\/2022\/10\/artistes-220x300.jpg 220w, https:\/\/agora.xtec.cat\/ceipteresaclaramunt\/wp-content\/uploads\/usu2652\/2022\/10\/artistes-751x1024.jpg 751w, https:\/\/agora.xtec.cat\/ceipteresaclaramunt\/wp-content\/uploads\/usu2652\/2022\/10\/artistes-768x1047.jpg 768w\" sizes=\"auto, (max-width: 107px) 100vw, 107px\" \/><\/a><\/td>\n<td style=\"width: 33.3333%; text-align: center;\"><a href=\"https:\/\/agora.xtec.cat\/ceipteresaclaramunt\/actua\/\"><img loading=\"lazy\" decoding=\"async\" class=\"wp-image-2316 aligncenter\" src=\"https:\/\/agora.xtec.cat\/ceipteresaclaramunt\/wp-content\/uploads\/usu2652\/2022\/10\/actua.jpg\" alt=\"\" width=\"106\" height=\"145\" srcset=\"https:\/\/agora.xtec.cat\/ceipteresaclaramunt\/wp-content\/uploads\/usu2652\/2022\/10\/actua.jpg 1087w, https:\/\/agora.xtec.cat\/ceipteresaclaramunt\/wp-content\/uploads\/usu2652\/2022\/10\/actua-220x300.jpg 220w, https:\/\/agora.xtec.cat\/ceipteresaclaramunt\/wp-content\/uploads\/usu2652\/2022\/10\/actua-751x1024.jpg 751w, https:\/\/agora.xtec.cat\/ceipteresaclaramunt\/wp-content\/uploads\/usu2652\/2022\/10\/actua-768x1047.jpg 768w\" sizes=\"auto, (max-width: 106px) 100vw, 106px\" \/><\/a><\/td>\n<td style=\"width: 33.3333%; text-align: center;\"><a href=\"https:\/\/agora.xtec.cat\/ceipteresaclaramunt\/modelatge\/\"><img loading=\"lazy\" decoding=\"async\" class=\"wp-image-2314 aligncenter\" src=\"https:\/\/agora.xtec.cat\/ceipteresaclaramunt\/wp-content\/uploads\/usu2652\/2022\/10\/modelatge.jpg\" alt=\"\" width=\"107\" height=\"145\" srcset=\"https:\/\/agora.xtec.cat\/ceipteresaclaramunt\/wp-content\/uploads\/usu2652\/2022\/10\/modelatge.jpg 1074w, https:\/\/agora.xtec.cat\/ceipteresaclaramunt\/wp-content\/uploads\/usu2652\/2022\/10\/modelatge-221x300.jpg 221w, https:\/\/agora.xtec.cat\/ceipteresaclaramunt\/wp-content\/uploads\/usu2652\/2022\/10\/modelatge-754x1024.jpg 754w, https:\/\/agora.xtec.cat\/ceipteresaclaramunt\/wp-content\/uploads\/usu2652\/2022\/10\/modelatge-768x1043.jpg 768w\" sizes=\"auto, (max-width: 107px) 100vw, 107px\" \/><\/a><\/td>\n<\/tr>\n<tr>\n<td style=\"width: 33.3333%; text-align: center;\"><a style=\"color: #2795b6;\" href=\"https:\/\/agora.xtec.cat\/ceipteresaclaramunt\/aigua\/\"><img loading=\"lazy\" decoding=\"async\" class=\"wp-image-2317 aligncenter\" src=\"https:\/\/agora.xtec.cat\/ceipteresaclaramunt\/wp-content\/uploads\/usu2652\/2022\/10\/aigua.jpg\" alt=\"\" width=\"107\" height=\"145\" srcset=\"https:\/\/agora.xtec.cat\/ceipteresaclaramunt\/wp-content\/uploads\/usu2652\/2022\/10\/aigua.jpg 1080w, https:\/\/agora.xtec.cat\/ceipteresaclaramunt\/wp-content\/uploads\/usu2652\/2022\/10\/aigua-220x300.jpg 220w, https:\/\/agora.xtec.cat\/ceipteresaclaramunt\/wp-content\/uploads\/usu2652\/2022\/10\/aigua-751x1024.jpg 751w, https:\/\/agora.xtec.cat\/ceipteresaclaramunt\/wp-content\/uploads\/usu2652\/2022\/10\/aigua-768x1047.jpg 768w\" sizes=\"auto, (max-width: 107px) 100vw, 107px\" \/><\/a><\/td>\n<td style=\"width: 33.3333%; text-align: center;\"><a href=\"https:\/\/agora.xtec.cat\/ceipteresaclaramunt\/toca-i-remena\/\"><img loading=\"lazy\" decoding=\"async\" class=\"wp-image-2315 aligncenter\" src=\"https:\/\/agora.xtec.cat\/ceipteresaclaramunt\/wp-content\/uploads\/usu2652\/2022\/10\/toca-i-remena.jpg\" alt=\"\" width=\"107\" height=\"145\" srcset=\"https:\/\/agora.xtec.cat\/ceipteresaclaramunt\/wp-content\/uploads\/usu2652\/2022\/10\/toca-i-remena.jpg 1075w, https:\/\/agora.xtec.cat\/ceipteresaclaramunt\/wp-content\/uploads\/usu2652\/2022\/10\/toca-i-remena-220x300.jpg 220w, https:\/\/agora.xtec.cat\/ceipteresaclaramunt\/wp-content\/uploads\/usu2652\/2022\/10\/toca-i-remena-752x1024.jpg 752w, https:\/\/agora.xtec.cat\/ceipteresaclaramunt\/wp-content\/uploads\/usu2652\/2022\/10\/toca-i-remena-768x1046.jpg 768w\" sizes=\"auto, (max-width: 107px) 100vw, 107px\" \/><\/a><\/td>\n<td style=\"width: 33.3333%; text-align: center;\"><a href=\"https:\/\/agora.xtec.cat\/ceipteresaclaramunt\/minimons\/\"><img loading=\"lazy\" decoding=\"async\" class=\"wp-image-2313 aligncenter\" src=\"https:\/\/agora.xtec.cat\/ceipteresaclaramunt\/wp-content\/uploads\/usu2652\/2022\/10\/minimons.jpg\" alt=\"\" width=\"107\" height=\"145\" srcset=\"https:\/\/agora.xtec.cat\/ceipteresaclaramunt\/wp-content\/uploads\/usu2652\/2022\/10\/minimons.jpg 1084w, https:\/\/agora.xtec.cat\/ceipteresaclaramunt\/wp-content\/uploads\/usu2652\/2022\/10\/minimons-221x300.jpg 221w, https:\/\/agora.xtec.cat\/ceipteresaclaramunt\/wp-content\/uploads\/usu2652\/2022\/10\/minimons-755x1024.jpg 755w, https:\/\/agora.xtec.cat\/ceipteresaclaramunt\/wp-content\/uploads\/usu2652\/2022\/10\/minimons-768x1042.jpg 768w\" sizes=\"auto, (max-width: 107px) 100vw, 107px\" \/><\/a><\/td>\n<\/tr>\n<\/tbody>\n<\/table>\n<p><iframe loading=\"lazy\" src=\"https:\/\/www.youtube.com\/embed\/c0Fc1AE23WI\" width=\"560\" height=\"315\" frameborder=\"0\"><\/iframe><\/p>\n<p>&nbsp;<\/p>\n<p><iframe loading=\"lazy\" src=\"https:\/\/www.youtube.com\/embed\/ANwQncLanL4\" width=\"560\" height=\"315\" frameborder=\"0\"><\/iframe><\/p>\n","protected":false},"excerpt":{"rendered":"<p>Els espais d\u2019aprenentatge s\u00f3n una metodologia que vam iniciar el curs13-14 que pret\u00e9n facilitar a l\u2019infant\u00a0 la possibilitat d\u2019aprenentatge en el qual ell n\u2019\u00e9s el protagonista. En cada espai, oferim a l\u2019infant diversos materials i activitats que l\u2019emocionen, el motiven i desperten la curiositat i&hellip;  <a href=\"https:\/\/agora.xtec.cat\/ceipteresaclaramunt\/a-educacio-infantil\/\" title=\"Read A Educaci\u00f3 Infantil\">Llegeix m\u00e9s\u00bb<\/a><\/p>\n","protected":false},"author":1,"featured_media":0,"parent":0,"menu_order":0,"comment_status":"closed","ping_status":"closed","template":"","meta":{"_bbp_topic_count":0,"_bbp_reply_count":0,"_bbp_total_topic_count":0,"_bbp_total_reply_count":0,"_bbp_voice_count":0,"_bbp_anonymous_reply_count":0,"_bbp_topic_count_hidden":0,"_bbp_reply_count_hidden":0,"_bbp_forum_subforum_count":0,"footnotes":""},"class_list":["post-486","page","type-page","status-publish","hentry"],"post_mailing_queue_ids":[],"_links":{"self":[{"href":"https:\/\/agora.xtec.cat\/ceipteresaclaramunt\/wp-json\/wp\/v2\/pages\/486","targetHints":{"allow":["GET"]}}],"collection":[{"href":"https:\/\/agora.xtec.cat\/ceipteresaclaramunt\/wp-json\/wp\/v2\/pages"}],"about":[{"href":"https:\/\/agora.xtec.cat\/ceipteresaclaramunt\/wp-json\/wp\/v2\/types\/page"}],"author":[{"embeddable":true,"href":"https:\/\/agora.xtec.cat\/ceipteresaclaramunt\/wp-json\/wp\/v2\/users\/1"}],"replies":[{"embeddable":true,"href":"https:\/\/agora.xtec.cat\/ceipteresaclaramunt\/wp-json\/wp\/v2\/comments?post=486"}],"version-history":[{"count":3,"href":"https:\/\/agora.xtec.cat\/ceipteresaclaramunt\/wp-json\/wp\/v2\/pages\/486\/revisions"}],"predecessor-version":[{"id":2390,"href":"https:\/\/agora.xtec.cat\/ceipteresaclaramunt\/wp-json\/wp\/v2\/pages\/486\/revisions\/2390"}],"wp:attachment":[{"href":"https:\/\/agora.xtec.cat\/ceipteresaclaramunt\/wp-json\/wp\/v2\/media?parent=486"}],"curies":[{"name":"wp","href":"https:\/\/api.w.org\/{rel}","templated":true}]}}