{"id":2229,"date":"2022-05-19T09:29:13","date_gmt":"2022-05-19T07:29:13","guid":{"rendered":"https:\/\/agora.xtec.cat\/ceipteresaclaramunt\/?page_id=2229"},"modified":"2025-05-22T10:48:55","modified_gmt":"2025-05-22T08:48:55","slug":"aquiproubullying","status":"publish","type":"page","link":"https:\/\/agora.xtec.cat\/ceipteresaclaramunt\/aquiproubullying\/","title":{"rendered":"#Aqu\u00edProuBullying"},"content":{"rendered":"<p><img loading=\"lazy\" decoding=\"async\" class=\"aligncenter size-full wp-image-2230\" src=\"https:\/\/agora.xtec.cat\/ceipteresaclaramunt\/wp-content\/uploads\/usu2652\/2022\/05\/aquiproubullying.png\" alt=\"\" width=\"540\" height=\"121\" srcset=\"https:\/\/agora.xtec.cat\/ceipteresaclaramunt\/wp-content\/uploads\/usu2652\/2022\/05\/aquiproubullying.png 540w, https:\/\/agora.xtec.cat\/ceipteresaclaramunt\/wp-content\/uploads\/usu2652\/2022\/05\/aquiproubullying-300x67.png 300w\" sizes=\"auto, (max-width: 540px) 100vw, 540px\" \/><\/p>\n<h2 style=\"text-align: center;\"><strong>Programa d\u2019Innovaci\u00f3 #aquiproubullying. Departament d\u2019Educaci\u00f3 de la Generalitat de Catalunya<\/strong><\/h2>\n<p style=\"text-align: left;\">El programa posa a l\u2019abast dels centres la formaci\u00f3, estrat\u00e8gies i recursos necessaris per elaborar un projecte de prevenci\u00f3, detecci\u00f3 i intervenci\u00f3 davant l\u2019assetjament amb la participaci\u00f3 de tota la comunitat escolar, especialment de l\u2019alumnat qui actuar\u00e0 com observador i agent actiu i comprom\u00e8s en la lluita contra l\u2019assetjament alhora que adquireix les actituds i els valors propis de la compet\u00e8ncia social i ciutadana.<\/p>\n<p>Els objectius del programa s\u00f3n els seg\u00fcents:<br \/>\n\u25cf Implicar la comunitat escolar davant els casos d\u2019assetjament.<br \/>\n\u25cf Potenciar el comprom\u00eds actiu de l\u2019alumnat en la prevenci\u00f3 i detecci\u00f3 dels casos d\u2019assetjament.<br \/>\n\u25cf Fomentar la gesti\u00f3 positiva dels conflictes.<br \/>\n\u25cf Contribuir al desenvolupament personal i social de l\u2019alumnat.<\/p>\n<h4><strong>Escolta la nostra experi\u00e8ncia a Catalunya R\u00e0dio:<br \/>\n<\/strong><\/h4>\n<table style=\"height: 133px; width: 100%; border-collapse: collapse;\">\n<tbody>\n<tr style=\"height: 101px;\">\n<td style=\"width: 50%; text-align: center; height: 101px;\"><a href=\"https:\/\/www.ccma.cat\/catradio\/alacarta\/el-mati-de-catalunya-radio\/el-mati-de-catalunya-radio-de-8-a-9-h-10042023\/audio\/1168313\/\"><img loading=\"lazy\" decoding=\"async\" class=\"aligncenter wp-image-2552\" src=\"https:\/\/agora.xtec.cat\/ceipteresaclaramunt\/wp-content\/uploads\/usu2652\/2023\/04\/Imatge_megafon-768x588-1.png\" alt=\"\" width=\"90\" height=\"69\" srcset=\"https:\/\/agora.xtec.cat\/ceipteresaclaramunt\/wp-content\/uploads\/usu2652\/2023\/04\/Imatge_megafon-768x588-1.png 768w, https:\/\/agora.xtec.cat\/ceipteresaclaramunt\/wp-content\/uploads\/usu2652\/2023\/04\/Imatge_megafon-768x588-1-300x230.png 300w, https:\/\/agora.xtec.cat\/ceipteresaclaramunt\/wp-content\/uploads\/usu2652\/2023\/04\/Imatge_megafon-768x588-1-200x150.png 200w\" sizes=\"auto, (max-width: 90px) 100vw, 90px\" \/><\/a><\/td>\n<td style=\"width: 50%; text-align: center; height: 101px;\"><a href=\"https:\/\/www.ccma.cat\/catradio\/alacarta\/catalunya-informacio-directe\/catalunya-informacio-de-9-a-10-h-10042023\/audio\/1168315\/\"><img loading=\"lazy\" decoding=\"async\" class=\"aligncenter wp-image-2552\" src=\"https:\/\/agora.xtec.cat\/ceipteresaclaramunt\/wp-content\/uploads\/usu2652\/2023\/04\/Imatge_megafon-768x588-1.png\" alt=\"\" width=\"85\" height=\"65\" srcset=\"https:\/\/agora.xtec.cat\/ceipteresaclaramunt\/wp-content\/uploads\/usu2652\/2023\/04\/Imatge_megafon-768x588-1.png 768w, https:\/\/agora.xtec.cat\/ceipteresaclaramunt\/wp-content\/uploads\/usu2652\/2023\/04\/Imatge_megafon-768x588-1-300x230.png 300w, https:\/\/agora.xtec.cat\/ceipteresaclaramunt\/wp-content\/uploads\/usu2652\/2023\/04\/Imatge_megafon-768x588-1-200x150.png 200w\" sizes=\"auto, (max-width: 85px) 100vw, 85px\" \/><\/a><\/td>\n<\/tr>\n<tr style=\"height: 32px;\">\n<td style=\"width: 50%; text-align: center; height: 32px;\"><strong>Minut 31:50<\/strong><\/td>\n<td style=\"width: 50%; text-align: center; height: 32px;\"><strong>Minut 49:30<\/strong><\/td>\n<\/tr>\n<\/tbody>\n<\/table>\n<p><a href=\"https:\/\/drive.google.com\/file\/d\/1JwLeeJgmj_ihl3jpsJV17IBqM7A3QsAU\/view?usp=sharing\">Consulteu aqu\u00ed quin \u00e9s el nostre punt de partida.<\/a><\/p>\n<hr \/>\n<p>&nbsp;<\/p>\n<h3 dir=\"ltr\"><\/h3>\n<div dir=\"ltr\"><\/div>\n<h3 dir=\"ltr\"><\/h3>\n<div dir=\"ltr\" style=\"text-align: justify;\">\n<h3><b>IV Jornada d&#8217;Intercanvi d&#8217;Experi\u00e8ncies #Aquiproubullying.<\/b><\/h3>\n<p><span style=\"font-weight: 400;\">El passat mes de novembre vam participar a les IV Jornada d&#8217;intercanvi d&#8217;experi\u00e8ncies #aquiproubullying amb la pon\u00e8ncia &#8220;Com vinculem a les fam\u00edlies en la prevenci\u00f3 de l&#8217;assetjament escolar?&#8221; Us compartim la presentaci\u00f3 que vam fer. La nostra escola segueix sent escola referent en la prevenci\u00f3 de l&#8217;assetjament escolar i el ciberassetjament&#8221;<\/span><\/p>\n<\/div>\n<div dir=\"ltr\"><\/div>\n<div dir=\"ltr\"><\/div>\n<div dir=\"ltr\"><\/div>\n<div dir=\"ltr\"><\/div>\n<div dir=\"ltr\">\n<div><a href=\"https:\/\/agora.xtec.cat\/ceipteresaclaramunt\/wp-content\/uploads\/usu2652\/2024\/12\/Taula-2-Escola-Teresa-Claramunt-1.pdf\"><img loading=\"lazy\" decoding=\"async\" class=\"alignright size-large wp-image-3021\" src=\"https:\/\/agora.xtec.cat\/ceipteresaclaramunt\/wp-content\/uploads\/usu2652\/2024\/12\/Diseno-sin-titulo-1-1024x726.png\" alt=\"\" width=\"1024\" height=\"726\" srcset=\"https:\/\/agora.xtec.cat\/ceipteresaclaramunt\/wp-content\/uploads\/usu2652\/2024\/12\/Diseno-sin-titulo-1-1024x726.png 1024w, https:\/\/agora.xtec.cat\/ceipteresaclaramunt\/wp-content\/uploads\/usu2652\/2024\/12\/Diseno-sin-titulo-1-300x213.png 300w, https:\/\/agora.xtec.cat\/ceipteresaclaramunt\/wp-content\/uploads\/usu2652\/2024\/12\/Diseno-sin-titulo-1-768x545.png 768w, https:\/\/agora.xtec.cat\/ceipteresaclaramunt\/wp-content\/uploads\/usu2652\/2024\/12\/Diseno-sin-titulo-1-1536x1090.png 1536w, https:\/\/agora.xtec.cat\/ceipteresaclaramunt\/wp-content\/uploads\/usu2652\/2024\/12\/Diseno-sin-titulo-1.png 1748w\" sizes=\"auto, (max-width: 1024px) 100vw, 1024px\" \/><\/a><\/div>\n<div>\n<div><\/div>\n<div><\/div>\n<div><\/div>\n<div><\/div>\n<div><\/div>\n<div><\/div>\n<div><\/div>\n<div><\/div>\n<div><\/div>\n<div><\/div>\n<div><\/div>\n<div><\/div>\n<\/div>\n<\/div>\n<div><\/div>\n<h3><\/h3>\n<h3><\/h3>\n<h3><\/h3>\n<h3><\/h3>\n<h3><\/h3>\n<h3><\/h3>\n<h3><\/h3>\n<h3><\/h3>\n<h3><\/h3>\n<div><\/div>\n<div><\/div>\n<div>\n<hr \/>\n<\/div>\n<div><\/div>\n<div><\/div>\n<div dir=\"ltr\">\n<div>\n<div dir=\"ltr\">\n<h3><b>Taller amb fam\u00edlies en la prevenci\u00f3 de l&#8217;assetjament escolar<\/b><\/h3>\n<p><span style=\"font-weight: 400;\">Estigueu atentes ja que al mes de febrer portarem a terme un taller amb fam\u00edlies on us donarem recursos i estrat\u00e8gies de prevenci\u00f3 i detecci\u00f3 de l&#8217;assetjament i el ciberassetjament escolar. No us el podeu perdre!! Les places seran limitades, us n&#8217;informarem a trav\u00e9s de l&#8217;AFA i la p\u00e0gina web.<\/span><\/p>\n<p>&nbsp;<\/p>\n<\/div>\n<\/div>\n<\/div>\n<h3><strong>Dia 2 de maig, Dia Internacional en Contra de l&#8217;Assetjament Escolar<\/strong><\/h3>\n<div><\/div>\n<div>Per celebrar el dia 2 de maig, Dia Internacional en Contra de l&#8217;Assetjament Escolar, TV3 va venir a fer un reportatge a la nostra escola en relaci\u00f3 als Equips per a la Conviv\u00e8ncia.<\/div>\n<div><\/div>\n<div>\n<p>Els Equips per la Conviv\u00e8ncia a Prim\u00e0ria estan formats per alumnes de 5\u00e8 i 6\u00e8 de prim\u00e0ria que, dins del marc del programa #aquiproubullying, del qual en formem part des del curs 2019-2020, reben una formaci\u00f3 espec\u00edfica per contribuir en l\u2019estrat\u00e8gia de sensibilitzaci\u00f3 i d\u2019observaci\u00f3 conscient al centre educatiu, desenvolupant aix\u00ed una actitud prosocial i de corresponsabilitat en la millora de la conviv\u00e8ncia positiva.<\/p>\n<p>Els objectius dels Equips per a la Conviv\u00e8ncia s\u00f3n els seg\u00fcents:<\/p>\n<ol>\n<li>Potenciar l\u2019observaci\u00f3 del benestar i les relacions.<\/li>\n<li>Empoderar a l\u2019alumnat en el seu paper en la promoci\u00f3 del benestar i la conviv\u00e8ncia positiva.<\/li>\n<li>Aconseguir, a trav\u00e9s de la sensibilitzaci\u00f3, el reconeixement de la figura dels ExC com a referents de confian\u00e7a entre iguals.<\/li>\n<li>Dotar\u00a0d\u2019eines\u00a0a\u00a0l\u2019alumnat\u00a0a fi de detectar i comunicar situacions de risc d\u2019assetjament i ciberassetjament escolar, aix\u00ed com altres tipus de viol\u00e8ncies.<\/li>\n<\/ol>\n<\/div>\n<div>En aquest\u00a0<a href=\"https:\/\/www.3cat.cat\/3cat\/video\/6338409\/embed\/\" target=\"_blank\" rel=\"noopener\" data-saferedirecturl=\"https:\/\/www.google.com\/url?q=https:\/\/www.3cat.cat\/3cat\/video\/6338409\/embed\/&amp;source=gmail&amp;ust=1747989751619000&amp;usg=AOvVaw2fxrmPm3pdsZf47B4EWzcO\">enlla\u00e7<\/a>\u00a0podeu veure la not\u00edcia que van emetre des de 3Cat (TV3 i 324) el dia 2 de maig.<\/div>\n<div><\/div>\n<div>Treballem tots i totes en la toler\u00e0ncia 0 cap a les viol\u00e8ncies. La conviv\u00e8ncia a la nostra comunitat educativa \u00e9s responsabilitat de tothom, ning\u00fa se&#8217;n pot quedar al marge.<\/div>\n","protected":false},"excerpt":{"rendered":"<p>Programa d\u2019Innovaci\u00f3 #aquiproubullying. Departament d\u2019Educaci\u00f3 de la Generalitat de Catalunya<br \/>\nEl programa posa a l\u2019abast dels centres la formaci\u00f3, estrat\u00e8gies i recursos necessaris per elaborar un projecte de prevenci\u00f3, detecci\u00f3 i intervenci\u00f3 davant l\u2019assetjament amb la participaci\u00f3 de tota la comunitat escolar, especialment de l\u2019alumnat qui&hellip;  <a href=\"https:\/\/agora.xtec.cat\/ceipteresaclaramunt\/aquiproubullying\/\" title=\"Read #Aqu\u00edProuBullying\">Llegeix m\u00e9s\u00bb<\/a><\/p>\n","protected":false},"author":1,"featured_media":0,"parent":0,"menu_order":0,"comment_status":"closed","ping_status":"closed","template":"","meta":{"_bbp_topic_count":0,"_bbp_reply_count":0,"_bbp_total_topic_count":0,"_bbp_total_reply_count":0,"_bbp_voice_count":0,"_bbp_anonymous_reply_count":0,"_bbp_topic_count_hidden":0,"_bbp_reply_count_hidden":0,"_bbp_forum_subforum_count":0,"footnotes":""},"class_list":["post-2229","page","type-page","status-publish","hentry"],"post_mailing_queue_ids":[],"_links":{"self":[{"href":"https:\/\/agora.xtec.cat\/ceipteresaclaramunt\/wp-json\/wp\/v2\/pages\/2229","targetHints":{"allow":["GET"]}}],"collection":[{"href":"https:\/\/agora.xtec.cat\/ceipteresaclaramunt\/wp-json\/wp\/v2\/pages"}],"about":[{"href":"https:\/\/agora.xtec.cat\/ceipteresaclaramunt\/wp-json\/wp\/v2\/types\/page"}],"author":[{"embeddable":true,"href":"https:\/\/agora.xtec.cat\/ceipteresaclaramunt\/wp-json\/wp\/v2\/users\/1"}],"replies":[{"embeddable":true,"href":"https:\/\/agora.xtec.cat\/ceipteresaclaramunt\/wp-json\/wp\/v2\/comments?post=2229"}],"version-history":[{"count":6,"href":"https:\/\/agora.xtec.cat\/ceipteresaclaramunt\/wp-json\/wp\/v2\/pages\/2229\/revisions"}],"predecessor-version":[{"id":3087,"href":"https:\/\/agora.xtec.cat\/ceipteresaclaramunt\/wp-json\/wp\/v2\/pages\/2229\/revisions\/3087"}],"wp:attachment":[{"href":"https:\/\/agora.xtec.cat\/ceipteresaclaramunt\/wp-json\/wp\/v2\/media?parent=2229"}],"curies":[{"name":"wp","href":"https:\/\/api.w.org\/{rel}","templated":true}]}}