{"id":1397,"date":"2022-06-02T13:55:48","date_gmt":"2022-06-02T11:55:48","guid":{"rendered":"https:\/\/agora.xtec.cat\/ceipssantalo\/?page_id=1397"},"modified":"2023-05-19T18:29:14","modified_gmt":"2023-05-19T16:29:14","slug":"cultura-digital","status":"publish","type":"page","link":"https:\/\/agora.xtec.cat\/ceipssantalo\/cultura-digital\/","title":{"rendered":"Cultura digital"},"content":{"rendered":"<h2><b>1- Desplegament curricular de la compet\u00e8ncia digital de l\u2019alumnat:<\/b><\/h2>\n<p><span style=\"font-weight: 400;\">El centre t\u00e9 programada la compet\u00e8ncia digital dels alumnes per cicles. Aquesta programaci\u00f3 es pot consultar a:<\/span><\/p>\n<p><span style=\"font-weight: 400;\">CICLE INICIAL: <\/span><a href=\"https:\/\/docs.google.com\/document\/d\/1AZbG6qPyy8ebMpfCrbqSZe3z3sTB8bbkVJT1KZaot1E\/edit\"><span style=\"font-weight: 400;\">\u00c0mbit digital CI<\/span><\/a><\/p>\n<p><span style=\"font-weight: 400;\">CICLE MITJ\u00c0: <\/span><a href=\"https:\/\/docs.google.com\/document\/d\/1JPEKfH4fCBJLp4yKya_v49RSvcEc9uT-0zpTqVkPfLc\/edit\"><span style=\"font-weight: 400;\">\u00c0mbit digital CM<\/span><\/a><\/p>\n<p><span style=\"font-weight: 400;\">CICLE SUPERIOR: <\/span><a href=\"https:\/\/docs.google.com\/document\/d\/1Yx8MT8GNmE4uG0iJmVQ9JF1eFh9kxOa1cfZXBWgijIo\/edit\"><span style=\"font-weight: 400;\">\u00c0mbit digital CS<\/span><\/a><\/p>\n<p><span style=\"font-weight: 400;\">Aquesta compet\u00e8ncia es treballa transversalment a totes les \u00e0rees i espec\u00edficament cont\u00e9 una hora setmanal amb mig grup per poder treballar les caracter\u00edstiques m\u00e9s espec\u00edfiques de la compet\u00e8ncia per tal de poder-les aplicar posteriorment en altres \u00e0mbits.<\/span><\/p>\n<p>&nbsp;<\/p>\n<h2><b>2- Descripci\u00f3 dels serveis digitals que s&#8217;ofereixen a alumnes, professorat i fam\u00edlies, i procediments de gesti\u00f3:<\/b><\/h2>\n<p><span style=\"font-weight: 400;\">Serveis digitals propis del centre:<\/span><\/p>\n<p><span style=\"font-weight: 400;\">El centre t\u00e9 un domini propi @silvestresantalo.cat. Aquest domini permet posar a disposici\u00f3 de l\u2019alumnat i del professorat tota la suite ofim\u00e1tica de google (docs, sheets\u2026), espai d\u2019emmagatzematge en el n\u00favol (drive), correu electr\u00f2nic propi (gmail)&#8230; per a poder treballar a l\u2019aula.<\/span><\/p>\n<p>&nbsp;<\/p>\n<p><span style=\"font-weight: 400;\">Procediment d\u2019alta d\u2019usuaris:<\/span><\/p>\n<p><span style=\"font-weight: 400;\">A trav\u00e9s d\u2019un full d\u2019autoritzaci\u00f3 les fam\u00edlies donen el consentiment per a la creaci\u00f3 dels usuaris dels seus fills. Aquests usuaris els crea el coordinador TIC del centre i tenen validesa mentre l\u2019alumne\/a estigui al centre.\u00a0<\/span><\/p>\n<p>&nbsp;<\/p>\n<p><span style=\"font-weight: 400;\">Acords d\u2019\u00fas de la plataforma EVA:<\/span><\/p>\n<p><span style=\"font-weight: 400;\">Els comptes de l\u2019alumnat poden quedar interromputs temporal o indefinidament si es detecta un \u00fas inadequat (no lectiu) o comportaments inapropiats cap a altres companys\/es o professors. (veure document <\/span><a href=\"https:\/\/docs.google.com\/document\/d\/1PpIQqI42MJXFo9KYffEf3fmt1OH_dzs4ytX1yz748UE\/edit\"><span style=\"font-weight: 400;\">enlla\u00e7at aqu\u00ed<\/span><\/a><span style=\"font-weight: 400;\">)<\/span><\/p>\n<p>&nbsp;<\/p>\n<p><span style=\"font-weight: 400;\">Tots els membres del claustre disposen tamb\u00e9 d\u2019un usuari en el domini del centre amb totes les eines de google Workspace. Aquests usuaris responen a les diferents tutories i\/o especialitats i tota la informaci\u00f3 desada en ells es mant\u00e9 de cares a mestres que substitueixin o que promocionin de curs per tal de facilitar el seguiment de la l\u00ednia de centre.<\/span><\/p>\n<p>&nbsp;<\/p>\n<p><span style=\"font-weight: 400;\">Organitzaci\u00f3 de la documentaci\u00f3 digital del centre:\u00a0<\/span><\/p>\n<p><span style=\"font-weight: 400;\">La documentaci\u00f3 digital de centre es troba en una unitat compartida dins de l&#8217;ecosistema Workspace sota la propietat del centre. En aquesta es poden trobar els principals documents (PEC, PGA, NOFC\u2026) i s\u00f3n a l\u2019abast de tot els professionals del centre.<\/span><\/p>\n<p>&nbsp;<\/p>\n<p><span style=\"font-weight: 400;\">Gesti\u00f3 de les aules inform\u00e0tiques, dels carros d\u2019ordinadors i dels ordinadors de pr\u00e9stec, etc.:<\/span><\/p>\n<p><span style=\"font-weight: 400;\">El centre no disposa d\u2019aula d\u2019inform\u00e0tica. Hi ha un carro d\u2019ordinadors a 6\u00e8 per a l\u2019emmagatzematge i c\u00e0rrega dels equips. La resta d\u2019equips del centre estan en armaris adaptats per al seu emmagatzematge i c\u00e0rrega.<\/span><\/p>\n<p>&nbsp;<\/p>\n<p><span style=\"font-weight: 400;\">No hi ha ordinadors en pr\u00e9stec ni que es puguin treure del centre. Tot i aix\u00f2 no es tracta d\u2019un proc\u00e9s r\u00edgid sin\u00f3 que es pot adaptar a les necessitats puntuals i espec\u00edfiques que puguin apar\u00e8ixer.<\/span><\/p>\n<p>&nbsp;<\/p>\n<p><b>3- Acords de claustre i consell escolar<\/b><span style=\"font-weight: 400;\">\u00a0<\/span><\/p>\n<p><span style=\"font-weight: 400;\">Properament<\/span><\/p>\n<p>&nbsp;<\/p>\n<h2><b>4- Acolliment digital dels alumnes, docents i fam\u00edlies de nova incorporaci\u00f3:<\/b><\/h2>\n<ul>\n<li aria-level=\"1\"><span style=\"font-weight: 400;\">Acolliment digital dels docents<\/span><b>: <\/b><a href=\"https:\/\/docs.google.com\/document\/d\/1y_QWcycP-KO5Bx-pLO7klRS26xH-eGPc7sMnK0U0vzI\/edit\"><span style=\"font-weight: 400;\">enlla\u00e7<\/span><\/a><\/li>\n<li><span style=\"font-weight: 400;\">Acolliment digital dels alumnes: <\/span><a href=\"https:\/\/docs.google.com\/document\/d\/1BJAJn4jYaVLTVLM0ny-0qYbOI2wMh1_hjiUREdiM2tU\/edit\"><span style=\"font-weight: 400;\">enlla\u00e7<\/span><\/a><\/li>\n<li><span style=\"font-weight: 400;\">Acolliment digital de les fam\u00edlies: <\/span><a href=\"https:\/\/docs.google.com\/document\/d\/1oeidL6mTnM5t7jih8zSiT9PLyjK1j0Gqehc4pSgmuL4\/edit?usp=sharing\"><span style=\"font-weight: 400;\">enlla\u00e7<\/span><\/a><\/li>\n<\/ul>\n<p>&nbsp;<\/p>\n<p><b>5- Comunicacions amb la comunitat educativa<\/b><\/p>\n<p><span style=\"font-weight: 400;\">Les comunicacions digitals fam\u00edlies-centre<\/span><span style=\"font-weight: 400;\"> es realitzen a trav\u00e9s dels usuaris dels alumnes i del seu correu electr\u00f2nic del domini del centre. No \u00e9s un mitj\u00e0 d\u2019\u00fas habitual degut a les caracter\u00edstiques de les fam\u00edlies del centre per\u00f2 \u00e9s v\u00e0lid per a situacions en que no hi pugui haver presencialitat.<\/span><\/p>\n<p><span style=\"font-weight: 400;\">No es prioritzen les <\/span><span style=\"font-weight: 400;\">comunicacions digitals amb els alumnes<\/span><span style=\"font-weight: 400;\">. En cas de ser necessari es disposa de les eines (correu electr\u00f2nic, web\u2026) del domini del centre.<\/span><\/p>\n<p><span style=\"font-weight: 400;\">Comunicacions entre el mateix professorat<\/span><span style=\"font-weight: 400;\">:<\/span><span style=\"font-weight: 400;\"> la comunicaci\u00f3 entre el professorat i entre professorat i direcci\u00f3 es fa a trav\u00e9s del correu electr\u00f2nic.<\/span><\/p>\n<p>&nbsp;<\/p>\n<p><b>6- Portals web i xarxes socials<\/b><\/p>\n<p><span style=\"font-weight: 400;\">El centre disposa d\u2019una p\u00e0gina web enrolada en el servei nodes del Departament d\u2019Educaci\u00f3. La creaci\u00f3 i manteniment \u00e9s obra del coordinador TIC.\u00a0<\/span><\/p>\n<p><span style=\"font-weight: 400;\">El centre no disposa de cap xarxa social al no ser expl\u00edcitament recollides i emparades pel Departament d\u2019Educaci\u00f3.<\/span><\/p>\n<p>&nbsp;<\/p>\n<p><b>7- Materials i equipaments<\/b><\/p>\n<p><span style=\"font-weight: 400;\">Hi ha 23 equips per alumnes. Aquests equips estan adjudicats als alumnes de 6\u00e8 nominalment per fer-ne \u00fas en el centre durant les hores lectives.<\/span><\/p>\n<p><span style=\"font-weight: 400;\">El centre disposa d&#8217;un panell digital.<\/span><\/p>\n<p>&nbsp;<\/p>\n<p>&nbsp;<\/p>\n","protected":false},"excerpt":{"rendered":"<p>1- Desplegament curricular de la compet\u00e8ncia digital de l\u2019alumnat:<br \/>\nEl centre t\u00e9 programada la compet\u00e8ncia digital dels alumnes per cicles. Aquesta programaci\u00f3 es pot consultar a:<br \/>\nCICLE INICIAL: <a href=\"https:\/\/docs.google.com\/document\/d\/1AZbG6qPyy8ebMpfCrbqSZe3z3sTB8bbkVJT1KZaot1E\/edit\">\u00c0mbit digital CI<\/a><br \/>\nCICLE MITJ\u00c0: <a href=\"https:\/\/docs.google.com\/document\/d\/1JPEKfH4fCBJLp4yKya_v49RSvcEc9uT-0zpTqVkPfLc\/edit\">\u00c0mbit digital CM<\/a><br \/>\nCICLE SUPERIOR: <a href=\"https:\/\/docs.google.com\/document\/d\/1Yx8MT8GNmE4uG0iJmVQ9JF1eFh9kxOa1cfZXBWgijIo\/edit\">\u00c0mbit digital CS<\/a><br \/>\nAquesta compet\u00e8ncia es treballa transversalment a&hellip;  <a href=\"https:\/\/agora.xtec.cat\/ceipssantalo\/cultura-digital\/\" title=\"Read Cultura digital\">Llegeix m\u00e9s\u00bb<\/a><\/p>\n","protected":false},"author":4,"featured_media":0,"parent":0,"menu_order":0,"comment_status":"closed","ping_status":"closed","template":"","meta":{"_bbp_topic_count":0,"_bbp_reply_count":0,"_bbp_total_topic_count":0,"_bbp_total_reply_count":0,"_bbp_voice_count":0,"_bbp_anonymous_reply_count":0,"_bbp_topic_count_hidden":0,"_bbp_reply_count_hidden":0,"_bbp_forum_subforum_count":0,"footnotes":""},"class_list":["post-1397","page","type-page","status-publish","hentry"],"post_mailing_queue_ids":[],"_links":{"self":[{"href":"https:\/\/agora.xtec.cat\/ceipssantalo\/wp-json\/wp\/v2\/pages\/1397","targetHints":{"allow":["GET"]}}],"collection":[{"href":"https:\/\/agora.xtec.cat\/ceipssantalo\/wp-json\/wp\/v2\/pages"}],"about":[{"href":"https:\/\/agora.xtec.cat\/ceipssantalo\/wp-json\/wp\/v2\/types\/page"}],"author":[{"embeddable":true,"href":"https:\/\/agora.xtec.cat\/ceipssantalo\/wp-json\/wp\/v2\/users\/4"}],"replies":[{"embeddable":true,"href":"https:\/\/agora.xtec.cat\/ceipssantalo\/wp-json\/wp\/v2\/comments?post=1397"}],"version-history":[{"count":3,"href":"https:\/\/agora.xtec.cat\/ceipssantalo\/wp-json\/wp\/v2\/pages\/1397\/revisions"}],"predecessor-version":[{"id":1884,"href":"https:\/\/agora.xtec.cat\/ceipssantalo\/wp-json\/wp\/v2\/pages\/1397\/revisions\/1884"}],"wp:attachment":[{"href":"https:\/\/agora.xtec.cat\/ceipssantalo\/wp-json\/wp\/v2\/media?parent=1397"}],"curies":[{"name":"wp","href":"https:\/\/api.w.org\/{rel}","templated":true}]}}