{"id":73,"date":"2014-09-18T14:01:51","date_gmt":"2014-09-18T13:01:51","guid":{"rendered":"http:\/\/agora.xtec.cat\/ceipsotdelcamp\/?page_id=73"},"modified":"2025-10-14T09:19:43","modified_gmt":"2025-10-14T07:19:43","slug":"menjador-escolar","status":"publish","type":"page","link":"https:\/\/agora.xtec.cat\/ceipsotdelcamp\/serveis\/menjador-escolar\/","title":{"rendered":"Menjador escolar 7 i Tria-Fundesplai"},"content":{"rendered":"<h5>El menjador escolar est\u00e0 a c\u00e0rrec de l&#8217;empresa <strong>7 i Tria-Fundesplai.<\/strong><\/h5>\n<p><a href=\"https:\/\/www.7itria.cat\/\"><img loading=\"lazy\" decoding=\"async\" class=\"alignnone size-full wp-image-7521\" src=\"https:\/\/agora.xtec.cat\/ceipsotdelcamp\/wp-content\/uploads\/usu1699\/2023\/09\/logo-7itria-fundesplai-300x87-1.png\" alt=\"\" width=\"300\" height=\"87\" \/><\/a><\/p>\n<p>&nbsp;<\/p>\n<p><strong>Preus de menjador:\u00a0<\/strong><\/p>\n<ul style=\"list-style-type: disc;\">\n<li>Alumne fix : 7,54\u20ac\u00a0 Es considera fix quan es queda 1 dia\/setmana (sempre el mateix dia)<\/li>\n<li>Alumne espor\u00e0dic: 8,29\u20ac\u00a0 Es considera espor\u00e0dic quan l&#8217;infant no t\u00e9 un dia fix per quedar-s&#8217;hi.<\/li>\n<\/ul>\n<p>Resoluci\u00f3: <a href=\"https:\/\/agora.xtec.cat\/ceipsotdelcamp\/wp-content\/uploads\/usu1699\/2025\/09\/Resolucio-preu-menjador-25-26.pdf\">Resoluci\u00f3 preu menjador 25-26<\/a><\/p>\n<p><strong>Horaris, activitats i dinamitzaci\u00f3 del menjador:<\/strong><\/p>\n<p>Projecte <strong><em>Servim-nos com a casa!,<\/em><\/strong> en qu\u00e8 es potencia l&#8217;autonomia i la regulaci\u00f3 de l&#8217;alimentaci\u00f3.<\/p>\n<p><em><strong>Hi ha 2 torns de menjador:\u00a0<\/strong><\/em><\/p>\n<ul style=\"list-style-type: square;\">\n<li>1r Torn dinen de 12:30h a 13:30: Ed Infantil, Cicle Inicial i 3r.<\/li>\n<li>2n Torn dinen de 13:30h a 14:30h: 4t, 5\u00e8 i 6\u00e8.<\/li>\n<\/ul>\n<p><strong>Organitzaci\u00f3 del temps del migdia:<\/strong><\/p>\n<p><strong>Educaci\u00f3 Infantil<\/strong>:<\/p>\n<ul style=\"list-style-type: circle;\">\n<li><em>Els m\u00e9s petits,\u00a0 I3,<\/em> despr\u00e9s de dinar fan la migdiada.<\/li>\n<li><em>Els nens petits de I4 i I5<\/em> fan jocs i surten al pati cada dia.<\/li>\n<\/ul>\n<p><strong>Educaci\u00f3 prim\u00e0ria:<\/strong><\/p>\n<p>Despr\u00e9s de dinar s&#8217;inicien les activitats de migdia:<em> El menjador que jo somio.<\/em><\/p>\n<p><strong>CONTACTES:<\/strong><\/p>\n<ul style=\"list-style-type: disc;\">\n<li>M\u00f2bil: Salan (coordinadora) 685189811<\/li>\n<li>Escola: 937914748<\/li>\n<li>Tel. 93 682 10 43 (OFICINA)<\/li>\n<li>Correu electr\u00f2nic: menjador.sotdelcamp@7itria.cat<\/li>\n<\/ul>\n<p><strong>INFOGRAFIA<\/strong>:<\/p>\n<p><a href=\"https:\/\/agora.xtec.cat\/ceipsotdelcamp\/wp-content\/uploads\/usu1699\/2025\/02\/acompanyar-apats-infants-consells-families-menjadors-escolars-2024-infografia.pdf\">Guia per acompanyar els \u00e0pats dels infants 1<\/a><\/p>\n<p><a href=\"https:\/\/agora.xtec.cat\/ceipsotdelcamp\/wp-content\/uploads\/usu1699\/2025\/02\/acompanyar-apats-infants-consells-families-menjadors-escolars-2024.pdf\">Guia per acompanyar els \u00e0pats dels infants 2<\/a><\/p>\n<p><a href=\"https:\/\/agora.xtec.cat\/ceipsotdelcamp\/wp-content\/uploads\/usu1699\/2025\/10\/Llibret-families-7ITRIA-Curs-25-26-SOT-DEL-CAMP.pdf\">Llibret fam\u00edlies &#8211; 7ITRIA Curs 2025-26<\/a><\/p>\n<p>Instruccions per descarregar nova APP :\u00a0<a href=\"https:\/\/agora.xtec.cat\/ceipsotdelcamp\/wp-content\/uploads\/usu1699\/2023\/09\/Noves-inscripcions-curs-2023-24-7iTria.pdf\">Noves inscripcions curs &#8211; 7iTria<\/a><\/p>\n","protected":false},"excerpt":{"rendered":"<p>El menjador escolar est\u00e0 a c\u00e0rrec de l&#8217;empresa 7 i Tria-Fundesplai. &nbsp; Preus de menjador:\u00a0 Alumne fix : 7,54\u20ac\u00a0 Es considera fix quan es queda 1 dia\/setmana (sempre el mateix dia) Alumne espor\u00e0dic: 8,29\u20ac\u00a0 Es considera espor\u00e0dic quan l&#8217;infant no t\u00e9 un dia fix per quedar-s&#8217;hi. Resoluci\u00f3: Resoluci\u00f3 preu menjador 25-26 Horaris, activitats i dinamitzaci\u00f3 [&hellip;]<\/p>\n","protected":false},"author":1,"featured_media":0,"parent":66,"menu_order":20,"comment_status":"closed","ping_status":"closed","template":"","meta":{"_bbp_topic_count":0,"_bbp_reply_count":0,"_bbp_total_topic_count":0,"_bbp_total_reply_count":0,"_bbp_voice_count":0,"_bbp_anonymous_reply_count":0,"_bbp_topic_count_hidden":0,"_bbp_reply_count_hidden":0,"_bbp_forum_subforum_count":0,"site-sidebar-layout":"default","site-content-layout":"","ast-site-content-layout":"default","site-content-style":"default","site-sidebar-style":"default","ast-global-header-display":"","ast-banner-title-visibility":"","ast-main-header-display":"","ast-hfb-above-header-display":"","ast-hfb-below-header-display":"","ast-hfb-mobile-header-display":"","site-post-title":"","ast-breadcrumbs-content":"","ast-featured-img":"","footer-sml-layout":"","theme-transparent-header-meta":"default","adv-header-id-meta":"","stick-header-meta":"","header-above-stick-meta":"","header-main-stick-meta":"","header-below-stick-meta":"","astra-migrate-meta-layouts":"set","ast-page-background-enabled":"default","ast-page-background-meta":{"desktop":{"background-color":"var(--ast-global-color-4)","background-image":"","background-repeat":"repeat","background-position":"center center","background-size":"auto","background-attachment":"scroll","background-type":"","background-media":"","overlay-type":"","overlay-color":"","overlay-opacity":"","overlay-gradient":""},"tablet":{"background-color":"","background-image":"","background-repeat":"repeat","background-position":"center center","background-size":"auto","background-attachment":"scroll","background-type":"","background-media":"","overlay-type":"","overlay-color":"","overlay-opacity":"","overlay-gradient":""},"mobile":{"background-color":"","background-image":"","background-repeat":"repeat","background-position":"center center","background-size":"auto","background-attachment":"scroll","background-type":"","background-media":"","overlay-type":"","overlay-color":"","overlay-opacity":"","overlay-gradient":""}},"ast-content-background-meta":{"desktop":{"background-color":"var(--ast-global-color-5)","background-image":"","background-repeat":"repeat","background-position":"center center","background-size":"auto","background-attachment":"scroll","background-type":"","background-media":"","overlay-type":"","overlay-color":"","overlay-opacity":"","overlay-gradient":""},"tablet":{"background-color":"var(--ast-global-color-5)","background-image":"","background-repeat":"repeat","background-position":"center center","background-size":"auto","background-attachment":"scroll","background-type":"","background-media":"","overlay-type":"","overlay-color":"","overlay-opacity":"","overlay-gradient":""},"mobile":{"background-color":"var(--ast-global-color-5)","background-image":"","background-repeat":"repeat","background-position":"center center","background-size":"auto","background-attachment":"scroll","background-type":"","background-media":"","overlay-type":"","overlay-color":"","overlay-opacity":"","overlay-gradient":""}},"footnotes":""},"class_list":["post-73","page","type-page","status-publish","hentry"],"post_mailing_queue_ids":[],"_links":{"self":[{"href":"https:\/\/agora.xtec.cat\/ceipsotdelcamp\/wp-json\/wp\/v2\/pages\/73","targetHints":{"allow":["GET"]}}],"collection":[{"href":"https:\/\/agora.xtec.cat\/ceipsotdelcamp\/wp-json\/wp\/v2\/pages"}],"about":[{"href":"https:\/\/agora.xtec.cat\/ceipsotdelcamp\/wp-json\/wp\/v2\/types\/page"}],"author":[{"embeddable":true,"href":"https:\/\/agora.xtec.cat\/ceipsotdelcamp\/wp-json\/wp\/v2\/users\/1"}],"replies":[{"embeddable":true,"href":"https:\/\/agora.xtec.cat\/ceipsotdelcamp\/wp-json\/wp\/v2\/comments?post=73"}],"version-history":[{"count":8,"href":"https:\/\/agora.xtec.cat\/ceipsotdelcamp\/wp-json\/wp\/v2\/pages\/73\/revisions"}],"predecessor-version":[{"id":9385,"href":"https:\/\/agora.xtec.cat\/ceipsotdelcamp\/wp-json\/wp\/v2\/pages\/73\/revisions\/9385"}],"up":[{"embeddable":true,"href":"https:\/\/agora.xtec.cat\/ceipsotdelcamp\/wp-json\/wp\/v2\/pages\/66"}],"wp:attachment":[{"href":"https:\/\/agora.xtec.cat\/ceipsotdelcamp\/wp-json\/wp\/v2\/media?parent=73"}],"curies":[{"name":"wp","href":"https:\/\/api.w.org\/{rel}","templated":true}]}}