{"id":501,"date":"2022-09-01T09:13:31","date_gmt":"2022-09-01T07:13:31","guid":{"rendered":"http:\/\/agora.xtec.cat\/ceipsotdelcamp\/?page_id=501"},"modified":"2025-11-30T21:18:48","modified_gmt":"2025-11-30T20:18:48","slug":"claustre","status":"publish","type":"page","link":"https:\/\/agora.xtec.cat\/ceipsotdelcamp\/lescola\/claustre\/","title":{"rendered":"Equip docent curs 2025-26"},"content":{"rendered":"<p>Organigrama del Curs 2025-26<\/p>\n<p><strong>Relaci\u00f3 de tutories d&#8217;Ed. Infantil i Ed. Prim\u00e0ria<\/strong><\/p>\n<ul>\n<li><strong>I3:<\/strong> Marta Fern\u00e1ndez. Correu electr\u00f2nic: marta.fernandez@escolasotdelcamp.cat<\/li>\n<li><strong>I4:<\/strong> Eva G\u00f3mez. Correu electr\u00f2nic: eva.gomez<span class=\"\">@escolasotdelcamp.cat<\/span><\/li>\n<li><strong>I5A:<\/strong> S\u00f2nia Royo. Correu electr\u00f2nic: sonia.royo@escolasotdelcamp.cat<\/li>\n<li><strong>I5B:<\/strong> Eva Romeu. Correu electr\u00f2nic: eva.romeu@escolasotdelcamp.cat<\/li>\n<li><strong>1rA:<\/strong> Marta Gaja. Correu electr\u00f2nic: marta.gaja@escolasotdelcamp.cat<\/li>\n<li><strong>1rB:<\/strong> Teresa Canal. Correu electr\u00f2nic: teresa.canal@escolasotdelcamp.cat<\/li>\n<li><strong>2n:<\/strong> Lorena Exp\u00f3sito. Correu electr\u00f2nic: lorena.exposito@escolasotdelcamp.cat<\/li>\n<li><strong>3rA:<\/strong> Ana Costas. Correu electr\u00f2nic: ana.costas@escolasotdelcamp.cat<\/li>\n<li><strong>3rB:<\/strong> Cristina de Quir\u00f3s. Correu electr\u00f2nic: cristina.de.quiros@escolasotdelcamp.cat<\/li>\n<li><strong>4t:<\/strong> Vanessa Costa. Correu electr\u00f2nic: vanessa.costa@escolasotdelcamp.cat<\/li>\n<li><strong>5\u00e8A:<\/strong> Elena Bianchi. Correu electr\u00f2nic: elena.bianchi@escolasotdelcamp.cat<\/li>\n<li><strong>5\u00e8B:<\/strong> Susanna Mir. Correu electr\u00f2nic: susanna.mir@escolasotdelcamp.cat<\/li>\n<li><strong>6\u00e8A:<\/strong> Laura Garcia. Correu electr\u00f2nic: laura.garcia@escolasotdelcamp.cat<\/li>\n<li><strong>6\u00e8B:<\/strong> N\u00faria Clofent. Correu electr\u00f2nic: nuria.clofent@escolasotdelcamp.cat<\/li>\n<\/ul>\n<p><strong>Relaci\u00f3 d&#8217;especialistes, coordinadores, professionals externs i personal PAS:<\/strong><\/p>\n<p><em><strong>Educaci\u00f3 Infantil<\/strong><\/em><\/p>\n<p><strong>Suport<\/strong><\/p>\n<ul>\n<li>Mati P\u00e9rez. Correu electr\u00f2nic: mati.perez@escolasotdelcamp.cat\u00c0ng<\/li>\n<li>Sabina Ramis. Correu electr\u00f2nic: sabina.ramis@escolasotdelcamp.cat<\/li>\n<\/ul>\n<p><strong>T\u00e8cnica Ed.Infantil<\/strong><\/p>\n<ul>\n<li>Elisenda Arcas<\/li>\n<\/ul>\n<p><em><strong>Educaci\u00f3 Prim\u00e0ria<\/strong><\/em><\/p>\n<p><strong>Suport<\/strong><\/p>\n<ul>\n<li>Eva Garc\u00eda. Correu electr\u00f2nic: eva.garcia@escolasotdelcamp.cat<\/li>\n<li>Mireia Boix. Correu electr\u00f2nic: mireia.boix@escolasotdelcamp.cat<\/li>\n<li>Mati P\u00e9rez. Correu electr\u00f2nic: mati.perez@escolasotdelcamp.cat<\/li>\n<\/ul>\n<p><em><strong>Especialitats:<\/strong><\/em><\/p>\n<p><strong>Llengua Anglesa<\/strong><\/p>\n<ul>\n<li>Mireia Romero. Correu electr\u00f2nic: mireia.romero@escolasotdelcamp.cat<\/li>\n<li>Anna Gelonch. Correu electr\u00f2nic: anna.gelonch@escolasotdelcamp.cat<\/li>\n<\/ul>\n<p><strong>Ed. F\u00edsica<\/strong><\/p>\n<ul>\n<li>Cristina Schneider. Correu electr\u00f2nic: cristina.schneider@escolasotdelcamp.cat<\/li>\n<\/ul>\n<p><strong>Ed. Musical<\/strong><\/p>\n<ul>\n<li>Laura Mart\u00ednez. Correu electr\u00f2nic: laura.martinez@escolasotdelcamp.cat<\/li>\n<li>\u00c0ngela Burcet. Correu electr\u00f2nic: angela.burcet<span class=\"atwho-query\">@escolasotdelcamp.cat<\/span><\/li>\n<\/ul>\n<p><strong style=\"font-size: 16px;\">Suport Inclusiu (Ed. Infantil, 1r i 2n)<\/strong><\/p>\n<ul>\n<li>Aurora Clemente. Correu electr\u00f2nic: aurora.clemente@escolasotdelcamp.cat<\/li>\n<\/ul>\n<p><strong style=\"font-size: 16px;\">Suport Inclusiu (3r a 6\u00e8)<\/strong><\/p>\n<ul>\n<li>Anna Riera. Correu electr\u00f2nic: anna.riera@escolasotdelcamp.cat<\/li>\n<\/ul>\n<p><strong style=\"font-family: inherit; font-size: 1em;\">Vetlladora: <\/strong>Mireia Alabart<\/p>\n<p><strong>EAP.<\/strong>:\u00a0 Marta Coromines<\/p>\n<p><strong>COORDINACIONS:<\/strong><\/p>\n<ul>\n<li>Coordinadora d&#8217;Ed. Infantil: Eva G\u00f3mez<\/li>\n<li>Coordinadora de Cicle Inicial-Mitj\u00e0: Cristina de Quir\u00f3s<\/li>\n<li>Coordinadora de Cicle Mitj\u00e0-Superior: Elena Bianchi<\/li>\n<li>Coordinadora LIC: Vanessa Costa.<\/li>\n<li>Coordinadora de Riscos Laborals: Mireia Romero<\/li>\n<li><span style=\"font-family: inherit; font-size: 1em;\">Coordinadora TAC\/Inform\u00e0tica: Laura Garcia.<\/span><\/li>\n<li>Coordinadora COCOBE: Susanna Mir<\/li>\n<\/ul>\n<p><strong style=\"font-family: inherit; font-size: 1em;\">PERSONAL PAS:<\/strong><\/p>\n<ul style=\"list-style-type: circle;\">\n<li><strong>Consergeria:<\/strong> Rosa Argel\u00e8s.<\/li>\n<li><strong>Administrativa<\/strong>: Teresa Pla.<\/li>\n<\/ul>\n<ul>\n<li><strong>EQUIP DIRECTIU:<\/strong><\/li>\n<li><strong>Secret\u00e0ria:<\/strong> N\u00faria Clofent, <a href=\"https:\/\/agora.xtec.cat\/ceipsotdelcamp\/wp-content\/uploads\/usu1699\/2025\/02\/Perfil-i-trajectoria.-Nuria-Clofent.pdf\">Perfil i traject\u00f2ria. N\u00faria Clofent<\/a><\/li>\n<li><span style=\"font-family: inherit; font-size: 1em;\"><strong>Cap d&#8217;estudis:<\/strong> Eva Garc\u00eda, <a href=\"https:\/\/agora.xtec.cat\/ceipsotdelcamp\/wp-content\/uploads\/usu1699\/2020\/03\/SIM-080611020031013510.pdf\">perfil i traject\u00f2ria professional de Eva Garc\u00eda<\/a>.<\/span><\/li>\n<li><strong>Directora<\/strong>: Aurora Clemente, <a href=\"https:\/\/agora.xtec.cat\/ceipsotdelcamp\/wp-content\/uploads\/usu1699\/2024\/09\/Perfil-i-trajectoria-Directora.pdf\">Perfil i traject\u00f2ria Directora<\/a><\/li>\n<\/ul>\n<p><strong>HORARI D&#8217;ATENCI\u00d3 A LES FAM\u00cdLIES:<\/strong><\/p>\n<p>Les tutores de grup informen de l&#8217;horari d&#8217;entrevistes a les fam\u00edlies mitjan\u00e7ant un correu electr\u00f2nic enviat abans d&#8217;iniciar el curs.<\/p>\n<p>L&#8217;horari d&#8217;atenci\u00f3 a fam\u00edlies de <strong>l&#8217;equip directiu<\/strong> \u00e9s:<\/p>\n<p><strong>Direcci\u00f3:\u00a0<\/strong><\/p>\n<ul style=\"list-style-type: square;\">\n<li>De <strong>dilluns a divendres de 9h a 9:30h<\/strong> amb o sense cita pr\u00e8via.<\/li>\n<li><strong>Dimecres de 15h a 16:30h<\/strong><\/li>\n<\/ul>\n<p><strong>Cap d&#8217;estudis:<\/strong> pendent de confirmaci\u00f3<\/p>\n<p><strong>Secretaria:<\/strong><\/p>\n<ul>\n<li><strong>Dimarts de 15h a 16:30h<\/strong><\/li>\n<\/ul>\n","protected":false},"excerpt":{"rendered":"<p>Organigrama del Curs 2025-26 Relaci\u00f3 de tutories d&#8217;Ed. Infantil i Ed. Prim\u00e0ria I3: Marta Fern\u00e1ndez. Correu electr\u00f2nic: marta.fernandez@escolasotdelcamp.cat I4: Eva G\u00f3mez. Correu electr\u00f2nic: eva.gomez@escolasotdelcamp.cat I5A: S\u00f2nia Royo. Correu electr\u00f2nic: sonia.royo@escolasotdelcamp.cat I5B: Eva Romeu. Correu electr\u00f2nic: eva.romeu@escolasotdelcamp.cat 1rA: Marta Gaja. Correu electr\u00f2nic: marta.gaja@escolasotdelcamp.cat 1rB: Teresa Canal. Correu electr\u00f2nic: teresa.canal@escolasotdelcamp.cat 2n: Lorena Exp\u00f3sito. Correu electr\u00f2nic: lorena.exposito@escolasotdelcamp.cat 3rA: [&hellip;]<\/p>\n","protected":false},"author":1,"featured_media":0,"parent":22,"menu_order":20,"comment_status":"closed","ping_status":"closed","template":"","meta":{"_bbp_topic_count":0,"_bbp_reply_count":0,"_bbp_total_topic_count":0,"_bbp_total_reply_count":0,"_bbp_voice_count":0,"_bbp_anonymous_reply_count":0,"_bbp_topic_count_hidden":0,"_bbp_reply_count_hidden":0,"_bbp_forum_subforum_count":0,"site-sidebar-layout":"default","site-content-layout":"","ast-site-content-layout":"default","site-content-style":"default","site-sidebar-style":"default","ast-global-header-display":"","ast-banner-title-visibility":"","ast-main-header-display":"","ast-hfb-above-header-display":"","ast-hfb-below-header-display":"","ast-hfb-mobile-header-display":"","site-post-title":"","ast-breadcrumbs-content":"","ast-featured-img":"","footer-sml-layout":"","theme-transparent-header-meta":"default","adv-header-id-meta":"","stick-header-meta":"","header-above-stick-meta":"","header-main-stick-meta":"","header-below-stick-meta":"","astra-migrate-meta-layouts":"set","ast-page-background-enabled":"default","ast-page-background-meta":{"desktop":{"background-color":"var(--ast-global-color-4)","background-image":"","background-repeat":"repeat","background-position":"center center","background-size":"auto","background-attachment":"scroll","background-type":"","background-media":"","overlay-type":"","overlay-color":"","overlay-opacity":"","overlay-gradient":""},"tablet":{"background-color":"","background-image":"","background-repeat":"repeat","background-position":"center center","background-size":"auto","background-attachment":"scroll","background-type":"","background-media":"","overlay-type":"","overlay-color":"","overlay-opacity":"","overlay-gradient":""},"mobile":{"background-color":"","background-image":"","background-repeat":"repeat","background-position":"center center","background-size":"auto","background-attachment":"scroll","background-type":"","background-media":"","overlay-type":"","overlay-color":"","overlay-opacity":"","overlay-gradient":""}},"ast-content-background-meta":{"desktop":{"background-color":"var(--ast-global-color-5)","background-image":"","background-repeat":"repeat","background-position":"center center","background-size":"auto","background-attachment":"scroll","background-type":"","background-media":"","overlay-type":"","overlay-color":"","overlay-opacity":"","overlay-gradient":""},"tablet":{"background-color":"var(--ast-global-color-5)","background-image":"","background-repeat":"repeat","background-position":"center center","background-size":"auto","background-attachment":"scroll","background-type":"","background-media":"","overlay-type":"","overlay-color":"","overlay-opacity":"","overlay-gradient":""},"mobile":{"background-color":"var(--ast-global-color-5)","background-image":"","background-repeat":"repeat","background-position":"center center","background-size":"auto","background-attachment":"scroll","background-type":"","background-media":"","overlay-type":"","overlay-color":"","overlay-opacity":"","overlay-gradient":""}},"footnotes":""},"class_list":["post-501","page","type-page","status-publish","hentry"],"post_mailing_queue_ids":[],"_links":{"self":[{"href":"https:\/\/agora.xtec.cat\/ceipsotdelcamp\/wp-json\/wp\/v2\/pages\/501","targetHints":{"allow":["GET"]}}],"collection":[{"href":"https:\/\/agora.xtec.cat\/ceipsotdelcamp\/wp-json\/wp\/v2\/pages"}],"about":[{"href":"https:\/\/agora.xtec.cat\/ceipsotdelcamp\/wp-json\/wp\/v2\/types\/page"}],"author":[{"embeddable":true,"href":"https:\/\/agora.xtec.cat\/ceipsotdelcamp\/wp-json\/wp\/v2\/users\/1"}],"replies":[{"embeddable":true,"href":"https:\/\/agora.xtec.cat\/ceipsotdelcamp\/wp-json\/wp\/v2\/comments?post=501"}],"version-history":[{"count":10,"href":"https:\/\/agora.xtec.cat\/ceipsotdelcamp\/wp-json\/wp\/v2\/pages\/501\/revisions"}],"predecessor-version":[{"id":9521,"href":"https:\/\/agora.xtec.cat\/ceipsotdelcamp\/wp-json\/wp\/v2\/pages\/501\/revisions\/9521"}],"up":[{"embeddable":true,"href":"https:\/\/agora.xtec.cat\/ceipsotdelcamp\/wp-json\/wp\/v2\/pages\/22"}],"wp:attachment":[{"href":"https:\/\/agora.xtec.cat\/ceipsotdelcamp\/wp-json\/wp\/v2\/media?parent=501"}],"curies":[{"name":"wp","href":"https:\/\/api.w.org\/{rel}","templated":true}]}}