{"id":36,"date":"2014-09-18T12:33:11","date_gmt":"2014-09-18T11:33:11","guid":{"rendered":"http:\/\/agora.xtec.cat\/ceipsotdelcamp\/?page_id=36"},"modified":"2025-07-10T18:28:47","modified_gmt":"2025-07-10T16:28:47","slug":"material-escolar","status":"publish","type":"page","link":"https:\/\/agora.xtec.cat\/ceipsotdelcamp\/lescola\/material-escolar\/","title":{"rendered":"Preus oficials curs 2025-26"},"content":{"rendered":"<p>El <strong>consell escolar<\/strong> de centre aprova cada curs els preus del material escolar i dels llibres:<\/p>\n<ul style=\"list-style-type: disc;\">\n<li><strong>Material:<\/strong><\/li>\n<li><strong>a) Ed. Infantil: 102\u20ac per alumne i curs, en dos pagaments quadrimestrals de 51\u20ac<\/strong><\/li>\n<li><strong>b) Ed. Prim\u00e0ria: 91,83 \u20ac per alumne i curs.<\/strong> S&#8217;aplica un descompte a les fam\u00edlies amb tres fills o m\u00e9s a l&#8217;escola i a les fam\u00edlies monoparentals.\n<ul>\n<li style=\"list-style-type: none;\">\n<ul style=\"list-style-type: disc;\">\n<li>L&#8217;import inclou: carpeta, agenda, llibretes, diari d&#8217;aprenentatge, fulls, cartolines, coles, tisores, retoladors, pintures&#8230;i molts altres materials de pl\u00e0stica i laboratori.<\/li>\n<li>Els alumnes nom\u00e9s han de dur a l&#8217;escola una motxilla i estoig amb llapis, goma, maquineta i colors de fusta. A partir de 3r s&#8217;inclouen els bol\u00edgrafs esborrables i un marcador.<\/li>\n<li><strong>Es faran pagaments quadrimestrals de 45\u20ac i 46,83\u20ac<\/strong><\/li>\n<\/ul>\n<\/li>\n<\/ul>\n<\/li>\n<\/ul>\n<p>&nbsp;<\/p>\n<ul style=\"list-style-type: disc;\">\n<li><b>Material propi de centre (no cal fer cap pagament):<\/b>\n<ul style=\"list-style-type: disc;\">\n<li>a) Llibres del Pla Lector (3 llibres en catal\u00e0, 3 en castell\u00e0 i en angl\u00e8s a partir de 3r d&#8217;Ed. Prim\u00e0ria). Algunes activitats del Pla Lector inclouen dinamitzaci\u00f3 d&#8217;autors\/es i il.lustradores, en aquest cas s&#8217;han de pagar com a activitats complement\u00e0ries.<\/li>\n<li>b) L&#8217;alumnat podr\u00e0 disposar d&#8217;ordinadors port\u00e0tils, chromebooks i tauletes (amb activitats adaptades a cada nivell)<\/li>\n<\/ul>\n<\/li>\n<\/ul>\n<ul>\n<li style=\"list-style-type: none;\">\n<ul>\n<li style=\"list-style-type: none;\"><\/li>\n<\/ul>\n<\/li>\n<li><strong>Sortides: <\/strong>El consell escolar aprova les sortides de forma anual. El preu \u00e9s variable i es paga de forma trimestral, els preus varien en funci\u00f3 de l&#8217;activitat. Els infants d&#8217;I5, 2n, 4t i 6\u00e8 fan col\u00f2nies i el preu \u00e9s m\u00e9s alt.<\/li>\n<li><strong>Quota de l&#8217;AFA:<\/strong> es paguen <strong>40\u20ac per fam\u00edlia i curs<\/strong>. L&#8217;AFA inverteix la quota en els projectes de l&#8217;escola: ambients d&#8217;aprenentatge, pissarres digitals, ordinadors, formaci\u00f3 del professorat&#8230; i organitza i col\u00b7labora en les\u00a0 festes de l&#8217;escola: festa de benvinguda, castanyada, nadal, carnestoltes, xocolatades solid\u00e0ries, festa de final de curs i comiat de 6\u00e8. Participar amb l&#8217;AFA i pagar la quota beneficia a l&#8217;alumnat del centre.<\/li>\n<\/ul>\n<p>&nbsp;<\/p>\n<p><strong>Com fer els pagaments:<\/strong><\/p>\n<p>Els pagaments es fan mitjan\u00e7ant la passarel\u00b7la <strong><a href=\"https:\/\/tpvescola.com\/\">TPV Escola<\/a>.<a href=\"https:\/\/tpvescola.com\/Default2.aspx\"><img loading=\"lazy\" decoding=\"async\" class=\"wp-image-7424 alignleft\" src=\"https:\/\/agora.xtec.cat\/ceipsotdelcamp\/wp-content\/uploads\/usu1699\/2023\/06\/logo-tpvescola-quadrat-negre-238.png\" alt=\"\" width=\"79\" height=\"79\" srcset=\"https:\/\/agora.xtec.cat\/ceipsotdelcamp\/wp-content\/uploads\/usu1699\/2023\/06\/logo-tpvescola-quadrat-negre-238.png 238w, https:\/\/agora.xtec.cat\/ceipsotdelcamp\/wp-content\/uploads\/usu1699\/2023\/06\/logo-tpvescola-quadrat-negre-238-150x150.png 150w\" sizes=\"auto, (max-width: 79px) 100vw, 79px\" \/><\/a><\/strong><\/p>\n<p>&nbsp;<\/p>\n<p>&nbsp;<\/p>\n<h5><strong>Altres informacions:<\/strong><\/h5>\n<p><img loading=\"lazy\" decoding=\"async\" class=\"\" src=\"https:\/\/valescolar.cat\/front\/img\/hero-val-escolar.webp\" alt=\"Val Escolar\" width=\"434\" height=\"75\" \/><\/p>\n<p>Informaci\u00f3 sobre l&#8217;\u00fas del val escolar de 60\u20ac.<\/p>\n<ol>\n<li>Enlla\u00e7 a la informaci\u00f3 Generalitat de Catalunya: <a href=\"https:\/\/valescolar.cat\/\">VAL ESCOLAR <\/a><\/li>\n<li><a href=\"https:\/\/agora.xtec.cat\/ceipsotdelcamp\/wp-content\/uploads\/usu1699\/2024\/08\/carta-families-val-escolar-1.pdf\">Carta fam\u00edlies val escolar<\/a>. Podr\u00e0s bescanviar els vals en els\u00a0<a href=\"https:\/\/www.valescolar.cat\/establiments-adherits\" target=\"blank\">establiments comercials adherits<\/a>\u00a0a la campanya o cedir-los al centre educatiu per reduir l&#8217;aportaci\u00f3 en material escolar.<\/li>\n<\/ol>\n<h4>Material i llibres d&#8217;\u00fas personal:<\/h4>\n<p>Llista del material d&#8217;\u00fas personal i dels quaderns i llibres pel curs 2025-26:<\/p>\n<ol>\n<li><a href=\"https:\/\/agora.xtec.cat\/ceipsotdelcamp\/wp-content\/uploads\/usu1699\/2025\/07\/Informacio-de-material-escolar-quotes-i-VAL-ESCOLAR.docx-1.pdf\">Informaci\u00f3 de material escolar, quotes i VAL ESCOLAR<\/a><\/li>\n<\/ol>\n<h5>INFORMACI\u00d3 SOBRE EXTRAESCOLARS:<\/h5>\n<p>L&#8217;AFA de l&#8217;Escola Sot del Camp ha organitzat les extraescolars perqu\u00e8 els infants puguin gaudir d&#8217;un temps de lleure i formaci\u00f3 amb una gran oferta adaptada a totes les edats i prefer\u00e8ncies.<\/p>\n<p>\u200b<strong>Correu de contacte per extraescolars: extraescolarsotdelcamp@gmail.com\u00a0<\/strong><\/p>\n<p>Oferta d&#8217;extraescolars: <a href=\"https:\/\/agora.xtec.cat\/ceipsotdelcamp\/wp-content\/uploads\/usu1699\/2025\/07\/Extraescolars-Sot-del-Camp-25-26-2.pdf\">Extraescolars Sot del Camp 25-26 <\/a><\/p>\n<p>Per resoldre dubtes sobre els pagaments us heu de dirigir a la secretaria o a la direcci\u00f3 de l&#8217;escola.<\/p>\n<p>&nbsp;<\/p>\n<p>&nbsp;<\/p>\n<p>&nbsp;<\/p>\n","protected":false},"excerpt":{"rendered":"<p>El consell escolar de centre aprova cada curs els preus del material escolar i dels llibres: Material: a) Ed. Infantil: 102\u20ac per alumne i curs, en dos pagaments quadrimestrals de 51\u20ac b) Ed. Prim\u00e0ria: 91,83 \u20ac per alumne i curs. S&#8217;aplica un descompte a les fam\u00edlies amb tres fills o m\u00e9s a l&#8217;escola i a [&hellip;]<\/p>\n","protected":false},"author":1,"featured_media":0,"parent":22,"menu_order":70,"comment_status":"closed","ping_status":"closed","template":"page-templates\/side-menu.php","meta":{"_bbp_topic_count":0,"_bbp_reply_count":0,"_bbp_total_topic_count":0,"_bbp_total_reply_count":0,"_bbp_voice_count":0,"_bbp_anonymous_reply_count":0,"_bbp_topic_count_hidden":0,"_bbp_reply_count_hidden":0,"_bbp_forum_subforum_count":0,"site-sidebar-layout":"default","site-content-layout":"","ast-site-content-layout":"","site-content-style":"default","site-sidebar-style":"default","ast-global-header-display":"","ast-banner-title-visibility":"","ast-main-header-display":"","ast-hfb-above-header-display":"","ast-hfb-below-header-display":"","ast-hfb-mobile-header-display":"","site-post-title":"","ast-breadcrumbs-content":"","ast-featured-img":"","footer-sml-layout":"","theme-transparent-header-meta":"","adv-header-id-meta":"","stick-header-meta":"","header-above-stick-meta":"","header-main-stick-meta":"","header-below-stick-meta":"","astra-migrate-meta-layouts":"default","ast-page-background-enabled":"default","ast-page-background-meta":{"desktop":{"background-color":"var(--ast-global-color-4)","background-image":"","background-repeat":"repeat","background-position":"center center","background-size":"auto","background-attachment":"scroll","background-type":"","background-media":"","overlay-type":"","overlay-color":"","overlay-opacity":"","overlay-gradient":""},"tablet":{"background-color":"","background-image":"","background-repeat":"repeat","background-position":"center center","background-size":"auto","background-attachment":"scroll","background-type":"","background-media":"","overlay-type":"","overlay-color":"","overlay-opacity":"","overlay-gradient":""},"mobile":{"background-color":"","background-image":"","background-repeat":"repeat","background-position":"center center","background-size":"auto","background-attachment":"scroll","background-type":"","background-media":"","overlay-type":"","overlay-color":"","overlay-opacity":"","overlay-gradient":""}},"ast-content-background-meta":{"desktop":{"background-color":"var(--ast-global-color-5)","background-image":"","background-repeat":"repeat","background-position":"center center","background-size":"auto","background-attachment":"scroll","background-type":"","background-media":"","overlay-type":"","overlay-color":"","overlay-opacity":"","overlay-gradient":""},"tablet":{"background-color":"var(--ast-global-color-5)","background-image":"","background-repeat":"repeat","background-position":"center center","background-size":"auto","background-attachment":"scroll","background-type":"","background-media":"","overlay-type":"","overlay-color":"","overlay-opacity":"","overlay-gradient":""},"mobile":{"background-color":"var(--ast-global-color-5)","background-image":"","background-repeat":"repeat","background-position":"center center","background-size":"auto","background-attachment":"scroll","background-type":"","background-media":"","overlay-type":"","overlay-color":"","overlay-opacity":"","overlay-gradient":""}},"footnotes":""},"class_list":["post-36","page","type-page","status-publish","hentry"],"post_mailing_queue_ids":[],"_links":{"self":[{"href":"https:\/\/agora.xtec.cat\/ceipsotdelcamp\/wp-json\/wp\/v2\/pages\/36","targetHints":{"allow":["GET"]}}],"collection":[{"href":"https:\/\/agora.xtec.cat\/ceipsotdelcamp\/wp-json\/wp\/v2\/pages"}],"about":[{"href":"https:\/\/agora.xtec.cat\/ceipsotdelcamp\/wp-json\/wp\/v2\/types\/page"}],"author":[{"embeddable":true,"href":"https:\/\/agora.xtec.cat\/ceipsotdelcamp\/wp-json\/wp\/v2\/users\/1"}],"replies":[{"embeddable":true,"href":"https:\/\/agora.xtec.cat\/ceipsotdelcamp\/wp-json\/wp\/v2\/comments?post=36"}],"version-history":[{"count":6,"href":"https:\/\/agora.xtec.cat\/ceipsotdelcamp\/wp-json\/wp\/v2\/pages\/36\/revisions"}],"predecessor-version":[{"id":9218,"href":"https:\/\/agora.xtec.cat\/ceipsotdelcamp\/wp-json\/wp\/v2\/pages\/36\/revisions\/9218"}],"up":[{"embeddable":true,"href":"https:\/\/agora.xtec.cat\/ceipsotdelcamp\/wp-json\/wp\/v2\/pages\/22"}],"wp:attachment":[{"href":"https:\/\/agora.xtec.cat\/ceipsotdelcamp\/wp-json\/wp\/v2\/media?parent=36"}],"curies":[{"name":"wp","href":"https:\/\/api.w.org\/{rel}","templated":true}]}}