{"id":26,"date":"2014-09-18T12:24:32","date_gmt":"2014-09-18T11:24:32","guid":{"rendered":"http:\/\/agora.xtec.cat\/ceipsorianomontagut\/?page_id=26"},"modified":"2019-10-02T10:16:52","modified_gmt":"2019-10-02T08:16:52","slug":"historia","status":"publish","type":"page","link":"https:\/\/agora.xtec.cat\/ceipsorianomontagut\/lescola\/historia\/","title":{"rendered":"Hist\u00f2ria"},"content":{"rendered":"<p>&nbsp;<\/p>\n<p class=\"Estilo2\" lang=\"ca-ES\"><span style=\"text-decoration: underline;\"><strong>Hst\u00f2ria de l&#8217;Escola Soriano-Montagut\u00a0<\/strong><\/span><\/p>\n<p class=\"Estilo1\" lang=\"ca-ES\">A finals dels anys 70 (del segle passat), la poblaci\u00f3 escolar d&#8217;Amposta va anar creixent de manera espectacular i la demanda de places escolars cada vegada fou m\u00e9s exigent.<\/p>\n<p class=\"Estilo1\" lang=\"ca-ES\">L&#8217;any 1979 s&#8217;inaugur\u00e0 el Col.legi P\u00fablic Mestre Agust\u00ed Barber\u00e0, per\u00f2 no era suficient per absorbir les sol.licituds de matr\u00edcula a l&#8217;ensenyament p\u00fablic.<\/p>\n<p class=\"Estilo1\" lang=\"ca-ES\">Aquest mateix any es decideix a l&#8217;Ajuntament la construcci\u00f3 d&#8217;un nou centre escolar. El Ministerio de Educaci\u00f3n d\u00f3na la seva aprovaci\u00f3 i el 1981 veu la llum. En una de les sessions del Consistori municipal s&#8217;aprova el nom que rebr\u00e0 el nou centre:\u00a0<a href=\"http:\/\/es.wikipedia.org\/wiki\/Inocencio_Soriano_Montagut\">Innocenci Soriano-Montagut<\/a>, nom de qui \u00e9s un insigne pintor i escultor ampost\u00ed. Aix\u00ed, doncs, el mateix setembre de 1981 obre les portes al seu alumnat el Colegio P\u00fablico Soriano-Montagut. Comen\u00e7a com centre d&#8217;EGB, sense parvulari (els m\u00e9s menuts encara ocupaven les antigues Escoles Miguel Granell, les del parc).<\/p>\n<p class=\"Estilo1\" lang=\"ca-ES\">L&#8217;aflu\u00e8ncia d&#8217;alumnat \u00e9s constant i es imprescindible la construcci\u00f3 de cinc aules prefabricades al pati d&#8217;esbarjo per tal d&#8217;acollir a tots els nens i nenes.<\/p>\n<p class=\"Estilo1\" lang=\"ca-ES\">La matr\u00edcula va en augment (s&#8217;arriba als 872 alumnes i nivells quintuplicats). Mentre s&#8217;est\u00e0 constru\u00efnt un nou centre ( el Col.legi P\u00fablic Miquel Granell). Quan el 1990 s&#8217;inaugura aquesta nova escola, un nombre molt nombr\u00f3s d&#8217;alumnat del Soriano es traslladat, for\u00e7osament, al nou centre. Aix\u00f2 d\u00f3na pas a que puguin venir els parvulets. A partir d&#8217;aquest moment el nostre Centre queda normalitzat com Col.legi P\u00fablic Soriano-Montagut, un centre de doble l\u00ednia amb un total de cinc-cents i escaig alumnes.<\/p>\n<p class=\"Estilo1\" lang=\"ca-ES\">Com que les condicions a les aules prefabricades no eren les m\u00e9s adients (humitats, manca de calefacci\u00f3, \u2026) es decideix l&#8217;ampliaci\u00f3 del centre. Comencen les obres el 1993 i el febrer de 1995 s&#8217;inaugura dita millora. Queda configurada aix\u00ed l&#8217;estructura definitiva del centre. Des del 1997, a partir de la introducci\u00f3 de l&#8217;ESO, es perden els nivells 7\u00e8 i 8\u00e8 i es disposen de m\u00e9s espais per a equipaments (aula de m\u00fasica, idiomes, inform\u00e0tica, biblioteca i d&#8217;altres) que fins aleshores no en dispos\u00e0vem. Ara de les aules prefabricades nom\u00e9s queda una (que va ser reformada l&#8217;any 2017) i s&#8217;utilitza com a gimn\u00e0s de psicomotricitat.<\/p>\n<p class=\"Estilo1\" lang=\"ca-ES\">Ah!, una curiositat: el 1981 comen\u00e7\u00e0 l&#8217;activitat escolar al Soriano, per\u00f2 no fou inaugurat oficialment fins el 5 de desembre de 1987.<\/p>\n<p>&nbsp;<\/p>\n<p><span style=\"text-decoration: underline;\"><strong>Hist\u00f2ria d&#8217;<a href=\"https:\/\/agora.xtec.cat\/ceipsorianomontagut\/wp-content\/uploads\/usu1929\/2019\/01\/Innocenci-Soriano-Montagut.html\">Innocenci Soriano Montagut<\/a><\/strong><\/span><\/p>\n<p style=\"text-align: left;\">\u00a0Innocenci Soriano-Montagut Ferr\u00e9 (<a href=\"https:\/\/ca.wikipedia.org\/wiki\/Amposta\">Amposta<\/a>, <a href=\"https:\/\/ca.wikipedia.org\/wiki\/Montsi%C3%A0\">Montsi\u00e0<\/a>, <a href=\"https:\/\/ca.wikipedia.org\/wiki\/21_d%27abril\">21 d&#8217;abril<\/a> de <a href=\"https:\/\/ca.wikipedia.org\/wiki\/1893\">1893<\/a> &#8211; <a href=\"https:\/\/ca.wikipedia.org\/wiki\/22_de_novembre\">22 de novembre<\/a> de <a href=\"https:\/\/ca.wikipedia.org\/wiki\/1979\">1979<\/a>) era un <a href=\"https:\/\/ca.wikipedia.org\/wiki\/Escultura\">escultor<\/a>, dibuixant, imatger, professor, catedr\u00e0tic i acad\u00e8mic <a href=\"https:\/\/ca.wikipedia.org\/wiki\/Catalans\">catal\u00e0<\/a>, fill predilecte d&#8217;Amposta (<a href=\"https:\/\/ca.wikipedia.org\/wiki\/1950\">1950<\/a>) i fill adoptiu de <a href=\"https:\/\/ca.wikipedia.org\/wiki\/Tortosa\">Tortosa<\/a> (<a href=\"https:\/\/ca.wikipedia.org\/wiki\/1977\">1974<\/a>). \u00c9s un dels grans escultors de les Terres de l&#8217;Ebre. A m\u00e9s de la seva obra art\u00edstica destaca el seu treball com a professor de Belles Arts i la seva tasca en favor de la cultura. A Tortosa hi t\u00e9 dedicat un carrer al\u00a0barri del Temple\u00a0(\u00e0rea de\u00a0Vora Parc). N&#8217;hi ha un altre a Amposta i a m\u00e9s a m\u00e9s una Escola porta el nom\u00a0Soriano Montagut, \u00e9s a dir, la nostra escola.<\/p>\n<p style=\"text-align: left;\">Soriano-Montagut va iniciar la seva afici\u00f3 a l&#8217;escultura de ben petit, quan jugava a la vora del riu i modelava figuretes amb el fang. Per contribuir a l&#8217;economia familiar, ajudava al seu pare en la feina de carter. Li cridava l&#8217;atenci\u00f3 els dibuixos que il\u00b7lustraven les revistes i diaris que repartia als subscriptors. Quan podia recollir revistes velles, reta<a href=\"https:\/\/agora.xtec.cat\/ceipsorianomontagut\/wp-content\/uploads\/usu1929\/2019\/01\/inocenci.jpg\"><img loading=\"lazy\" decoding=\"async\" class=\"wp-image-497 alignleft\" src=\"https:\/\/agora.xtec.cat\/ceipsorianomontagut\/wp-content\/uploads\/usu1929\/2019\/01\/inocenci.jpg\" alt=\"\" width=\"223\" height=\"263\" srcset=\"https:\/\/agora.xtec.cat\/ceipsorianomontagut\/wp-content\/uploads\/usu1929\/2019\/01\/inocenci.jpg 386w, https:\/\/agora.xtec.cat\/ceipsorianomontagut\/wp-content\/uploads\/usu1929\/2019\/01\/inocenci-254x300.jpg 254w\" sizes=\"auto, (max-width: 223px) 100vw, 223px\" \/><\/a>llava els dibuixos, els enganxava sobre una fusta, amb una serra petita ho retallava i amb un enformador intentava donar-los relleu. Aix\u00ed va ser com va introduir-se al m\u00f3n de l&#8217;art i va afeccionar-se als dibuixos dels artistes catalans de l&#8217;\u00e8poca. La mare va adonar-se&#8217;n de la forta vocaci\u00f3 que mostrava el seu fill per l&#8217;escultura i va conv\u00e8ncer el seu marit per enviar a Innocenci a ampliar els seus coneixements a Tortosa, on vivien uns familiars. Als dotze anys el van col\u00b7locar d&#8217;aprenent al taller de l&#8217;escultor <a href=\"https:\/\/ca.wikipedia.org\/w\/index.php?title=Ramon_Sabater&amp;action=edit&amp;redlink=1\">Ramon Sabater<\/a> i a les nits anava a dibuixar al taller de <a href=\"https:\/\/ca.wikipedia.org\/w\/index.php?title=Ramon_Cerveto&amp;action=edit&amp;redlink=1\">Ramon Cerveto<\/a>. Aviat Tortosa se li va fer petita i el mateix Cerveto aconsell\u00e0 als pares que el millor seria que Innocenci marx\u00e9s a <a href=\"https:\/\/ca.wikipedia.org\/wiki\/Barcelona\">Barcelona<\/a> per continuar la seva formaci\u00f3. El <a href=\"https:\/\/ca.wikipedia.org\/wiki\/1907\">1907<\/a> va comen\u00e7ar a treballar a un taller d&#8217;imatgeria de Barcelona i a les nits anava a classe a <a href=\"https:\/\/ca.wikipedia.org\/w\/index.php?title=Taller_d%27Arts_i_oficis_Art%C3%ADstics&amp;action=edit&amp;redlink=1\">Taller d&#8217;Arts i oficis Art\u00edstics<\/a> (l&#8217;Escola Llotja de Barcelona) on va coincidir amb el pintor <a href=\"https:\/\/ca.wikipedia.org\/wiki\/Joan_Mir%C3%B3\">Joan Mir\u00f3<\/a>. Tamb\u00e9 es trob\u00e0 amb en Santiago Costa i Vaqu\u00e9, que estava d&#8217;aprenent d&#8217;escultor com ell i amb qui m\u00e9s tard es retrobaria a Madrid, arribant a sorgir entre ells una gran amistat. El <a href=\"https:\/\/ca.wikipedia.org\/wiki\/1908\">1908<\/a>, Innocenci va despla\u00e7ar-se a Amposta per veure a la fam\u00edlia i se li va presentar l&#8217;ocasi\u00f3 de realitzar un\u00a0bust\u00a0a Arturo Sagrist\u00e0 Pedrell. Aquesta escultura es pot consider la primera obra d&#8217;envergadura que va realitzar.<\/p>\n<p style=\"text-align: left;\">L&#8217;any <a href=\"https:\/\/ca.wikipedia.org\/wiki\/1914\">1914<\/a> va ingressar al servei militar, a la Brigada Obrera Topogr\u00e0fica, on va coincidir amb altres artistes. Durant tres anys tenia assegurada la manuntenci\u00f3, ja que la seva situaci\u00f3 econ\u00f2mica era molt prec\u00e0ria. L&#8217;any <a href=\"https:\/\/ca.wikipedia.org\/wiki\/1915\">1915<\/a> es convoc\u00e0 l&#8217;Exposici\u00f3 Nacional de Belles Arts i va decidir presentar-s&#8217;hi. Va comen\u00e7ar a modelar la figura d&#8217;un home nu, per\u00f2 com se li va acabar el fang i no disposava de mitjans econ\u00f2mics per comprar-ne m\u00e9s, va decidir deixar-lo en un tors. Despr\u00e9s el va passar a guix i el va presentar amb el nom de\u00a0<em>Tors d&#8217;home<\/em>. Aquesta obra va ser premiada amb la tercera medalla i fou el primer guard\u00f3 de la seva vida.<\/p>\n<p style=\"text-align: left;\">L&#8217;any <a href=\"https:\/\/ca.wikipedia.org\/wiki\/1917\">1917<\/a> va presentar a l&#8217;Exposici\u00f3 Nacional de Belles Arts dues escultures,\u00a0<em>Miner amb pic<\/em>\u00a0i\u00a0<em>El carregador<\/em>. La segona va ser adquirida per la Casa del Pueblo de Madrid. Aquest mateix any va acabar el servei militar i tamb\u00e9 els estudis a l&#8217;Escola d&#8217;Arts Aplicades i Oficis Art\u00edstics. Llavors va llogar un petit taller al carrer Ferraz, on es va volcar en la seva feina. Montagut pensava que per triomfar i aconseguir enc\u00e0rrecs s&#8217;havia de fer un nom i un prestigi que nom\u00e9s li podien donar les medalles i els concursos. Pel que fa al treball, l&#8217;escultor continuava la seva lluita en solitari, encoratjat per algun company i algun amic tortos\u00ed que el visitava i li escrivia per confortar-lo. El seu amic Josep Fab\u00e0, pintor tortosi i company de la mili, escrivia a la premsa tortosina les seves lluites i va recollir tot el que es va publicar d&#8217;ell i de la seva obra a la premsa de Madrid i de Tortosa. El pol\u00edtic tortos\u00ed Joaquim Bau va vistar un dia a l&#8217;escultor al seu estudi i, en veure la situaci\u00f3 tan prec\u00e0ria en que vivia, li va encarregar el que seria el primer treball de la seva carrera professional.<\/p>\n<p style=\"text-align: left;\">L&#8217;any <a href=\"https:\/\/ca.wikipedia.org\/wiki\/1918\">1918<\/a> va obtenir un premi d&#8217;honor a l&#8217;Exposici\u00f3 Nacional de <a href=\"https:\/\/ca.wikipedia.org\/wiki\/Barcelona\">Barcelona<\/a> amb una figura de petit format en bronze titulada\u00a0<em>La m\u00fasica<\/em>. L&#8217;any <a href=\"https:\/\/ca.wikipedia.org\/wiki\/1919\">1919<\/a>, el pol\u00edtic Marcel\u00b7l\u00ed Domingo li aconsegu\u00ed una beca de la Diputaci\u00f3 de Tarragona per dos anys. La vida de Montagut s&#8217;anava consolidant entre premis i enc\u00e0rrecs.\u00a0 L&#8217;any <a href=\"https:\/\/ca.wikipedia.org\/wiki\/1921\">1921<\/a> va guanyar el Concurs Nacional amb la creaci\u00f3 del\u00a0bust\u00a0de la infanta Beatriu, filla del rei Alfons XIII, premi que li obr\u00ed les portes del Palau Reial per modelar-hi del natural el\u00a0bust. L&#8217;obra es conserva al Palau Nacional.<\/p>\n<p style=\"text-align: left;\">L&#8217;any <a href=\"https:\/\/ca.wikipedia.org\/wiki\/1923\">1923<\/a> es va convocar a Madrid un concurs internacional per fer un monument a la mem\u00f2ria del veterinari Dalmacio Garc\u00eda Izcara. Montagut va presentar juntament amb l&#8217;arquitecte Saamon de Val\u00e8ncia un projecte que va guanyar el concurs. El <a href=\"https:\/\/ca.wikipedia.org\/wiki\/1929\">1929<\/a>, dintre de la gran Exposici\u00f3 Internacional d&#8217;Ind\u00fastria, Art a Espanya i Esports, i amb l&#8217;obra\u00a0<em>La besada<\/em>, va guanyar la tercera medalla. L&#8217;obra qued\u00e0 dipositada al Museu d&#8217;Art Modern de Barcelona.\u00a0 El <a href=\"https:\/\/ca.wikipedia.org\/wiki\/1932\">1932<\/a> va guanyar la primera medalla a l&#8217;Exposici\u00f3 Nacional de Belles Arts amb les figures\u00a0<em>La meva mare<\/em>, en pedra i\u00a0<em>Tardor<\/em>, en bronze.<\/p>\n<p style=\"text-align: left;\">Un any despr\u00e9s, el <a href=\"https:\/\/ca.wikipedia.org\/wiki\/1933\">1933<\/a> va obtenir una beca per a l&#8217;especialitat d&#8217;escultura a la Real Acad\u00e8mia de Bellas Artes de San Fernando. Aix\u00f2 li va permetre durant un any viatjar per Europa, Egipte i Turquia.<\/p>\n<p style=\"text-align: left;\">En arribar a Madrid despr\u00e9s del viatge es va dedicar a la doc\u00e8ncia i el <a href=\"https:\/\/ca.wikipedia.org\/wiki\/1935\">1935<\/a> va obtenir la pla\u00e7a de professor de modelatge a l&#8217;<a href=\"https:\/\/ca.wikipedia.org\/w\/index.php?title=Escola_d%27Imatgeria_de_Salamanca&amp;action=edit&amp;redlink=1\">Escola d&#8217;Imatgeria de Salamanca<\/a>, on compaginava la doc\u00e8ncia amb l&#8217;escultura. L&#8217;any <a href=\"https:\/\/ca.wikipedia.org\/wiki\/1940\">1940<\/a> va ser nomenat director de l&#8217;Escola. El 25 de juny de <a href=\"https:\/\/ca.wikipedia.org\/wiki\/1940\">1940<\/a>, quan Montagut tenia quaranta-set anys, es va casar amb \u00c1ngeles Marcos Marcos, filla d&#8217;un empresari sal-mant\u00ed. El matrimoni va tenir dos fills, Miguel \u00c1ngel, nascut al juny de <a href=\"https:\/\/ca.wikipedia.org\/wiki\/1942\">1942<\/a> i Montserrat, nascuda el 21 d&#8217;abril de <a href=\"https:\/\/ca.wikipedia.org\/wiki\/1944\">1944<\/a>, el mateix dia i mes que el seu pare.<\/p>\n<p style=\"text-align: left;\">El <a href=\"https:\/\/ca.wikipedia.org\/wiki\/1945\">1945<\/a> va guanyar en oposicions la pla\u00e7a de professor de modelatge de l&#8217;Escola d&#8217;Arts Aplicades i Oficis art\u00edstics de Barcelona. Per\u00f2 la seva muller no va poder acompanyar-lo, ja que mor\u00ed uns mesos abans del trasllat a la capital catalana. A la primavera de <a href=\"https:\/\/ca.wikipedia.org\/wiki\/1947\">1947<\/a> es va presentar al concurs de la Medalla Julio Antonio convocada per la Diputaci\u00f3 de Tarragona, on va guanyar el primer premi amb l&#8217;obra\u00a0<em>Amor de mare<\/em>.\u00a0 Des que es va traslladar a Barcelona, en arribar les vacances escolars es traslladava amb la fam\u00edlia a Amposta per passar-hi l&#8217;estiu, on residia a la caseta dels seus pares. El <a href=\"https:\/\/ca.wikipedia.org\/wiki\/1950\">1950<\/a>, l&#8217;Ajuntament d&#8217;Amposta el va nomenar Fill Predilecte de la Ciutat.<\/p>\n<p style=\"text-align: left;\">L&#8217;any <a href=\"https:\/\/ca.wikipedia.org\/wiki\/1951\">1951<\/a> es va presentar a les oposicions convocades per accedir a la pla\u00e7a de catedr\u00e0tic de modelatge d&#8217;<a href=\"https:\/\/ca.wikipedia.org\/wiki\/Escola_Superior_de_Belles_Arts_de_Sant_Jordi\">Escola Superior de Belles Arts de Sant Jordi<\/a> i les va guanyar. L&#8217;activitat que Montagut va desenvolupar a <a href=\"https:\/\/ca.wikipedia.org\/wiki\/Barcelona\">Barcelona<\/a> durant els divuit anys que va durar la seva segona estada fins que es va jubilar com a professor va ser intensa. Combinava el treball d&#8217;enc\u00e0rrec i el de lliure creaci\u00f3. L&#8217;any <a href=\"https:\/\/ca.wikipedia.org\/wiki\/1954\">1954<\/a>, l&#8217;Ajuntament d&#8217;Amposta li va encarregar un relleu al\u00b7leg\u00f2ric de les Terres de l&#8217;Ebre, que actualment es troba a una paret frontal pujant les escales de l&#8217;Ajuntament. El <a href=\"https:\/\/ca.wikipedia.org\/wiki\/1955\">1955<\/a> La Banda de M\u00fasica de <a href=\"https:\/\/ca.wikipedia.org\/wiki\/La_Lira_Ampostina\">La Lira Ampostina<\/a> \u00e9s bene\u00efda la nova Senyera, dissenyada per l&#8217;escultor Innocenci Soriano-Montagut.<\/p>\n<p style=\"text-align: left;\">El <a href=\"https:\/\/ca.wikipedia.org\/wiki\/1963\">1963<\/a>, a l&#8217;edat de setanta anys, es va jubilar com a professor i des d&#8217;aleshores es va dedicar nom\u00e9s a fer d&#8217;escultor.<\/p>\n<p style=\"text-align: left;\">El <a href=\"https:\/\/ca.wikipedia.org\/wiki\/1969\">1969<\/a> va presentar a Tortosa un recull de la seva obra. Un any despr\u00e9s aquesta exposici\u00f3 va ser portada a Salamanca. El <a href=\"https:\/\/ca.wikipedia.org\/wiki\/1970\">1970<\/a> va ser nomenat acad\u00e8mic de la Real Academia de Bellas Artes de San Fernando, en representaci\u00f3 de la prov\u00edncia de Tarragona.<\/p>\n<p style=\"text-align: left;\">L&#8217;any <a href=\"https:\/\/ca.wikipedia.org\/wiki\/1974\">1974<\/a>, a proposta del claustre de professors de l&#8217;Escola-Taller d&#8217;Art de Tortosa, va ser nomenat Fill Adoptiu de la Ciutat. L&#8217;Ajuntament de la capital del Baix-Ebre li va encarregar un monument per a la pla\u00e7a Corona d&#8217;Arag\u00f3. Els darrers anys de la seva vida els va passar treballant en aquest projecte.<\/p>\n<p style=\"text-align: left;\">L&#8217;any <a href=\"https:\/\/ca.wikipedia.org\/wiki\/1978\">1978<\/a>, quan l&#8217;escultor encara era viu, l&#8217;Ajuntament d&#8217;Amposta va col\u00b7locar una l\u00e0pida commemorativa a la casa on va n\u00e9ixer. Montagut va morir a Lleida el 22 de novembre de <a href=\"https:\/\/ca.wikipedia.org\/wiki\/1979\">1979<\/a>, als vuitanta-sis anys d&#8217;edat. L&#8217;Ajuntament d&#8217;Amposta, en Ple Extraordinari del 30 de novembre de <a href=\"https:\/\/ca.wikipedia.org\/wiki\/1979\">1979<\/a>, va prendre l&#8217;acord de posar el nom de l&#8217;escultor al centre escolar que es constru\u00efa en aquells moments a la ciutat.<\/p>\n<p style=\"text-align: left;\">L&#8217;art i l&#8217;ensenyament foren la finalitat fonamental de la llarga vida de Montagut. Sentia l&#8217;escultura i la concebia \u00edntegrament, com una filosofia i una meditaci\u00f3 del m\u00f3n que l&#8217;envolt\u00e0, com una disciplina quotidiana de treball. Va ser un gran artista i un creador fecund<\/p>\n<p>&nbsp;<\/p>\n","protected":false},"excerpt":{"rendered":"<p>&nbsp; Hst\u00f2ria de l&#8217;Escola Soriano-Montagut\u00a0 A finals dels anys 70 (del segle passat), la poblaci\u00f3 escolar d&#8217;Amposta va anar creixent de manera espectacular i la demanda de places escolars cada vegada fou m\u00e9s exigent. L&#8217;any 1979 s&#8217;inaugur\u00e0 el Col.legi P\u00fablic Mestre Agust\u00ed Barber\u00e0, per\u00f2 no era suficient per absorbir les sol.licituds de matr\u00edcula a l&#8217;ensenyament [&hellip;]<\/p>\n","protected":false},"author":1,"featured_media":0,"parent":22,"menu_order":20,"comment_status":"closed","ping_status":"closed","template":"page-templates\/side-menu.php","meta":{"_bbp_topic_count":0,"_bbp_reply_count":0,"_bbp_total_topic_count":0,"_bbp_total_reply_count":0,"_bbp_voice_count":0,"_bbp_anonymous_reply_count":0,"_bbp_topic_count_hidden":0,"_bbp_reply_count_hidden":0,"_bbp_forum_subforum_count":0,"site-sidebar-layout":"default","site-content-layout":"","ast-site-content-layout":"","site-content-style":"default","site-sidebar-style":"default","ast-global-header-display":"","ast-banner-title-visibility":"","ast-main-header-display":"","ast-hfb-above-header-display":"","ast-hfb-below-header-display":"","ast-hfb-mobile-header-display":"","site-post-title":"","ast-breadcrumbs-content":"","ast-featured-img":"","footer-sml-layout":"","theme-transparent-header-meta":"","adv-header-id-meta":"","stick-header-meta":"","header-above-stick-meta":"","header-main-stick-meta":"","header-below-stick-meta":"","astra-migrate-meta-layouts":"default","ast-page-background-enabled":"default","ast-page-background-meta":{"desktop":{"background-color":"var(--ast-global-color-4)","background-image":"","background-repeat":"repeat","background-position":"center center","background-size":"auto","background-attachment":"scroll","background-type":"","background-media":"","overlay-type":"","overlay-color":"","overlay-opacity":"","overlay-gradient":""},"tablet":{"background-color":"","background-image":"","background-repeat":"repeat","background-position":"center center","background-size":"auto","background-attachment":"scroll","background-type":"","background-media":"","overlay-type":"","overlay-color":"","overlay-opacity":"","overlay-gradient":""},"mobile":{"background-color":"","background-image":"","background-repeat":"repeat","background-position":"center center","background-size":"auto","background-attachment":"scroll","background-type":"","background-media":"","overlay-type":"","overlay-color":"","overlay-opacity":"","overlay-gradient":""}},"ast-content-background-meta":{"desktop":{"background-color":"var(--ast-global-color-5)","background-image":"","background-repeat":"repeat","background-position":"center center","background-size":"auto","background-attachment":"scroll","background-type":"","background-media":"","overlay-type":"","overlay-color":"","overlay-opacity":"","overlay-gradient":""},"tablet":{"background-color":"var(--ast-global-color-5)","background-image":"","background-repeat":"repeat","background-position":"center center","background-size":"auto","background-attachment":"scroll","background-type":"","background-media":"","overlay-type":"","overlay-color":"","overlay-opacity":"","overlay-gradient":""},"mobile":{"background-color":"var(--ast-global-color-5)","background-image":"","background-repeat":"repeat","background-position":"center center","background-size":"auto","background-attachment":"scroll","background-type":"","background-media":"","overlay-type":"","overlay-color":"","overlay-opacity":"","overlay-gradient":""}},"footnotes":""},"class_list":["post-26","page","type-page","status-publish","hentry"],"post_mailing_queue_ids":[],"_links":{"self":[{"href":"https:\/\/agora.xtec.cat\/ceipsorianomontagut\/wp-json\/wp\/v2\/pages\/26","targetHints":{"allow":["GET"]}}],"collection":[{"href":"https:\/\/agora.xtec.cat\/ceipsorianomontagut\/wp-json\/wp\/v2\/pages"}],"about":[{"href":"https:\/\/agora.xtec.cat\/ceipsorianomontagut\/wp-json\/wp\/v2\/types\/page"}],"author":[{"embeddable":true,"href":"https:\/\/agora.xtec.cat\/ceipsorianomontagut\/wp-json\/wp\/v2\/users\/1"}],"replies":[{"embeddable":true,"href":"https:\/\/agora.xtec.cat\/ceipsorianomontagut\/wp-json\/wp\/v2\/comments?post=26"}],"version-history":[{"count":3,"href":"https:\/\/agora.xtec.cat\/ceipsorianomontagut\/wp-json\/wp\/v2\/pages\/26\/revisions"}],"predecessor-version":[{"id":1211,"href":"https:\/\/agora.xtec.cat\/ceipsorianomontagut\/wp-json\/wp\/v2\/pages\/26\/revisions\/1211"}],"up":[{"embeddable":true,"href":"https:\/\/agora.xtec.cat\/ceipsorianomontagut\/wp-json\/wp\/v2\/pages\/22"}],"wp:attachment":[{"href":"https:\/\/agora.xtec.cat\/ceipsorianomontagut\/wp-json\/wp\/v2\/media?parent=26"}],"curies":[{"name":"wp","href":"https:\/\/api.w.org\/{rel}","templated":true}]}}