{"id":30,"date":"2014-09-18T12:30:23","date_gmt":"2014-09-18T11:30:23","guid":{"rendered":"http:\/\/agora.xtec.cat\/ceipsantsalvador\/?page_id=30"},"modified":"2018-11-26T12:16:47","modified_gmt":"2018-11-26T11:16:47","slug":"instal%c2%b7lacions","status":"publish","type":"page","link":"https:\/\/agora.xtec.cat\/ceipsantsalvador\/lescola\/instal%c2%b7lacions\/","title":{"rendered":"Instal\u00b7lacions"},"content":{"rendered":"<p style=\"text-align: justify;\">El recinte escolar t\u00e9 una superf\u00edcie total d\u2019uns 2500 metres quadrats, ocupada per quatre edificis. El primer i principal, consta de planta baixa, on hi ha ubicats els despatxos de direcci\u00f3 i secretaria, serveis sanitaris per a professors i per als alumnes, recinte de les antigues calderes de calefacci\u00f3, sala de professors i reprografia. A m\u00e9s, s\u2019hi troben dues aules, actualment destinades a Cicle Inicial d\u2019Educaci\u00f3 Prim\u00e0ria, la cuina, el menjador i el \u201cmenjador petit\u201d que li diem nosaltres ,que serveix de menjador pels petits ( E.I i C.I ) i tamb\u00e9 d\u2019aula d\u2019usos m\u00faltiples . A la primera planta hi podem trobar tres aules destinades a Cicle Mitj\u00e0 i Cicle Superior, una aula d\u2019Inform\u00e0tica, una aula de m\u00fasica, un laboratori, la biblioteca\u00a0 i serveis sanitaris per a professors i alumnes.<\/p>\n<p style=\"text-align: justify;\">El segon edifici consta de planta baixa, on hi ha ubicada la sala de psicomotricitat, una aula d\u2019Educaci\u00f3 infantil i serveis per a alumnes i mestres . A la primera planta hi ha tres aules, una\u00a0 de E.Infantil, l\u2019aula d\u2019angl\u00e8s i l\u2019aula d\u2019E.Especial, que tamb\u00e9 serveix d\u2019arxiu i magatzem, i serveis sanitaris per a mestres i alumnes.<\/p>\n<p style=\"text-align: justify;\">El tercer edifici \u00e9s on hi ha l\u2019Escola Bressol Municipal \u201cEls Barrufets\u201d. Est\u00e0 adossat a l\u2019edifici 2 i consta de planta baixa, un pati addossat al pati de l\u2019edifici 2 i un petit hortet. El quart edifici \u00e9s el de la biomassa. Est\u00e0 dins del recinte per\u00f2 separat dels altres tres. El pati d\u2019esbarjo, voltat per tanques, t\u00e9 dos espais separats per un desnivell, que es comuniquen per unes escales i una rampa .El pati de baix \u00e9s un camp de futbol i el de dalt t\u00e9 un camp de b\u00e0squet i una zona comuna amb un sorral i una construcci\u00f3 l\u00fadica de fusta.\u00a0 Darrera el edifici 2 , hi tenim els patis de Educaci\u00f3 infantil i escola bressol , tamb\u00e9 amb construccions l\u00fadiques de pl\u00e0stic i sorrals. Tots els espais entre zones estan ajardinats i la vista des de qualsevol punt \u00e9s espectacular.<\/p>\n<p style=\"text-align: justify;\">El centre ofereix el servei de transport escolar per als alumnes de nuclis de poblaci\u00f3 allunyats de l\u2019escola i pels alumnes d\u2019altres municipis . Disposa de menjador amb cuina pr\u00f2pia. Aquest servei s\u2019utilitza b\u00e0sicament pels alumnes de transport, per\u00f2 alhora hi ha una gran quantitat d\u2019alumnat de la poblaci\u00f3 que s\u2019hi queda a dinar.<\/p>\n","protected":false},"excerpt":{"rendered":"<p>El recinte escolar t\u00e9 una superf\u00edcie total d\u2019uns 2500 metres quadrats, ocupada per quatre edificis. El primer i principal, consta de planta baixa, on hi ha ubicats els despatxos de direcci\u00f3 i secretaria, serveis sanitaris per a professors i per als alumnes, recinte de les&hellip;  <a href=\"https:\/\/agora.xtec.cat\/ceipsantsalvador\/lescola\/instal%c2%b7lacions\/\" title=\"Read Instal\u00b7lacions\">Llegeix m\u00e9s\u00bb<\/a><\/p>\n","protected":false},"author":1,"featured_media":0,"parent":22,"menu_order":40,"comment_status":"closed","ping_status":"closed","template":"page-templates\/side-menu.php","meta":{"_bbp_topic_count":0,"_bbp_reply_count":0,"_bbp_total_topic_count":0,"_bbp_total_reply_count":0,"_bbp_voice_count":0,"_bbp_anonymous_reply_count":0,"_bbp_topic_count_hidden":0,"_bbp_reply_count_hidden":0,"_bbp_forum_subforum_count":0,"footnotes":""},"class_list":["post-30","page","type-page","status-publish","hentry"],"post_mailing_queue_ids":[],"_links":{"self":[{"href":"https:\/\/agora.xtec.cat\/ceipsantsalvador\/wp-json\/wp\/v2\/pages\/30","targetHints":{"allow":["GET"]}}],"collection":[{"href":"https:\/\/agora.xtec.cat\/ceipsantsalvador\/wp-json\/wp\/v2\/pages"}],"about":[{"href":"https:\/\/agora.xtec.cat\/ceipsantsalvador\/wp-json\/wp\/v2\/types\/page"}],"author":[{"embeddable":true,"href":"https:\/\/agora.xtec.cat\/ceipsantsalvador\/wp-json\/wp\/v2\/users\/1"}],"replies":[{"embeddable":true,"href":"https:\/\/agora.xtec.cat\/ceipsantsalvador\/wp-json\/wp\/v2\/comments?post=30"}],"version-history":[{"count":3,"href":"https:\/\/agora.xtec.cat\/ceipsantsalvador\/wp-json\/wp\/v2\/pages\/30\/revisions"}],"predecessor-version":[{"id":708,"href":"https:\/\/agora.xtec.cat\/ceipsantsalvador\/wp-json\/wp\/v2\/pages\/30\/revisions\/708"}],"up":[{"embeddable":true,"href":"https:\/\/agora.xtec.cat\/ceipsantsalvador\/wp-json\/wp\/v2\/pages\/22"}],"wp:attachment":[{"href":"https:\/\/agora.xtec.cat\/ceipsantsalvador\/wp-json\/wp\/v2\/media?parent=30"}],"curies":[{"name":"wp","href":"https:\/\/api.w.org\/{rel}","templated":true}]}}