{"id":530,"date":"2016-09-17T09:30:56","date_gmt":"2016-09-17T08:30:56","guid":{"rendered":"http:\/\/agora.xtec.cat\/ceipsantmarti-cerdanyola\/?page_id=530"},"modified":"2020-03-05T22:47:59","modified_gmt":"2020-03-05T21:47:59","slug":"ampa","status":"publish","type":"page","link":"https:\/\/agora.xtec.cat\/ceipsantmarti-cerdanyola\/ampa\/","title":{"rendered":"Associaci\u00f3 de Fam\u00edlies d&#8217;Alumnes (AFA)"},"content":{"rendered":"<p><strong>Espai per compartir amb les fam\u00edlies i la resta de la comunitat del CEIP Sant Mart\u00ed comunicats i altres informacions d&#8217;inter\u00e8s sobre les activitats que desenvolupa l&#8217;Associaci\u00f3 de Fam\u00edlies d&#8217;Alumnes (AFA).<\/strong><\/p>\n<p><em><strong>Espacio para compartir con las familias y el resto de la comunidad del CEIP Sant Mart\u00ed comunicados y otras informaciones de inter\u00e9s sobre las actividades que lleva a cabo la Asociaci\u00f3n de Familias de Alumnos (AFA).<\/strong><\/em><\/p>\n<p>El CEIP Sant Mart\u00ed, per la seva ubicaci\u00f3, hist\u00f2ria i projecte educatiu \u00e9s per a les fam\u00edlies molt m\u00e9s que l&#8217;escola dels nostres fills i filles. \u00c9s una comunitat compromesa, un espai per al creixement emocional i intel\u00b7lectual dels m\u00e9s petits i un punto de trobada de nacionalitats, cultures i lleng\u00fces on tothom hi suma.<\/p>\n<p>Les mares, pares, \u00e0vies i avis participem activament a la vida del centre i procurem donar el millor de nosaltres mateixos quan se\u2019ns necessita. Per aix\u00f2, des de l&#8217;A Sant Mart\u00ed el volem animar a associar-t&#8217;hi i col\u00b7laborar amb nosaltres, car entre tots podrem fer molt m\u00e9s i millor per aquesta gran fam\u00edlia que som.<\/p>\n<p>Merc\u00e8s a l&#8217;esfor\u00e7 de l&#8217;AFA \u00e9s possible mantenir vius serveis com la acollida i l&#8217;oferta d&#8217;activitats extraescolars, aix\u00ed como l&#8217;organitzaci\u00f3 de celebracions i festes com la Castanyada, la festa de Nada, la festa intercultural o la festa de fi de curs.<\/p>\n<p>Si encara no t&#8217;hi has associat, no t&#8217;ho pensis m\u00e9s. T&#8217;hi esperem.<\/p>\n<p style=\"text-align: center;\">\r\n\t<div class=\"slideshow_container slideshow_container_style-dark\" style=\"height: 300px; \" data-slideshow-id=\"4488\" data-style-name=\"style-dark\" data-style-version=\"2.3.1\" >\r\n\r\n\t\t\t\t\t<div class=\"slideshow_loading_icon\"><\/div>\r\n\t\t\r\n\t\t<div class=\"slideshow_content\" style=\"display: none;\">\r\n\r\n\t\t\t<div class=\"slideshow_view\">\r\n\t\t\t\t<div class=\"slideshow_slide slideshow_slide_image\">\r\n\t\t\t\t\t\t\t\t\t\t\t<img src=\"https:\/\/agora.xtec.cat\/ceipsantmarti-cerdanyola\/wp-content\/uploads\/usu938\/2020\/03\/IMG-20200204-WA0006-e1583444512974.jpg\" alt=\"\" width=\"600\" height=\"600\" \/>\r\n\t\t\t\t\t\t\t\t\t\t<div class=\"slideshow_description_box slideshow_transparent\">\r\n\t\t\t\t\t\t\t\t\t\t\t\t\t\t\t\t\t<\/div>\r\n\t\t\t\t<\/div>\r\n\r\n\t\t\t\t\t\t\r\n\t\t\t\t<div class=\"slideshow_slide slideshow_slide_image\">\r\n\t\t\t\t\t\t\t\t\t\t\t<img src=\"https:\/\/agora.xtec.cat\/ceipsantmarti-cerdanyola\/wp-content\/uploads\/usu938\/2020\/03\/IMG-20200204-WA0007-e1583444480673.jpg\" alt=\"\" width=\"219\" height=\"450\" \/>\r\n\t\t\t\t\t\t\t\t\t\t<div class=\"slideshow_description_box slideshow_transparent\">\r\n\t\t\t\t\t\t\t\t\t\t\t\t\t\t\t\t\t<\/div>\r\n\t\t\t\t<\/div>\r\n\r\n\t\t\t\t\t\t<div style=\"clear: both;\"><\/div><\/div><div class=\"slideshow_view\">\r\n\t\t\t\t<div class=\"slideshow_slide slideshow_slide_image\">\r\n\t\t\t\t\t\t\t\t\t\t\t<img src=\"https:\/\/agora.xtec.cat\/ceipsantmarti-cerdanyola\/wp-content\/uploads\/usu938\/2020\/03\/IMG-20200204-WA0008-e1583444446758.jpg\" alt=\"\" width=\"600\" height=\"600\" \/>\r\n\t\t\t\t\t\t\t\t\t\t<div class=\"slideshow_description_box slideshow_transparent\">\r\n\t\t\t\t\t\t\t\t\t\t\t\t\t\t\t\t\t<\/div>\r\n\t\t\t\t<\/div>\r\n\r\n\t\t\t\t\t\t\r\n\t\t\t\t<div class=\"slideshow_slide slideshow_slide_image\">\r\n\t\t\t\t\t\t\t\t\t\t\t<img src=\"https:\/\/agora.xtec.cat\/ceipsantmarti-cerdanyola\/wp-content\/uploads\/usu938\/2020\/03\/IMG-20200305-WA0000-e1583444432265.jpg\" alt=\"\" width=\"600\" height=\"450\" \/>\r\n\t\t\t\t\t\t\t\t\t\t<div class=\"slideshow_description_box slideshow_transparent\">\r\n\t\t\t\t\t\t\t\t\t\t\t\t\t\t\t\t\t<\/div>\r\n\t\t\t\t<\/div>\r\n\r\n\t\t\t\t\t\t<div style=\"clear: both;\"><\/div><\/div><div class=\"slideshow_view\">\r\n\t\t\t\t<div class=\"slideshow_slide slideshow_slide_image\">\r\n\t\t\t\t\t\t\t\t\t\t\t<img src=\"https:\/\/agora.xtec.cat\/ceipsantmarti-cerdanyola\/wp-content\/uploads\/usu938\/2020\/03\/IMG-20200305-WA0001-e1583444415346.jpg\" alt=\"\" width=\"600\" height=\"338\" \/>\r\n\t\t\t\t\t\t\t\t\t\t<div class=\"slideshow_description_box slideshow_transparent\">\r\n\t\t\t\t\t\t\t\t\t\t\t\t\t\t\t\t\t<\/div>\r\n\t\t\t\t<\/div>\r\n\r\n\t\t\t\t\t\t\r\n\t\t\t\t<div class=\"slideshow_slide slideshow_slide_image\">\r\n\t\t\t\t\t\t\t\t\t\t\t<img src=\"https:\/\/agora.xtec.cat\/ceipsantmarti-cerdanyola\/wp-content\/uploads\/usu938\/2020\/03\/IMG-20200305-WA0002-e1583444404667.jpg\" alt=\"\" width=\"600\" height=\"450\" \/>\r\n\t\t\t\t\t\t\t\t\t\t<div class=\"slideshow_description_box slideshow_transparent\">\r\n\t\t\t\t\t\t\t\t\t\t\t\t\t\t\t\t\t<\/div>\r\n\t\t\t\t<\/div>\r\n\r\n\t\t\t\t\t\t<div style=\"clear: both;\"><\/div><\/div><div class=\"slideshow_view\">\r\n\t\t\t\t<div class=\"slideshow_slide slideshow_slide_image\">\r\n\t\t\t\t\t\t\t\t\t\t\t<img src=\"https:\/\/agora.xtec.cat\/ceipsantmarti-cerdanyola\/wp-content\/uploads\/usu938\/2020\/03\/IMG-20200305-WA0003-e1583444384531.jpg\" alt=\"\" width=\"600\" height=\"450\" \/>\r\n\t\t\t\t\t\t\t\t\t\t<div class=\"slideshow_description_box slideshow_transparent\">\r\n\t\t\t\t\t\t\t\t\t\t\t\t\t\t\t\t\t<\/div>\r\n\t\t\t\t<\/div>\r\n\r\n\t\t\t\t\t\t\r\n\t\t\t\t<div class=\"slideshow_slide slideshow_slide_image\">\r\n\t\t\t\t\t\t\t\t\t\t\t<img src=\"https:\/\/agora.xtec.cat\/ceipsantmarti-cerdanyola\/wp-content\/uploads\/usu938\/2020\/03\/IMG-20200305-WA0005-e1583444353711.jpg\" alt=\"\" width=\"600\" height=\"450\" \/>\r\n\t\t\t\t\t\t\t\t\t\t<div class=\"slideshow_description_box slideshow_transparent\">\r\n\t\t\t\t\t\t\t\t\t\t\t\t\t\t\t\t\t<\/div>\r\n\t\t\t\t<\/div>\r\n\r\n\t\t\t\t\t\t<div style=\"clear: both;\"><\/div><\/div><div class=\"slideshow_view\">\r\n\t\t\t\t<div class=\"slideshow_slide slideshow_slide_image\">\r\n\t\t\t\t\t\t\t\t\t\t\t<img src=\"https:\/\/agora.xtec.cat\/ceipsantmarti-cerdanyola\/wp-content\/uploads\/usu938\/2020\/03\/IMG-20200305-WA0004-e1583444368335.jpg\" alt=\"\" width=\"600\" height=\"450\" \/>\r\n\t\t\t\t\t\t\t\t\t\t<div class=\"slideshow_description_box slideshow_transparent\">\r\n\t\t\t\t\t\t\t\t\t\t\t\t\t\t\t\t\t<\/div>\r\n\t\t\t\t<\/div>\r\n\r\n\t\t\t\t\t\t\r\n\t\t\t\t<div class=\"slideshow_slide slideshow_slide_image\">\r\n\t\t\t\t\t\t\t\t\t\t\t<img src=\"https:\/\/agora.xtec.cat\/ceipsantmarti-cerdanyola\/wp-content\/uploads\/usu938\/2020\/03\/IMG-20200305-WA0006-e1583444337256.jpg\" alt=\"\" width=\"600\" height=\"450\" \/>\r\n\t\t\t\t\t\t\t\t\t\t<div class=\"slideshow_description_box slideshow_transparent\">\r\n\t\t\t\t\t\t\t\t\t\t\t\t\t\t\t\t\t<\/div>\r\n\t\t\t\t<\/div>\r\n\r\n\t\t\t\t\t\t<div style=\"clear: both;\"><\/div><\/div><div class=\"slideshow_view\">\r\n\t\t\t\t<div class=\"slideshow_slide slideshow_slide_image\">\r\n\t\t\t\t\t\t\t\t\t\t\t<img src=\"https:\/\/agora.xtec.cat\/ceipsantmarti-cerdanyola\/wp-content\/uploads\/usu938\/2020\/03\/IMG-20200305-WA0007-e1583444326628.jpg\" alt=\"\" width=\"600\" height=\"450\" \/>\r\n\t\t\t\t\t\t\t\t\t\t<div class=\"slideshow_description_box slideshow_transparent\">\r\n\t\t\t\t\t\t\t\t\t\t\t\t\t\t\t\t\t<\/div>\r\n\t\t\t\t<\/div>\r\n\r\n\t\t\t\t\t\t\r\n\t\t\t\t<div class=\"slideshow_slide slideshow_slide_image\">\r\n\t\t\t\t\t\t\t\t\t\t\t<img src=\"https:\/\/agora.xtec.cat\/ceipsantmarti-cerdanyola\/wp-content\/uploads\/usu938\/2020\/03\/IMG-20200305-WA0008-e1583444314147.jpg\" alt=\"\" width=\"600\" height=\"450\" \/>\r\n\t\t\t\t\t\t\t\t\t\t<div class=\"slideshow_description_box slideshow_transparent\">\r\n\t\t\t\t\t\t\t\t\t\t\t\t\t\t\t\t\t<\/div>\r\n\t\t\t\t<\/div>\r\n\r\n\t\t\t\t\t\t<div style=\"clear: both;\"><\/div><\/div><div class=\"slideshow_view\">\r\n\t\t\t\t<div class=\"slideshow_slide slideshow_slide_image\">\r\n\t\t\t\t\t\t\t\t\t\t\t<img src=\"https:\/\/agora.xtec.cat\/ceipsantmarti-cerdanyola\/wp-content\/uploads\/usu938\/2020\/03\/IMG-20200305-WA0009-e1583444300588.jpg\" alt=\"\" width=\"600\" height=\"338\" \/>\r\n\t\t\t\t\t\t\t\t\t\t<div class=\"slideshow_description_box slideshow_transparent\">\r\n\t\t\t\t\t\t\t\t\t\t\t\t\t\t\t\t\t<\/div>\r\n\t\t\t\t<\/div>\r\n\r\n\t\t\t\t\t\t\r\n\t\t\t\t<div class=\"slideshow_slide slideshow_slide_image\">\r\n\t\t\t\t\t\t\t\t\t\t\t<img src=\"https:\/\/agora.xtec.cat\/ceipsantmarti-cerdanyola\/wp-content\/uploads\/usu938\/2020\/03\/IMG-20200305-WA0010-e1583444274768.jpg\" alt=\"\" width=\"600\" height=\"338\" \/>\r\n\t\t\t\t\t\t\t\t\t\t<div class=\"slideshow_description_box slideshow_transparent\">\r\n\t\t\t\t\t\t\t\t\t\t\t\t\t\t\t\t\t<\/div>\r\n\t\t\t\t<\/div>\r\n\r\n\t\t\t\t\t\t<div style=\"clear: both;\"><\/div><\/div><div class=\"slideshow_view\">\r\n\t\t\t\t<div class=\"slideshow_slide slideshow_slide_image\">\r\n\t\t\t\t\t\t\t\t\t\t\t<img src=\"https:\/\/agora.xtec.cat\/ceipsantmarti-cerdanyola\/wp-content\/uploads\/usu938\/2020\/03\/IMG-20200305-WA0011-e1583444260397.jpg\" alt=\"\" width=\"600\" height=\"450\" \/>\r\n\t\t\t\t\t\t\t\t\t\t<div class=\"slideshow_description_box slideshow_transparent\">\r\n\t\t\t\t\t\t\t\t\t\t\t\t\t\t\t\t\t<\/div>\r\n\t\t\t\t<\/div>\r\n\r\n\t\t\t\t\t\t\r\n\t\t\t\t<div class=\"slideshow_slide slideshow_slide_image\">\r\n\t\t\t\t\t\t\t\t\t\t\t<img src=\"https:\/\/agora.xtec.cat\/ceipsantmarti-cerdanyola\/wp-content\/uploads\/usu938\/2020\/03\/IMG-20200305-WA0012-e1583444233562.jpg\" alt=\"\" width=\"253\" height=\"450\" \/>\r\n\t\t\t\t\t\t\t\t\t\t<div class=\"slideshow_description_box slideshow_transparent\">\r\n\t\t\t\t\t\t\t\t\t\t\t\t\t\t\t\t\t<\/div>\r\n\t\t\t\t<\/div>\r\n\r\n\t\t\t\t\t\t<div style=\"clear: both;\"><\/div><\/div><div class=\"slideshow_view\">\r\n\t\t\t\t<div class=\"slideshow_slide slideshow_slide_image\">\r\n\t\t\t\t\t\t\t\t\t\t\t<img src=\"https:\/\/agora.xtec.cat\/ceipsantmarti-cerdanyola\/wp-content\/uploads\/usu938\/2020\/03\/IMG-20200305-WA0013-e1583444115159.jpg\" alt=\"\" width=\"600\" height=\"338\" \/>\r\n\t\t\t\t\t\t\t\t\t\t<div class=\"slideshow_description_box slideshow_transparent\">\r\n\t\t\t\t\t\t\t\t\t\t\t\t\t\t\t\t\t<\/div>\r\n\t\t\t\t<\/div>\r\n\r\n\t\t\t\t\t\t\r\n\t\t\t\t<div class=\"slideshow_slide slideshow_slide_image\">\r\n\t\t\t\t\t\t\t\t\t\t\t<img src=\"https:\/\/agora.xtec.cat\/ceipsantmarti-cerdanyola\/wp-content\/uploads\/usu938\/2020\/03\/IMG-20200305-WA0017-e1583443956511.jpg\" alt=\"\" width=\"600\" height=\"450\" \/>\r\n\t\t\t\t\t\t\t\t\t\t<div class=\"slideshow_description_box slideshow_transparent\">\r\n\t\t\t\t\t\t\t\t\t\t\t\t\t\t\t\t\t<\/div>\r\n\t\t\t\t<\/div>\r\n\r\n\t\t\t\t\t\t<div style=\"clear: both;\"><\/div><\/div><div class=\"slideshow_view\">\r\n\t\t\t\t<div class=\"slideshow_slide slideshow_slide_image\">\r\n\t\t\t\t\t\t\t\t\t\t\t<img src=\"https:\/\/agora.xtec.cat\/ceipsantmarti-cerdanyola\/wp-content\/uploads\/usu938\/2020\/03\/IMG-20200305-WA0016-e1583444031475.jpg\" alt=\"\" width=\"600\" height=\"450\" \/>\r\n\t\t\t\t\t\t\t\t\t\t<div class=\"slideshow_description_box slideshow_transparent\">\r\n\t\t\t\t\t\t\t\t\t\t\t\t\t\t\t\t\t<\/div>\r\n\t\t\t\t<\/div>\r\n\r\n\t\t\t\t\t\t\r\n\t\t\t\t<div class=\"slideshow_slide slideshow_slide_image\">\r\n\t\t\t\t\t\t\t\t\t\t\t<img src=\"https:\/\/agora.xtec.cat\/ceipsantmarti-cerdanyola\/wp-content\/uploads\/usu938\/2020\/03\/IMG-20200305-WA0014-e1583444091586.jpg\" alt=\"\" width=\"600\" height=\"338\" \/>\r\n\t\t\t\t\t\t\t\t\t\t<div class=\"slideshow_description_box slideshow_transparent\">\r\n\t\t\t\t\t\t\t\t\t\t\t\t\t\t\t\t\t<\/div>\r\n\t\t\t\t<\/div>\r\n\r\n\t\t\t\t\t\t<div style=\"clear: both;\"><\/div><\/div>\r\n\t\t<\/div>\r\n\r\n\t\t<div class=\"slideshow_controlPanel slideshow_transparent\" style=\"display: none;\"><ul><li class=\"slideshow_togglePlay\" data-play-text=\"Visualitza\" data-pause-text=\"Pausa\"><\/li><\/ul><\/div>\r\n\r\n\t\t<div class=\"slideshow_button slideshow_previous slideshow_transparent\" role=\"button\" data-previous-text=\"Anterior\" style=\"display: none;\"><\/div>\r\n\t\t<div class=\"slideshow_button slideshow_next slideshow_transparent\" role=\"button\" data-next-text=\"Seg\u00fcent\" style=\"display: none;\"><\/div>\r\n\r\n\t\t<div class=\"slideshow_pagination\" style=\"display: none;\" data-go-to-text=\"V\u00e9s a la diapositiva\"><div class=\"slideshow_pagination_center\"><\/div><\/div>\r\n\r\n\t\t<!-- WordPress Slideshow Version 2.3.1 -->\r\n\r\n\t\t\t<\/div>\r\n\r\n<\/p>\n<p><em>El CEIP Sant Mart\u00ed, por su ubicaci\u00f3n, historia y proyecto educativo es para las familias mucho m\u00e1s que el colegio de nuestras hijas e hijos. Es una comunidad comprometida, un espacio para el crecimiento emocional e intelectual de los m\u00e1s peque\u00f1os y un punto de encuentro de nacionalidades, culturas y lenguas donde todo el mundo suma.<\/em><\/p>\n<p><em>Las madres, padres, abuelas y abuelos participamos de manera activa en la vida del centro y tratamos de dar lo mejor de nosotros cuando se nos necesita. Por ello, desde el AFA Sant Mart\u00ed te animamos a asociarte y colaborar con nosotros, pues entre todos podremos hacer mucho m\u00e1s y mejor por esta gran familia que somos.<\/em><\/p>\n<p><em>Gracias al esfuerzo de AFA es posible mantener vivos servicios como el canguraje y la oferta de actividades extraescolares, as\u00ed como la organizaci\u00f3n de celebraciones y fiestas como la Castanyada, la fiesta de Navidad, la fiesta intercultural o fiesta de fin de curso.<\/em><\/p>\n<p><em>Si a\u00fan no te has asociado, no lo pienses m\u00e1s. Te esperamos.<\/em><\/p>\n<p>Mireu <a href=\"https:\/\/agora.xtec.cat\/ceipsantmarti-cerdanyola\/ampa\/novetats-noticies-i-comunicats\/\">aqu\u00ed <\/a>les \u00faltimes not\u00edcies.<\/p>\n<p><em>Mirad <a href=\"https:\/\/agora.xtec.cat\/ceipsantmarti-cerdanyola\/ampa\/novetats-noticies-i-comunicats\/\">aqu\u00ed<\/a> las \u00faltimas noticias.<\/em><\/p>\n","protected":false},"excerpt":{"rendered":"<p>Espai per compartir amb les fam\u00edlies i la resta de la comunitat del CEIP Sant Mart\u00ed comunicats i altres informacions d&#8217;inter\u00e8s sobre les activitats que desenvolupa l&#8217;Associaci\u00f3 de Fam\u00edlies d&#8217;Alumnes (AFA). Espacio para compartir con las familias y el resto de la comunidad del CEIP Sant Mart\u00ed comunicados y otras informaciones de inter\u00e9s sobre las [&hellip;]<\/p>\n","protected":false},"author":1,"featured_media":0,"parent":0,"menu_order":0,"comment_status":"closed","ping_status":"closed","template":"page-templates\/side-menu.php","meta":{"_bbp_topic_count":0,"_bbp_reply_count":0,"_bbp_total_topic_count":0,"_bbp_total_reply_count":0,"_bbp_voice_count":0,"_bbp_anonymous_reply_count":0,"_bbp_topic_count_hidden":0,"_bbp_reply_count_hidden":0,"_bbp_forum_subforum_count":0,"site-sidebar-layout":"default","site-content-layout":"","ast-site-content-layout":"","site-content-style":"default","site-sidebar-style":"default","ast-global-header-display":"","ast-banner-title-visibility":"","ast-main-header-display":"","ast-hfb-above-header-display":"","ast-hfb-below-header-display":"","ast-hfb-mobile-header-display":"","site-post-title":"","ast-breadcrumbs-content":"","ast-featured-img":"","footer-sml-layout":"","theme-transparent-header-meta":"","adv-header-id-meta":"","stick-header-meta":"","header-above-stick-meta":"","header-main-stick-meta":"","header-below-stick-meta":"","astra-migrate-meta-layouts":"default","ast-page-background-enabled":"default","ast-page-background-meta":{"desktop":{"background-color":"var(--ast-global-color-4)","background-image":"","background-repeat":"repeat","background-position":"center center","background-size":"auto","background-attachment":"scroll","background-type":"","background-media":"","overlay-type":"","overlay-color":"","overlay-opacity":"","overlay-gradient":""},"tablet":{"background-color":"","background-image":"","background-repeat":"repeat","background-position":"center center","background-size":"auto","background-attachment":"scroll","background-type":"","background-media":"","overlay-type":"","overlay-color":"","overlay-opacity":"","overlay-gradient":""},"mobile":{"background-color":"","background-image":"","background-repeat":"repeat","background-position":"center center","background-size":"auto","background-attachment":"scroll","background-type":"","background-media":"","overlay-type":"","overlay-color":"","overlay-opacity":"","overlay-gradient":""}},"ast-content-background-meta":{"desktop":{"background-color":"var(--ast-global-color-5)","background-image":"","background-repeat":"repeat","background-position":"center center","background-size":"auto","background-attachment":"scroll","background-type":"","background-media":"","overlay-type":"","overlay-color":"","overlay-opacity":"","overlay-gradient":""},"tablet":{"background-color":"var(--ast-global-color-5)","background-image":"","background-repeat":"repeat","background-position":"center center","background-size":"auto","background-attachment":"scroll","background-type":"","background-media":"","overlay-type":"","overlay-color":"","overlay-opacity":"","overlay-gradient":""},"mobile":{"background-color":"var(--ast-global-color-5)","background-image":"","background-repeat":"repeat","background-position":"center center","background-size":"auto","background-attachment":"scroll","background-type":"","background-media":"","overlay-type":"","overlay-color":"","overlay-opacity":"","overlay-gradient":""}},"footnotes":""},"class_list":["post-530","page","type-page","status-publish","hentry"],"post_mailing_queue_ids":[],"_links":{"self":[{"href":"https:\/\/agora.xtec.cat\/ceipsantmarti-cerdanyola\/wp-json\/wp\/v2\/pages\/530","targetHints":{"allow":["GET"]}}],"collection":[{"href":"https:\/\/agora.xtec.cat\/ceipsantmarti-cerdanyola\/wp-json\/wp\/v2\/pages"}],"about":[{"href":"https:\/\/agora.xtec.cat\/ceipsantmarti-cerdanyola\/wp-json\/wp\/v2\/types\/page"}],"author":[{"embeddable":true,"href":"https:\/\/agora.xtec.cat\/ceipsantmarti-cerdanyola\/wp-json\/wp\/v2\/users\/1"}],"replies":[{"embeddable":true,"href":"https:\/\/agora.xtec.cat\/ceipsantmarti-cerdanyola\/wp-json\/wp\/v2\/comments?post=530"}],"version-history":[{"count":3,"href":"https:\/\/agora.xtec.cat\/ceipsantmarti-cerdanyola\/wp-json\/wp\/v2\/pages\/530\/revisions"}],"predecessor-version":[{"id":4464,"href":"https:\/\/agora.xtec.cat\/ceipsantmarti-cerdanyola\/wp-json\/wp\/v2\/pages\/530\/revisions\/4464"}],"wp:attachment":[{"href":"https:\/\/agora.xtec.cat\/ceipsantmarti-cerdanyola\/wp-json\/wp\/v2\/media?parent=530"}],"curies":[{"name":"wp","href":"https:\/\/api.w.org\/{rel}","templated":true}]}}