{"id":32,"date":"2014-09-18T12:31:33","date_gmt":"2014-09-18T11:31:33","guid":{"rendered":"http:\/\/agora.xtec.cat\/ceipsantjust\/?page_id=32"},"modified":"2025-07-28T08:12:20","modified_gmt":"2025-07-28T06:12:20","slug":"calendari-del-curs","status":"publish","type":"page","link":"https:\/\/agora.xtec.cat\/ceipsantjust\/lescola\/calendari-del-curs\/","title":{"rendered":"Calendari acad\u00e8mic oficial curs 25-26"},"content":{"rendered":"<p>&nbsp;<\/p>\n<div style=\"position: relative; width: 100%; height: 0; padding-top: 83.8298%; padding-bottom: 0; box-shadow: 0 2px 8px 0 rgba(63,69,81,0.16); margin-top: 1.6em; margin-bottom: 0.9em; overflow: hidden; border-radius: 8px; will-change: transform;\"><iframe style=\"position: absolute; width: 100%; height: 100%; top: 0; left: 0; border: none; padding: 0; margin: 0;\" src=\"https:\/\/www.canva.com\/design\/DAFE-Khsq38\/view?embed\" allowfullscreen=\"allowfullscreen\"><br \/>\n<\/iframe><\/div>\n<p><a href=\"https:\/\/www.canva.com\/design\/DAFE-Khsq38\/view?utm_content=DAFE-Khsq38&amp;utm_campaign=designshare&amp;utm_medium=embeds&amp;utm_source=link\" target=\"_blank\" rel=\"noopener\">\u00a0<\/a><\/p>\n<p style=\"text-align: center;\">Podeu descarregar el calendari: <a href=\"https:\/\/drive.google.com\/file\/d\/1YFBG7VY_p1KXwDnIrYlneXAzXU8ZuS5J\/view?usp=sharing\" target=\"_blank\" rel=\"noopener\">DESCARREGA EL CALENDARI<\/a><\/p>\n<p>El calendari escolar pel curs 2025-2026 estableix el seu inici el dia <strong>8 de setembre de 2025<\/strong> amb l&#8217;horari lectiu habitual. (de 9.00 h a 12.30 h i de 15.00 h a 16. 30 h). En el cas dels i de les alumnes d&#8217;I3, el per\u00edode d&#8217;adaptaci\u00f3 ser\u00e0 els dies <strong>8, 9 i 10 de setembre de 2025.<\/strong><\/p>\n<p><strong>Informacions importants:<\/strong><\/p>\n<ul>\n<li>El servei d&#8217;acollida de mat\u00ed que ofereix l&#8217;AFA est\u00e0 operatiu des del primer dia de curs.<\/li>\n<li><strong>El servei de menjador per als alumnes d&#8217;I3,<\/strong> comen\u00e7a el <strong>dia 12 de setembre<\/strong>, primer dia en qu\u00e8 els i les alumnes d&#8217;I3 inicien l&#8217;assist\u00e8ncia mat\u00ed i tarda. <strong>Per a la resta d&#8217;alumnes<\/strong>, el servei de menjador <strong>comen\u00e7a el primer dia d&#8217;escola<\/strong> (8 de setembre).<\/li>\n<\/ul>\n<p>&nbsp;<\/p>\n","protected":false},"excerpt":{"rendered":"<p>&nbsp; \u00a0 Podeu descarregar el calendari: DESCARREGA EL CALENDARI El calendari escolar pel curs 2025-2026 estableix el seu inici el dia 8 de setembre de 2025 amb l&#8217;horari lectiu habitual. (de 9.00 h a 12.30 h i de 15.00 h a 16. 30 h). En el cas dels i de les alumnes d&#8217;I3, el per\u00edode [&hellip;]<\/p>\n","protected":false},"author":1,"featured_media":0,"parent":22,"menu_order":50,"comment_status":"closed","ping_status":"closed","template":"page-templates\/side-menu.php","meta":{"_bbp_topic_count":0,"_bbp_reply_count":0,"_bbp_total_topic_count":0,"_bbp_total_reply_count":0,"_bbp_voice_count":0,"_bbp_anonymous_reply_count":0,"_bbp_topic_count_hidden":0,"_bbp_reply_count_hidden":0,"_bbp_forum_subforum_count":0,"site-sidebar-layout":"default","site-content-layout":"","ast-site-content-layout":"","site-content-style":"default","site-sidebar-style":"default","ast-global-header-display":"","ast-banner-title-visibility":"","ast-main-header-display":"","ast-hfb-above-header-display":"","ast-hfb-below-header-display":"","ast-hfb-mobile-header-display":"","site-post-title":"","ast-breadcrumbs-content":"","ast-featured-img":"","footer-sml-layout":"","theme-transparent-header-meta":"","adv-header-id-meta":"","stick-header-meta":"","header-above-stick-meta":"","header-main-stick-meta":"","header-below-stick-meta":"","astra-migrate-meta-layouts":"default","ast-page-background-enabled":"default","ast-page-background-meta":{"desktop":{"background-color":"var(--ast-global-color-4)","background-image":"","background-repeat":"repeat","background-position":"center center","background-size":"auto","background-attachment":"scroll","background-type":"","background-media":"","overlay-type":"","overlay-color":"","overlay-opacity":"","overlay-gradient":""},"tablet":{"background-color":"","background-image":"","background-repeat":"repeat","background-position":"center center","background-size":"auto","background-attachment":"scroll","background-type":"","background-media":"","overlay-type":"","overlay-color":"","overlay-opacity":"","overlay-gradient":""},"mobile":{"background-color":"","background-image":"","background-repeat":"repeat","background-position":"center center","background-size":"auto","background-attachment":"scroll","background-type":"","background-media":"","overlay-type":"","overlay-color":"","overlay-opacity":"","overlay-gradient":""}},"ast-content-background-meta":{"desktop":{"background-color":"var(--ast-global-color-5)","background-image":"","background-repeat":"repeat","background-position":"center center","background-size":"auto","background-attachment":"scroll","background-type":"","background-media":"","overlay-type":"","overlay-color":"","overlay-opacity":"","overlay-gradient":""},"tablet":{"background-color":"var(--ast-global-color-5)","background-image":"","background-repeat":"repeat","background-position":"center center","background-size":"auto","background-attachment":"scroll","background-type":"","background-media":"","overlay-type":"","overlay-color":"","overlay-opacity":"","overlay-gradient":""},"mobile":{"background-color":"var(--ast-global-color-5)","background-image":"","background-repeat":"repeat","background-position":"center center","background-size":"auto","background-attachment":"scroll","background-type":"","background-media":"","overlay-type":"","overlay-color":"","overlay-opacity":"","overlay-gradient":""}},"footnotes":""},"class_list":["post-32","page","type-page","status-publish","hentry"],"post_mailing_queue_ids":[],"_links":{"self":[{"href":"https:\/\/agora.xtec.cat\/ceipsantjust\/wp-json\/wp\/v2\/pages\/32","targetHints":{"allow":["GET"]}}],"collection":[{"href":"https:\/\/agora.xtec.cat\/ceipsantjust\/wp-json\/wp\/v2\/pages"}],"about":[{"href":"https:\/\/agora.xtec.cat\/ceipsantjust\/wp-json\/wp\/v2\/types\/page"}],"author":[{"embeddable":true,"href":"https:\/\/agora.xtec.cat\/ceipsantjust\/wp-json\/wp\/v2\/users\/1"}],"replies":[{"embeddable":true,"href":"https:\/\/agora.xtec.cat\/ceipsantjust\/wp-json\/wp\/v2\/comments?post=32"}],"version-history":[{"count":6,"href":"https:\/\/agora.xtec.cat\/ceipsantjust\/wp-json\/wp\/v2\/pages\/32\/revisions"}],"predecessor-version":[{"id":2468,"href":"https:\/\/agora.xtec.cat\/ceipsantjust\/wp-json\/wp\/v2\/pages\/32\/revisions\/2468"}],"up":[{"embeddable":true,"href":"https:\/\/agora.xtec.cat\/ceipsantjust\/wp-json\/wp\/v2\/pages\/22"}],"wp:attachment":[{"href":"https:\/\/agora.xtec.cat\/ceipsantjust\/wp-json\/wp\/v2\/media?parent=32"}],"curies":[{"name":"wp","href":"https:\/\/api.w.org\/{rel}","templated":true}]}}