{"id":2760,"date":"2025-12-14T10:19:39","date_gmt":"2025-12-14T09:19:39","guid":{"rendered":"https:\/\/agora.xtec.cat\/ceipsantjust\/?page_id=2760"},"modified":"2025-12-14T10:43:31","modified_gmt":"2025-12-14T09:43:31","slug":"lart-al-cicle-mitja-aprendre-expressar-i-crear-artistes","status":"publish","type":"page","link":"https:\/\/agora.xtec.cat\/ceipsantjust\/lart-al-cicle-mitja-aprendre-expressar-i-crear-artistes\/","title":{"rendered":"L&#8217;ART AL CICLE MITJ\u00c0:APENDRE,EXPRESSAR I CREAR (ARTISTES)"},"content":{"rendered":"<p>L\u2019art \u00e9s una part fonamental del nostre aprenentatge, ja que ens permet expressar emocions, desenvolupar la creativitat, con\u00e8ixer artistes i descobrir diferents maneres de mirar el m\u00f3n. Al cicle mitj\u00e0 treballem l\u2019art de manera vivencial, combinant la descoberta d\u2019artistes amb l\u2019experimentaci\u00f3 de t\u00e8cniques diverses.<\/p>\n<p>Al llarg del curs, l\u2019alumnat de tercer i quart s\u2019endinsa en el m\u00f3n de l\u2019art a trav\u00e9s de tallers, projectes i activitats creatives que fomenten tant l\u2019expressi\u00f3 personal com el treball cooperatiu.<\/p>\n<p><strong>Descobrim artistes i t\u00e8cniques<\/strong><\/p>\n<p>Andy Warhol i el pop art<br \/>\nA la classe de tercer hem realitzat un taller sobre la vida i l\u2019obra del pintor Andy Warhol, una figura clau del moviment del pop art. Hem conegut el seu estil, els colors vius i la manera com transformava imatges quotidianes en obres d\u2019art.<br \/>\nPer acabar, l\u2019alumnat ha creat una pintura utilitzant la t\u00e8cnica de la serigrafia, una de les m\u00e9s representatives d\u2019aquest artista.<\/p>\n<p>Frida Kahlo<br \/>\nA quart hem treballat la vida i l\u2019obra de la pintora mexicana Frida Kahlo. Hem apr\u00e8s aspectes molt interessants de la seva biografia i del seu art: el significat dels colors, les emocions que transmeten les seves obres, els animals que apareixen sovint als seus quadres i l\u2019\u00fas de l\u2019autoretrat.<br \/>\nCom a activitat final, cada alumne i alumna ha realitzat un retrat inspirat en Frida Kahlo, aplicant el seu estil personal.<\/p>\n<p>Fernando Botero<br \/>\nTamb\u00e9 hem conegut l\u2019artista Fernando Botero, fam\u00f3s pels seus quadres i escultures de formes voluminoses. L\u2019alumnat de quart ha creat la seva pr\u00f2pia versi\u00f3 de les seves obres utilitzant plastilina negra i ceres de colors, experimentant amb el volum i la forma.<\/p>\n<p><strong> Tallers creatius<\/strong><\/p>\n<p>Taller de m\u00e0scares de carnaval<br \/>\nL\u2019alumnat de tercer i quart ha participat en un taller de m\u00e0scares de carnaval, posant en joc la imaginaci\u00f3, el color i la creativitat. El resultat ha estat molt variat i original.<\/p>\n<p>Som artistes!<br \/>\nDurant el primer trimestre, els nens i nenes de tercer han creat obres molt diverses, experimentant amb diferents t\u00e8cniques, materials i estils. El proc\u00e9s creatiu ha estat molt enriquidor i els resultats han estat realment satisfactoris.<\/p>\n<div style=\"position: relative; width: 100%; height: 0; padding-top: 56.2500%;\n padding-bottom: 0; box-shadow: 0 2px 8px 0 rgba(63,69,81,0.16); margin-top: 1.6em; margin-bottom: 0.9em; overflow: hidden;\n border-radius: 8px; will-change: transform;\"><br \/>\n  <iframe loading=\"lazy\" style=\"position: absolute; width: 100%; height: 100%; top: 0; left: 0; border: none; padding: 0;margin: 0;\"\n    src=\"https:\/\/www.canva.com\/design\/DAG7eTb1abI\/iOOVW9BafjyCv5tJcYicrw\/view?embed\" allowfullscreen=\"allowfullscreen\" allow=\"fullscreen\"><br \/>\n  <\/iframe>\n<\/div>\n<p><a href=\"https:&#x2F;&#x2F;www.canva.com&#x2F;design&#x2F;DAG7eTb1abI&#x2F;iOOVW9BafjyCv5tJcYicrw&#x2F;view?utm_content=DAG7eTb1abI&amp;utm_campaign=designshare&amp;utm_medium=embeds&amp;utm_source=link\" target=\"_blank\" rel=\"noopener\">L\u2019ART A C.MITJ\u00c0<\/a> de Educaci\u00f3 Infantil escola Sant Just<\/p>\n","protected":false},"excerpt":{"rendered":"<p>L\u2019art \u00e9s una part fonamental del nostre aprenentatge, ja que ens permet expressar emocions, desenvolupar la creativitat, con\u00e8ixer artistes i descobrir diferents maneres de mirar el m\u00f3n. Al cicle mitj\u00e0 treballem l\u2019art de manera vivencial, combinant la descoberta d\u2019artistes amb l\u2019experimentaci\u00f3 de t\u00e8cniques diverses. Al llarg del curs, l\u2019alumnat de tercer i quart s\u2019endinsa en [&hellip;]<\/p>\n","protected":false},"author":1,"featured_media":0,"parent":0,"menu_order":0,"comment_status":"closed","ping_status":"closed","template":"","meta":{"_bbp_topic_count":0,"_bbp_reply_count":0,"_bbp_total_topic_count":0,"_bbp_total_reply_count":0,"_bbp_voice_count":0,"_bbp_anonymous_reply_count":0,"_bbp_topic_count_hidden":0,"_bbp_reply_count_hidden":0,"_bbp_forum_subforum_count":0,"site-sidebar-layout":"default","site-content-layout":"","ast-site-content-layout":"default","site-content-style":"default","site-sidebar-style":"default","ast-global-header-display":"","ast-banner-title-visibility":"","ast-main-header-display":"","ast-hfb-above-header-display":"","ast-hfb-below-header-display":"","ast-hfb-mobile-header-display":"","site-post-title":"","ast-breadcrumbs-content":"","ast-featured-img":"","footer-sml-layout":"","theme-transparent-header-meta":"default","adv-header-id-meta":"","stick-header-meta":"","header-above-stick-meta":"","header-main-stick-meta":"","header-below-stick-meta":"","astra-migrate-meta-layouts":"set","ast-page-background-enabled":"default","ast-page-background-meta":{"desktop":{"background-color":"var(--ast-global-color-4)","background-image":"","background-repeat":"repeat","background-position":"center center","background-size":"auto","background-attachment":"scroll","background-type":"","background-media":"","overlay-type":"","overlay-color":"","overlay-opacity":"","overlay-gradient":""},"tablet":{"background-color":"","background-image":"","background-repeat":"repeat","background-position":"center center","background-size":"auto","background-attachment":"scroll","background-type":"","background-media":"","overlay-type":"","overlay-color":"","overlay-opacity":"","overlay-gradient":""},"mobile":{"background-color":"","background-image":"","background-repeat":"repeat","background-position":"center center","background-size":"auto","background-attachment":"scroll","background-type":"","background-media":"","overlay-type":"","overlay-color":"","overlay-opacity":"","overlay-gradient":""}},"ast-content-background-meta":{"desktop":{"background-color":"var(--ast-global-color-5)","background-image":"","background-repeat":"repeat","background-position":"center center","background-size":"auto","background-attachment":"scroll","background-type":"","background-media":"","overlay-type":"","overlay-color":"","overlay-opacity":"","overlay-gradient":""},"tablet":{"background-color":"var(--ast-global-color-5)","background-image":"","background-repeat":"repeat","background-position":"center center","background-size":"auto","background-attachment":"scroll","background-type":"","background-media":"","overlay-type":"","overlay-color":"","overlay-opacity":"","overlay-gradient":""},"mobile":{"background-color":"var(--ast-global-color-5)","background-image":"","background-repeat":"repeat","background-position":"center center","background-size":"auto","background-attachment":"scroll","background-type":"","background-media":"","overlay-type":"","overlay-color":"","overlay-opacity":"","overlay-gradient":""}},"footnotes":""},"class_list":["post-2760","page","type-page","status-publish","hentry"],"post_mailing_queue_ids":[],"_links":{"self":[{"href":"https:\/\/agora.xtec.cat\/ceipsantjust\/wp-json\/wp\/v2\/pages\/2760","targetHints":{"allow":["GET"]}}],"collection":[{"href":"https:\/\/agora.xtec.cat\/ceipsantjust\/wp-json\/wp\/v2\/pages"}],"about":[{"href":"https:\/\/agora.xtec.cat\/ceipsantjust\/wp-json\/wp\/v2\/types\/page"}],"author":[{"embeddable":true,"href":"https:\/\/agora.xtec.cat\/ceipsantjust\/wp-json\/wp\/v2\/users\/1"}],"replies":[{"embeddable":true,"href":"https:\/\/agora.xtec.cat\/ceipsantjust\/wp-json\/wp\/v2\/comments?post=2760"}],"version-history":[{"count":2,"href":"https:\/\/agora.xtec.cat\/ceipsantjust\/wp-json\/wp\/v2\/pages\/2760\/revisions"}],"predecessor-version":[{"id":2772,"href":"https:\/\/agora.xtec.cat\/ceipsantjust\/wp-json\/wp\/v2\/pages\/2760\/revisions\/2772"}],"wp:attachment":[{"href":"https:\/\/agora.xtec.cat\/ceipsantjust\/wp-json\/wp\/v2\/media?parent=2760"}],"curies":[{"name":"wp","href":"https:\/\/api.w.org\/{rel}","templated":true}]}}