{"id":73,"date":"2021-04-30T14:01:51","date_gmt":"2021-04-30T12:01:51","guid":{"rendered":"http:\/\/agora.xtec.cat\/ceipsantjulia\/?page_id=73"},"modified":"2026-03-22T17:55:34","modified_gmt":"2026-03-22T16:55:34","slug":"menjador-escolar","status":"publish","type":"page","link":"https:\/\/agora.xtec.cat\/ceipsantjulia\/serveis\/menjador-escolar\/","title":{"rendered":"ESPAI DE MIGDIA I MENJADOR ESCOLAR"},"content":{"rendered":"<p><strong>ESPAI DE MIGDIA I MENJADOR ESCOLAR<\/strong><\/p>\n<p><strong><em>Cliqueu per veure els <a href=\"https:\/\/drive.google.com\/drive\/folders\/1o5dUTmva3PCQoTEnVYHKoL3WDhkGmJ48?usp=drive_link\">MEN\u00daS del CURS 2025-2026<\/a><\/em><\/strong><\/p>\n<p><span style=\"font-size: 16px;\">L\u2019empresa <a href=\"https:\/\/drive.google.com\/file\/d\/1VzPgPQ_kR8CXzJD5gen05kCndamLccf3\/view?usp=drive_link\"><strong>SERHS FOOD<\/strong><\/a> gestiona el servei de menjador. Cliqueu per m\u00e9s informaci\u00f3.<\/span><\/p>\n<div class=\"col-xs-12 col-sm-8 basic_text_peq\">\n<div class=\"pd-15x link-dotted\" data-crawling=\"principal-body\">\n<p>L&#8217;espai del migdia \u00e9s alhora un servei complementari a l\u2019educaci\u00f3 i un recurs educatiu molt important a l&#8217;escola.<\/p>\n<ul>\n<li>Respon a\u00a0la necessitat creixent de\u00a0<strong>conciliar<\/strong>\u00a0els horaris laborals de les fam\u00edlies amb l\u2019horari escolar de l&#8217;alumnat.<\/li>\n<li>Contribueix a assegurar una\u00a0<strong>alimentaci\u00f3 sana i equilibrada<\/strong> als infants, al llarg de l\u2019escolaritat i tamb\u00e9 a educar uns bons h\u00e0bits alimentaris.<\/li>\n<\/ul>\n<p>El menjador escolar, doncs, ofereix una gran\u00a0<strong>oportunitat educativa per treballar aspectes relacionats amb l&#8217;alimentaci\u00f3<\/strong>:<\/p>\n<ul>\n<li>S&#8217;hi promou una alimentaci\u00f3 saludable i sostenible.<\/li>\n<li>S&#8217;hi treballen h\u00e0bits saludables i una dieta equilibrada i variada.<\/li>\n<li>S&#8217;hi adquireixen rutines i h\u00e0bits d&#8217;higiene personal, que ajuden l\u2019alumnat a desenvolupar capacitats d&#8217;autonomia personal, compet\u00e8ncia social i de conviv\u00e8ncia, en un espai que afavoreix la interrelaci\u00f3 entre tot l\u2019alumnat.<\/li>\n<\/ul>\n<p>Tamb\u00e9 \u00e9s un context favorable per:<\/p>\n<ul>\n<li>Alinear els aspectes que s&#8217;hi tracten amb els eixos estrat\u00e8gics del projecte educatiu del centre.<\/li>\n<li>Garantir la coher\u00e8ncia i la continu\u00eftat dels usos ling\u00fc\u00edstics del centre mitjan\u00e7ant les activitats que s\u2019hi desenvolupen.<\/li>\n<li>Aprofundir en altres projectes de car\u00e0cter transversal.<\/li>\n<li>Treballar l\u2019educaci\u00f3 dels valors interculturals.<\/li>\n<\/ul>\n<p>Aquest <strong>curs 2026-2027<\/strong>, els preus s\u00f3n els seg\u00fcents:<\/p>\n<ul>\n<li><strong>PREU FIX:<\/strong>\u00a0 <strong>7,54 euros <\/strong>per alumne\/a i dia.<\/li>\n<\/ul>\n<ul>\n<li><strong>PREU ESPOR\u00c0DIC<\/strong>: <strong>8,29 euros <\/strong>per alumne\/a i dia. Es considera comensal fix aquell que fa \u00fas del servei <em>m<\/em>enys de tres dies a la setmana i sempre que el comensal no sigui beneficiari d&#8217;un ajut de menjador.<\/li>\n<\/ul>\n<p>El preu inclou l&#8217;\u00e0pat i l&#8217;atenci\u00f3 directa a l&#8217;alumnat durant el temps de la prestaci\u00f3 del servei de menjador i tamb\u00e9 en els per\u00edodes de temps anteriors i posteriors.<\/p>\n<\/div>\n<p>L\u2019<strong>horari d\u2019atenci\u00f3 a les fam\u00edlies <\/strong>de la coordinadora de menjador \u00e9s de <strong>09:00 h a 09:30h.<\/strong> de <strong>dilluns a divendres<\/strong> tots els dies lectius.<\/p>\n<p>Correu electr\u00f2nic menjador:\u00a0 <strong>menjador.santjulia@grupserhs.com<\/strong><\/p>\n<p>M\u00f2bil coordinadora: <strong>671793221 *teniu opci\u00f3 WhatsApp*<\/strong><\/p>\n<\/div>\n<p><img loading=\"lazy\" decoding=\"async\" class=\"alignnone size-full wp-image-3962\" src=\"https:\/\/agora.xtec.cat\/ceipsantjulia\/wp-content\/uploads\/usu1856\/2024\/03\/Servei-picnic.png\" alt=\"\" width=\"517\" height=\"738\" srcset=\"https:\/\/agora.xtec.cat\/ceipsantjulia\/wp-content\/uploads\/usu1856\/2024\/03\/Servei-picnic.png 517w, https:\/\/agora.xtec.cat\/ceipsantjulia\/wp-content\/uploads\/usu1856\/2024\/03\/Servei-picnic-210x300.png 210w\" sizes=\"auto, (max-width: 517px) 100vw, 517px\" \/><\/p>\n<p>&nbsp;<\/p>\n<p>&nbsp;<\/p>\n","protected":false},"excerpt":{"rendered":"<p>ESPAI DE MIGDIA I MENJADOR ESCOLAR Cliqueu per veure els MEN\u00daS del CURS 2025-2026 L\u2019empresa SERHS FOOD gestiona el servei de menjador. Cliqueu per m\u00e9s informaci\u00f3. L&#8217;espai del migdia \u00e9s alhora un servei complementari a l\u2019educaci\u00f3 i un recurs educatiu molt important a l&#8217;escola. Respon a\u00a0la necessitat creixent de\u00a0conciliar\u00a0els horaris laborals de les fam\u00edlies amb [&hellip;]<\/p>\n","protected":false},"author":1,"featured_media":0,"parent":66,"menu_order":30,"comment_status":"closed","ping_status":"closed","template":"","meta":{"_bbp_topic_count":0,"_bbp_reply_count":0,"_bbp_total_topic_count":0,"_bbp_total_reply_count":0,"_bbp_voice_count":0,"_bbp_anonymous_reply_count":0,"_bbp_topic_count_hidden":0,"_bbp_reply_count_hidden":0,"_bbp_forum_subforum_count":0,"site-sidebar-layout":"default","site-content-layout":"","ast-site-content-layout":"default","site-content-style":"default","site-sidebar-style":"default","ast-global-header-display":"","ast-banner-title-visibility":"","ast-main-header-display":"","ast-hfb-above-header-display":"","ast-hfb-below-header-display":"","ast-hfb-mobile-header-display":"","site-post-title":"","ast-breadcrumbs-content":"","ast-featured-img":"","footer-sml-layout":"","theme-transparent-header-meta":"default","adv-header-id-meta":"","stick-header-meta":"","header-above-stick-meta":"","header-main-stick-meta":"","header-below-stick-meta":"","astra-migrate-meta-layouts":"set","ast-page-background-enabled":"default","ast-page-background-meta":{"desktop":{"background-color":"var(--ast-global-color-4)","background-image":"","background-repeat":"repeat","background-position":"center center","background-size":"auto","background-attachment":"scroll","background-type":"","background-media":"","overlay-type":"","overlay-color":"","overlay-opacity":"","overlay-gradient":""},"tablet":{"background-color":"","background-image":"","background-repeat":"repeat","background-position":"center center","background-size":"auto","background-attachment":"scroll","background-type":"","background-media":"","overlay-type":"","overlay-color":"","overlay-opacity":"","overlay-gradient":""},"mobile":{"background-color":"","background-image":"","background-repeat":"repeat","background-position":"center center","background-size":"auto","background-attachment":"scroll","background-type":"","background-media":"","overlay-type":"","overlay-color":"","overlay-opacity":"","overlay-gradient":""}},"ast-content-background-meta":{"desktop":{"background-color":"var(--ast-global-color-5)","background-image":"","background-repeat":"repeat","background-position":"center center","background-size":"auto","background-attachment":"scroll","background-type":"","background-media":"","overlay-type":"","overlay-color":"","overlay-opacity":"","overlay-gradient":""},"tablet":{"background-color":"var(--ast-global-color-5)","background-image":"","background-repeat":"repeat","background-position":"center center","background-size":"auto","background-attachment":"scroll","background-type":"","background-media":"","overlay-type":"","overlay-color":"","overlay-opacity":"","overlay-gradient":""},"mobile":{"background-color":"var(--ast-global-color-5)","background-image":"","background-repeat":"repeat","background-position":"center center","background-size":"auto","background-attachment":"scroll","background-type":"","background-media":"","overlay-type":"","overlay-color":"","overlay-opacity":"","overlay-gradient":""}},"footnotes":""},"class_list":["post-73","page","type-page","status-publish","hentry"],"post_mailing_queue_ids":[],"_links":{"self":[{"href":"https:\/\/agora.xtec.cat\/ceipsantjulia\/wp-json\/wp\/v2\/pages\/73","targetHints":{"allow":["GET"]}}],"collection":[{"href":"https:\/\/agora.xtec.cat\/ceipsantjulia\/wp-json\/wp\/v2\/pages"}],"about":[{"href":"https:\/\/agora.xtec.cat\/ceipsantjulia\/wp-json\/wp\/v2\/types\/page"}],"author":[{"embeddable":true,"href":"https:\/\/agora.xtec.cat\/ceipsantjulia\/wp-json\/wp\/v2\/users\/1"}],"replies":[{"embeddable":true,"href":"https:\/\/agora.xtec.cat\/ceipsantjulia\/wp-json\/wp\/v2\/comments?post=73"}],"version-history":[{"count":6,"href":"https:\/\/agora.xtec.cat\/ceipsantjulia\/wp-json\/wp\/v2\/pages\/73\/revisions"}],"predecessor-version":[{"id":4551,"href":"https:\/\/agora.xtec.cat\/ceipsantjulia\/wp-json\/wp\/v2\/pages\/73\/revisions\/4551"}],"up":[{"embeddable":true,"href":"https:\/\/agora.xtec.cat\/ceipsantjulia\/wp-json\/wp\/v2\/pages\/66"}],"wp:attachment":[{"href":"https:\/\/agora.xtec.cat\/ceipsantjulia\/wp-json\/wp\/v2\/media?parent=73"}],"curies":[{"name":"wp","href":"https:\/\/api.w.org\/{rel}","templated":true}]}}