{"id":22,"date":"2014-09-18T12:19:57","date_gmt":"2014-09-18T11:19:57","guid":{"rendered":"http:\/\/agora.xtec.cat\/ceipsantjordi\/?page_id=22"},"modified":"2023-11-09T13:21:58","modified_gmt":"2023-11-09T12:21:58","slug":"lescola","status":"publish","type":"page","link":"https:\/\/agora.xtec.cat\/ceipsantjordi\/lescola\/","title":{"rendered":"L&#8217;escola"},"content":{"rendered":"<p>L\u2019escola Sant Jordi, \u00e9s una escola d&#8217;una l\u00ednia amb aules de 15-20 alumnes de mitjana. Est\u00e0 dividida en tres cicles: petits (educaci\u00f3 infantil), mitjans (primer, segon i tercer de prim\u00e0ria) i grans (quart, cinqu\u00e8 i sis\u00e8 de prim\u00e0ria) i organitzem\u00a0 la jornada escolar en tres franges hor\u00e0ries d\u2019hora i mitja cadascuna.<\/p>\n<p><strong>Infantil. <\/strong>A la primera franja hor\u00e0ria els petits treballem per ambients. Actualment en tenim quatre: la caseta, el taller, el laboratori i la sala. Els ambients son de lliure circulaci\u00f3. Despr\u00e9s del pati fem treball de grup i les especialitats i a la tarda Tallers. Els tallers s\u00f3n dirigits i els d\u2019aquest curs s\u00f3n: expressi\u00f3 corporal, experimentaci\u00f3, jocs de taula i educaci\u00f3 art\u00edstica.<\/p>\n<p>L\u2019alumnat de <strong>prim\u00e0ria<\/strong> funcionem per plans d\u2019aprenentatge on s\u2019hi inclouen propostes \u00a0de catal\u00e0, castell\u00e0, matem\u00e0tiques i altres feines complement\u00e0ries. Tamb\u00e9 es fan sessions de gran grup per treballar continguts espec\u00edfics. La pl\u00e0stica, la m\u00fasica i l\u2019educaci\u00f3 f\u00edsica es fan d&#8217;una hora i mitja setmana.\u00a0 La llengua anglesa (des de i5), tamb\u00e9 es treballa per plans d\u2019aprenentatge (a prim\u00e0ria) on es dediquen unes sessions concretes a cada tema.<\/p>\n<p><iframe loading=\"lazy\" title=\"Presentaci\u00f3 escola espais\" width=\"500\" height=\"281\" src=\"https:\/\/www.youtube.com\/embed\/sERg5fIfiC0?feature=oembed\" frameborder=\"0\" allow=\"accelerometer; autoplay; clipboard-write; encrypted-media; gyroscope; picture-in-picture; web-share\" referrerpolicy=\"strict-origin-when-cross-origin\" allowfullscreen><\/iframe><\/p>\n<p>&nbsp;<\/p>\n<p>&nbsp;<\/p>\n","protected":false},"excerpt":{"rendered":"<p>L\u2019escola Sant Jordi, \u00e9s una escola d&#8217;una l\u00ednia amb aules de 15-20 alumnes de mitjana. Est\u00e0 dividida en tres cicles: petits (educaci\u00f3 infantil), mitjans (primer, segon i tercer de prim\u00e0ria) i grans (quart, cinqu\u00e8 i sis\u00e8 de prim\u00e0ria) i organitzem\u00a0 la jornada escolar en tres&hellip;  <a href=\"https:\/\/agora.xtec.cat\/ceipsantjordi\/lescola\/\" title=\"Read L&#8217;escola\">Llegeix m\u00e9s\u00bb<\/a><\/p>\n","protected":false},"author":1,"featured_media":0,"parent":0,"menu_order":0,"comment_status":"closed","ping_status":"closed","template":"","meta":{"_bbp_topic_count":0,"_bbp_reply_count":0,"_bbp_total_topic_count":0,"_bbp_total_reply_count":0,"_bbp_voice_count":0,"_bbp_anonymous_reply_count":0,"_bbp_topic_count_hidden":0,"_bbp_reply_count_hidden":0,"_bbp_forum_subforum_count":0,"footnotes":""},"class_list":["post-22","page","type-page","status-publish","hentry"],"post_mailing_queue_ids":[],"_links":{"self":[{"href":"https:\/\/agora.xtec.cat\/ceipsantjordi\/wp-json\/wp\/v2\/pages\/22","targetHints":{"allow":["GET"]}}],"collection":[{"href":"https:\/\/agora.xtec.cat\/ceipsantjordi\/wp-json\/wp\/v2\/pages"}],"about":[{"href":"https:\/\/agora.xtec.cat\/ceipsantjordi\/wp-json\/wp\/v2\/types\/page"}],"author":[{"embeddable":true,"href":"https:\/\/agora.xtec.cat\/ceipsantjordi\/wp-json\/wp\/v2\/users\/1"}],"replies":[{"embeddable":true,"href":"https:\/\/agora.xtec.cat\/ceipsantjordi\/wp-json\/wp\/v2\/comments?post=22"}],"version-history":[{"count":5,"href":"https:\/\/agora.xtec.cat\/ceipsantjordi\/wp-json\/wp\/v2\/pages\/22\/revisions"}],"predecessor-version":[{"id":5656,"href":"https:\/\/agora.xtec.cat\/ceipsantjordi\/wp-json\/wp\/v2\/pages\/22\/revisions\/5656"}],"wp:attachment":[{"href":"https:\/\/agora.xtec.cat\/ceipsantjordi\/wp-json\/wp\/v2\/media?parent=22"}],"curies":[{"name":"wp","href":"https:\/\/api.w.org\/{rel}","templated":true}]}}