{"id":7094,"date":"2018-05-15T22:46:30","date_gmt":"2018-05-15T20:46:30","guid":{"rendered":"http:\/\/agora.xtec.cat\/ceipsantjordi-massanet\/?page_id=7094"},"modified":"2020-02-09T14:05:47","modified_gmt":"2020-02-09T13:05:47","slug":"projecte-interdisciplinari-2018","status":"publish","type":"page","link":"https:\/\/agora.xtec.cat\/ceipsantjordi-massanet\/projecte-interdisciplinari-2018\/","title":{"rendered":"Projecte Interdisciplinari"},"content":{"rendered":"<p><strong>Qu\u00e8 \u00e9s un projecte Interdisciplinari?<\/strong><\/p>\n<p><a href=\"https:\/\/agora.xtec.cat\/ceipsantjordi-massanet\/wp-content\/uploads\/usu391\/2019\/01\/pindsc.png\"><img loading=\"lazy\" decoding=\"async\" class=\" wp-image-9262 alignleft\" src=\"https:\/\/agora.xtec.cat\/ceipsantjordi-massanet\/wp-content\/uploads\/usu391\/2019\/01\/pindsc.png\" alt=\"\" width=\"165\" height=\"118\" srcset=\"https:\/\/agora.xtec.cat\/ceipsantjordi-massanet\/wp-content\/uploads\/usu391\/2019\/01\/pindsc.png 500w, https:\/\/agora.xtec.cat\/ceipsantjordi-massanet\/wp-content\/uploads\/usu391\/2019\/01\/pindsc-300x214.png 300w\" sizes=\"auto, (max-width: 165px) 100vw, 165px\" \/><\/a>\u00c9s un projecte que fan un grup de nens i nenes sobre un tema concret i que es treballa des de les diferents \u00e0rees: lleng\u00fces, medi, matem\u00e0tiques. Al projecte es plantegen qu\u00e8 en saben sobre el tema, qu\u00e8 en poden aprendre, qui els pot ajudar. Per fer tot aix\u00f2 els caldr\u00e0 treballar per equips, ser competents a l\u2019hora de gestionar els problemes que se&#8217;ls presentin, manar i deixar-se manar, participar, col\u00b7laborar. En resum, el projecte est\u00e0 pensat per aprendre i desenvolupar les compet\u00e8ncies en tots els \u00e0mbits.<\/p>\n<p>El nostre Projecte Interdisciplinari t\u00e9 com objectiu central que tots els nens i totes les nenes de l&#8217;escola coneguin b\u00e9 el seu entorn per tal que el respectin i en tinguin cura. El nom original del projecte \u00e9s &#8220;Deixem Petjada&#8221; i es va escollir per donar a entendre que com millor es pot incidir per millorar un poble \u00e9s coneixent-lo tan b\u00e9 com sigui possible!<\/p>\n<p><a href=\"https:\/\/sites.google.com\/santjordim.cat\/elmondelcirc\/inici\">PROJECTE 2020: EL M\u00d3N DEL CIRC (Clica per anar al Sites del projecte)<\/a><\/p>\n<p><a href=\"https:\/\/sites.google.com\/santjordim.cat\/cuines\/\">PROJECTE 2019: CUINEM? (Clica per anar al Sites del projecte<\/a><\/p>\n<p>Aquest curs el projecte ha estat al voltant de l&#8217;alimentaci\u00f3, els productes de proximitat, els al\u00b7l\u00e8rgens alimentaris i les intoler\u00e0ncies,&#8230;<\/p>\n<p>Hem ajuntat una part dels nostres treballs a un espai a part, el sites de cuinem. Hi podreu accedir clicant al cuiner.<\/p>\n<p>&nbsp;<\/p>\n<p>&nbsp;<\/p>\n<p><strong>\u00a0PROJECTE 2018: &#8220;Deixem petjada&#8221;<\/strong><\/p>\n<p><a href=\"https:\/\/agora.xtec.cat\/ceipsantjordi-massanet\/wp-content\/uploads\/usu391\/2019\/01\/peus.png\"><img loading=\"lazy\" decoding=\"async\" class=\" wp-image-9273 alignleft\" src=\"https:\/\/agora.xtec.cat\/ceipsantjordi-massanet\/wp-content\/uploads\/usu391\/2019\/01\/peus.png\" alt=\"\" width=\"85\" height=\"108\" \/><\/a>Des de fa quatre cursos seguim un torn rotatiu de continguts que giren sempre sobre el nostre poble per tal que tots els alumnes treballin tots els aspectes. Treballem els serveis, les entitats, els espais naturals, les ind\u00fastries, el comer\u00e7, les entitats esportives, els edificis hist\u00f2rics i tot all\u00f2 que defineix Ma\u00e7anet de la Selva. Treballem amb mapes, l\u00ednies del temps, fem moltes sortides, rebem moltes visites d&#8217;experts en cada tema i tamb\u00e9 fem aportacions al poble. Al projecte s&#8217;hi treballa intensivament durant una setmana i s&#8217;aplica a totes les \u00e0rees curriculars o mat\u00e8ries.<\/p>\n<p><strong><span id=\"Per_que_hem_triat_aquest_projecte\">Per qu\u00e8 hem triat aquest projecte?<\/span><\/strong><\/p>\n<p id=\"toc8\">El nostre projecte porta per nom \u201cDeixem Petjada\u201d i \u00e9s la continuaci\u00f3 del projecte del curs anterior. \u00c9s molt important que la mainada de qualsevol poble conegui prou b\u00e9 el teixit econ\u00f2mic agr\u00edcola, industrial i de serveis i les principals entitats del seu poble. \u00c9s un objectiu molt important que sapiguem quantes m\u00e9s coses millor sobre aquests dos temes, els treballem i els sentin com a nostres.<\/p>\n<p><strong><span id=\"Objectius_del_projecte\">Objectius del projecte:<\/span><\/strong><\/p>\n<ol>\n<li>Progressar en el coneixement del nostre poble.<\/li>\n<li>Treballar individualment i per equips sobre les activitats proposades, des de cada grup de treball o curs i tamb\u00e9 tota l\u2019escola conjuntament.<\/li>\n<li>Generar continguts v\u00e0lids i comprovats sobre els diversos \u00e0mbits d\u2019estudi.<\/li>\n<li>Formular algunes hip\u00f2tesi i verificar-les utilitzant les eines de les quals disposem.<\/li>\n<li>Viure experi\u00e8ncies en el nostre entorn que ens ajudin a con\u00e8ixer millor les seves caracter\u00edstiques i a incidir-hi, si\u00a0 s\u2019escau, per a millorar-lo.<\/li>\n<\/ol>\n<p><strong><span id=\"Com_ens_hem_organitzat\"><img loading=\"lazy\" decoding=\"async\" class=\" wp-image-9286 alignleft\" src=\"https:\/\/agora.xtec.cat\/ceipsantjordi-massanet\/wp-content\/uploads\/usu391\/2019\/01\/duda.gif\" alt=\"\" width=\"113\" height=\"144\" \/>Com ens organitzem?<\/span><\/strong><\/p>\n<p>Cada cicle parteix d\u2019un gui\u00f3 de treball bianual que repartim entre els dos cursos de manera que tots els nens hagin treballat tot el material al final del cicle. Aquest any \u00e9s el segon curs que s\u2019aplica i per tant tot el material que farem servir \u00e9s nou.<\/p>\n<p>&nbsp;<\/p>\n<p><strong><span id=\"Quina_valoracio_hem_fet_del_projecte\">Quina valoraci\u00f3 hem fet del projecte?<\/span><\/strong><\/p>\n<p>Com cada curs la valoraci\u00f3 \u00e9s molt positiva per\u00f2 sempre podem millorar aspectes. Anem traient i posant continguts en funci\u00f3 de l&#8217;evoluci\u00f3 del projecte i per descomptat dels canvis que es produeixen al poble.<\/p>\n","protected":false},"excerpt":{"rendered":"<p>Qu\u00e8 \u00e9s un projecte Interdisciplinari?<br \/>\n<a href=\"https:\/\/agora.xtec.cat\/ceipsantjordi-massanet\/wp-content\/uploads\/usu391\/2019\/01\/pindsc.png\"><\/a>\u00c9s un projecte que fan un grup de nens i nenes sobre un tema concret i que es treballa des de les diferents \u00e0rees: lleng\u00fces, medi, matem\u00e0tiques. Al projecte es plantegen qu\u00e8 en saben sobre el tema, qu\u00e8 en poden&hellip;  <a href=\"https:\/\/agora.xtec.cat\/ceipsantjordi-massanet\/projecte-interdisciplinari-2018\/\" title=\"Read Projecte Interdisciplinari\">Llegeix m\u00e9s\u00bb<\/a><\/p>\n","protected":false},"author":4,"featured_media":0,"parent":0,"menu_order":0,"comment_status":"closed","ping_status":"closed","template":"","meta":{"_bbp_topic_count":0,"_bbp_reply_count":0,"_bbp_total_topic_count":0,"_bbp_total_reply_count":0,"_bbp_voice_count":0,"_bbp_anonymous_reply_count":0,"_bbp_topic_count_hidden":0,"_bbp_reply_count_hidden":0,"_bbp_forum_subforum_count":0,"footnotes":""},"class_list":["post-7094","page","type-page","status-publish","hentry"],"post_mailing_queue_ids":[],"_links":{"self":[{"href":"https:\/\/agora.xtec.cat\/ceipsantjordi-massanet\/wp-json\/wp\/v2\/pages\/7094","targetHints":{"allow":["GET"]}}],"collection":[{"href":"https:\/\/agora.xtec.cat\/ceipsantjordi-massanet\/wp-json\/wp\/v2\/pages"}],"about":[{"href":"https:\/\/agora.xtec.cat\/ceipsantjordi-massanet\/wp-json\/wp\/v2\/types\/page"}],"author":[{"embeddable":true,"href":"https:\/\/agora.xtec.cat\/ceipsantjordi-massanet\/wp-json\/wp\/v2\/users\/4"}],"replies":[{"embeddable":true,"href":"https:\/\/agora.xtec.cat\/ceipsantjordi-massanet\/wp-json\/wp\/v2\/comments?post=7094"}],"version-history":[{"count":4,"href":"https:\/\/agora.xtec.cat\/ceipsantjordi-massanet\/wp-json\/wp\/v2\/pages\/7094\/revisions"}],"predecessor-version":[{"id":12091,"href":"https:\/\/agora.xtec.cat\/ceipsantjordi-massanet\/wp-json\/wp\/v2\/pages\/7094\/revisions\/12091"}],"wp:attachment":[{"href":"https:\/\/agora.xtec.cat\/ceipsantjordi-massanet\/wp-json\/wp\/v2\/media?parent=7094"}],"curies":[{"name":"wp","href":"https:\/\/api.w.org\/{rel}","templated":true}]}}