{"id":3507,"date":"2016-09-06T22:13:00","date_gmt":"2016-09-06T20:13:00","guid":{"rendered":"http:\/\/agora.xtec.cat\/ceipsantjordi-massanet\/?page_id=3507"},"modified":"2021-09-10T17:30:56","modified_gmt":"2021-09-10T15:30:56","slug":"trobada-de-corals","status":"publish","type":"page","link":"https:\/\/agora.xtec.cat\/ceipsantjordi-massanet\/projecte-educatiu\/projecte-musical\/trobada-de-corals\/","title":{"rendered":"Trobada de 4t"},"content":{"rendered":"<p><strong>TROBADA 2021-2022<\/strong><\/p>\n<p>(pendent de decidir el repertori)<\/p>\n<p><strong>TROBADA 2020-2021<\/strong><\/p>\n<p>Can\u00e7ons comunes<\/p>\n<table>\n<tbody>\n<tr>\n<td><iframe loading=\"lazy\" src=\"https:\/\/www.youtube.com\/embed\/v7uwou2ZG8U\" width=\"560\" height=\"315\" frameborder=\"0\"><\/iframe><\/td>\n<td><iframe loading=\"lazy\" src=\"https:\/\/www.youtube.com\/embed\/G2VHAUODq_U\" width=\"560\" height=\"315\" frameborder=\"0\"><\/iframe><\/td>\n<td><iframe loading=\"lazy\" src=\"https:\/\/www.youtube.com\/embed\/_Estth_ocrg\" width=\"560\" height=\"315\" frameborder=\"0\"><\/iframe><\/td>\n<\/tr>\n<\/tbody>\n<\/table>\n<p>Can\u00e7ons de la coral<\/p>\n<table>\n<tbody>\n<tr>\n<td><iframe loading=\"lazy\" src=\"https:\/\/www.youtube.com\/embed\/Amr3v9BnJpg\" width=\"640\" height=\"480\" frameborder=\"0\"><\/iframe><\/td>\n<td><iframe loading=\"lazy\" src=\"https:\/\/www.youtube.com\/embed\/XohR5SxuoVs\" width=\"640\" height=\"480\" frameborder=\"0\"><span data-mce-type=\"bookmark\" style=\"display: inline-block; width: 0px; overflow: hidden; line-height: 0;\" class=\"mce_SELRES_start\">\ufeff<\/span><\/iframe><\/td>\n<\/tr>\n<\/tbody>\n<\/table>\n<p>Disculpeu la qualitat dels v\u00eddeos, ha estat redu\u00efda per poder oferir una mostra de l&#8217;hist\u00f2ric de les trobades (la majoria s\u00f3n al lloc web del CRP de la Selva1).<\/p>\n<p><iframe loading=\"lazy\" title=\"XVIII Trobada Corals - CRP Selva1 - 20.04.21\" width=\"500\" height=\"281\" src=\"https:\/\/www.youtube.com\/embed\/h4td3RBFrAU?feature=oembed\" frameborder=\"0\" allow=\"accelerometer; autoplay; clipboard-write; encrypted-media; gyroscope; picture-in-picture; web-share\" referrerpolicy=\"strict-origin-when-cross-origin\" allowfullscreen><\/iframe><\/p>\n<p><img loading=\"lazy\" decoding=\"async\" class=\" alignleft\" src=\"https:\/\/www.amaina.com\/6848-large_default\/claqueta-de-cine-e-image-acrilica-negra-con-franjas-negras-y-blancas.jpg\" width=\"183\" height=\"183\" \/><\/p>\n<p><strong>TROBADA 2019<\/strong><\/p>\n<p>Aquest curs viatjarem al fant\u00e0stic m\u00f3n del cinema, ens posarem dins de les bandes sonores de les pel\u00b7l\u00edcules i farem una cantata d&#8217;all\u00f2\u00a0 m\u00e9s cinematogr\u00e0fica. Estem escollint dues can\u00e7ons que s&#8217;adaptin al nostre grup de coral&#8230;<\/p>\n<p>Per fer-ho tindrem m\u00fasica en directe i ser\u00e0 un espectacle de les escoles de la comarca on cada escola tindr\u00e0 el seu paper. Vinga, a treballar, silenci&#8230; c\u00e0mera i ACCI\u00d3!!!<\/p>\n<p>&nbsp;<\/p>\n<p><center><iframe loading=\"lazy\" src=\"https:\/\/www.youtube.com\/embed\/6L9AbTokvfo\" width=\"853\" height=\"480\" frameborder=\"0\"><span data-mce-type=\"bookmark\" style=\"display: inline-block; width: 0px; overflow: hidden; line-height: 0;\" class=\"mce_SELRES_start\">\ufeff<\/span><\/iframe><\/center><\/p>\n<hr \/>\n<p><strong><a href=\"https:\/\/agora.xtec.cat\/ceipsantjordi-massanet\/wp-content\/uploads\/usu391\/2019\/01\/children-traveling-by-train-around-the-world-vector-805441.jpg\"><img loading=\"lazy\" decoding=\"async\" class=\"wp-image-9080 alignleft\" src=\"https:\/\/agora.xtec.cat\/ceipsantjordi-massanet\/wp-content\/uploads\/usu391\/2019\/01\/children-traveling-by-train-around-the-world-vector-805441.jpg\" alt=\"\" width=\"170\" height=\"172\" srcset=\"https:\/\/agora.xtec.cat\/ceipsantjordi-massanet\/wp-content\/uploads\/usu391\/2019\/01\/children-traveling-by-train-around-the-world-vector-805441.jpg 949w, https:\/\/agora.xtec.cat\/ceipsantjordi-massanet\/wp-content\/uploads\/usu391\/2019\/01\/children-traveling-by-train-around-the-world-vector-805441-298x300.jpg 298w, https:\/\/agora.xtec.cat\/ceipsantjordi-massanet\/wp-content\/uploads\/usu391\/2019\/01\/children-traveling-by-train-around-the-world-vector-805441-768x772.jpg 768w\" sizes=\"auto, (max-width: 170px) 100vw, 170px\" \/><\/a><\/strong><\/p>\n<p><strong>TROBADA 2018<\/strong><\/p>\n<p>Aquest curs hem fet la volta al m\u00f3n passant per Let\u00f2nia &#8220;Nesaki ma neko&#8221; i per Nova Zelanda &#8220;Tutira mai&#8221;. La hist\u00f2ria era un viatge on una maleta misteriosa ens ha passejat per tot el planeta!<\/p>\n<p>&nbsp;<\/p>\n<hr \/>\n<p><center><iframe loading=\"lazy\" src=\"https:\/\/www.youtube.com\/embed\/-rdyfJN25W0\" width=\"853\" height=\"480\" frameborder=\"0\"><\/iframe><\/center><\/p>\n<hr \/>\n<p><strong><a href=\"https:\/\/agora.xtec.cat\/ceipsantjordi-massanet\/wp-content\/uploads\/usu391\/2019\/01\/CJkWMQhWIAAlg71.jpg\"><img loading=\"lazy\" decoding=\"async\" class=\"wp-image-9081 alignleft\" src=\"https:\/\/agora.xtec.cat\/ceipsantjordi-massanet\/wp-content\/uploads\/usu391\/2019\/01\/CJkWMQhWIAAlg71.jpg\" alt=\"\" width=\"112\" height=\"158\" srcset=\"https:\/\/agora.xtec.cat\/ceipsantjordi-massanet\/wp-content\/uploads\/usu391\/2019\/01\/CJkWMQhWIAAlg71.jpg 596w, https:\/\/agora.xtec.cat\/ceipsantjordi-massanet\/wp-content\/uploads\/usu391\/2019\/01\/CJkWMQhWIAAlg71-212x300.jpg 212w\" sizes=\"auto, (max-width: 112px) 100vw, 112px\" \/><\/a>TROBADA 2017<\/strong><\/p>\n<p style=\"text-align: left;\">Aquest curs a la trobada de corals hem cantat tres can\u00e7ons de la cantata &#8220;La Cl\u00e0udia Sol t\u00e9 un do&#8221; amb m\u00fasica d&#8217;Antoni Miralpeix i lletra de Miquel Desclot.<\/p>\n<p>&nbsp;<\/p>\n<p>&nbsp;<\/p>\n<hr \/>\n<table style=\"border-collapse: collapse; width: 100%;\" border=\"0\">\n<tbody>\n<tr>\n<td style=\"width: 50%;\"><center><iframe loading=\"lazy\" src=\"https:\/\/www.youtube.com\/embed\/Den5FPFDtAk?ecver=1\" width=\"560\" height=\"315\" frameborder=\"0\"><\/iframe><\/center><\/td>\n<td style=\"width: 50%;\"><center><iframe loading=\"lazy\" src=\"https:\/\/www.youtube.com\/embed\/c-YWR1Xy1Yw?ecver=1\" width=\"560\" height=\"315\" frameborder=\"0\"><span data-mce-type=\"bookmark\" style=\"display: inline-block; width: 0px; overflow: hidden; line-height: 0;\" class=\"mce_SELRES_start\">\ufeff<\/span><\/iframe><\/center><\/td>\n<\/tr>\n<\/tbody>\n<\/table>\n<p>&nbsp;<\/p>\n<hr \/>\n<p><strong><a href=\"https:\/\/agora.xtec.cat\/ceipsantjordi-massanet\/wp-content\/uploads\/usu391\/2019\/01\/speech110.jpg\"><img loading=\"lazy\" decoding=\"async\" class=\" wp-image-9082 alignleft\" src=\"https:\/\/agora.xtec.cat\/ceipsantjordi-massanet\/wp-content\/uploads\/usu391\/2019\/01\/speech110.jpg\" alt=\"\" width=\"221\" height=\"150\" srcset=\"https:\/\/agora.xtec.cat\/ceipsantjordi-massanet\/wp-content\/uploads\/usu391\/2019\/01\/speech110.jpg 588w, https:\/\/agora.xtec.cat\/ceipsantjordi-massanet\/wp-content\/uploads\/usu391\/2019\/01\/speech110-300x204.jpg 300w\" sizes=\"auto, (max-width: 221px) 100vw, 221px\" \/><\/a>TROBADA 2016<\/strong><\/p>\n<p>El curs 15-16 va comen\u00e7ar la participaci\u00f3 de l&#8217;escola en la Trobada de Corals de la Comarca de la Selva a Santa Coloma de Farners. L&#8217;actuaci\u00f3 dels nens i les nenes de quart va ser molt ben valorada per part de la organitzaci\u00f3 i aix\u00f2 ens anima a participar-hi aquest any amb els alumnes que fan quart. Aqu\u00ed hi teniu un resum de la seva actuaci\u00f3. Vam escollir una can\u00e7\u00f3 popular japonesa &#8220;Akai Hana&#8221;, i una can\u00e7\u00f3 popular finesa &#8220;Ja dan dui a&#8221;.<\/p>\n<hr \/>\n<p><center><iframe loading=\"lazy\" src=\"https:\/\/www.youtube.com\/embed\/0sEv9P4Ai5o?rel=0\" width=\"853\" height=\"480\" frameborder=\"0\"><\/iframe><\/center><\/p>\n","protected":false},"excerpt":{"rendered":"<p>TROBADA 2021-2022<br \/>\n(pendent de decidir el repertori)<br \/>\nTROBADA 2020-2021<br \/>\nCan\u00e7ons comunes<\/p>\n<p>Can\u00e7ons de la coral<\/p>\n<p>\ufeff<\/p>\n<p>Disculpeu la qualitat dels v\u00eddeos, ha estat redu\u00efda per poder oferir una mostra de l&#8217;hist\u00f2ric de les trobades (la majoria s\u00f3n al lloc web del CRP de la Selva1).<\/p>\n<p>TROBADA 2019<br \/>\nAquest curs viatjarem al fant\u00e0stic m\u00f3n&hellip;  <a href=\"https:\/\/agora.xtec.cat\/ceipsantjordi-massanet\/projecte-educatiu\/projecte-musical\/trobada-de-corals\/\" title=\"Read Trobada de 4t\">Llegeix m\u00e9s\u00bb<\/a><\/p>\n","protected":false},"author":4,"featured_media":0,"parent":3504,"menu_order":7,"comment_status":"closed","ping_status":"closed","template":"","meta":{"_bbp_topic_count":0,"_bbp_reply_count":0,"_bbp_total_topic_count":0,"_bbp_total_reply_count":0,"_bbp_voice_count":0,"_bbp_anonymous_reply_count":0,"_bbp_topic_count_hidden":0,"_bbp_reply_count_hidden":0,"_bbp_forum_subforum_count":0,"footnotes":""},"class_list":["post-3507","page","type-page","status-publish","hentry"],"post_mailing_queue_ids":[],"_links":{"self":[{"href":"https:\/\/agora.xtec.cat\/ceipsantjordi-massanet\/wp-json\/wp\/v2\/pages\/3507","targetHints":{"allow":["GET"]}}],"collection":[{"href":"https:\/\/agora.xtec.cat\/ceipsantjordi-massanet\/wp-json\/wp\/v2\/pages"}],"about":[{"href":"https:\/\/agora.xtec.cat\/ceipsantjordi-massanet\/wp-json\/wp\/v2\/types\/page"}],"author":[{"embeddable":true,"href":"https:\/\/agora.xtec.cat\/ceipsantjordi-massanet\/wp-json\/wp\/v2\/users\/4"}],"replies":[{"embeddable":true,"href":"https:\/\/agora.xtec.cat\/ceipsantjordi-massanet\/wp-json\/wp\/v2\/comments?post=3507"}],"version-history":[{"count":4,"href":"https:\/\/agora.xtec.cat\/ceipsantjordi-massanet\/wp-json\/wp\/v2\/pages\/3507\/revisions"}],"predecessor-version":[{"id":14932,"href":"https:\/\/agora.xtec.cat\/ceipsantjordi-massanet\/wp-json\/wp\/v2\/pages\/3507\/revisions\/14932"}],"up":[{"embeddable":true,"href":"https:\/\/agora.xtec.cat\/ceipsantjordi-massanet\/wp-json\/wp\/v2\/pages\/3504"}],"wp:attachment":[{"href":"https:\/\/agora.xtec.cat\/ceipsantjordi-massanet\/wp-json\/wp\/v2\/media?parent=3507"}],"curies":[{"name":"wp","href":"https:\/\/api.w.org\/{rel}","templated":true}]}}