{"id":3058,"date":"2016-05-23T12:48:34","date_gmt":"2016-05-23T10:48:34","guid":{"rendered":"http:\/\/agora.xtec.cat\/ceipsantjordi-massanet\/?page_id=3058"},"modified":"2016-05-27T15:05:30","modified_gmt":"2016-05-27T13:05:30","slug":"els-gegants","status":"publish","type":"page","link":"https:\/\/agora.xtec.cat\/ceipsantjordi-massanet\/projecte-interdisciplinari-2016\/inicial\/els-gegants\/","title":{"rendered":"ELS GEGANTS"},"content":{"rendered":"<p style=\"text-align: left;\"><strong>DILLUNS 23 DE MAIG DE 201<\/strong><strong>6\u00a0\u00a0\u00a0\u00a0\u00a0\u00a0\u00a0\u00a0<\/strong><\/p>\n<p style=\"text-align: left;\"><strong>\u00a0\u00a0\u00a0\u00a0\u00a0\u00a0\u00a0\u00a0\u00a0\u00a0\u00a0\u00a0\u00a0\u00a0 <\/strong><br \/>\nAqu<strong><a href=\"http:\/\/agora.xtec.cat\/ceipsantjordi-massanet\/wp-content\/uploads\/usu391\/2016\/05\/logogegants.png\"><img loading=\"lazy\" decoding=\"async\" class=\"  wp-image-3164 alignleft\" src=\"http:\/\/agora.xtec.cat\/ceipsantjordi-massanet\/wp-content\/uploads\/usu391\/2016\/05\/logogegants.png\" alt=\"logogegants\" width=\"145\" height=\"121\" srcset=\"https:\/\/agora.xtec.cat\/ceipsantjordi-massanet\/wp-content\/uploads\/usu391\/2016\/05\/logogegants.png 436w, https:\/\/agora.xtec.cat\/ceipsantjordi-massanet\/wp-content\/uploads\/usu391\/2016\/05\/logogegants-300x250.png 300w\" sizes=\"auto, (max-width: 145px) 100vw, 145px\" \/><\/a><\/strong>est mat\u00ed hem visitat els gegants de Ma\u00e7anet. En Mart\u00ed i la Judit ens han explicat la hist\u00f2ria dels gegants, de qu\u00e8 estan fets, com ho fan per traslladar-los amunt i avall, com vesteixen els de la colla gegantera i perqu\u00e8 van de color groc,verd i negre&#8230; Ens han ensenyat els instruments que utilitzen la colla gegantera i ens han fet una demostraci\u00f3 de com sonava la m\u00fasica que els acompanya.<br \/>\nTots hem pogut tocar els instruments i entrar a dins dels gegants.<br \/>\nJa coneixem en Piverd i la Roseta!<\/p>\n<p>&nbsp;<\/p>\n<div><iframe loading=\"lazy\" src=\"http:\/\/www.kizoa.com\/embed-45932198-8146990o1l1\" width=\"560\" height=\"420\" frameborder=\"0\" allowfullscreen=\"allowfullscreen\"><\/iframe><br \/>\n<a href=\"http:\/\/www.kizoa.es\/Editar-Videos-Movie-Maker\/d45932198k8146990o2l1\/gegants\"><b>GEGANTS<\/b><\/a> &#8211; <i><a href=\"http:\/\/www.kizoa.es\">Kizoa Editar Videos &#8211; Movie Maker<\/a><\/i><\/div>\n<div><\/div>\n<div><\/div>\n<p>https:\/\/youtu.be\/v2PH-M1xvvU<\/p>\n<p><a href=\"http:\/\/www.ourboox.com\/books\/contes-de-gegants\/\"><img loading=\"lazy\" decoding=\"async\" class=\"alignnone  wp-image-3274\" src=\"http:\/\/agora.xtec.cat\/ceipsantjordi-massanet\/wp-content\/uploads\/usu391\/2016\/05\/foto-portada-contes.png\" alt=\"foto portada contes\" width=\"462\" height=\"300\" srcset=\"https:\/\/agora.xtec.cat\/ceipsantjordi-massanet\/wp-content\/uploads\/usu391\/2016\/05\/foto-portada-contes.png 528w, https:\/\/agora.xtec.cat\/ceipsantjordi-massanet\/wp-content\/uploads\/usu391\/2016\/05\/foto-portada-contes-300x195.png 300w\" sizes=\"auto, (max-width: 462px) 100vw, 462px\" \/><\/a><\/p>\n","protected":false},"excerpt":{"rendered":"<p>DILLUNS 23 DE MAIG DE 2016\u00a0\u00a0\u00a0\u00a0\u00a0\u00a0\u00a0\u00a0<br \/>\n\u00a0\u00a0\u00a0\u00a0\u00a0\u00a0\u00a0\u00a0\u00a0\u00a0\u00a0\u00a0\u00a0\u00a0<br \/>\nAqu<a href=\"http:\/\/agora.xtec.cat\/ceipsantjordi-massanet\/wp-content\/uploads\/usu391\/2016\/05\/logogegants.png\"><\/a>est mat\u00ed hem visitat els gegants de Ma\u00e7anet. En Mart\u00ed i la Judit ens han explicat la hist\u00f2ria dels gegants, de qu\u00e8 estan fets, com ho fan per traslladar-los amunt i avall, com vesteixen els de la colla&hellip;  <a href=\"https:\/\/agora.xtec.cat\/ceipsantjordi-massanet\/projecte-interdisciplinari-2016\/inicial\/els-gegants\/\" title=\"Read ELS GEGANTS\">Llegeix m\u00e9s\u00bb<\/a><\/p>\n","protected":false},"author":4,"featured_media":0,"parent":2792,"menu_order":1,"comment_status":"closed","ping_status":"closed","template":"page-templates\/side-menu.php","meta":{"_bbp_topic_count":0,"_bbp_reply_count":0,"_bbp_total_topic_count":0,"_bbp_total_reply_count":0,"_bbp_voice_count":0,"_bbp_anonymous_reply_count":0,"_bbp_topic_count_hidden":0,"_bbp_reply_count_hidden":0,"_bbp_forum_subforum_count":0,"footnotes":""},"class_list":["post-3058","page","type-page","status-publish","hentry"],"post_mailing_queue_ids":[],"_links":{"self":[{"href":"https:\/\/agora.xtec.cat\/ceipsantjordi-massanet\/wp-json\/wp\/v2\/pages\/3058","targetHints":{"allow":["GET"]}}],"collection":[{"href":"https:\/\/agora.xtec.cat\/ceipsantjordi-massanet\/wp-json\/wp\/v2\/pages"}],"about":[{"href":"https:\/\/agora.xtec.cat\/ceipsantjordi-massanet\/wp-json\/wp\/v2\/types\/page"}],"author":[{"embeddable":true,"href":"https:\/\/agora.xtec.cat\/ceipsantjordi-massanet\/wp-json\/wp\/v2\/users\/4"}],"replies":[{"embeddable":true,"href":"https:\/\/agora.xtec.cat\/ceipsantjordi-massanet\/wp-json\/wp\/v2\/comments?post=3058"}],"version-history":[{"count":3,"href":"https:\/\/agora.xtec.cat\/ceipsantjordi-massanet\/wp-json\/wp\/v2\/pages\/3058\/revisions"}],"predecessor-version":[{"id":3275,"href":"https:\/\/agora.xtec.cat\/ceipsantjordi-massanet\/wp-json\/wp\/v2\/pages\/3058\/revisions\/3275"}],"up":[{"embeddable":true,"href":"https:\/\/agora.xtec.cat\/ceipsantjordi-massanet\/wp-json\/wp\/v2\/pages\/2792"}],"wp:attachment":[{"href":"https:\/\/agora.xtec.cat\/ceipsantjordi-massanet\/wp-json\/wp\/v2\/media?parent=3058"}],"curies":[{"name":"wp","href":"https:\/\/api.w.org\/{rel}","templated":true}]}}