{"id":2794,"date":"2016-05-04T22:13:46","date_gmt":"2016-05-04T20:13:46","guid":{"rendered":"http:\/\/agora.xtec.cat\/ceipsantjordi-massanet\/?page_id=2794"},"modified":"2016-05-28T08:46:35","modified_gmt":"2016-05-28T06:46:35","slug":"mitja","status":"publish","type":"page","link":"https:\/\/agora.xtec.cat\/ceipsantjordi-massanet\/projecte-interdisciplinari-2016\/mitja\/","title":{"rendered":"MITJ\u00c0"},"content":{"rendered":"<p><strong>Gimcana internivells<\/strong><\/p>\n<p>Avui hem estat bombers, mossos, brigada municipal, policia local, funcionaris de correus, agents forestals, encarregats de la recollida selectiva i sanit\u00e0ris&#8230; \u00e9s a dir, membres de diferents serveis p\u00fablics i hem fet una gimcana per aprendre molt\u00edssim de tots els serveis i de la ind\u00fastria present a Ma\u00e7anet&#8230; Avui s\u00ed que podrem explicar-li a la senyora Rica\u00a0 molt\u00edssima informaci\u00f3 de l&#8217;activitat econ\u00f2mica del nostre poble.<\/p>\n<p>&nbsp;<\/p>\n<table>\n<tbody>\n<tr>\n<td><iframe loading=\"lazy\" src=\"https:\/\/www.youtube.com\/embed\/ELDOdRUPLAc\" width=\"560\" height=\"315\" frameborder=\"0\" allowfullscreen=\"allowfullscreen\"><\/iframe><\/td>\n<td>\n<p style=\"text-align: center;\"><strong>GALERIES DE FOTOS<\/strong><\/p>\n<p><a href=\"http:\/\/agora.xtec.cat\/ceipsantjordi-massanet\/projecte-interdisciplinari-2016\/mitja\/galeria\/\"><img loading=\"lazy\" decoding=\"async\" class=\"alignnone  wp-image-2944\" src=\"http:\/\/agora.xtec.cat\/ceipsantjordi-massanet\/wp-content\/uploads\/usu391\/2016\/05\/Selecci\u00f3_001.png\" alt=\"Selecci\u00f3_001\" width=\"184\" height=\"233\" srcset=\"https:\/\/agora.xtec.cat\/ceipsantjordi-massanet\/wp-content\/uploads\/usu391\/2016\/05\/Selecci\u00f3_001.png 478w, https:\/\/agora.xtec.cat\/ceipsantjordi-massanet\/wp-content\/uploads\/usu391\/2016\/05\/Selecci\u00f3_001-236x300.png 236w\" sizes=\"auto, (max-width: 184px) 100vw, 184px\" \/><\/a><\/td>\n<\/tr>\n<\/tbody>\n<\/table>\n<p>Ja hem comen\u00e7at el projecte interdisciplinar. Hem vist en aquest v\u00eddeo com la senyora Rica ens demanava que l&#8217;ajudssim a fer un informe\u00a0sobre les empreses de Ma\u00e7anet i els serveis que disposa el poble. A partir d&#8217;aqu\u00ed ens hem planificat una setmana de treball a tope per aprendre el m\u00e0xim de coses per tal de poder fer un molt bon informe a veure si es decideix i aix\u00ed inverteix una bona picossada de milions al nostre poble!!!!<\/p>\n<p>Aquest \u00e9s el nostre pla de treball:<\/p>\n<p><iframe loading=\"lazy\" style=\"border: 0;\" src=\"https:\/\/calendar.google.com\/calendar\/embed?src=7mc4q4adlkbqnsj04hvv3jvn7g%40group.calendar.google.com&amp;ctz=Europe\/Madrid\" width=\"800\" height=\"600\" frameborder=\"0\" scrolling=\"no\"><\/iframe><\/p>\n<p><iframe loading=\"lazy\" style=\"border: 0;\" src=\"https:\/\/calendar.google.com\/calendar\/embed?src=a0ioqc02poste7keb4o6vi9bho%40group.calendar.google.com&amp;ctz=Europe\/Madrid\" width=\"800\" height=\"600\" frameborder=\"0\" scrolling=\"no\"><\/iframe><\/p>\n","protected":false},"excerpt":{"rendered":"<p>Gimcana internivells<br \/>\nAvui hem estat bombers, mossos, brigada municipal, policia local, funcionaris de correus, agents forestals, encarregats de la recollida selectiva i sanit\u00e0ris&#8230; \u00e9s a dir, membres de diferents serveis p\u00fablics i hem fet una gimcana per aprendre molt\u00edssim de tots els serveis i de la&hellip;  <a href=\"https:\/\/agora.xtec.cat\/ceipsantjordi-massanet\/projecte-interdisciplinari-2016\/mitja\/\" title=\"Read MITJ\u00c0\">Llegeix m\u00e9s\u00bb<\/a><\/p>\n","protected":false},"author":4,"featured_media":0,"parent":2788,"menu_order":0,"comment_status":"closed","ping_status":"closed","template":"page-templates\/side-menu.php","meta":{"_bbp_topic_count":0,"_bbp_reply_count":0,"_bbp_total_topic_count":0,"_bbp_total_reply_count":0,"_bbp_voice_count":0,"_bbp_anonymous_reply_count":0,"_bbp_topic_count_hidden":0,"_bbp_reply_count_hidden":0,"_bbp_forum_subforum_count":0,"footnotes":""},"class_list":["post-2794","page","type-page","status-publish","hentry"],"post_mailing_queue_ids":[],"_links":{"self":[{"href":"https:\/\/agora.xtec.cat\/ceipsantjordi-massanet\/wp-json\/wp\/v2\/pages\/2794","targetHints":{"allow":["GET"]}}],"collection":[{"href":"https:\/\/agora.xtec.cat\/ceipsantjordi-massanet\/wp-json\/wp\/v2\/pages"}],"about":[{"href":"https:\/\/agora.xtec.cat\/ceipsantjordi-massanet\/wp-json\/wp\/v2\/types\/page"}],"author":[{"embeddable":true,"href":"https:\/\/agora.xtec.cat\/ceipsantjordi-massanet\/wp-json\/wp\/v2\/users\/4"}],"replies":[{"embeddable":true,"href":"https:\/\/agora.xtec.cat\/ceipsantjordi-massanet\/wp-json\/wp\/v2\/comments?post=2794"}],"version-history":[{"count":5,"href":"https:\/\/agora.xtec.cat\/ceipsantjordi-massanet\/wp-json\/wp\/v2\/pages\/2794\/revisions"}],"predecessor-version":[{"id":3294,"href":"https:\/\/agora.xtec.cat\/ceipsantjordi-massanet\/wp-json\/wp\/v2\/pages\/2794\/revisions\/3294"}],"up":[{"embeddable":true,"href":"https:\/\/agora.xtec.cat\/ceipsantjordi-massanet\/wp-json\/wp\/v2\/pages\/2788"}],"wp:attachment":[{"href":"https:\/\/agora.xtec.cat\/ceipsantjordi-massanet\/wp-json\/wp\/v2\/media?parent=2794"}],"curies":[{"name":"wp","href":"https:\/\/api.w.org\/{rel}","templated":true}]}}