{"id":2788,"date":"2016-05-04T22:12:36","date_gmt":"2016-05-04T20:12:36","guid":{"rendered":"http:\/\/agora.xtec.cat\/ceipsantjordi-massanet\/?page_id=2788"},"modified":"2018-12-10T22:38:58","modified_gmt":"2018-12-10T21:38:58","slug":"projecte-interdisciplinari-2016","status":"publish","type":"page","link":"https:\/\/agora.xtec.cat\/ceipsantjordi-massanet\/projecte-interdisciplinari-2016\/","title":{"rendered":"PROJECTE INTERDISCIPLINARI 2016"},"content":{"rendered":"<h6><a href=\"http:\/\/santjordiprojecte.wikispaces.com\"><img loading=\"lazy\" decoding=\"async\" class=\" wp-image-2944 alignright\" src=\"http:\/\/agora.xtec.cat\/ceipsantjordi-massanet\/wp-content\/uploads\/usu391\/2016\/05\/Selecci\u00f3_001.png\" alt=\"Selecci\u00f3_001\" width=\"154\" height=\"196\" srcset=\"https:\/\/agora.xtec.cat\/ceipsantjordi-massanet\/wp-content\/uploads\/usu391\/2016\/05\/Selecci\u00f3_001.png 478w, https:\/\/agora.xtec.cat\/ceipsantjordi-massanet\/wp-content\/uploads\/usu391\/2016\/05\/Selecci\u00f3_001-236x300.png 236w\" sizes=\"auto, (max-width: 154px) 100vw, 154px\" \/><\/a><\/h6>\n<h6><strong>Qu\u00e8 \u00e9s un projecte Interdisciplinari?<\/strong><\/h6>\n<p>\u00c9s un projecte que fan un grup de nens i nenes sobre un tema concret i que es treballa des de les diferents \u00e0rees: lleng\u00fces, medi, matem\u00e0tiques. Si cliqueu al logotip podeu anar a la part del projecte que vam treballar el curs anterior. Al projecte es plantegen qu\u00e8 en saben sobre el tema, qu\u00e8 en poden aprendre, qui els pot ajudar. Per fer tot aix\u00f2 els caldr\u00e0 treballar per equips, ser competents a l&#8217;hora de gestionar els problemes que se&#8217;ls presentin, manar i deixar-se manar, participar, col\u00b7laborar. En resum, el projecte est\u00e0 pensat per aprendre i desenvolupar les nostres capacitats.<\/p>\n<p><iframe loading=\"lazy\" src=\"https:\/\/www.youtube.com\/embed\/ldvu04I_adM?rel=0\" width=\"560\" height=\"315\" frameborder=\"0\" allowfullscreen=\"allowfullscreen\"><\/iframe><\/p>\n<h6><strong>Per qu\u00e8 hem triat aquest projecte?<\/strong><\/h6>\n<p id=\"toc8\">El nostre projecte porta per nom &#8220;Deixem Petjada&#8221; i \u00e9s la continuaci\u00f3 del projecte del curs anterior. \u00c9s molt important que la mainada de qualsevol poble conegui prou b\u00e9 el teixit econ\u00f2mic agr\u00edcola, industrial i de serveis i les principals entitats del seu poble. \u00c9s un objectiu molt important que sapiguem quantes m\u00e9s coses millor sobre aquests dos temes, els treballem i els sentin com a nostres.<\/p>\n<h6><strong>\u00a0Objectius del projecte:<\/strong><\/h6>\n<ol>\n<li>Progressar en el coneixement del nostre poble.<\/li>\n<li>Treballar individualment i per equips sobre les activitats proposades, des de cada grup de treball o curs i tamb\u00e9 tota l&#8217;escola conjuntament.<\/li>\n<li>Generar continguts v\u00e0lids i comprovats sobre els diversos \u00e0mbits d&#8217;estudi.<\/li>\n<li>Formular algunes hip\u00f2tesi i verificar-les utilitzant les eines de les quals disposem.<\/li>\n<li>Viure experi\u00e8ncies en el nostre entorn que ens ajudin a con\u00e8ixer millor les seves caracter\u00edstiques i a incidir-hi, si\u00a0 s&#8217;escau, per a millorar-lo.<\/li>\n<\/ol>\n<h6><strong>Qu\u00e8 treballarem?<\/strong><\/h6>\n<p>Educaci\u00f3 Infantil<\/p>\n<p>&#8211; Instal\u00b7lacions\u00a0esportives<\/p>\n<p>Cicle Inicial<\/p>\n<p>&#8211; Entitats no esportives<\/p>\n<p>&#8211; Oficis<\/p>\n<p>Cicle Mitj\u00e0<\/p>\n<p>&#8211; Els serveis del poble<\/p>\n<p>&#8211; Els sectors de l&#8217;economia a Ma\u00e7anet<\/p>\n<p>Cicle Superior<\/p>\n<p>&#8211; La poblaci\u00f3 de Ma\u00e7anet<\/p>\n<h6><strong>\u00a0Com ens hem organitzat?<\/strong><\/h6>\n<p>Cada cicle parteix d&#8217;un gui\u00f3 de treball bianual que repartim entre els dos cursos de manera que tots els nens hagin treballat tot el material al final del cicle. Aquest any \u00e9s el segon curs que s&#8217;aplica i per tant tot el material que farem servir \u00e9s nou.<\/p>\n<h6><strong>Quina valoraci\u00f3 hem fet del projecte?<\/strong><\/h6>\n<p>&nbsp;<\/p>\n<h6><\/h6>\n<p>&nbsp;<\/p>\n<p>&nbsp;<\/p>\n<p>&nbsp;<\/p>\n","protected":false},"excerpt":{"rendered":"<p><a href=\"http:\/\/santjordiprojecte.wikispaces.com\"><\/a><br \/>\nQu\u00e8 \u00e9s un projecte Interdisciplinari?<br \/>\n\u00c9s un projecte que fan un grup de nens i nenes sobre un tema concret i que es treballa des de les diferents \u00e0rees: lleng\u00fces, medi, matem\u00e0tiques. Si cliqueu al logotip podeu anar a la part del projecte que vam&hellip;  <a href=\"https:\/\/agora.xtec.cat\/ceipsantjordi-massanet\/projecte-interdisciplinari-2016\/\" title=\"Read PROJECTE INTERDISCIPLINARI 2016\">Llegeix m\u00e9s\u00bb<\/a><\/p>\n","protected":false},"author":4,"featured_media":0,"parent":0,"menu_order":0,"comment_status":"closed","ping_status":"closed","template":"page-templates\/side-menu.php","meta":{"_bbp_topic_count":0,"_bbp_reply_count":0,"_bbp_total_topic_count":0,"_bbp_total_reply_count":0,"_bbp_voice_count":0,"_bbp_anonymous_reply_count":0,"_bbp_topic_count_hidden":0,"_bbp_reply_count_hidden":0,"_bbp_forum_subforum_count":0,"footnotes":""},"class_list":["post-2788","page","type-page","status-publish","hentry"],"post_mailing_queue_ids":[],"_links":{"self":[{"href":"https:\/\/agora.xtec.cat\/ceipsantjordi-massanet\/wp-json\/wp\/v2\/pages\/2788","targetHints":{"allow":["GET"]}}],"collection":[{"href":"https:\/\/agora.xtec.cat\/ceipsantjordi-massanet\/wp-json\/wp\/v2\/pages"}],"about":[{"href":"https:\/\/agora.xtec.cat\/ceipsantjordi-massanet\/wp-json\/wp\/v2\/types\/page"}],"author":[{"embeddable":true,"href":"https:\/\/agora.xtec.cat\/ceipsantjordi-massanet\/wp-json\/wp\/v2\/users\/4"}],"replies":[{"embeddable":true,"href":"https:\/\/agora.xtec.cat\/ceipsantjordi-massanet\/wp-json\/wp\/v2\/comments?post=2788"}],"version-history":[{"count":3,"href":"https:\/\/agora.xtec.cat\/ceipsantjordi-massanet\/wp-json\/wp\/v2\/pages\/2788\/revisions"}],"predecessor-version":[{"id":3354,"href":"https:\/\/agora.xtec.cat\/ceipsantjordi-massanet\/wp-json\/wp\/v2\/pages\/2788\/revisions\/3354"}],"wp:attachment":[{"href":"https:\/\/agora.xtec.cat\/ceipsantjordi-massanet\/wp-json\/wp\/v2\/media?parent=2788"}],"curies":[{"name":"wp","href":"https:\/\/api.w.org\/{rel}","templated":true}]}}