{"id":735,"date":"2018-09-27T19:03:41","date_gmt":"2018-09-27T17:03:41","guid":{"rendered":"http:\/\/agora.xtec.cat\/ceipsantjaume\/?page_id=735"},"modified":"2025-12-03T13:28:20","modified_gmt":"2025-12-03T12:28:20","slug":"mestres","status":"publish","type":"page","link":"https:\/\/agora.xtec.cat\/ceipsantjaume\/mestres\/","title":{"rendered":"Estructura organitzativa interna"},"content":{"rendered":"<p style=\"text-align: left;\"><strong>PERFIL PROFESSIONAL<\/strong><\/p>\n<table style=\"height: 94px; width: 275px;\">\n<tbody>\n<tr style=\"height: 30px;\">\n<td style=\"height: 30px; width: 269px;\">Directora: <a href=\"https:\/\/agora.xtec.cat\/ceipsantjaume\/wp-content\/uploads\/usu1815\/2020\/05\/Carme-Sancho.pdf\" target=\"_blank\" rel=\"noopener noreferrer\">M\u00aa Carme Sancho Fibla<\/a><\/td>\n<\/tr>\n<tr style=\"height: 32px;\">\n<td style=\"height: 32px; width: 269px;\">Cap d&#8217;estudis: <a href=\"https:\/\/agora.xtec.cat\/ceipsantjaume\/wp-content\/uploads\/usu1815\/2020\/05\/Clara-Esteve-1.pdf\" target=\"_blank\" rel=\"noopener noreferrer\">Clara Esteve Ser\u00f3<\/a><\/td>\n<\/tr>\n<tr style=\"height: 32px;\">\n<td style=\"height: 32px; width: 269px;\">Secretaria: <a href=\"https:\/\/agora.xtec.cat\/ceipsantjaume\/wp-content\/uploads\/usu1815\/2020\/05\/Rosa-Subirats.pdf\" target=\"_blank\" rel=\"noopener noreferrer\">M\u00aa Rosa Subirats Bertomeu<\/a><\/td>\n<\/tr>\n<\/tbody>\n<\/table>\n<p>&nbsp;<\/p>\n<table style=\"width: 41.1488%; height: 726px;\">\n<thead>\n<tr style=\"height: 33px;\">\n<th style=\"height: 198px;\" rowspan=\"6\"><span style=\"font-weight: 400;\">COMUNITAT PETITS<\/span><\/th>\n<th style=\"height: 33px;\"><span style=\"font-weight: 400;\">Teresa Miralles Farn\u00f3s<\/span><\/th>\n<th style=\"height: 33px;\"><span style=\"font-weight: 400;\">Tutora I3<\/span><\/th>\n<\/tr>\n<tr style=\"height: 33px;\">\n<th style=\"height: 33px;\"><span style=\"font-weight: 400;\">Alexa Sabat\u00e9 Ferr\u00e9<\/span><\/th>\n<th style=\"height: 33px;\"><span style=\"font-weight: 400;\">Tutora I4<\/span><\/th>\n<\/tr>\n<tr style=\"height: 33px;\">\n<th style=\"height: 33px;\"><span style=\"font-weight: 400;\">Estefania Matamoros Fabregat<\/span><\/th>\n<th style=\"height: 33px;\"><span style=\"font-weight: 400;\">Tutora I5<\/span><\/th>\n<\/tr>\n<tr style=\"height: 33px;\">\n<th style=\"height: 33px;\"><span style=\"font-weight: 400;\">Eva Arques Tomas\u00a0<\/span><\/th>\n<th style=\"height: 33px;\"><span style=\"font-weight: 400;\">Suport infantil<\/span><\/th>\n<\/tr>\n<tr style=\"height: 33px;\">\n<th style=\"height: 33px;\"><span style=\"font-weight: 400;\">Beatriz Saura Bertomeu<\/span><\/th>\n<th style=\"height: 33px;\"><span style=\"font-weight: 400;\">S. infantil &#8211; Coordinadora\u00a0<\/span><\/th>\n<\/tr>\n<tr style=\"height: 33px;\">\n<th style=\"height: 33px;\"><span style=\"font-weight: 400;\">Maribel Calvet Belmonte<\/span><\/th>\n<th style=\"height: 33px;\"><span style=\"font-weight: 400;\">TEI<\/span><\/th>\n<\/tr>\n<tr style=\"height: 33px;\">\n<th style=\"height: 198px;\" rowspan=\"6\"><span style=\"font-weight: 400;\">COMUNITAT MITJANS<\/span><\/th>\n<th style=\"height: 33px;\"><span style=\"font-weight: 400;\">Yolanda Fern\u00e1ndez Pio<\/span><\/th>\n<th style=\"height: 33px;\"><span style=\"font-weight: 400;\">Tutora 1r\u00a0<\/span><\/th>\n<\/tr>\n<tr style=\"height: 33px;\">\n<th style=\"height: 33px;\"><span style=\"font-weight: 400;\">Rosa Ana Casanova Valles<\/span><\/th>\n<th style=\"height: 33px;\"><span style=\"font-weight: 400;\">Tutora 1r<\/span><\/th>\n<\/tr>\n<tr style=\"height: 33px;\">\n<th style=\"height: 33px;\"><span style=\"font-weight: 400;\">M\u00aaIsabel Gonz\u00e1lez Montfort<\/span><\/th>\n<th style=\"height: 33px;\"><span style=\"font-weight: 400;\">Tutora 2n<\/span><\/th>\n<\/tr>\n<tr style=\"height: 33px;\">\n<th style=\"height: 33px;\"><span style=\"font-weight: 400;\">Cristina Fern\u00e1ndez G\u00f3mez<\/span><\/th>\n<th style=\"height: 33px;\"><span style=\"font-weight: 400;\">Tutora 3r<\/span><\/th>\n<\/tr>\n<tr style=\"height: 33px;\">\n<th style=\"height: 33px;\"><span style=\"font-weight: 400;\">Noelia Paga Franch<\/span><\/th>\n<th style=\"height: 33px;\"><span style=\"font-weight: 400;\">Ed. F\u00edsica<\/span><\/th>\n<\/tr>\n<tr style=\"height: 33px;\">\n<th style=\"height: 33px;\"><span style=\"font-weight: 400;\">Eva Roca Par\u00e9s<\/span><\/th>\n<th style=\"height: 33px;\"><span style=\"font-weight: 400;\">Angl\u00e8s<\/span><\/th>\n<\/tr>\n<tr style=\"height: 33px;\">\n<th style=\"height: 198px;\" rowspan=\"6\"><span style=\"font-weight: 400;\">COMUNITAT GRANS<\/span><\/th>\n<th style=\"height: 33px;\"><span style=\"font-weight: 400;\">Jose Luis Mora Martinez<\/span><\/th>\n<th style=\"height: 33px;\"><span style=\"font-weight: 400;\">Tutor 4t -Ed. F\u00edsica<\/span><\/th>\n<\/tr>\n<tr style=\"height: 33px;\">\n<th style=\"height: 33px;\"><span style=\"font-weight: 400;\">Carlos Serra Ventura\u00a0<\/span><\/th>\n<th style=\"height: 33px;\"><span style=\"font-weight: 400;\">Tutora\u00a0 5\u00e8 A<\/span><\/th>\n<\/tr>\n<tr style=\"height: 33px;\">\n<th style=\"height: 33px;\"><span style=\"font-weight: 400;\">J\u00e8ssica Fumad\u00f3 Casanova<\/span><\/th>\n<th style=\"height: 33px;\"><span style=\"font-weight: 400;\">Tutora\u00a0 5\u00e8 B\u00a0<\/span><\/th>\n<\/tr>\n<tr style=\"height: 33px;\">\n<th style=\"height: 33px;\"><span style=\"font-weight: 400;\">Gl\u00f2ria Sanchez Guillen<\/span><\/th>\n<th style=\"height: 33px;\"><span style=\"font-weight: 400;\">Tutora 6\u00e8 -Angl\u00e8s<\/span><\/th>\n<\/tr>\n<tr style=\"height: 33px;\">\n<th style=\"height: 33px;\"><span style=\"font-weight: 400;\">M. Rosa Subirats Bertomeu<\/span><\/th>\n<th style=\"height: 33px;\"><span style=\"font-weight: 400;\">Tutora 6\u00e8\u00a0<\/span><\/th>\n<\/tr>\n<tr style=\"height: 33px;\">\n<th style=\"height: 33px;\"><span style=\"font-weight: 400;\">T\u00e0nia Geira Aza<\/span><\/th>\n<th style=\"height: 33px;\"><span style=\"font-weight: 400;\">Religi\u00f3<\/span><\/th>\n<\/tr>\n<\/thead>\n<tbody>\n<tr style=\"height: 33px;\">\n<td style=\"height: 33px;\"><span style=\"font-weight: 400;\">M\u00fasica<\/span><\/td>\n<td style=\"height: 33px;\"><span style=\"font-weight: 400;\">Andreu Adell Segarra<\/span><\/td>\n<td style=\"height: 33px;\"><\/td>\n<\/tr>\n<tr style=\"height: 33px;\">\n<td style=\"height: 99px;\" rowspan=\"3\"><span style=\"font-weight: 400;\">Atenci\u00f3 a la diversitat<\/span><\/td>\n<td style=\"height: 33px;\"><span style=\"font-weight: 400;\">Cinta Bosch Miravelles<\/span><\/td>\n<td style=\"height: 33px;\"><span style=\"font-weight: 400;\">MESI<\/span><\/td>\n<\/tr>\n<tr style=\"height: 33px;\">\n<td style=\"height: 33px;\"><span style=\"font-weight: 400;\">Sarai Bertomeu Ortiz<\/span><\/td>\n<td style=\"height: 33px;\"><span style=\"font-weight: 400;\">SIEI<\/span><\/td>\n<\/tr>\n<tr style=\"height: 33px;\">\n<td style=\"height: 33px;\"><span style=\"font-weight: 400;\">M\u00f2nica Oca\u00f1a<\/span><\/td>\n<td style=\"height: 33px;\"><span style=\"font-weight: 400;\">Educadora<\/span><\/td>\n<\/tr>\n<\/tbody>\n<\/table>\n<p>&nbsp;<\/p>\n<table style=\"width: 77.2061%; height: 544px;\">\n<tbody>\n<tr style=\"height: 32px;\">\n<td style=\"height: 32px;\"><\/td>\n<td style=\"height: 32px;\" colspan=\"2\"><b>C\u00c0RRECS I COORDINACIONS<\/b><\/td>\n<\/tr>\n<tr style=\"height: 32px;\">\n<td style=\"height: 32px;\"><\/td>\n<td style=\"height: 32px;\"><span style=\"font-weight: 400;\">M. Carme Sancho Fibla<\/span><\/td>\n<td style=\"height: 32px;\"><span style=\"font-weight: 400;\">Directora<\/span><\/td>\n<\/tr>\n<tr style=\"height: 32px;\">\n<td style=\"height: 32px;\"><\/td>\n<td style=\"height: 32px;\"><span style=\"font-weight: 400;\">Clara Esteve Ser\u00f3<\/span><\/td>\n<td style=\"height: 32px;\"><span style=\"font-weight: 400;\">Cap d\u2019Estudis. Coordinadora coeducaci\u00f3<\/span><\/td>\n<\/tr>\n<tr style=\"height: 32px;\">\n<td style=\"height: 32px;\"><\/td>\n<td style=\"height: 32px;\"><span style=\"font-weight: 400;\">M. Rosa Subirats Bertomeu<\/span><\/td>\n<td style=\"height: 32px;\"><span style=\"font-weight: 400;\">Secret\u00e0ria<\/span><\/td>\n<\/tr>\n<tr style=\"height: 32px;\">\n<td style=\"height: 32px;\"><\/td>\n<td style=\"height: 32px;\"><span style=\"font-weight: 400;\">Beatriz Saura Bertomeu<\/span><\/td>\n<td style=\"height: 32px;\"><span style=\"font-weight: 400;\">Coordinadora Infantil<\/span><\/td>\n<\/tr>\n<tr style=\"height: 32px;\">\n<td style=\"height: 32px;\"><\/td>\n<td style=\"height: 32px;\"><span style=\"font-weight: 400;\">Yolanda Fern\u00e1ndez Pio\/ Carlos Serra Ventura\u00a0<\/span><\/td>\n<td style=\"height: 32px;\"><span style=\"font-weight: 400;\">Coordinadora prim\u00e0ria<\/span><\/td>\n<\/tr>\n<tr style=\"height: 32px;\">\n<td style=\"height: 32px;\"><\/td>\n<td style=\"height: 32px;\"><span style=\"font-weight: 400;\">J\u00e8ssica Fumad\u00f3 Casanova<\/span><\/td>\n<td style=\"height: 32px;\"><span style=\"font-weight: 400;\">Coordinadora Inform\u00e0tica<\/span><\/td>\n<\/tr>\n<tr style=\"height: 32px;\">\n<td style=\"height: 32px;\"><\/td>\n<td style=\"height: 32px;\"><span style=\"font-weight: 400;\">No\u00e8lia Pag\u00e0 Franch<\/span><\/td>\n<td style=\"height: 32px;\"><span style=\"font-weight: 400;\">Coordinador Riscos Laborals i Pla Catal\u00e0 de l\u2019Esport<\/span><\/td>\n<\/tr>\n<tr style=\"height: 32px;\">\n<td style=\"height: 32px;\"><\/td>\n<td style=\"height: 32px;\"><span style=\"font-weight: 400;\">Eva Roca Par\u00e9s<\/span><\/td>\n<td style=\"height: 32px;\"><span style=\"font-weight: 400;\">Coordinadora LIC<\/span><\/td>\n<\/tr>\n<tr style=\"height: 32px;\">\n<td style=\"height: 32px;\"><\/td>\n<td style=\"height: 32px;\"><span style=\"font-weight: 400;\">Beatriz Saura Bertomeu<\/span><\/td>\n<td style=\"height: 32px;\"><span style=\"font-weight: 400;\">Coordinadora biblioteca<\/span><\/td>\n<\/tr>\n<tr style=\"height: 32px;\">\n<td style=\"height: 32px;\"><\/td>\n<td style=\"height: 32px;\" colspan=\"2\"><b>PAS<\/b><\/td>\n<\/tr>\n<tr style=\"height: 32px;\">\n<td style=\"height: 32px;\"><\/td>\n<td style=\"height: 32px;\">\u00a0M\u00aa Angeles Sancho Salomo<\/td>\n<td style=\"height: 32px;\"><span style=\"font-weight: 400;\">Administrativa<\/span><\/td>\n<\/tr>\n<tr style=\"height: 32px;\">\n<td style=\"height: 32px;\"><\/td>\n<td style=\"height: 32px;\"><span style=\"font-weight: 400;\">Maribel Calvet\u00a0<\/span><\/td>\n<td style=\"height: 32px;\"><span style=\"font-weight: 400;\">T\u00e8cnic Educaci\u00f3 Infantil<\/span><\/td>\n<\/tr>\n<tr style=\"height: 32px;\">\n<td style=\"height: 32px;\"><\/td>\n<td style=\"height: 32px;\" colspan=\"2\"><b>Vetllador<\/b><\/td>\n<\/tr>\n<tr style=\"height: 32px;\">\n<td style=\"height: 32px;\"><\/td>\n<td style=\"height: 32px;\" colspan=\"2\"><span style=\"font-weight: 400;\">Maite Arasa Sanz<\/span><\/td>\n<\/tr>\n<tr style=\"height: 32px;\">\n<td style=\"height: 32px;\"><\/td>\n<td style=\"height: 32px;\" colspan=\"2\"><span style=\"font-weight: 400;\">Clara Mart\u00ed Ventura<\/span><\/td>\n<\/tr>\n<tr style=\"height: 32px;\">\n<td style=\"height: 32px;\"><\/td>\n<td style=\"height: 32px;\" colspan=\"2\">Karen <span style=\"font-weight: 400;\">Martinez Esquerre<\/span><\/td>\n<\/tr>\n<\/tbody>\n<\/table>\n<p>&nbsp;<\/p>\n<p>&nbsp;<\/p>\n","protected":false},"excerpt":{"rendered":"<p>PERFIL PROFESSIONAL Directora: M\u00aa Carme Sancho Fibla Cap d&#8217;estudis: Clara Esteve Ser\u00f3 Secretaria: M\u00aa Rosa Subirats Bertomeu &nbsp; COMUNITAT PETITS Teresa Miralles Farn\u00f3s Tutora I3 Alexa Sabat\u00e9 Ferr\u00e9 Tutora I4 Estefania Matamoros Fabregat Tutora I5 Eva Arques Tomas\u00a0 Suport infantil Beatriz Saura Bertomeu S. infantil &#8211; Coordinadora\u00a0 Maribel Calvet Belmonte TEI COMUNITAT MITJANS Yolanda Fern\u00e1ndez [&hellip;]<\/p>\n","protected":false},"author":1,"featured_media":0,"parent":0,"menu_order":0,"comment_status":"closed","ping_status":"closed","template":"","meta":{"_bbp_topic_count":0,"_bbp_reply_count":0,"_bbp_total_topic_count":0,"_bbp_total_reply_count":0,"_bbp_voice_count":0,"_bbp_anonymous_reply_count":0,"_bbp_topic_count_hidden":0,"_bbp_reply_count_hidden":0,"_bbp_forum_subforum_count":0,"site-sidebar-layout":"default","site-content-layout":"","ast-site-content-layout":"","site-content-style":"default","site-sidebar-style":"default","ast-global-header-display":"","ast-banner-title-visibility":"","ast-main-header-display":"","ast-hfb-above-header-display":"","ast-hfb-below-header-display":"","ast-hfb-mobile-header-display":"","site-post-title":"","ast-breadcrumbs-content":"","ast-featured-img":"","footer-sml-layout":"","theme-transparent-header-meta":"","adv-header-id-meta":"","stick-header-meta":"","header-above-stick-meta":"","header-main-stick-meta":"","header-below-stick-meta":"","astra-migrate-meta-layouts":"default","ast-page-background-enabled":"default","ast-page-background-meta":{"desktop":{"background-color":"var(--ast-global-color-4)","background-image":"","background-repeat":"repeat","background-position":"center center","background-size":"auto","background-attachment":"scroll","background-type":"","background-media":"","overlay-type":"","overlay-color":"","overlay-opacity":"","overlay-gradient":""},"tablet":{"background-color":"","background-image":"","background-repeat":"repeat","background-position":"center center","background-size":"auto","background-attachment":"scroll","background-type":"","background-media":"","overlay-type":"","overlay-color":"","overlay-opacity":"","overlay-gradient":""},"mobile":{"background-color":"","background-image":"","background-repeat":"repeat","background-position":"center center","background-size":"auto","background-attachment":"scroll","background-type":"","background-media":"","overlay-type":"","overlay-color":"","overlay-opacity":"","overlay-gradient":""}},"ast-content-background-meta":{"desktop":{"background-color":"var(--ast-global-color-5)","background-image":"","background-repeat":"repeat","background-position":"center center","background-size":"auto","background-attachment":"scroll","background-type":"","background-media":"","overlay-type":"","overlay-color":"","overlay-opacity":"","overlay-gradient":""},"tablet":{"background-color":"var(--ast-global-color-5)","background-image":"","background-repeat":"repeat","background-position":"center center","background-size":"auto","background-attachment":"scroll","background-type":"","background-media":"","overlay-type":"","overlay-color":"","overlay-opacity":"","overlay-gradient":""},"mobile":{"background-color":"var(--ast-global-color-5)","background-image":"","background-repeat":"repeat","background-position":"center center","background-size":"auto","background-attachment":"scroll","background-type":"","background-media":"","overlay-type":"","overlay-color":"","overlay-opacity":"","overlay-gradient":""}},"footnotes":""},"class_list":["post-735","page","type-page","status-publish","hentry"],"post_mailing_queue_ids":[],"_links":{"self":[{"href":"https:\/\/agora.xtec.cat\/ceipsantjaume\/wp-json\/wp\/v2\/pages\/735","targetHints":{"allow":["GET"]}}],"collection":[{"href":"https:\/\/agora.xtec.cat\/ceipsantjaume\/wp-json\/wp\/v2\/pages"}],"about":[{"href":"https:\/\/agora.xtec.cat\/ceipsantjaume\/wp-json\/wp\/v2\/types\/page"}],"author":[{"embeddable":true,"href":"https:\/\/agora.xtec.cat\/ceipsantjaume\/wp-json\/wp\/v2\/users\/1"}],"replies":[{"embeddable":true,"href":"https:\/\/agora.xtec.cat\/ceipsantjaume\/wp-json\/wp\/v2\/comments?post=735"}],"version-history":[{"count":6,"href":"https:\/\/agora.xtec.cat\/ceipsantjaume\/wp-json\/wp\/v2\/pages\/735\/revisions"}],"predecessor-version":[{"id":5194,"href":"https:\/\/agora.xtec.cat\/ceipsantjaume\/wp-json\/wp\/v2\/pages\/735\/revisions\/5194"}],"wp:attachment":[{"href":"https:\/\/agora.xtec.cat\/ceipsantjaume\/wp-json\/wp\/v2\/media?parent=735"}],"curies":[{"name":"wp","href":"https:\/\/api.w.org\/{rel}","templated":true}]}}