{"id":607,"date":"2022-08-23T12:50:21","date_gmt":"2022-08-23T10:50:21","guid":{"rendered":"http:\/\/agora.xtec.cat\/ceipsantacreudecalafell\/?page_id=607"},"modified":"2024-07-01T09:19:23","modified_gmt":"2024-07-01T07:19:23","slug":"ampa","status":"publish","type":"page","link":"https:\/\/agora.xtec.cat\/ceipsantacreudecalafell\/ampa\/","title":{"rendered":"AFA"},"content":{"rendered":"<p><a href=\"https:\/\/agora.xtec.cat\/ceipsantacreudecalafell\/wp-content\/uploads\/usu1567\/2021\/09\/AFA-SANTA-CREU.png\"><img loading=\"lazy\" decoding=\"async\" class=\"alignnone size-full wp-image-2683\" src=\"https:\/\/agora.xtec.cat\/ceipsantacreudecalafell\/wp-content\/uploads\/usu1567\/2021\/09\/AFA-SANTA-CREU.png\" alt=\"\" width=\"361\" height=\"100\" srcset=\"https:\/\/agora.xtec.cat\/ceipsantacreudecalafell\/wp-content\/uploads\/usu1567\/2021\/09\/AFA-SANTA-CREU.png 361w, https:\/\/agora.xtec.cat\/ceipsantacreudecalafell\/wp-content\/uploads\/usu1567\/2021\/09\/AFA-SANTA-CREU-300x83.png 300w\" sizes=\"auto, (max-width: 361px) 100vw, 361px\" \/><\/a><\/p>\n<p>Email: ampasantacreu@gmail.com<\/p>\n<p>Info: info@afasantacreu.cat<\/p>\n<p>Tel\u00e8fon: 722507273<\/p>\n<p>P\u00e0gina web AFA: <a href=\"https:\/\/afasantacreu.cat\/\">https:\/\/afasantacreu.cat\/<\/a><\/p>\n<p>Horari d&#8217;atenci\u00f3: De 16:30 h. a 18:00 h. de dilluns a divendres.<\/p>\n<p><a href=\"https:\/\/agora.xtec.cat\/ceipsantacreudecalafell\/wp-content\/uploads\/usu1567\/2022\/08\/condicions-extraescolars.jpeg\"><img loading=\"lazy\" decoding=\"async\" class=\"alignnone wp-image-3187\" src=\"https:\/\/agora.xtec.cat\/ceipsantacreudecalafell\/wp-content\/uploads\/usu1567\/2022\/08\/condicions-extraescolars.jpeg\" alt=\"\" width=\"600\" height=\"1426\" srcset=\"https:\/\/agora.xtec.cat\/ceipsantacreudecalafell\/wp-content\/uploads\/usu1567\/2022\/08\/condicions-extraescolars.jpeg 673w, https:\/\/agora.xtec.cat\/ceipsantacreudecalafell\/wp-content\/uploads\/usu1567\/2022\/08\/condicions-extraescolars-126x300.jpeg 126w, https:\/\/agora.xtec.cat\/ceipsantacreudecalafell\/wp-content\/uploads\/usu1567\/2022\/08\/condicions-extraescolars-431x1024.jpeg 431w, https:\/\/agora.xtec.cat\/ceipsantacreudecalafell\/wp-content\/uploads\/usu1567\/2022\/08\/condicions-extraescolars-646x1536.jpeg 646w\" sizes=\"auto, (max-width: 600px) 100vw, 600px\" \/><\/a><\/p>\n<p><strong>M\u00e9s avantatges per fer-te soci de l&#8217;AFA de l&#8217;escola&#8230;<\/strong><\/p>\n<p><a href=\"https:\/\/agora.xtec.cat\/ceipsantacreudecalafell\/wp-content\/uploads\/usu1567\/2022\/08\/batesinfantil.jpeg\"><img loading=\"lazy\" decoding=\"async\" class=\"alignnone wp-image-3188\" src=\"https:\/\/agora.xtec.cat\/ceipsantacreudecalafell\/wp-content\/uploads\/usu1567\/2022\/08\/batesinfantil.jpeg\" alt=\"\" width=\"599\" height=\"599\" srcset=\"https:\/\/agora.xtec.cat\/ceipsantacreudecalafell\/wp-content\/uploads\/usu1567\/2022\/08\/batesinfantil.jpeg 1080w, https:\/\/agora.xtec.cat\/ceipsantacreudecalafell\/wp-content\/uploads\/usu1567\/2022\/08\/batesinfantil-300x300.jpeg 300w, https:\/\/agora.xtec.cat\/ceipsantacreudecalafell\/wp-content\/uploads\/usu1567\/2022\/08\/batesinfantil-1024x1024.jpeg 1024w, https:\/\/agora.xtec.cat\/ceipsantacreudecalafell\/wp-content\/uploads\/usu1567\/2022\/08\/batesinfantil-150x150.jpeg 150w, https:\/\/agora.xtec.cat\/ceipsantacreudecalafell\/wp-content\/uploads\/usu1567\/2022\/08\/batesinfantil-768x768.jpeg 768w\" sizes=\"auto, (max-width: 599px) 100vw, 599px\" \/><\/a><\/p>\n<p><a href=\"https:\/\/agora.xtec.cat\/ceipsantacreudecalafell\/wp-content\/uploads\/usu1567\/2022\/08\/attachment-5233457-WhatsApp_Image_20220813_at_2.37.48_PM_1.jpg\"><img loading=\"lazy\" decoding=\"async\" class=\"alignnone wp-image-3192\" src=\"https:\/\/agora.xtec.cat\/ceipsantacreudecalafell\/wp-content\/uploads\/usu1567\/2022\/08\/attachment-5233457-WhatsApp_Image_20220813_at_2.37.48_PM_1.jpg\" alt=\"\" width=\"599\" height=\"502\" srcset=\"https:\/\/agora.xtec.cat\/ceipsantacreudecalafell\/wp-content\/uploads\/usu1567\/2022\/08\/attachment-5233457-WhatsApp_Image_20220813_at_2.37.48_PM_1.jpg 800w, https:\/\/agora.xtec.cat\/ceipsantacreudecalafell\/wp-content\/uploads\/usu1567\/2022\/08\/attachment-5233457-WhatsApp_Image_20220813_at_2.37.48_PM_1-300x250.jpg 300w, https:\/\/agora.xtec.cat\/ceipsantacreudecalafell\/wp-content\/uploads\/usu1567\/2022\/08\/attachment-5233457-WhatsApp_Image_20220813_at_2.37.48_PM_1-768x643.jpg 768w\" sizes=\"auto, (max-width: 599px) 100vw, 599px\" \/><\/a><\/p>\n<p>Aquest any com a novetat i COMPLETAMENT VOLUNTARI, teniu l&#8217;opci\u00f3 de:<\/p>\n<p><a href=\"https:\/\/agora.xtec.cat\/ceipsantacreudecalafell\/wp-content\/uploads\/usu1567\/2022\/08\/xandall.jpeg\"><img loading=\"lazy\" decoding=\"async\" class=\"alignnone wp-image-3191\" src=\"https:\/\/agora.xtec.cat\/ceipsantacreudecalafell\/wp-content\/uploads\/usu1567\/2022\/08\/xandall.jpeg\" alt=\"\" width=\"599\" height=\"847\" srcset=\"https:\/\/agora.xtec.cat\/ceipsantacreudecalafell\/wp-content\/uploads\/usu1567\/2022\/08\/xandall.jpeg 1131w, https:\/\/agora.xtec.cat\/ceipsantacreudecalafell\/wp-content\/uploads\/usu1567\/2022\/08\/xandall-212x300.jpeg 212w, https:\/\/agora.xtec.cat\/ceipsantacreudecalafell\/wp-content\/uploads\/usu1567\/2022\/08\/xandall-724x1024.jpeg 724w, https:\/\/agora.xtec.cat\/ceipsantacreudecalafell\/wp-content\/uploads\/usu1567\/2022\/08\/xandall-768x1086.jpeg 768w, https:\/\/agora.xtec.cat\/ceipsantacreudecalafell\/wp-content\/uploads\/usu1567\/2022\/08\/xandall-1086x1536.jpeg 1086w\" sizes=\"auto, (max-width: 599px) 100vw, 599px\" \/><\/a><\/p>\n<p><a href=\"https:\/\/agora.xtec.cat\/ceipsantacreudecalafell\/wp-content\/uploads\/usu1567\/2022\/08\/xandallspreus.jpeg\"><img loading=\"lazy\" decoding=\"async\" class=\"alignnone wp-image-3189\" src=\"https:\/\/agora.xtec.cat\/ceipsantacreudecalafell\/wp-content\/uploads\/usu1567\/2022\/08\/xandallspreus.jpeg\" alt=\"\" width=\"600\" height=\"849\" srcset=\"https:\/\/agora.xtec.cat\/ceipsantacreudecalafell\/wp-content\/uploads\/usu1567\/2022\/08\/xandallspreus.jpeg 1131w, https:\/\/agora.xtec.cat\/ceipsantacreudecalafell\/wp-content\/uploads\/usu1567\/2022\/08\/xandallspreus-212x300.jpeg 212w, https:\/\/agora.xtec.cat\/ceipsantacreudecalafell\/wp-content\/uploads\/usu1567\/2022\/08\/xandallspreus-724x1024.jpeg 724w, https:\/\/agora.xtec.cat\/ceipsantacreudecalafell\/wp-content\/uploads\/usu1567\/2022\/08\/xandallspreus-768x1086.jpeg 768w, https:\/\/agora.xtec.cat\/ceipsantacreudecalafell\/wp-content\/uploads\/usu1567\/2022\/08\/xandallspreus-1086x1536.jpeg 1086w\" sizes=\"auto, (max-width: 600px) 100vw, 600px\" \/><\/a><\/p>\n<p><a href=\"https:\/\/agora.xtec.cat\/ceipsantacreudecalafell\/wp-content\/uploads\/usu1567\/2022\/08\/mides-xandall.jpeg\"><img loading=\"lazy\" decoding=\"async\" class=\"alignnone wp-image-3190\" src=\"https:\/\/agora.xtec.cat\/ceipsantacreudecalafell\/wp-content\/uploads\/usu1567\/2022\/08\/mides-xandall.jpeg\" alt=\"\" width=\"600\" height=\"849\" srcset=\"https:\/\/agora.xtec.cat\/ceipsantacreudecalafell\/wp-content\/uploads\/usu1567\/2022\/08\/mides-xandall.jpeg 1131w, https:\/\/agora.xtec.cat\/ceipsantacreudecalafell\/wp-content\/uploads\/usu1567\/2022\/08\/mides-xandall-212x300.jpeg 212w, https:\/\/agora.xtec.cat\/ceipsantacreudecalafell\/wp-content\/uploads\/usu1567\/2022\/08\/mides-xandall-724x1024.jpeg 724w, https:\/\/agora.xtec.cat\/ceipsantacreudecalafell\/wp-content\/uploads\/usu1567\/2022\/08\/mides-xandall-768x1086.jpeg 768w, https:\/\/agora.xtec.cat\/ceipsantacreudecalafell\/wp-content\/uploads\/usu1567\/2022\/08\/mides-xandall-1086x1536.jpeg 1086w\" sizes=\"auto, (max-width: 600px) 100vw, 600px\" \/><\/a><\/p>\n<p>Cliqueu <a href=\"https:\/\/afasantacreu.cat\/\">aqu\u00ed<\/a> per veure la p\u00e0gina web de l&#8217;AFA i veure les diferents activitats extraescolars.<\/p>\n<div class=\"ast-oembed-container \" style=\"height: 100%;\"><iframe loading=\"lazy\" title=\"EXTRAESCOLARS 2021-2022\" width=\"500\" height=\"375\" src=\"https:\/\/www.youtube.com\/embed\/4KqXlbezaC4?feature=oembed\" frameborder=\"0\" allow=\"accelerometer; autoplay; clipboard-write; encrypted-media; gyroscope; picture-in-picture; web-share\" referrerpolicy=\"strict-origin-when-cross-origin\" allowfullscreen><\/iframe><\/div>\n<p>Si voleu consultar el <strong>Pla d&#8217;obertura de l&#8217;AFA per les activitats extraescolars<\/strong>: <a href=\"https:\/\/agora.xtec.cat\/ceipsantacreudecalafell\/wp-content\/uploads\/usu1567\/2021\/10\/Pla-obertura-AFA-Santa-Creu-2021_2022.pdf\">Pla obertura AFA Santa Creu 2021_2022<\/a><\/p>\n<ul>\n<li><a href=\"http:\/\/www.facebook.com\/ampasantacreu\">Facebook<\/a><\/li>\n<\/ul>\n","protected":false},"excerpt":{"rendered":"<p>Email: ampasantacreu@gmail.com Info: info@afasantacreu.cat Tel\u00e8fon: 722507273 P\u00e0gina web AFA: https:\/\/afasantacreu.cat\/ Horari d&#8217;atenci\u00f3: De 16:30 h. a 18:00 h. de dilluns a divendres. M\u00e9s avantatges per fer-te soci de l&#8217;AFA de l&#8217;escola&#8230; Aquest any com a novetat i COMPLETAMENT VOLUNTARI, teniu l&#8217;opci\u00f3 de: Cliqueu aqu\u00ed per veure la p\u00e0gina web de l&#8217;AFA i veure les diferents [&hellip;]<\/p>\n","protected":false},"author":1,"featured_media":0,"parent":0,"menu_order":0,"comment_status":"closed","ping_status":"closed","template":"page-templates\/side-menu.php","meta":{"_bbp_topic_count":0,"_bbp_reply_count":0,"_bbp_total_topic_count":0,"_bbp_total_reply_count":0,"_bbp_voice_count":0,"_bbp_anonymous_reply_count":0,"_bbp_topic_count_hidden":0,"_bbp_reply_count_hidden":0,"_bbp_forum_subforum_count":0,"site-sidebar-layout":"default","site-content-layout":"","ast-site-content-layout":"","site-content-style":"default","site-sidebar-style":"default","ast-global-header-display":"","ast-banner-title-visibility":"","ast-main-header-display":"","ast-hfb-above-header-display":"","ast-hfb-below-header-display":"","ast-hfb-mobile-header-display":"","site-post-title":"","ast-breadcrumbs-content":"","ast-featured-img":"","footer-sml-layout":"","theme-transparent-header-meta":"","adv-header-id-meta":"","stick-header-meta":"","header-above-stick-meta":"","header-main-stick-meta":"","header-below-stick-meta":"","astra-migrate-meta-layouts":"default","ast-page-background-enabled":"default","ast-page-background-meta":{"desktop":{"background-color":"var(--ast-global-color-4)","background-image":"","background-repeat":"repeat","background-position":"center center","background-size":"auto","background-attachment":"scroll","background-type":"","background-media":"","overlay-type":"","overlay-color":"","overlay-opacity":"","overlay-gradient":""},"tablet":{"background-color":"","background-image":"","background-repeat":"repeat","background-position":"center center","background-size":"auto","background-attachment":"scroll","background-type":"","background-media":"","overlay-type":"","overlay-color":"","overlay-opacity":"","overlay-gradient":""},"mobile":{"background-color":"","background-image":"","background-repeat":"repeat","background-position":"center center","background-size":"auto","background-attachment":"scroll","background-type":"","background-media":"","overlay-type":"","overlay-color":"","overlay-opacity":"","overlay-gradient":""}},"ast-content-background-meta":{"desktop":{"background-color":"var(--ast-global-color-5)","background-image":"","background-repeat":"repeat","background-position":"center center","background-size":"auto","background-attachment":"scroll","background-type":"","background-media":"","overlay-type":"","overlay-color":"","overlay-opacity":"","overlay-gradient":""},"tablet":{"background-color":"var(--ast-global-color-5)","background-image":"","background-repeat":"repeat","background-position":"center center","background-size":"auto","background-attachment":"scroll","background-type":"","background-media":"","overlay-type":"","overlay-color":"","overlay-opacity":"","overlay-gradient":""},"mobile":{"background-color":"var(--ast-global-color-5)","background-image":"","background-repeat":"repeat","background-position":"center center","background-size":"auto","background-attachment":"scroll","background-type":"","background-media":"","overlay-type":"","overlay-color":"","overlay-opacity":"","overlay-gradient":""}},"footnotes":""},"class_list":["post-607","page","type-page","status-publish","hentry"],"post_mailing_queue_ids":[],"_links":{"self":[{"href":"https:\/\/agora.xtec.cat\/ceipsantacreudecalafell\/wp-json\/wp\/v2\/pages\/607","targetHints":{"allow":["GET"]}}],"collection":[{"href":"https:\/\/agora.xtec.cat\/ceipsantacreudecalafell\/wp-json\/wp\/v2\/pages"}],"about":[{"href":"https:\/\/agora.xtec.cat\/ceipsantacreudecalafell\/wp-json\/wp\/v2\/types\/page"}],"author":[{"embeddable":true,"href":"https:\/\/agora.xtec.cat\/ceipsantacreudecalafell\/wp-json\/wp\/v2\/users\/1"}],"replies":[{"embeddable":true,"href":"https:\/\/agora.xtec.cat\/ceipsantacreudecalafell\/wp-json\/wp\/v2\/comments?post=607"}],"version-history":[{"count":5,"href":"https:\/\/agora.xtec.cat\/ceipsantacreudecalafell\/wp-json\/wp\/v2\/pages\/607\/revisions"}],"predecessor-version":[{"id":4116,"href":"https:\/\/agora.xtec.cat\/ceipsantacreudecalafell\/wp-json\/wp\/v2\/pages\/607\/revisions\/4116"}],"wp:attachment":[{"href":"https:\/\/agora.xtec.cat\/ceipsantacreudecalafell\/wp-json\/wp\/v2\/media?parent=607"}],"curies":[{"name":"wp","href":"https:\/\/api.w.org\/{rel}","templated":true}]}}