{"id":482,"date":"2025-09-14T08:20:10","date_gmt":"2025-09-14T06:20:10","guid":{"rendered":"http:\/\/agora.xtec.cat\/ceipsantacreudecalafell\/?page_id=482"},"modified":"2026-04-23T16:05:38","modified_gmt":"2026-04-23T14:05:38","slug":"equip-docent","status":"publish","type":"page","link":"https:\/\/agora.xtec.cat\/ceipsantacreudecalafell\/personal\/equip-docent\/","title":{"rendered":"Equip docent"},"content":{"rendered":"<p style=\"text-align: left;\"><strong>\u00a0<\/strong><\/p>\n<table style=\"height: 119px; background-color: #8ecae6; width: 571px;\" width=\"669\">\n<caption><strong>EQUIP DIRECTIU<\/strong><\/caption>\n<tbody>\n<tr>\n<td style=\"width: 243px;\"><strong>Direcci\u00f3<\/strong><\/td>\n<td style=\"width: 320px;\">Myriam Abenia<\/td>\n<\/tr>\n<tr>\n<td style=\"width: 243px;\"><strong>Cap d&#8217;estudis<\/strong><\/td>\n<td style=\"width: 320px;\">Bego\u00f1a Gald\u00f3n<\/td>\n<\/tr>\n<tr>\n<td style=\"width: 243px;\"><b>Secretari<\/b><\/td>\n<td style=\"width: 320px;\">V\u00edctor Paz<\/td>\n<\/tr>\n<\/tbody>\n<\/table>\n<p><strong>\u00a0<\/strong><\/p>\n<table style=\"height: 252px; background-color: #8ecae6; width: 565px;\">\n<caption><strong>COORDINADORS\/ES<\/strong><\/caption>\n<tbody>\n<tr>\n<td style=\"width: 247px;\"><strong>Educaci\u00f3 Infantil<\/strong><\/td>\n<td style=\"width: 310px;\">Noe Tello<\/td>\n<\/tr>\n<tr>\n<td style=\"width: 247px;\"><strong>Cicle Inicial<\/strong><\/td>\n<td style=\"width: 310px;\">Judit Su\u00e1rez<\/td>\n<\/tr>\n<tr>\n<td style=\"width: 247px;\"><strong>Cicle Mitj\u00e0<\/strong><\/td>\n<td style=\"width: 310px;\">Miquel Oms<\/td>\n<\/tr>\n<tr>\n<td style=\"width: 247px;\"><strong>Cicle Superior<\/strong><\/td>\n<td style=\"width: 310px;\">Judith Riambau<\/td>\n<\/tr>\n<tr>\n<td style=\"width: 247px;\"><strong>Digital<\/strong><\/td>\n<td style=\"width: 310px;\">Blanca Prinzivalli<\/td>\n<\/tr>\n<tr>\n<td style=\"width: 247px;\"><strong>Riscos Laborals<\/strong><\/td>\n<td style=\"width: 310px;\">Jorge S.<\/td>\n<\/tr>\n<tr>\n<td style=\"width: 247px;\"><strong>LIC<\/strong><\/td>\n<td style=\"width: 310px;\">Anna Castellv\u00ed<\/td>\n<\/tr>\n<tr>\n<td style=\"width: 247px;\"><strong>Coeducaci\u00f3 i Benestar emocional de l&#8217;alumnat<\/strong><\/td>\n<td style=\"width: 310px;\">Carmen Urbano<\/td>\n<\/tr>\n<\/tbody>\n<\/table>\n<p>&nbsp;<\/p>\n<table style=\"height: 322px; background-color: #8ecae6; width: 75.3348%;\">\n<caption><strong>TUTORIES<\/strong><\/caption>\n<tbody>\n<tr style=\"height: 31px;\">\n<td style=\"width: 40px; height: 31px;\"><\/td>\n<td style=\"width: 146px; text-align: center; height: 31px;\"><strong>Grup A<\/strong><\/td>\n<td style=\"width: 143px; text-align: center; height: 31px;\"><strong>Grup B<\/strong><\/td>\n<td style=\"width: 138px; text-align: center; height: 31px;\"><strong>Grup C<\/strong><\/td>\n<td style=\"width: 135px; text-align: center; height: 31px;\"><strong>Grup D<\/strong><\/td>\n<\/tr>\n<tr style=\"height: 31px;\">\n<td style=\"width: 40px; height: 31px;\"><strong>I3<\/strong><\/td>\n<td style=\"width: 146px; height: 31px; text-align: center;\">Noe Tello<\/td>\n<td style=\"width: 143px; height: 31px; text-align: center;\">Amira Sabbagh<\/td>\n<td style=\"text-align: center; width: 138px; height: 31px;\">Andrea G\u00f2mez<\/td>\n<td style=\"width: 135px; text-align: center; height: 31px;\">&#8212;<\/td>\n<\/tr>\n<tr style=\"height: 31px;\">\n<td style=\"width: 40px; height: 31px;\"><strong>I4<\/strong><\/td>\n<td style=\"width: 146px; height: 31px; text-align: center;\">Ana Baena<\/td>\n<td style=\"width: 143px; height: 31px; text-align: center;\">Berta Valls \/ Laia Rafecas<\/td>\n<td style=\"text-align: center; width: 138px; height: 31px;\">Teresa Aragon<\/td>\n<td style=\"width: 135px; text-align: center; height: 31px;\">&#8212;<\/td>\n<\/tr>\n<tr style=\"height: 31px;\">\n<td style=\"width: 40px; height: 31px;\"><strong>I5<\/strong><\/td>\n<td style=\"width: 146px; height: 31px; text-align: center;\">Carla Plana<\/td>\n<td style=\"width: 143px; height: 31px; text-align: center;\">Neus Montan\u00e9<\/td>\n<td style=\"text-align: center; width: 138px; height: 31px;\">N\u00faria Pi\u00f1ol<\/td>\n<td style=\"width: 135px; text-align: center; height: 31px;\">&#8212;<\/td>\n<\/tr>\n<tr style=\"height: 46px;\">\n<td style=\"width: 40px; height: 28px;\"><strong>1r<\/strong><\/td>\n<td style=\"width: 146px; height: 28px; text-align: center;\">Irene Rego<\/td>\n<td style=\"width: 143px; height: 28px; text-align: center;\">Carmen Urbano<\/td>\n<td style=\"width: 138px; text-align: center; height: 28px;\">Laura Peral<\/td>\n<td style=\"width: 135px; text-align: center; height: 28px;\">&#8212;<\/td>\n<\/tr>\n<tr style=\"height: 46px;\">\n<td style=\"width: 40px; height: 46px;\"><strong>2n<\/strong><\/td>\n<td style=\"width: 146px; height: 46px; text-align: center;\">Esther Puerto<\/td>\n<td style=\"width: 143px; height: 46px; text-align: center;\">Pilar Forni\u00e9s<\/td>\n<td style=\"width: 138px; height: 46px; text-align: center;\">Ares M\u00e1s<\/td>\n<td style=\"width: 135px; text-align: center; height: 46px;\">&#8212;<\/td>\n<\/tr>\n<tr style=\"height: 31px;\">\n<td style=\"width: 40px; height: 31px;\"><strong>3r<\/strong><\/td>\n<td style=\"width: 146px; height: 31px; text-align: center;\">Joan Tobaruela<\/td>\n<td style=\"width: 143px; height: 31px; text-align: center;\">Sandra Arce \/ \u00c0lex Ruiz<\/td>\n<td style=\"width: 138px; height: 31px; text-align: center;\">&#8212;<\/td>\n<td style=\"width: 135px; text-align: center; height: 31px;\">&#8212;<\/td>\n<\/tr>\n<tr style=\"height: 31px;\">\n<td style=\"width: 40px; height: 31px;\"><strong>4t<\/strong><\/td>\n<td style=\"width: 146px; height: 31px; text-align: center;\">Marta Garriga \/ Sonsoles Dom\u00ednguez<\/td>\n<td style=\"width: 143px; height: 31px; text-align: center;\">N\u00faria Ferr\u00e9<\/td>\n<td style=\"width: 138px; height: 31px; text-align: center;\">Blanca P. \/ Andrea Archidona<\/td>\n<td style=\"width: 135px; text-align: center; height: 31px;\">Elisabet Angu\u00eds<\/td>\n<\/tr>\n<tr style=\"height: 31px;\">\n<td style=\"width: 40px; height: 31px;\"><strong>5\u00e8<\/strong><\/td>\n<td style=\"width: 146px; height: 31px; text-align: center;\">Judith Riambau<\/td>\n<td style=\"width: 143px; height: 31px; text-align: center;\">Alba Su\u00e1rez<\/td>\n<td style=\"width: 138px; height: 31px; text-align: center;\">Edu Sosa<\/td>\n<td style=\"width: 135px; text-align: center; height: 31px;\">&#8212;<\/td>\n<\/tr>\n<tr style=\"height: 31px;\">\n<td style=\"width: 40px; height: 31px;\"><strong>6\u00e8<\/strong><\/td>\n<td style=\"width: 146px; height: 31px; text-align: center;\">M\u00aa Jos\u00e9 Llebaria<\/td>\n<td style=\"width: 143px; height: 31px; text-align: center;\">Laia Gonz\u00e1lez \/ Juanvi Ciudad<\/td>\n<td style=\"width: 138px; height: 31px; text-align: center;\">Anabel Ses\u00e9<\/td>\n<td style=\"width: 135px; text-align: center; height: 31px;\">&#8212;<\/td>\n<\/tr>\n<\/tbody>\n<\/table>\n<p><strong>\u00a0<\/strong><\/p>\n<table style=\"height: 307px; background-color: #8ecae6; width: 59.3139%;\">\n<caption><strong>MESTRES ESPECIALISTES<\/strong><\/caption>\n<tbody>\n<tr style=\"height: 31px;\">\n<td style=\"width: 38.7725%; height: 31px;\"><strong>Refor\u00e7 Educaci\u00f3 Infantil<\/strong><\/td>\n<td style=\"width: 46.7271%; height: 31px;\">Alicia Galv\u00e1n<\/td>\n<\/tr>\n<tr style=\"height: 33px;\">\n<td style=\"width: 38.7725%; height: 33px;\"><strong>Refor\u00e7 Educaci\u00f3 Prim\u00e0ria<\/strong><\/td>\n<td style=\"width: 46.7271%; height: 33px;\">Elisabet Vaquer, Jennifer\u00a0 Esquibel<\/td>\n<\/tr>\n<tr style=\"height: 135px;\">\n<td style=\"width: 38.7725%; height: 10px;\"><strong>Educaci\u00f3 Especial<\/strong><\/td>\n<td style=\"width: 46.7271%; height: 10px;\">1- Anna Castellv\u00ed<\/p>\n<p>2-\u00a0 S\u00f2nia Figuera \/ Nerea Venegas<\/td>\n<\/tr>\n<tr style=\"height: 135px;\">\n<td style=\"width: 38.7725%; height: 10px;\"><strong>Angl\u00e8s<\/strong><\/td>\n<td style=\"width: 46.7271%; height: 10px;\">1- Judit Su\u00e1rez \/ Sandra Osuna<\/p>\n<p>2- Josep Grosso<\/p>\n<p>3- Mireia Server<\/p>\n<p>4- Anna Mart\u00ednez<\/td>\n<\/tr>\n<tr style=\"height: 82px;\">\n<td style=\"width: 38.7725%; height: 10px;\"><strong>Educaci\u00f3 F\u00edsica<\/strong><\/td>\n<td style=\"width: 46.7271%; height: 10px;\">1- In\u00e9s Rodr\u00edguez \/ Miquel Momp\u00f3<\/p>\n<p>2- Jorge S. Substitut: V\u00edctor Montoya<\/td>\n<\/tr>\n<tr style=\"height: 135px;\">\n<td style=\"width: 38.7725%; height: 10px;\"><strong>M\u00fasica<\/strong><\/td>\n<td style=\"width: 46.7271%; height: 10px;\">1- Toni P\u00e9rez<\/p>\n<p>2- Jos\u00e9 Luis Domingo<\/td>\n<\/tr>\n<tr style=\"height: 31px;\">\n<td style=\"width: 38.7725%; height: 31px;\"><strong>Religi\u00f3\u00a0<\/strong><\/td>\n<td style=\"width: 46.7271%; height: 31px;\">Miquel Oms \/ Hajar El Youssfy<\/td>\n<\/tr>\n<tr style=\"height: 31px;\">\n<td style=\"width: 38.7725%; height: 10px;\"><strong>Mestra Educaci\u00f3 Especial &#8211; S.I.E.I<\/strong><\/td>\n<td style=\"width: 46.7271%; height: 10px;\">Lidia Vi\u00f1es, Paula Prieto<\/td>\n<\/tr>\n<tr style=\"height: 32px;\">\n<td style=\"width: 38.7725%; height: 32px;\"><b>Mestre d&#8217;Aula d&#8217;Acollida<\/b><\/td>\n<td style=\"width: 46.7271%; text-align: left; height: 32px;\">Catalina Lara, Gerard Guillem \/ Andrea Ameijeiras<\/td>\n<\/tr>\n<tr style=\"height: 32px;\">\n<td style=\"width: 38.7725%; height: 32px;\"><b>Compet\u00e8ncia Digital<\/b><\/td>\n<td style=\"width: 46.7271%; text-align: left; height: 32px;\">Bego\u00f1a Gald\u00f3n<\/td>\n<\/tr>\n<tr style=\"height: 32px;\">\n<td style=\"width: 38.7725%; height: 32px;\"><strong>Psicomotricitat Infantil<\/strong><\/td>\n<td style=\"width: 46.7271%; text-align: left; height: 32px;\">Vanesa Nieto<\/td>\n<\/tr>\n<tr style=\"height: 33px;\">\n<td style=\"width: 38.7725%; height: 33px;\"><strong>Programa Florence<\/strong><\/td>\n<td style=\"width: 46.7271%; text-align: left; height: 33px;\">Carla Adell<\/td>\n<\/tr>\n<tr style=\"height: 33px;\">\n<td style=\"width: 38.7725%; height: 33px;\"><strong>Experimentaci\u00f3 CS<\/strong><\/td>\n<td style=\"width: 46.7271%; text-align: left; height: 33px;\">V\u00edctor Paz<\/td>\n<\/tr>\n<\/tbody>\n<\/table>\n<p>&nbsp;<\/p>\n<table style=\"height: 92px; background-color: #8ecae6; width: 59.2962%;\">\n<caption><strong>PERSONAL D&#8217;ADMINISTRACI\u00d3 I SERVEIS &#8211; PAS<\/strong><\/caption>\n<tbody>\n<tr style=\"height: 31px;\">\n<td style=\"width: 45.2207%; height: 31px;\"><strong>Consergeria<\/strong><\/td>\n<td style=\"width: 54.8033%; height: 31px;\">Susana i Miguel \u00c1ngel<\/td>\n<\/tr>\n<tr style=\"height: 31px;\">\n<td style=\"width: 45.2207%; height: 31px;\"><strong>Administrativa<\/strong><\/td>\n<td style=\"width: 54.8033%; height: 31px;\">Susanna<\/td>\n<\/tr>\n<tr style=\"height: 31px;\">\n<td style=\"width: 45.2207%; height: 31px;\"><b>T.E.I<\/b><\/td>\n<td style=\"width: 54.8033%; height: 31px;\">Joana Mart\u00ednez<\/td>\n<\/tr>\n<tr>\n<td style=\"width: 100.024%; text-align: center;\" colspan=\"2\"><b>Altres<\/b><\/td>\n<\/tr>\n<tr>\n<td style=\"width: 45.2207%;\"><b>Vetlladora<\/b><\/td>\n<td style=\"width: 54.8033%;\">Carme Romeu \/ Lidia Ruiz<\/td>\n<\/tr>\n<\/tbody>\n<\/table>\n<table style=\"height: 10px; background-color: #8ecae6; width: 59.6648%;\">\n<caption><strong>PERSONAL D&#8217;ATENCI\u00d3 EDUCATIVA &#8211; PAE<\/strong><\/caption>\n<tbody>\n<tr style=\"height: 31px;\">\n<td style=\"width: 44.9767%; height: 10px;\"><b>Educadora d&#8217;Educaci\u00f3 Especial S.I.E.I<\/b><\/td>\n<td style=\"width: 53.8617%; height: 10px;\">Paqui Ondina<\/td>\n<\/tr>\n<\/tbody>\n<\/table>\n<p>&nbsp;<\/p>\n<p>&nbsp;<\/p>\n","protected":false},"excerpt":{"rendered":"<p>\u00a0 EQUIP DIRECTIU Direcci\u00f3 Myriam Abenia Cap d&#8217;estudis Bego\u00f1a Gald\u00f3n Secretari V\u00edctor Paz \u00a0 COORDINADORS\/ES Educaci\u00f3 Infantil Noe Tello Cicle Inicial Judit Su\u00e1rez Cicle Mitj\u00e0 Miquel Oms Cicle Superior Judith Riambau Digital Blanca Prinzivalli Riscos Laborals Jorge S. LIC Anna Castellv\u00ed Coeducaci\u00f3 i Benestar emocional de l&#8217;alumnat Carmen Urbano &nbsp; TUTORIES Grup A Grup B [&hellip;]<\/p>\n","protected":false},"author":1,"featured_media":0,"parent":527,"menu_order":0,"comment_status":"closed","ping_status":"closed","template":"","meta":{"_bbp_topic_count":0,"_bbp_reply_count":0,"_bbp_total_topic_count":0,"_bbp_total_reply_count":0,"_bbp_voice_count":0,"_bbp_anonymous_reply_count":0,"_bbp_topic_count_hidden":0,"_bbp_reply_count_hidden":0,"_bbp_forum_subforum_count":0,"site-sidebar-layout":"default","site-content-layout":"","ast-site-content-layout":"default","site-content-style":"default","site-sidebar-style":"default","ast-global-header-display":"","ast-banner-title-visibility":"","ast-main-header-display":"","ast-hfb-above-header-display":"","ast-hfb-below-header-display":"","ast-hfb-mobile-header-display":"","site-post-title":"","ast-breadcrumbs-content":"","ast-featured-img":"","footer-sml-layout":"","theme-transparent-header-meta":"default","adv-header-id-meta":"","stick-header-meta":"","header-above-stick-meta":"","header-main-stick-meta":"","header-below-stick-meta":"","astra-migrate-meta-layouts":"set","ast-page-background-enabled":"default","ast-page-background-meta":{"desktop":{"background-color":"var(--ast-global-color-4)","background-image":"","background-repeat":"repeat","background-position":"center center","background-size":"auto","background-attachment":"scroll","background-type":"","background-media":"","overlay-type":"","overlay-color":"","overlay-opacity":"","overlay-gradient":""},"tablet":{"background-color":"","background-image":"","background-repeat":"repeat","background-position":"center center","background-size":"auto","background-attachment":"scroll","background-type":"","background-media":"","overlay-type":"","overlay-color":"","overlay-opacity":"","overlay-gradient":""},"mobile":{"background-color":"","background-image":"","background-repeat":"repeat","background-position":"center center","background-size":"auto","background-attachment":"scroll","background-type":"","background-media":"","overlay-type":"","overlay-color":"","overlay-opacity":"","overlay-gradient":""}},"ast-content-background-meta":{"desktop":{"background-color":"var(--ast-global-color-5)","background-image":"","background-repeat":"repeat","background-position":"center center","background-size":"auto","background-attachment":"scroll","background-type":"","background-media":"","overlay-type":"","overlay-color":"","overlay-opacity":"","overlay-gradient":""},"tablet":{"background-color":"var(--ast-global-color-5)","background-image":"","background-repeat":"repeat","background-position":"center center","background-size":"auto","background-attachment":"scroll","background-type":"","background-media":"","overlay-type":"","overlay-color":"","overlay-opacity":"","overlay-gradient":""},"mobile":{"background-color":"var(--ast-global-color-5)","background-image":"","background-repeat":"repeat","background-position":"center center","background-size":"auto","background-attachment":"scroll","background-type":"","background-media":"","overlay-type":"","overlay-color":"","overlay-opacity":"","overlay-gradient":""}},"footnotes":""},"class_list":["post-482","page","type-page","status-publish","hentry"],"post_mailing_queue_ids":[],"_links":{"self":[{"href":"https:\/\/agora.xtec.cat\/ceipsantacreudecalafell\/wp-json\/wp\/v2\/pages\/482","targetHints":{"allow":["GET"]}}],"collection":[{"href":"https:\/\/agora.xtec.cat\/ceipsantacreudecalafell\/wp-json\/wp\/v2\/pages"}],"about":[{"href":"https:\/\/agora.xtec.cat\/ceipsantacreudecalafell\/wp-json\/wp\/v2\/types\/page"}],"author":[{"embeddable":true,"href":"https:\/\/agora.xtec.cat\/ceipsantacreudecalafell\/wp-json\/wp\/v2\/users\/1"}],"replies":[{"embeddable":true,"href":"https:\/\/agora.xtec.cat\/ceipsantacreudecalafell\/wp-json\/wp\/v2\/comments?post=482"}],"version-history":[{"count":6,"href":"https:\/\/agora.xtec.cat\/ceipsantacreudecalafell\/wp-json\/wp\/v2\/pages\/482\/revisions"}],"predecessor-version":[{"id":4601,"href":"https:\/\/agora.xtec.cat\/ceipsantacreudecalafell\/wp-json\/wp\/v2\/pages\/482\/revisions\/4601"}],"up":[{"embeddable":true,"href":"https:\/\/agora.xtec.cat\/ceipsantacreudecalafell\/wp-json\/wp\/v2\/pages\/527"}],"wp:attachment":[{"href":"https:\/\/agora.xtec.cat\/ceipsantacreudecalafell\/wp-json\/wp\/v2\/media?parent=482"}],"curies":[{"name":"wp","href":"https:\/\/api.w.org\/{rel}","templated":true}]}}