{"id":4448,"date":"2025-11-09T08:25:32","date_gmt":"2025-11-09T07:25:32","guid":{"rendered":"https:\/\/agora.xtec.cat\/ceipsantacreudecalafell\/?page_id=4448"},"modified":"2025-11-10T11:06:34","modified_gmt":"2025-11-10T10:06:34","slug":"connectem-amb-la-piki-a-1r-de-primaria","status":"publish","type":"page","link":"https:\/\/agora.xtec.cat\/ceipsantacreudecalafell\/projecte-educatiu\/connectem-amb-la-piki-a-1r-de-primaria\/","title":{"rendered":"Connectem amb la Piki a 1r de Prim\u00e0ria"},"content":{"rendered":"<p>Durant aquest curs, a 1r d\u2019Educaci\u00f3 Prim\u00e0ria es duu a terme un projecte que s&#8217;anomena \u201c<strong>Connectem amb la Piki<\/strong>\u201d, aquest projecte t\u00e9 dos objectius principals: ajudar als infants a desenvolupar les seves <strong>capacitats ling\u00fc\u00edstiques,<\/strong> tant\u00a0 en l&#8217;\u00e0mbit oral com de <strong>lectoescriptura <\/strong>i, d&#8217;altra banda, fer-los m\u00e9s competents en l\u2019\u00fas de les\u00a0<strong>TIC<\/strong>. Neix com a prop\u00f2sit de fer un suport als mestres en la seva tasca, ajudant-los a motivar per a lectoescriptura.<\/p>\n<p>La Piki es connecta mensualment amb els alumnes per videoconfer\u00e8ncia. \u00c9s una noia molt divertida que li agrada molt explicar contes. Amb ella parlem una estona, despr\u00e9s ens explica un conte que a tots ens agrada molt escoltar i per \u00faltim, ens proposa una activitat per fer-la a classe relacionada amb el conte que hem escoltat.<\/p>\n<p><strong><span style=\"color: #0000ff;\">OBJECTIUS:<\/span><\/strong><\/p>\n<ul style=\"list-style-type: circle;\">\n<li>Millorar la comprensi\u00f3 i l&#8217;expressi\u00f3 de missatges orals.<\/li>\n<li>Avan\u00e7ar en el reconeixement de les lletres, paraules i frases.<\/li>\n<li>Potenciar l&#8217;inter\u00e8s i la curiositat envers la lectura.<\/li>\n<li>Con\u00e8ixer eines digitals per a la comunicaci\u00f3 a dist\u00e0ncia.<\/li>\n<\/ul>\n<p><iframe class=\"wp-embedded-content\" sandbox=\"allow-scripts\" security=\"restricted\" title=\"Anna Garc\u00eda Piki 25-26\" frameborder='0' width='1200' height='675' src='https:\/\/view.genially.com\/68c975a962db8fd7f0ca6551#?secret=VRtcRtNXRi' data-secret='VRtcRtNXRi' scrolling='yes'><\/iframe><\/p>\n","protected":false},"excerpt":{"rendered":"<p>Durant aquest curs, a 1r d\u2019Educaci\u00f3 Prim\u00e0ria es duu a terme un projecte que s&#8217;anomena \u201cConnectem amb la Piki\u201d, aquest projecte t\u00e9 dos objectius principals: ajudar als infants a desenvolupar les seves capacitats ling\u00fc\u00edstiques, tant\u00a0 en l&#8217;\u00e0mbit oral com de lectoescriptura i, d&#8217;altra banda, fer-los m\u00e9s competents en l\u2019\u00fas de les\u00a0TIC. Neix com a prop\u00f2sit [&hellip;]<\/p>\n","protected":false},"author":1,"featured_media":0,"parent":64,"menu_order":35,"comment_status":"closed","ping_status":"closed","template":"page-templates\/side-menu.php","meta":{"_bbp_topic_count":0,"_bbp_reply_count":0,"_bbp_total_topic_count":0,"_bbp_total_reply_count":0,"_bbp_voice_count":0,"_bbp_anonymous_reply_count":0,"_bbp_topic_count_hidden":0,"_bbp_reply_count_hidden":0,"_bbp_forum_subforum_count":0,"site-sidebar-layout":"default","site-content-layout":"","ast-site-content-layout":"","site-content-style":"default","site-sidebar-style":"default","ast-global-header-display":"","ast-banner-title-visibility":"","ast-main-header-display":"","ast-hfb-above-header-display":"","ast-hfb-below-header-display":"","ast-hfb-mobile-header-display":"","site-post-title":"","ast-breadcrumbs-content":"","ast-featured-img":"","footer-sml-layout":"","theme-transparent-header-meta":"","adv-header-id-meta":"","stick-header-meta":"","header-above-stick-meta":"","header-main-stick-meta":"","header-below-stick-meta":"","astra-migrate-meta-layouts":"default","ast-page-background-enabled":"default","ast-page-background-meta":{"desktop":{"background-color":"var(--ast-global-color-4)","background-image":"","background-repeat":"repeat","background-position":"center center","background-size":"auto","background-attachment":"scroll","background-type":"","background-media":"","overlay-type":"","overlay-color":"","overlay-opacity":"","overlay-gradient":""},"tablet":{"background-color":"","background-image":"","background-repeat":"repeat","background-position":"center center","background-size":"auto","background-attachment":"scroll","background-type":"","background-media":"","overlay-type":"","overlay-color":"","overlay-opacity":"","overlay-gradient":""},"mobile":{"background-color":"","background-image":"","background-repeat":"repeat","background-position":"center center","background-size":"auto","background-attachment":"scroll","background-type":"","background-media":"","overlay-type":"","overlay-color":"","overlay-opacity":"","overlay-gradient":""}},"ast-content-background-meta":{"desktop":{"background-color":"var(--ast-global-color-5)","background-image":"","background-repeat":"repeat","background-position":"center center","background-size":"auto","background-attachment":"scroll","background-type":"","background-media":"","overlay-type":"","overlay-color":"","overlay-opacity":"","overlay-gradient":""},"tablet":{"background-color":"var(--ast-global-color-5)","background-image":"","background-repeat":"repeat","background-position":"center center","background-size":"auto","background-attachment":"scroll","background-type":"","background-media":"","overlay-type":"","overlay-color":"","overlay-opacity":"","overlay-gradient":""},"mobile":{"background-color":"var(--ast-global-color-5)","background-image":"","background-repeat":"repeat","background-position":"center center","background-size":"auto","background-attachment":"scroll","background-type":"","background-media":"","overlay-type":"","overlay-color":"","overlay-opacity":"","overlay-gradient":""}},"footnotes":""},"class_list":["post-4448","page","type-page","status-publish","hentry"],"post_mailing_queue_ids":[],"_links":{"self":[{"href":"https:\/\/agora.xtec.cat\/ceipsantacreudecalafell\/wp-json\/wp\/v2\/pages\/4448","targetHints":{"allow":["GET"]}}],"collection":[{"href":"https:\/\/agora.xtec.cat\/ceipsantacreudecalafell\/wp-json\/wp\/v2\/pages"}],"about":[{"href":"https:\/\/agora.xtec.cat\/ceipsantacreudecalafell\/wp-json\/wp\/v2\/types\/page"}],"author":[{"embeddable":true,"href":"https:\/\/agora.xtec.cat\/ceipsantacreudecalafell\/wp-json\/wp\/v2\/users\/1"}],"replies":[{"embeddable":true,"href":"https:\/\/agora.xtec.cat\/ceipsantacreudecalafell\/wp-json\/wp\/v2\/comments?post=4448"}],"version-history":[{"count":2,"href":"https:\/\/agora.xtec.cat\/ceipsantacreudecalafell\/wp-json\/wp\/v2\/pages\/4448\/revisions"}],"predecessor-version":[{"id":4455,"href":"https:\/\/agora.xtec.cat\/ceipsantacreudecalafell\/wp-json\/wp\/v2\/pages\/4448\/revisions\/4455"}],"up":[{"embeddable":true,"href":"https:\/\/agora.xtec.cat\/ceipsantacreudecalafell\/wp-json\/wp\/v2\/pages\/64"}],"wp:attachment":[{"href":"https:\/\/agora.xtec.cat\/ceipsantacreudecalafell\/wp-json\/wp\/v2\/media?parent=4448"}],"curies":[{"name":"wp","href":"https:\/\/api.w.org\/{rel}","templated":true}]}}