{"id":30,"date":"2019-03-19T10:30:23","date_gmt":"2019-03-19T09:30:23","guid":{"rendered":"http:\/\/agora.xtec.cat\/ceipsantacreudecalafell\/?page_id=30"},"modified":"2024-02-27T10:01:51","modified_gmt":"2024-02-27T09:01:51","slug":"instal%c2%b7lacions","status":"publish","type":"page","link":"https:\/\/agora.xtec.cat\/ceipsantacreudecalafell\/lescola\/instal%c2%b7lacions\/","title":{"rendered":"Instal\u00b7lacions"},"content":{"rendered":"<p>Aquest any hem fet molts canvis a la nostra escola i aqu\u00ed teniu un <strong>v\u00eddeo editat per l&#8217;AFA<\/strong> en la que mostra com ha sigut l&#8217;evoluci\u00f3.<\/p>\n<div class=\"ast-oembed-container \" style=\"height: 100%;\"><iframe loading=\"lazy\" title=\"VID 20190315 WA0018\" width=\"500\" height=\"281\" src=\"https:\/\/www.youtube.com\/embed\/XW0MDyoPYBY?feature=oembed\" frameborder=\"0\" allow=\"accelerometer; autoplay; clipboard-write; encrypted-media; gyroscope; picture-in-picture; web-share\" referrerpolicy=\"strict-origin-when-cross-origin\" allowfullscreen><\/iframe><\/div>\n<p>Entrada principal<\/p>\n<p><a href=\"https:\/\/agora.xtec.cat\/ceipsantacreudecalafell\/wp-content\/uploads\/usu1567\/2019\/03\/IMG-20190318-WA0002-dalmir-2-1.jpg\"><img loading=\"lazy\" decoding=\"async\" class=\"size-large wp-image-1425 alignleft\" src=\"https:\/\/agora.xtec.cat\/ceipsantacreudecalafell\/wp-content\/uploads\/usu1567\/2019\/03\/IMG-20190318-WA0002-dalmir-2-1-1024x393.jpg\" alt=\"\" width=\"1024\" height=\"393\" srcset=\"https:\/\/agora.xtec.cat\/ceipsantacreudecalafell\/wp-content\/uploads\/usu1567\/2019\/03\/IMG-20190318-WA0002-dalmir-2-1-1024x393.jpg 1024w, https:\/\/agora.xtec.cat\/ceipsantacreudecalafell\/wp-content\/uploads\/usu1567\/2019\/03\/IMG-20190318-WA0002-dalmir-2-1-300x115.jpg 300w, https:\/\/agora.xtec.cat\/ceipsantacreudecalafell\/wp-content\/uploads\/usu1567\/2019\/03\/IMG-20190318-WA0002-dalmir-2-1-768x295.jpg 768w, https:\/\/agora.xtec.cat\/ceipsantacreudecalafell\/wp-content\/uploads\/usu1567\/2019\/03\/IMG-20190318-WA0002-dalmir-2-1.jpg 1596w\" sizes=\"auto, (max-width: 1024px) 100vw, 1024px\" \/><\/a><\/p>\n<p><a href=\"https:\/\/agora.xtec.cat\/ceipsantacreudecalafell\/wp-content\/uploads\/usu1567\/2019\/03\/DSC_0002-Custom.jpeg\"><img loading=\"lazy\" decoding=\"async\" class=\"wp-image-1412 alignleft\" src=\"https:\/\/agora.xtec.cat\/ceipsantacreudecalafell\/wp-content\/uploads\/usu1567\/2019\/03\/DSC_0002-Custom.jpeg\" alt=\"\" width=\"315\" height=\"210\" srcset=\"https:\/\/agora.xtec.cat\/ceipsantacreudecalafell\/wp-content\/uploads\/usu1567\/2019\/03\/DSC_0002-Custom.jpeg 960w, https:\/\/agora.xtec.cat\/ceipsantacreudecalafell\/wp-content\/uploads\/usu1567\/2019\/03\/DSC_0002-Custom-300x200.jpeg 300w, https:\/\/agora.xtec.cat\/ceipsantacreudecalafell\/wp-content\/uploads\/usu1567\/2019\/03\/DSC_0002-Custom-768x512.jpeg 768w\" sizes=\"auto, (max-width: 315px) 100vw, 315px\" \/><\/a><\/p>\n<p><a href=\"https:\/\/agora.xtec.cat\/ceipsantacreudecalafell\/wp-content\/uploads\/usu1567\/2019\/03\/DSC_0005-Custom.jpeg\"><img loading=\"lazy\" decoding=\"async\" class=\"wp-image-1414 alignleft\" src=\"https:\/\/agora.xtec.cat\/ceipsantacreudecalafell\/wp-content\/uploads\/usu1567\/2019\/03\/DSC_0005-Custom.jpeg\" alt=\"\" width=\"317\" height=\"211\" srcset=\"https:\/\/agora.xtec.cat\/ceipsantacreudecalafell\/wp-content\/uploads\/usu1567\/2019\/03\/DSC_0005-Custom.jpeg 960w, https:\/\/agora.xtec.cat\/ceipsantacreudecalafell\/wp-content\/uploads\/usu1567\/2019\/03\/DSC_0005-Custom-300x200.jpeg 300w, https:\/\/agora.xtec.cat\/ceipsantacreudecalafell\/wp-content\/uploads\/usu1567\/2019\/03\/DSC_0005-Custom-768x512.jpeg 768w\" sizes=\"auto, (max-width: 317px) 100vw, 317px\" \/><\/a> <a href=\"https:\/\/agora.xtec.cat\/ceipsantacreudecalafell\/wp-content\/uploads\/usu1567\/2019\/03\/DSC_0004-Custom.jpeg\"><img loading=\"lazy\" decoding=\"async\" class=\"wp-image-1413 alignleft\" src=\"https:\/\/agora.xtec.cat\/ceipsantacreudecalafell\/wp-content\/uploads\/usu1567\/2019\/03\/DSC_0004-Custom.jpeg\" alt=\"\" width=\"315\" height=\"210\" srcset=\"https:\/\/agora.xtec.cat\/ceipsantacreudecalafell\/wp-content\/uploads\/usu1567\/2019\/03\/DSC_0004-Custom.jpeg 960w, https:\/\/agora.xtec.cat\/ceipsantacreudecalafell\/wp-content\/uploads\/usu1567\/2019\/03\/DSC_0004-Custom-300x200.jpeg 300w, https:\/\/agora.xtec.cat\/ceipsantacreudecalafell\/wp-content\/uploads\/usu1567\/2019\/03\/DSC_0004-Custom-768x512.jpeg 768w\" sizes=\"auto, (max-width: 315px) 100vw, 315px\" \/><\/a> <a href=\"https:\/\/agora.xtec.cat\/ceipsantacreudecalafell\/wp-content\/uploads\/usu1567\/2019\/03\/IMG-20190318-WA0025.jpg\"><img loading=\"lazy\" decoding=\"async\" class=\"wp-image-1408 alignleft\" src=\"https:\/\/agora.xtec.cat\/ceipsantacreudecalafell\/wp-content\/uploads\/usu1567\/2019\/03\/IMG-20190318-WA0025-768x1024.jpg\" alt=\"\" width=\"315\" height=\"420\" srcset=\"https:\/\/agora.xtec.cat\/ceipsantacreudecalafell\/wp-content\/uploads\/usu1567\/2019\/03\/IMG-20190318-WA0025-768x1024.jpg 768w, https:\/\/agora.xtec.cat\/ceipsantacreudecalafell\/wp-content\/uploads\/usu1567\/2019\/03\/IMG-20190318-WA0025-225x300.jpg 225w, https:\/\/agora.xtec.cat\/ceipsantacreudecalafell\/wp-content\/uploads\/usu1567\/2019\/03\/IMG-20190318-WA0025.jpg 1200w\" sizes=\"auto, (max-width: 315px) 100vw, 315px\" \/><\/a> <a href=\"https:\/\/agora.xtec.cat\/ceipsantacreudecalafell\/wp-content\/uploads\/usu1567\/2019\/03\/IMG-20190318-WA0024.jpg\"><img loading=\"lazy\" decoding=\"async\" class=\"wp-image-1407 alignleft\" src=\"https:\/\/agora.xtec.cat\/ceipsantacreudecalafell\/wp-content\/uploads\/usu1567\/2019\/03\/IMG-20190318-WA0024-768x1024.jpg\" alt=\"\" width=\"315\" height=\"420\" srcset=\"https:\/\/agora.xtec.cat\/ceipsantacreudecalafell\/wp-content\/uploads\/usu1567\/2019\/03\/IMG-20190318-WA0024-768x1024.jpg 768w, https:\/\/agora.xtec.cat\/ceipsantacreudecalafell\/wp-content\/uploads\/usu1567\/2019\/03\/IMG-20190318-WA0024-225x300.jpg 225w, https:\/\/agora.xtec.cat\/ceipsantacreudecalafell\/wp-content\/uploads\/usu1567\/2019\/03\/IMG-20190318-WA0024.jpg 1200w\" sizes=\"auto, (max-width: 315px) 100vw, 315px\" \/><\/a> <a href=\"https:\/\/agora.xtec.cat\/ceipsantacreudecalafell\/wp-content\/uploads\/usu1567\/2019\/03\/IMG-20190318-WA0023.jpg\"><img loading=\"lazy\" decoding=\"async\" class=\"wp-image-1406 alignleft\" src=\"https:\/\/agora.xtec.cat\/ceipsantacreudecalafell\/wp-content\/uploads\/usu1567\/2019\/03\/IMG-20190318-WA0023-1024x768.jpg\" alt=\"\" width=\"315\" height=\"237\" srcset=\"https:\/\/agora.xtec.cat\/ceipsantacreudecalafell\/wp-content\/uploads\/usu1567\/2019\/03\/IMG-20190318-WA0023-1024x768.jpg 1024w, https:\/\/agora.xtec.cat\/ceipsantacreudecalafell\/wp-content\/uploads\/usu1567\/2019\/03\/IMG-20190318-WA0023-300x225.jpg 300w, https:\/\/agora.xtec.cat\/ceipsantacreudecalafell\/wp-content\/uploads\/usu1567\/2019\/03\/IMG-20190318-WA0023-768x576.jpg 768w, https:\/\/agora.xtec.cat\/ceipsantacreudecalafell\/wp-content\/uploads\/usu1567\/2019\/03\/IMG-20190318-WA0023-200x150.jpg 200w, https:\/\/agora.xtec.cat\/ceipsantacreudecalafell\/wp-content\/uploads\/usu1567\/2019\/03\/IMG-20190318-WA0023.jpg 1600w\" sizes=\"auto, (max-width: 315px) 100vw, 315px\" \/><\/a> <a href=\"https:\/\/agora.xtec.cat\/ceipsantacreudecalafell\/wp-content\/uploads\/usu1567\/2019\/03\/IMG-20190318-WA0022.jpg\"><img loading=\"lazy\" decoding=\"async\" class=\"wp-image-1405 alignleft\" src=\"https:\/\/agora.xtec.cat\/ceipsantacreudecalafell\/wp-content\/uploads\/usu1567\/2019\/03\/IMG-20190318-WA0022-768x1024.jpg\" alt=\"\" width=\"315\" height=\"420\" srcset=\"https:\/\/agora.xtec.cat\/ceipsantacreudecalafell\/wp-content\/uploads\/usu1567\/2019\/03\/IMG-20190318-WA0022-768x1024.jpg 768w, https:\/\/agora.xtec.cat\/ceipsantacreudecalafell\/wp-content\/uploads\/usu1567\/2019\/03\/IMG-20190318-WA0022-225x300.jpg 225w, https:\/\/agora.xtec.cat\/ceipsantacreudecalafell\/wp-content\/uploads\/usu1567\/2019\/03\/IMG-20190318-WA0022.jpg 1200w\" sizes=\"auto, (max-width: 315px) 100vw, 315px\" \/><\/a> <a href=\"https:\/\/agora.xtec.cat\/ceipsantacreudecalafell\/wp-content\/uploads\/usu1567\/2019\/03\/IMG-20190318-WA0021.jpg\"><img loading=\"lazy\" decoding=\"async\" class=\"wp-image-1404 alignleft\" src=\"https:\/\/agora.xtec.cat\/ceipsantacreudecalafell\/wp-content\/uploads\/usu1567\/2019\/03\/IMG-20190318-WA0021-1024x768.jpg\" alt=\"\" width=\"315\" height=\"236\" srcset=\"https:\/\/agora.xtec.cat\/ceipsantacreudecalafell\/wp-content\/uploads\/usu1567\/2019\/03\/IMG-20190318-WA0021-1024x768.jpg 1024w, https:\/\/agora.xtec.cat\/ceipsantacreudecalafell\/wp-content\/uploads\/usu1567\/2019\/03\/IMG-20190318-WA0021-300x225.jpg 300w, https:\/\/agora.xtec.cat\/ceipsantacreudecalafell\/wp-content\/uploads\/usu1567\/2019\/03\/IMG-20190318-WA0021-768x576.jpg 768w, https:\/\/agora.xtec.cat\/ceipsantacreudecalafell\/wp-content\/uploads\/usu1567\/2019\/03\/IMG-20190318-WA0021-200x150.jpg 200w, https:\/\/agora.xtec.cat\/ceipsantacreudecalafell\/wp-content\/uploads\/usu1567\/2019\/03\/IMG-20190318-WA0021.jpg 1600w\" sizes=\"auto, (max-width: 315px) 100vw, 315px\" \/><\/a> <a href=\"https:\/\/agora.xtec.cat\/ceipsantacreudecalafell\/wp-content\/uploads\/usu1567\/2019\/03\/IMG-20190318-WA0020.jpg\"><img loading=\"lazy\" decoding=\"async\" class=\"wp-image-1403 alignleft\" src=\"https:\/\/agora.xtec.cat\/ceipsantacreudecalafell\/wp-content\/uploads\/usu1567\/2019\/03\/IMG-20190318-WA0020-1024x768.jpg\" alt=\"\" width=\"315\" height=\"236\" srcset=\"https:\/\/agora.xtec.cat\/ceipsantacreudecalafell\/wp-content\/uploads\/usu1567\/2019\/03\/IMG-20190318-WA0020-1024x768.jpg 1024w, https:\/\/agora.xtec.cat\/ceipsantacreudecalafell\/wp-content\/uploads\/usu1567\/2019\/03\/IMG-20190318-WA0020-300x225.jpg 300w, https:\/\/agora.xtec.cat\/ceipsantacreudecalafell\/wp-content\/uploads\/usu1567\/2019\/03\/IMG-20190318-WA0020-768x576.jpg 768w, https:\/\/agora.xtec.cat\/ceipsantacreudecalafell\/wp-content\/uploads\/usu1567\/2019\/03\/IMG-20190318-WA0020-200x150.jpg 200w, https:\/\/agora.xtec.cat\/ceipsantacreudecalafell\/wp-content\/uploads\/usu1567\/2019\/03\/IMG-20190318-WA0020.jpg 1600w\" sizes=\"auto, (max-width: 315px) 100vw, 315px\" \/><\/a> <a href=\"https:\/\/agora.xtec.cat\/ceipsantacreudecalafell\/wp-content\/uploads\/usu1567\/2019\/03\/IMG-20190318-WA0019.jpg\"><img loading=\"lazy\" decoding=\"async\" class=\"wp-image-1402 alignleft\" src=\"https:\/\/agora.xtec.cat\/ceipsantacreudecalafell\/wp-content\/uploads\/usu1567\/2019\/03\/IMG-20190318-WA0019-1024x768.jpg\" alt=\"\" width=\"315\" height=\"236\" srcset=\"https:\/\/agora.xtec.cat\/ceipsantacreudecalafell\/wp-content\/uploads\/usu1567\/2019\/03\/IMG-20190318-WA0019-1024x768.jpg 1024w, https:\/\/agora.xtec.cat\/ceipsantacreudecalafell\/wp-content\/uploads\/usu1567\/2019\/03\/IMG-20190318-WA0019-300x225.jpg 300w, https:\/\/agora.xtec.cat\/ceipsantacreudecalafell\/wp-content\/uploads\/usu1567\/2019\/03\/IMG-20190318-WA0019-768x576.jpg 768w, https:\/\/agora.xtec.cat\/ceipsantacreudecalafell\/wp-content\/uploads\/usu1567\/2019\/03\/IMG-20190318-WA0019-200x150.jpg 200w, https:\/\/agora.xtec.cat\/ceipsantacreudecalafell\/wp-content\/uploads\/usu1567\/2019\/03\/IMG-20190318-WA0019.jpg 1600w\" sizes=\"auto, (max-width: 315px) 100vw, 315px\" \/><\/a> <a href=\"https:\/\/agora.xtec.cat\/ceipsantacreudecalafell\/wp-content\/uploads\/usu1567\/2019\/03\/IMG-20190318-WA0018.jpg\"><img loading=\"lazy\" decoding=\"async\" class=\"wp-image-1401 alignleft\" src=\"https:\/\/agora.xtec.cat\/ceipsantacreudecalafell\/wp-content\/uploads\/usu1567\/2019\/03\/IMG-20190318-WA0018-1024x768.jpg\" alt=\"\" width=\"315\" height=\"237\" srcset=\"https:\/\/agora.xtec.cat\/ceipsantacreudecalafell\/wp-content\/uploads\/usu1567\/2019\/03\/IMG-20190318-WA0018-1024x768.jpg 1024w, https:\/\/agora.xtec.cat\/ceipsantacreudecalafell\/wp-content\/uploads\/usu1567\/2019\/03\/IMG-20190318-WA0018-300x225.jpg 300w, https:\/\/agora.xtec.cat\/ceipsantacreudecalafell\/wp-content\/uploads\/usu1567\/2019\/03\/IMG-20190318-WA0018-768x576.jpg 768w, https:\/\/agora.xtec.cat\/ceipsantacreudecalafell\/wp-content\/uploads\/usu1567\/2019\/03\/IMG-20190318-WA0018-200x150.jpg 200w, https:\/\/agora.xtec.cat\/ceipsantacreudecalafell\/wp-content\/uploads\/usu1567\/2019\/03\/IMG-20190318-WA0018.jpg 1600w\" sizes=\"auto, (max-width: 315px) 100vw, 315px\" \/><\/a> <a href=\"https:\/\/agora.xtec.cat\/ceipsantacreudecalafell\/wp-content\/uploads\/usu1567\/2019\/03\/IMG-20190318-WA0016.jpg\"><img loading=\"lazy\" decoding=\"async\" class=\"wp-image-1399 alignleft\" src=\"https:\/\/agora.xtec.cat\/ceipsantacreudecalafell\/wp-content\/uploads\/usu1567\/2019\/03\/IMG-20190318-WA0016-768x1024.jpg\" alt=\"\" width=\"315\" height=\"420\" srcset=\"https:\/\/agora.xtec.cat\/ceipsantacreudecalafell\/wp-content\/uploads\/usu1567\/2019\/03\/IMG-20190318-WA0016-768x1024.jpg 768w, https:\/\/agora.xtec.cat\/ceipsantacreudecalafell\/wp-content\/uploads\/usu1567\/2019\/03\/IMG-20190318-WA0016-225x300.jpg 225w, https:\/\/agora.xtec.cat\/ceipsantacreudecalafell\/wp-content\/uploads\/usu1567\/2019\/03\/IMG-20190318-WA0016.jpg 1200w\" sizes=\"auto, (max-width: 315px) 100vw, 315px\" \/><\/a> <a href=\"https:\/\/agora.xtec.cat\/ceipsantacreudecalafell\/wp-content\/uploads\/usu1567\/2019\/03\/IMG-20190318-WA0015.jpg\"><img loading=\"lazy\" decoding=\"async\" class=\"wp-image-1398 alignleft\" src=\"https:\/\/agora.xtec.cat\/ceipsantacreudecalafell\/wp-content\/uploads\/usu1567\/2019\/03\/IMG-20190318-WA0015-1024x768.jpg\" alt=\"\" width=\"315\" height=\"236\" srcset=\"https:\/\/agora.xtec.cat\/ceipsantacreudecalafell\/wp-content\/uploads\/usu1567\/2019\/03\/IMG-20190318-WA0015-1024x768.jpg 1024w, https:\/\/agora.xtec.cat\/ceipsantacreudecalafell\/wp-content\/uploads\/usu1567\/2019\/03\/IMG-20190318-WA0015-300x225.jpg 300w, https:\/\/agora.xtec.cat\/ceipsantacreudecalafell\/wp-content\/uploads\/usu1567\/2019\/03\/IMG-20190318-WA0015-768x576.jpg 768w, https:\/\/agora.xtec.cat\/ceipsantacreudecalafell\/wp-content\/uploads\/usu1567\/2019\/03\/IMG-20190318-WA0015-200x150.jpg 200w, https:\/\/agora.xtec.cat\/ceipsantacreudecalafell\/wp-content\/uploads\/usu1567\/2019\/03\/IMG-20190318-WA0015.jpg 1600w\" sizes=\"auto, (max-width: 315px) 100vw, 315px\" \/><\/a> <a href=\"https:\/\/agora.xtec.cat\/ceipsantacreudecalafell\/wp-content\/uploads\/usu1567\/2019\/03\/IMG-20190318-WA0017.jpg\"><img loading=\"lazy\" decoding=\"async\" class=\"wp-image-1400 alignnone\" src=\"https:\/\/agora.xtec.cat\/ceipsantacreudecalafell\/wp-content\/uploads\/usu1567\/2019\/03\/IMG-20190318-WA0017-1024x768.jpg\" alt=\"\" width=\"315\" height=\"236\" srcset=\"https:\/\/agora.xtec.cat\/ceipsantacreudecalafell\/wp-content\/uploads\/usu1567\/2019\/03\/IMG-20190318-WA0017-1024x768.jpg 1024w, https:\/\/agora.xtec.cat\/ceipsantacreudecalafell\/wp-content\/uploads\/usu1567\/2019\/03\/IMG-20190318-WA0017-300x225.jpg 300w, https:\/\/agora.xtec.cat\/ceipsantacreudecalafell\/wp-content\/uploads\/usu1567\/2019\/03\/IMG-20190318-WA0017-768x576.jpg 768w, https:\/\/agora.xtec.cat\/ceipsantacreudecalafell\/wp-content\/uploads\/usu1567\/2019\/03\/IMG-20190318-WA0017-200x150.jpg 200w, https:\/\/agora.xtec.cat\/ceipsantacreudecalafell\/wp-content\/uploads\/usu1567\/2019\/03\/IMG-20190318-WA0017.jpg 1600w\" sizes=\"auto, (max-width: 315px) 100vw, 315px\" \/><\/a><\/p>\n<p>Entrada principal pati interior<\/p>\n<p><a href=\"https:\/\/agora.xtec.cat\/ceipsantacreudecalafell\/wp-content\/uploads\/usu1567\/2019\/03\/DSC_0007-Custom.jpeg\"><img loading=\"lazy\" decoding=\"async\" class=\"alignnone wp-image-1416\" src=\"https:\/\/agora.xtec.cat\/ceipsantacreudecalafell\/wp-content\/uploads\/usu1567\/2019\/03\/DSC_0007-Custom.jpeg\" alt=\"\" width=\"315\" height=\"210\" srcset=\"https:\/\/agora.xtec.cat\/ceipsantacreudecalafell\/wp-content\/uploads\/usu1567\/2019\/03\/DSC_0007-Custom.jpeg 960w, https:\/\/agora.xtec.cat\/ceipsantacreudecalafell\/wp-content\/uploads\/usu1567\/2019\/03\/DSC_0007-Custom-300x200.jpeg 300w, https:\/\/agora.xtec.cat\/ceipsantacreudecalafell\/wp-content\/uploads\/usu1567\/2019\/03\/DSC_0007-Custom-768x512.jpeg 768w\" sizes=\"auto, (max-width: 315px) 100vw, 315px\" \/><\/a> <a href=\"https:\/\/agora.xtec.cat\/ceipsantacreudecalafell\/wp-content\/uploads\/usu1567\/2019\/03\/DSC_0001-Custom.jpeg\"><img loading=\"lazy\" decoding=\"async\" class=\"alignnone wp-image-1411\" src=\"https:\/\/agora.xtec.cat\/ceipsantacreudecalafell\/wp-content\/uploads\/usu1567\/2019\/03\/DSC_0001-Custom.jpeg\" alt=\"\" width=\"315\" height=\"210\" srcset=\"https:\/\/agora.xtec.cat\/ceipsantacreudecalafell\/wp-content\/uploads\/usu1567\/2019\/03\/DSC_0001-Custom.jpeg 960w, https:\/\/agora.xtec.cat\/ceipsantacreudecalafell\/wp-content\/uploads\/usu1567\/2019\/03\/DSC_0001-Custom-300x200.jpeg 300w, https:\/\/agora.xtec.cat\/ceipsantacreudecalafell\/wp-content\/uploads\/usu1567\/2019\/03\/DSC_0001-Custom-768x512.jpeg 768w\" sizes=\"auto, (max-width: 315px) 100vw, 315px\" \/><\/a><\/p>\n<p>Aula de m\u00fasica<\/p>\n<p><a href=\"https:\/\/agora.xtec.cat\/ceipsantacreudecalafell\/wp-content\/uploads\/usu1567\/2016\/11\/aulamusica.jpg\"><img loading=\"lazy\" decoding=\"async\" class=\"alignnone wp-image-578\" src=\"https:\/\/agora.xtec.cat\/ceipsantacreudecalafell\/wp-content\/uploads\/usu1567\/2016\/11\/aulamusica.jpg\" alt=\"\" width=\"315\" height=\"236\" srcset=\"https:\/\/agora.xtec.cat\/ceipsantacreudecalafell\/wp-content\/uploads\/usu1567\/2016\/11\/aulamusica.jpg 512w, https:\/\/agora.xtec.cat\/ceipsantacreudecalafell\/wp-content\/uploads\/usu1567\/2016\/11\/aulamusica-300x225.jpg 300w, https:\/\/agora.xtec.cat\/ceipsantacreudecalafell\/wp-content\/uploads\/usu1567\/2016\/11\/aulamusica-200x150.jpg 200w\" sizes=\"auto, (max-width: 315px) 100vw, 315px\" \/><\/a><\/p>\n<p>Aula d&#8217;Inform\u00e0tica<\/p>\n<p><a href=\"https:\/\/agora.xtec.cat\/ceipsantacreudecalafell\/wp-content\/uploads\/usu1567\/2024\/02\/20240215_094515.jpg\"><img loading=\"lazy\" decoding=\"async\" class=\"alignnone  wp-image-3889\" src=\"https:\/\/agora.xtec.cat\/ceipsantacreudecalafell\/wp-content\/uploads\/usu1567\/2024\/02\/20240215_094515.jpg\" alt=\"\" width=\"399\" height=\"299\" srcset=\"https:\/\/agora.xtec.cat\/ceipsantacreudecalafell\/wp-content\/uploads\/usu1567\/2024\/02\/20240215_094515.jpg 1024w, https:\/\/agora.xtec.cat\/ceipsantacreudecalafell\/wp-content\/uploads\/usu1567\/2024\/02\/20240215_094515-300x225.jpg 300w, https:\/\/agora.xtec.cat\/ceipsantacreudecalafell\/wp-content\/uploads\/usu1567\/2024\/02\/20240215_094515-768x576.jpg 768w, https:\/\/agora.xtec.cat\/ceipsantacreudecalafell\/wp-content\/uploads\/usu1567\/2024\/02\/20240215_094515-200x150.jpg 200w\" sizes=\"auto, (max-width: 399px) 100vw, 399px\" \/><\/a>\u00a0 <a href=\"https:\/\/agora.xtec.cat\/ceipsantacreudecalafell\/wp-content\/uploads\/usu1567\/2024\/02\/20240215_094455.jpg\"><img loading=\"lazy\" decoding=\"async\" class=\"alignnone  wp-image-3890\" src=\"https:\/\/agora.xtec.cat\/ceipsantacreudecalafell\/wp-content\/uploads\/usu1567\/2024\/02\/20240215_094455.jpg\" alt=\"\" width=\"400\" height=\"300\" srcset=\"https:\/\/agora.xtec.cat\/ceipsantacreudecalafell\/wp-content\/uploads\/usu1567\/2024\/02\/20240215_094455.jpg 1024w, https:\/\/agora.xtec.cat\/ceipsantacreudecalafell\/wp-content\/uploads\/usu1567\/2024\/02\/20240215_094455-300x225.jpg 300w, https:\/\/agora.xtec.cat\/ceipsantacreudecalafell\/wp-content\/uploads\/usu1567\/2024\/02\/20240215_094455-768x576.jpg 768w, https:\/\/agora.xtec.cat\/ceipsantacreudecalafell\/wp-content\/uploads\/usu1567\/2024\/02\/20240215_094455-200x150.jpg 200w\" sizes=\"auto, (max-width: 400px) 100vw, 400px\" \/><\/a><\/p>\n<p>&nbsp;<\/p>\n<p>&nbsp;<\/p>\n<p>Biblioteca i punts de lectura<\/p>\n<p><a href=\"https:\/\/agora.xtec.cat\/ceipsantacreudecalafell\/wp-content\/uploads\/usu1567\/2024\/02\/IMG_9347.jpg\"><img loading=\"lazy\" decoding=\"async\" class=\"alignnone wp-image-3864\" src=\"https:\/\/agora.xtec.cat\/ceipsantacreudecalafell\/wp-content\/uploads\/usu1567\/2024\/02\/IMG_9347.jpg\" alt=\"\" width=\"428\" height=\"321\" srcset=\"https:\/\/agora.xtec.cat\/ceipsantacreudecalafell\/wp-content\/uploads\/usu1567\/2024\/02\/IMG_9347.jpg 1024w, https:\/\/agora.xtec.cat\/ceipsantacreudecalafell\/wp-content\/uploads\/usu1567\/2024\/02\/IMG_9347-300x225.jpg 300w, https:\/\/agora.xtec.cat\/ceipsantacreudecalafell\/wp-content\/uploads\/usu1567\/2024\/02\/IMG_9347-768x576.jpg 768w, https:\/\/agora.xtec.cat\/ceipsantacreudecalafell\/wp-content\/uploads\/usu1567\/2024\/02\/IMG_9347-200x150.jpg 200w\" sizes=\"auto, (max-width: 428px) 100vw, 428px\" \/><\/a>\u00a0 <a href=\"https:\/\/agora.xtec.cat\/ceipsantacreudecalafell\/wp-content\/uploads\/usu1567\/2024\/02\/IMG_9318.jpg\"><img loading=\"lazy\" decoding=\"async\" class=\"alignnone wp-image-3865\" src=\"https:\/\/agora.xtec.cat\/ceipsantacreudecalafell\/wp-content\/uploads\/usu1567\/2024\/02\/IMG_9318.jpg\" alt=\"\" width=\"459\" height=\"321\" srcset=\"https:\/\/agora.xtec.cat\/ceipsantacreudecalafell\/wp-content\/uploads\/usu1567\/2024\/02\/IMG_9318.jpg 1024w, https:\/\/agora.xtec.cat\/ceipsantacreudecalafell\/wp-content\/uploads\/usu1567\/2024\/02\/IMG_9318-300x210.jpg 300w, https:\/\/agora.xtec.cat\/ceipsantacreudecalafell\/wp-content\/uploads\/usu1567\/2024\/02\/IMG_9318-768x538.jpg 768w\" sizes=\"auto, (max-width: 459px) 100vw, 459px\" \/><\/a><\/p>\n<p>Aula de Psicomotricitat<\/p>\n<p><a href=\"https:\/\/agora.xtec.cat\/ceipsantacreudecalafell\/wp-content\/uploads\/usu1567\/2016\/11\/aulapsicomotricitat.jpg\"><img loading=\"lazy\" decoding=\"async\" class=\"alignnone wp-image-579\" src=\"https:\/\/agora.xtec.cat\/ceipsantacreudecalafell\/wp-content\/uploads\/usu1567\/2016\/11\/aulapsicomotricitat.jpg\" alt=\"\" width=\"315\" height=\"236\" srcset=\"https:\/\/agora.xtec.cat\/ceipsantacreudecalafell\/wp-content\/uploads\/usu1567\/2016\/11\/aulapsicomotricitat.jpg 512w, https:\/\/agora.xtec.cat\/ceipsantacreudecalafell\/wp-content\/uploads\/usu1567\/2016\/11\/aulapsicomotricitat-300x225.jpg 300w, https:\/\/agora.xtec.cat\/ceipsantacreudecalafell\/wp-content\/uploads\/usu1567\/2016\/11\/aulapsicomotricitat-200x150.jpg 200w\" sizes=\"auto, (max-width: 315px) 100vw, 315px\" \/><\/a><\/p>\n<p>Gimn\u00e0s<\/p>\n<p><a href=\"https:\/\/agora.xtec.cat\/ceipsantacreudecalafell\/wp-content\/uploads\/usu1567\/2019\/03\/DSC_0013-Custom.jpeg\"><img loading=\"lazy\" decoding=\"async\" class=\"alignnone wp-image-1434\" src=\"https:\/\/agora.xtec.cat\/ceipsantacreudecalafell\/wp-content\/uploads\/usu1567\/2019\/03\/DSC_0013-Custom.jpeg\" alt=\"\" width=\"315\" height=\"210\" srcset=\"https:\/\/agora.xtec.cat\/ceipsantacreudecalafell\/wp-content\/uploads\/usu1567\/2019\/03\/DSC_0013-Custom.jpeg 960w, https:\/\/agora.xtec.cat\/ceipsantacreudecalafell\/wp-content\/uploads\/usu1567\/2019\/03\/DSC_0013-Custom-300x200.jpeg 300w, https:\/\/agora.xtec.cat\/ceipsantacreudecalafell\/wp-content\/uploads\/usu1567\/2019\/03\/DSC_0013-Custom-768x512.jpeg 768w\" sizes=\"auto, (max-width: 315px) 100vw, 315px\" \/><\/a> <a href=\"https:\/\/agora.xtec.cat\/ceipsantacreudecalafell\/wp-content\/uploads\/usu1567\/2019\/03\/DSC_0012-Custom.jpeg\"><img loading=\"lazy\" decoding=\"async\" class=\"alignnone wp-image-1433\" src=\"https:\/\/agora.xtec.cat\/ceipsantacreudecalafell\/wp-content\/uploads\/usu1567\/2019\/03\/DSC_0012-Custom.jpeg\" alt=\"\" width=\"315\" height=\"210\" srcset=\"https:\/\/agora.xtec.cat\/ceipsantacreudecalafell\/wp-content\/uploads\/usu1567\/2019\/03\/DSC_0012-Custom.jpeg 960w, https:\/\/agora.xtec.cat\/ceipsantacreudecalafell\/wp-content\/uploads\/usu1567\/2019\/03\/DSC_0012-Custom-300x200.jpeg 300w, https:\/\/agora.xtec.cat\/ceipsantacreudecalafell\/wp-content\/uploads\/usu1567\/2019\/03\/DSC_0012-Custom-768x512.jpeg 768w\" sizes=\"auto, (max-width: 315px) 100vw, 315px\" \/><\/a> <a href=\"https:\/\/agora.xtec.cat\/ceipsantacreudecalafell\/wp-content\/uploads\/usu1567\/2019\/03\/DSC_0011-Custom.jpeg\"><img loading=\"lazy\" decoding=\"async\" class=\"alignnone wp-image-1418\" src=\"https:\/\/agora.xtec.cat\/ceipsantacreudecalafell\/wp-content\/uploads\/usu1567\/2019\/03\/DSC_0011-Custom.jpeg\" alt=\"\" width=\"315\" height=\"210\" srcset=\"https:\/\/agora.xtec.cat\/ceipsantacreudecalafell\/wp-content\/uploads\/usu1567\/2019\/03\/DSC_0011-Custom.jpeg 960w, https:\/\/agora.xtec.cat\/ceipsantacreudecalafell\/wp-content\/uploads\/usu1567\/2019\/03\/DSC_0011-Custom-300x200.jpeg 300w, https:\/\/agora.xtec.cat\/ceipsantacreudecalafell\/wp-content\/uploads\/usu1567\/2019\/03\/DSC_0011-Custom-768x512.jpeg 768w\" sizes=\"auto, (max-width: 315px) 100vw, 315px\" \/><\/a><\/p>\n<p><a href=\"https:\/\/agora.xtec.cat\/ceipsantacreudecalafell\/wp-content\/uploads\/usu1567\/2016\/11\/paticiclemitja.jpg\"><img loading=\"lazy\" decoding=\"async\" class=\"alignnone wp-image-586\" src=\"https:\/\/agora.xtec.cat\/ceipsantacreudecalafell\/wp-content\/uploads\/usu1567\/2016\/11\/paticiclemitja.jpg\" alt=\"\" width=\"315\" height=\"236\" srcset=\"https:\/\/agora.xtec.cat\/ceipsantacreudecalafell\/wp-content\/uploads\/usu1567\/2016\/11\/paticiclemitja.jpg 512w, https:\/\/agora.xtec.cat\/ceipsantacreudecalafell\/wp-content\/uploads\/usu1567\/2016\/11\/paticiclemitja-300x225.jpg 300w, https:\/\/agora.xtec.cat\/ceipsantacreudecalafell\/wp-content\/uploads\/usu1567\/2016\/11\/paticiclemitja-200x150.jpg 200w\" sizes=\"auto, (max-width: 315px) 100vw, 315px\" \/><\/a> <a href=\"https:\/\/agora.xtec.cat\/ceipsantacreudecalafell\/wp-content\/uploads\/usu1567\/2016\/11\/paticicleinicial.jpg\"><img loading=\"lazy\" decoding=\"async\" class=\"alignnone wp-image-585\" src=\"https:\/\/agora.xtec.cat\/ceipsantacreudecalafell\/wp-content\/uploads\/usu1567\/2016\/11\/paticicleinicial.jpg\" alt=\"\" width=\"315\" height=\"237\" srcset=\"https:\/\/agora.xtec.cat\/ceipsantacreudecalafell\/wp-content\/uploads\/usu1567\/2016\/11\/paticicleinicial.jpg 512w, https:\/\/agora.xtec.cat\/ceipsantacreudecalafell\/wp-content\/uploads\/usu1567\/2016\/11\/paticicleinicial-300x225.jpg 300w, https:\/\/agora.xtec.cat\/ceipsantacreudecalafell\/wp-content\/uploads\/usu1567\/2016\/11\/paticicleinicial-200x150.jpg 200w\" sizes=\"auto, (max-width: 315px) 100vw, 315px\" \/><\/a><\/p>\n<p>Pati d&#8217;Educaci\u00f3 Infantil<\/p>\n<p><a href=\"https:\/\/agora.xtec.cat\/ceipsantacreudecalafell\/wp-content\/uploads\/usu1567\/2019\/03\/DSC_0016-Custom.jpeg\"><img loading=\"lazy\" decoding=\"async\" class=\"alignnone wp-image-1421\" src=\"https:\/\/agora.xtec.cat\/ceipsantacreudecalafell\/wp-content\/uploads\/usu1567\/2019\/03\/DSC_0016-Custom.jpeg\" alt=\"\" width=\"315\" height=\"210\" srcset=\"https:\/\/agora.xtec.cat\/ceipsantacreudecalafell\/wp-content\/uploads\/usu1567\/2019\/03\/DSC_0016-Custom.jpeg 960w, https:\/\/agora.xtec.cat\/ceipsantacreudecalafell\/wp-content\/uploads\/usu1567\/2019\/03\/DSC_0016-Custom-300x200.jpeg 300w, https:\/\/agora.xtec.cat\/ceipsantacreudecalafell\/wp-content\/uploads\/usu1567\/2019\/03\/DSC_0016-Custom-768x512.jpeg 768w\" sizes=\"auto, (max-width: 315px) 100vw, 315px\" \/><\/a> <a href=\"https:\/\/agora.xtec.cat\/ceipsantacreudecalafell\/wp-content\/uploads\/usu1567\/2019\/03\/DSC_0017-Custom.jpeg\"><img loading=\"lazy\" decoding=\"async\" class=\"alignnone wp-image-1422\" src=\"https:\/\/agora.xtec.cat\/ceipsantacreudecalafell\/wp-content\/uploads\/usu1567\/2019\/03\/DSC_0017-Custom.jpeg\" alt=\"\" width=\"315\" height=\"210\" srcset=\"https:\/\/agora.xtec.cat\/ceipsantacreudecalafell\/wp-content\/uploads\/usu1567\/2019\/03\/DSC_0017-Custom.jpeg 960w, https:\/\/agora.xtec.cat\/ceipsantacreudecalafell\/wp-content\/uploads\/usu1567\/2019\/03\/DSC_0017-Custom-300x200.jpeg 300w, https:\/\/agora.xtec.cat\/ceipsantacreudecalafell\/wp-content\/uploads\/usu1567\/2019\/03\/DSC_0017-Custom-768x512.jpeg 768w\" sizes=\"auto, (max-width: 315px) 100vw, 315px\" \/><\/a><\/p>\n<p>Aula d&#8217;Educaci\u00f3 Infantil<\/p>\n<p><a href=\"https:\/\/agora.xtec.cat\/ceipsantacreudecalafell\/wp-content\/uploads\/usu1567\/2019\/03\/DSC_0020.jpg\"><img loading=\"lazy\" decoding=\"async\" class=\"wp-image-1383 alignnone\" src=\"https:\/\/agora.xtec.cat\/ceipsantacreudecalafell\/wp-content\/uploads\/usu1567\/2019\/03\/DSC_0020-1024x683.jpg\" alt=\"\" width=\"315\" height=\"210\" srcset=\"https:\/\/agora.xtec.cat\/ceipsantacreudecalafell\/wp-content\/uploads\/usu1567\/2019\/03\/DSC_0020-1024x683.jpg 1024w, https:\/\/agora.xtec.cat\/ceipsantacreudecalafell\/wp-content\/uploads\/usu1567\/2019\/03\/DSC_0020-300x200.jpg 300w, https:\/\/agora.xtec.cat\/ceipsantacreudecalafell\/wp-content\/uploads\/usu1567\/2019\/03\/DSC_0020-768x512.jpg 768w\" sizes=\"auto, (max-width: 315px) 100vw, 315px\" \/><\/a><\/p>\n<p><a href=\"https:\/\/agora.xtec.cat\/ceipsantacreudecalafell\/wp-content\/uploads\/usu1567\/2019\/03\/DSC_0019.jpg\"><img loading=\"lazy\" decoding=\"async\" class=\"wp-image-1382 alignnone\" src=\"https:\/\/agora.xtec.cat\/ceipsantacreudecalafell\/wp-content\/uploads\/usu1567\/2019\/03\/DSC_0019-1024x683.jpg\" alt=\"\" width=\"315\" height=\"210\" srcset=\"https:\/\/agora.xtec.cat\/ceipsantacreudecalafell\/wp-content\/uploads\/usu1567\/2019\/03\/DSC_0019-1024x683.jpg 1024w, https:\/\/agora.xtec.cat\/ceipsantacreudecalafell\/wp-content\/uploads\/usu1567\/2019\/03\/DSC_0019-300x200.jpg 300w, https:\/\/agora.xtec.cat\/ceipsantacreudecalafell\/wp-content\/uploads\/usu1567\/2019\/03\/DSC_0019-768x512.jpg 768w\" sizes=\"auto, (max-width: 315px) 100vw, 315px\" \/><\/a><\/p>\n<p>Aula SIEI<\/p>\n<p><a href=\"https:\/\/agora.xtec.cat\/ceipsantacreudecalafell\/wp-content\/uploads\/usu1567\/2019\/03\/DSC_0022.jpg\"><img loading=\"lazy\" decoding=\"async\" class=\"wp-image-1384 alignnone\" src=\"https:\/\/agora.xtec.cat\/ceipsantacreudecalafell\/wp-content\/uploads\/usu1567\/2019\/03\/DSC_0022-1024x683.jpg\" alt=\"\" width=\"315\" height=\"210\" srcset=\"https:\/\/agora.xtec.cat\/ceipsantacreudecalafell\/wp-content\/uploads\/usu1567\/2019\/03\/DSC_0022-1024x683.jpg 1024w, https:\/\/agora.xtec.cat\/ceipsantacreudecalafell\/wp-content\/uploads\/usu1567\/2019\/03\/DSC_0022-300x200.jpg 300w, https:\/\/agora.xtec.cat\/ceipsantacreudecalafell\/wp-content\/uploads\/usu1567\/2019\/03\/DSC_0022-768x512.jpg 768w\" sizes=\"auto, (max-width: 315px) 100vw, 315px\" \/><\/a> <a href=\"https:\/\/agora.xtec.cat\/ceipsantacreudecalafell\/wp-content\/uploads\/usu1567\/2019\/03\/DSC_0024.jpg\"><img loading=\"lazy\" decoding=\"async\" class=\"wp-image-1385 alignnone\" src=\"https:\/\/agora.xtec.cat\/ceipsantacreudecalafell\/wp-content\/uploads\/usu1567\/2019\/03\/DSC_0024-1024x683.jpg\" alt=\"\" width=\"315\" height=\"210\" srcset=\"https:\/\/agora.xtec.cat\/ceipsantacreudecalafell\/wp-content\/uploads\/usu1567\/2019\/03\/DSC_0024-1024x683.jpg 1024w, https:\/\/agora.xtec.cat\/ceipsantacreudecalafell\/wp-content\/uploads\/usu1567\/2019\/03\/DSC_0024-300x200.jpg 300w, https:\/\/agora.xtec.cat\/ceipsantacreudecalafell\/wp-content\/uploads\/usu1567\/2019\/03\/DSC_0024-768x512.jpg 768w\" sizes=\"auto, (max-width: 315px) 100vw, 315px\" \/><\/a><\/p>\n<p>Hort (Cicle Inicial)<\/p>\n<p><a href=\"https:\/\/agora.xtec.cat\/ceipsantacreudecalafell\/wp-content\/uploads\/usu1567\/2019\/03\/DSC_0015-Custom.jpeg\"><img loading=\"lazy\" decoding=\"async\" class=\"alignnone wp-image-1420\" src=\"https:\/\/agora.xtec.cat\/ceipsantacreudecalafell\/wp-content\/uploads\/usu1567\/2019\/03\/DSC_0015-Custom.jpeg\" alt=\"\" width=\"315\" height=\"210\" srcset=\"https:\/\/agora.xtec.cat\/ceipsantacreudecalafell\/wp-content\/uploads\/usu1567\/2019\/03\/DSC_0015-Custom.jpeg 960w, https:\/\/agora.xtec.cat\/ceipsantacreudecalafell\/wp-content\/uploads\/usu1567\/2019\/03\/DSC_0015-Custom-300x200.jpeg 300w, https:\/\/agora.xtec.cat\/ceipsantacreudecalafell\/wp-content\/uploads\/usu1567\/2019\/03\/DSC_0015-Custom-768x512.jpeg 768w\" sizes=\"auto, (max-width: 315px) 100vw, 315px\" \/><\/a><\/p>\n<p>Cooperativa &#8211; 5\u00e8 Prim\u00e0ria<\/p>\n<p><a href=\"https:\/\/agora.xtec.cat\/ceipsantacreudecalafell\/wp-content\/uploads\/usu1567\/2024\/02\/IMG-20240125-WA0005.jpg\"><img loading=\"lazy\" decoding=\"async\" class=\"alignnone wp-image-3881\" src=\"https:\/\/agora.xtec.cat\/ceipsantacreudecalafell\/wp-content\/uploads\/usu1567\/2024\/02\/IMG-20240125-WA0005.jpg\" alt=\"\" width=\"400\" height=\"180\" srcset=\"https:\/\/agora.xtec.cat\/ceipsantacreudecalafell\/wp-content\/uploads\/usu1567\/2024\/02\/IMG-20240125-WA0005.jpg 1600w, https:\/\/agora.xtec.cat\/ceipsantacreudecalafell\/wp-content\/uploads\/usu1567\/2024\/02\/IMG-20240125-WA0005-300x135.jpg 300w, https:\/\/agora.xtec.cat\/ceipsantacreudecalafell\/wp-content\/uploads\/usu1567\/2024\/02\/IMG-20240125-WA0005-1024x461.jpg 1024w, https:\/\/agora.xtec.cat\/ceipsantacreudecalafell\/wp-content\/uploads\/usu1567\/2024\/02\/IMG-20240125-WA0005-768x346.jpg 768w, https:\/\/agora.xtec.cat\/ceipsantacreudecalafell\/wp-content\/uploads\/usu1567\/2024\/02\/IMG-20240125-WA0005-1536x691.jpg 1536w\" sizes=\"auto, (max-width: 400px) 100vw, 400px\" \/><\/a>\u00a0 <a href=\"https:\/\/agora.xtec.cat\/ceipsantacreudecalafell\/wp-content\/uploads\/usu1567\/2024\/02\/IMG-20240215-WA0009.jpg\"><img loading=\"lazy\" decoding=\"async\" class=\"alignnone wp-image-3882\" src=\"https:\/\/agora.xtec.cat\/ceipsantacreudecalafell\/wp-content\/uploads\/usu1567\/2024\/02\/IMG-20240215-WA0009.jpg\" alt=\"\" width=\"400\" height=\"180\" srcset=\"https:\/\/agora.xtec.cat\/ceipsantacreudecalafell\/wp-content\/uploads\/usu1567\/2024\/02\/IMG-20240215-WA0009.jpg 1600w, https:\/\/agora.xtec.cat\/ceipsantacreudecalafell\/wp-content\/uploads\/usu1567\/2024\/02\/IMG-20240215-WA0009-300x135.jpg 300w, https:\/\/agora.xtec.cat\/ceipsantacreudecalafell\/wp-content\/uploads\/usu1567\/2024\/02\/IMG-20240215-WA0009-1024x461.jpg 1024w, https:\/\/agora.xtec.cat\/ceipsantacreudecalafell\/wp-content\/uploads\/usu1567\/2024\/02\/IMG-20240215-WA0009-768x346.jpg 768w, https:\/\/agora.xtec.cat\/ceipsantacreudecalafell\/wp-content\/uploads\/usu1567\/2024\/02\/IMG-20240215-WA0009-1536x691.jpg 1536w\" sizes=\"auto, (max-width: 400px) 100vw, 400px\" \/><\/a><\/p>\n<p><a href=\"https:\/\/agora.xtec.cat\/ceipsantacreudecalafell\/wp-content\/uploads\/usu1567\/2024\/02\/IMG-20240215-WA0000.jpg\"><img loading=\"lazy\" decoding=\"async\" class=\"alignnone wp-image-3883\" src=\"https:\/\/agora.xtec.cat\/ceipsantacreudecalafell\/wp-content\/uploads\/usu1567\/2024\/02\/IMG-20240215-WA0000.jpg\" alt=\"\" width=\"400\" height=\"180\" srcset=\"https:\/\/agora.xtec.cat\/ceipsantacreudecalafell\/wp-content\/uploads\/usu1567\/2024\/02\/IMG-20240215-WA0000.jpg 1600w, https:\/\/agora.xtec.cat\/ceipsantacreudecalafell\/wp-content\/uploads\/usu1567\/2024\/02\/IMG-20240215-WA0000-300x135.jpg 300w, https:\/\/agora.xtec.cat\/ceipsantacreudecalafell\/wp-content\/uploads\/usu1567\/2024\/02\/IMG-20240215-WA0000-1024x461.jpg 1024w, https:\/\/agora.xtec.cat\/ceipsantacreudecalafell\/wp-content\/uploads\/usu1567\/2024\/02\/IMG-20240215-WA0000-768x346.jpg 768w, https:\/\/agora.xtec.cat\/ceipsantacreudecalafell\/wp-content\/uploads\/usu1567\/2024\/02\/IMG-20240215-WA0000-1536x691.jpg 1536w\" sizes=\"auto, (max-width: 400px) 100vw, 400px\" \/><\/a>\u00a0 <a href=\"https:\/\/agora.xtec.cat\/ceipsantacreudecalafell\/wp-content\/uploads\/usu1567\/2024\/02\/IMG-20240215-WA0003.jpg\"><img loading=\"lazy\" decoding=\"async\" class=\"alignnone wp-image-3884\" src=\"https:\/\/agora.xtec.cat\/ceipsantacreudecalafell\/wp-content\/uploads\/usu1567\/2024\/02\/IMG-20240215-WA0003.jpg\" alt=\"\" width=\"401\" height=\"180\" srcset=\"https:\/\/agora.xtec.cat\/ceipsantacreudecalafell\/wp-content\/uploads\/usu1567\/2024\/02\/IMG-20240215-WA0003.jpg 1600w, https:\/\/agora.xtec.cat\/ceipsantacreudecalafell\/wp-content\/uploads\/usu1567\/2024\/02\/IMG-20240215-WA0003-300x135.jpg 300w, https:\/\/agora.xtec.cat\/ceipsantacreudecalafell\/wp-content\/uploads\/usu1567\/2024\/02\/IMG-20240215-WA0003-1024x461.jpg 1024w, https:\/\/agora.xtec.cat\/ceipsantacreudecalafell\/wp-content\/uploads\/usu1567\/2024\/02\/IMG-20240215-WA0003-768x346.jpg 768w, https:\/\/agora.xtec.cat\/ceipsantacreudecalafell\/wp-content\/uploads\/usu1567\/2024\/02\/IMG-20240215-WA0003-1536x691.jpg 1536w\" sizes=\"auto, (max-width: 401px) 100vw, 401px\" \/><\/a><\/p>\n<p><a href=\"https:\/\/agora.xtec.cat\/ceipsantacreudecalafell\/wp-content\/uploads\/usu1567\/2024\/02\/IMG-20240215-WA0007.jpg\"><img loading=\"lazy\" decoding=\"async\" class=\"alignnone wp-image-3885\" src=\"https:\/\/agora.xtec.cat\/ceipsantacreudecalafell\/wp-content\/uploads\/usu1567\/2024\/02\/IMG-20240215-WA0007.jpg\" alt=\"\" width=\"400\" height=\"180\" srcset=\"https:\/\/agora.xtec.cat\/ceipsantacreudecalafell\/wp-content\/uploads\/usu1567\/2024\/02\/IMG-20240215-WA0007.jpg 1600w, https:\/\/agora.xtec.cat\/ceipsantacreudecalafell\/wp-content\/uploads\/usu1567\/2024\/02\/IMG-20240215-WA0007-300x135.jpg 300w, https:\/\/agora.xtec.cat\/ceipsantacreudecalafell\/wp-content\/uploads\/usu1567\/2024\/02\/IMG-20240215-WA0007-1024x461.jpg 1024w, https:\/\/agora.xtec.cat\/ceipsantacreudecalafell\/wp-content\/uploads\/usu1567\/2024\/02\/IMG-20240215-WA0007-768x346.jpg 768w, https:\/\/agora.xtec.cat\/ceipsantacreudecalafell\/wp-content\/uploads\/usu1567\/2024\/02\/IMG-20240215-WA0007-1536x691.jpg 1536w\" sizes=\"auto, (max-width: 400px) 100vw, 400px\" \/><\/a><\/p>\n<p><a href=\"https:\/\/agora.xtec.cat\/ceipsantacreudecalafell\/wp-content\/uploads\/usu1567\/2024\/02\/IMG-20240215-WA0008-1-e1709024266871.jpg\"><img loading=\"lazy\" decoding=\"async\" class=\"alignnone wp-image-3886\" src=\"https:\/\/agora.xtec.cat\/ceipsantacreudecalafell\/wp-content\/uploads\/usu1567\/2024\/02\/IMG-20240215-WA0008-1-e1709024266871.jpg\" alt=\"\" width=\"361\" height=\"643\" srcset=\"https:\/\/agora.xtec.cat\/ceipsantacreudecalafell\/wp-content\/uploads\/usu1567\/2024\/02\/IMG-20240215-WA0008-1-e1709024266871.jpg 720w, https:\/\/agora.xtec.cat\/ceipsantacreudecalafell\/wp-content\/uploads\/usu1567\/2024\/02\/IMG-20240215-WA0008-1-e1709024266871-168x300.jpg 168w, https:\/\/agora.xtec.cat\/ceipsantacreudecalafell\/wp-content\/uploads\/usu1567\/2024\/02\/IMG-20240215-WA0008-1-e1709024266871-575x1024.jpg 575w\" sizes=\"auto, (max-width: 361px) 100vw, 361px\" \/><\/a><\/p>\n<p>&nbsp;<\/p>\n<p>Menjador escolar<\/p>\n<p><img loading=\"lazy\" decoding=\"async\" class=\"\" src=\"http:\/\/agora.xtec.cat\/ceipsantacreudecalafell\/wp-content\/uploads\/usu1567\/2016\/11\/menjador.jpg\" width=\"315\" height=\"236\" \/><\/p>\n","protected":false},"excerpt":{"rendered":"<p>Aquest any hem fet molts canvis a la nostra escola i aqu\u00ed teniu un v\u00eddeo editat per l&#8217;AFA en la que mostra com ha sigut l&#8217;evoluci\u00f3. Entrada principal Entrada principal pati interior Aula de m\u00fasica Aula d&#8217;Inform\u00e0tica \u00a0 &nbsp; &nbsp; Biblioteca i punts de lectura \u00a0 Aula de Psicomotricitat Gimn\u00e0s Pati d&#8217;Educaci\u00f3 Infantil Aula d&#8217;Educaci\u00f3 [&hellip;]<\/p>\n","protected":false},"author":1,"featured_media":0,"parent":22,"menu_order":30,"comment_status":"closed","ping_status":"closed","template":"page-templates\/side-menu.php","meta":{"_bbp_topic_count":0,"_bbp_reply_count":0,"_bbp_total_topic_count":0,"_bbp_total_reply_count":0,"_bbp_voice_count":0,"_bbp_anonymous_reply_count":0,"_bbp_topic_count_hidden":0,"_bbp_reply_count_hidden":0,"_bbp_forum_subforum_count":0,"site-sidebar-layout":"default","site-content-layout":"","ast-site-content-layout":"","site-content-style":"default","site-sidebar-style":"default","ast-global-header-display":"","ast-banner-title-visibility":"","ast-main-header-display":"","ast-hfb-above-header-display":"","ast-hfb-below-header-display":"","ast-hfb-mobile-header-display":"","site-post-title":"","ast-breadcrumbs-content":"","ast-featured-img":"","footer-sml-layout":"","theme-transparent-header-meta":"","adv-header-id-meta":"","stick-header-meta":"","header-above-stick-meta":"","header-main-stick-meta":"","header-below-stick-meta":"","astra-migrate-meta-layouts":"default","ast-page-background-enabled":"default","ast-page-background-meta":{"desktop":{"background-color":"var(--ast-global-color-4)","background-image":"","background-repeat":"repeat","background-position":"center center","background-size":"auto","background-attachment":"scroll","background-type":"","background-media":"","overlay-type":"","overlay-color":"","overlay-opacity":"","overlay-gradient":""},"tablet":{"background-color":"","background-image":"","background-repeat":"repeat","background-position":"center center","background-size":"auto","background-attachment":"scroll","background-type":"","background-media":"","overlay-type":"","overlay-color":"","overlay-opacity":"","overlay-gradient":""},"mobile":{"background-color":"","background-image":"","background-repeat":"repeat","background-position":"center center","background-size":"auto","background-attachment":"scroll","background-type":"","background-media":"","overlay-type":"","overlay-color":"","overlay-opacity":"","overlay-gradient":""}},"ast-content-background-meta":{"desktop":{"background-color":"var(--ast-global-color-5)","background-image":"","background-repeat":"repeat","background-position":"center center","background-size":"auto","background-attachment":"scroll","background-type":"","background-media":"","overlay-type":"","overlay-color":"","overlay-opacity":"","overlay-gradient":""},"tablet":{"background-color":"var(--ast-global-color-5)","background-image":"","background-repeat":"repeat","background-position":"center center","background-size":"auto","background-attachment":"scroll","background-type":"","background-media":"","overlay-type":"","overlay-color":"","overlay-opacity":"","overlay-gradient":""},"mobile":{"background-color":"var(--ast-global-color-5)","background-image":"","background-repeat":"repeat","background-position":"center center","background-size":"auto","background-attachment":"scroll","background-type":"","background-media":"","overlay-type":"","overlay-color":"","overlay-opacity":"","overlay-gradient":""}},"footnotes":""},"class_list":["post-30","page","type-page","status-publish","hentry"],"post_mailing_queue_ids":[],"_links":{"self":[{"href":"https:\/\/agora.xtec.cat\/ceipsantacreudecalafell\/wp-json\/wp\/v2\/pages\/30","targetHints":{"allow":["GET"]}}],"collection":[{"href":"https:\/\/agora.xtec.cat\/ceipsantacreudecalafell\/wp-json\/wp\/v2\/pages"}],"about":[{"href":"https:\/\/agora.xtec.cat\/ceipsantacreudecalafell\/wp-json\/wp\/v2\/types\/page"}],"author":[{"embeddable":true,"href":"https:\/\/agora.xtec.cat\/ceipsantacreudecalafell\/wp-json\/wp\/v2\/users\/1"}],"replies":[{"embeddable":true,"href":"https:\/\/agora.xtec.cat\/ceipsantacreudecalafell\/wp-json\/wp\/v2\/comments?post=30"}],"version-history":[{"count":6,"href":"https:\/\/agora.xtec.cat\/ceipsantacreudecalafell\/wp-json\/wp\/v2\/pages\/30\/revisions"}],"predecessor-version":[{"id":3891,"href":"https:\/\/agora.xtec.cat\/ceipsantacreudecalafell\/wp-json\/wp\/v2\/pages\/30\/revisions\/3891"}],"up":[{"embeddable":true,"href":"https:\/\/agora.xtec.cat\/ceipsantacreudecalafell\/wp-json\/wp\/v2\/pages\/22"}],"wp:attachment":[{"href":"https:\/\/agora.xtec.cat\/ceipsantacreudecalafell\/wp-json\/wp\/v2\/media?parent=30"}],"curies":[{"name":"wp","href":"https:\/\/api.w.org\/{rel}","templated":true}]}}