{"id":2945,"date":"2024-02-27T12:49:07","date_gmt":"2024-02-27T11:49:07","guid":{"rendered":"https:\/\/agora.xtec.cat\/ceipsantacreudecalafell\/?page_id=2945"},"modified":"2024-06-08T20:18:10","modified_gmt":"2024-06-08T18:18:10","slug":"projecte-robotica","status":"publish","type":"page","link":"https:\/\/agora.xtec.cat\/ceipsantacreudecalafell\/projecte-educatiu\/projecte-robotica\/","title":{"rendered":"Projecte Rob\u00f2tica"},"content":{"rendered":"<p><a href=\"https:\/\/agora.xtec.cat\/ceipsantacreudecalafell\/wp-content\/uploads\/usu1567\/2022\/02\/Robotica-cartell.jpg\"><img loading=\"lazy\" decoding=\"async\" class=\"alignnone wp-image-2985\" src=\"https:\/\/agora.xtec.cat\/ceipsantacreudecalafell\/wp-content\/uploads\/usu1567\/2022\/02\/Robotica-cartell.jpg\" alt=\"\" width=\"500\" height=\"353\" srcset=\"https:\/\/agora.xtec.cat\/ceipsantacreudecalafell\/wp-content\/uploads\/usu1567\/2022\/02\/Robotica-cartell.jpg 1755w, https:\/\/agora.xtec.cat\/ceipsantacreudecalafell\/wp-content\/uploads\/usu1567\/2022\/02\/Robotica-cartell-300x212.jpg 300w, https:\/\/agora.xtec.cat\/ceipsantacreudecalafell\/wp-content\/uploads\/usu1567\/2022\/02\/Robotica-cartell-1024x724.jpg 1024w, https:\/\/agora.xtec.cat\/ceipsantacreudecalafell\/wp-content\/uploads\/usu1567\/2022\/02\/Robotica-cartell-768x543.jpg 768w, https:\/\/agora.xtec.cat\/ceipsantacreudecalafell\/wp-content\/uploads\/usu1567\/2022\/02\/Robotica-cartell-1536x1086.jpg 1536w\" sizes=\"auto, (max-width: 500px) 100vw, 500px\" \/><\/a><\/p>\n<p><strong><span style=\"color: #0000ff;\">CURS 2023-2024<\/span><\/strong><\/p>\n<p><span style=\"color: #3366ff;\">3r de Prim\u00e0ria<\/span><\/p>\n<p><a href=\"https:\/\/agora.xtec.cat\/ceipsantacreudecalafell\/wp-content\/uploads\/usu1567\/2024\/02\/5.jpg\"><img loading=\"lazy\" decoding=\"async\" class=\"alignnone wp-image-3893\" src=\"https:\/\/agora.xtec.cat\/ceipsantacreudecalafell\/wp-content\/uploads\/usu1567\/2024\/02\/5.jpg\" alt=\"\" width=\"400\" height=\"225\" srcset=\"https:\/\/agora.xtec.cat\/ceipsantacreudecalafell\/wp-content\/uploads\/usu1567\/2024\/02\/5.jpg 1440w, https:\/\/agora.xtec.cat\/ceipsantacreudecalafell\/wp-content\/uploads\/usu1567\/2024\/02\/5-300x169.jpg 300w, https:\/\/agora.xtec.cat\/ceipsantacreudecalafell\/wp-content\/uploads\/usu1567\/2024\/02\/5-1024x576.jpg 1024w, https:\/\/agora.xtec.cat\/ceipsantacreudecalafell\/wp-content\/uploads\/usu1567\/2024\/02\/5-768x432.jpg 768w\" sizes=\"auto, (max-width: 400px) 100vw, 400px\" \/><\/a>\u00a0 <a href=\"https:\/\/agora.xtec.cat\/ceipsantacreudecalafell\/wp-content\/uploads\/usu1567\/2024\/02\/6.jpg\"><img loading=\"lazy\" decoding=\"async\" class=\"alignnone wp-image-3894\" src=\"https:\/\/agora.xtec.cat\/ceipsantacreudecalafell\/wp-content\/uploads\/usu1567\/2024\/02\/6.jpg\" alt=\"\" width=\"400\" height=\"225\" srcset=\"https:\/\/agora.xtec.cat\/ceipsantacreudecalafell\/wp-content\/uploads\/usu1567\/2024\/02\/6.jpg 1440w, https:\/\/agora.xtec.cat\/ceipsantacreudecalafell\/wp-content\/uploads\/usu1567\/2024\/02\/6-300x169.jpg 300w, https:\/\/agora.xtec.cat\/ceipsantacreudecalafell\/wp-content\/uploads\/usu1567\/2024\/02\/6-1024x576.jpg 1024w, https:\/\/agora.xtec.cat\/ceipsantacreudecalafell\/wp-content\/uploads\/usu1567\/2024\/02\/6-768x432.jpg 768w\" sizes=\"auto, (max-width: 400px) 100vw, 400px\" \/><\/a><\/p>\n<p><a href=\"https:\/\/agora.xtec.cat\/ceipsantacreudecalafell\/wp-content\/uploads\/usu1567\/2024\/02\/1.jpg\"><img loading=\"lazy\" decoding=\"async\" class=\"alignnone wp-image-3895\" src=\"https:\/\/agora.xtec.cat\/ceipsantacreudecalafell\/wp-content\/uploads\/usu1567\/2024\/02\/1.jpg\" alt=\"\" width=\"400\" height=\"225\" srcset=\"https:\/\/agora.xtec.cat\/ceipsantacreudecalafell\/wp-content\/uploads\/usu1567\/2024\/02\/1.jpg 1440w, https:\/\/agora.xtec.cat\/ceipsantacreudecalafell\/wp-content\/uploads\/usu1567\/2024\/02\/1-300x169.jpg 300w, https:\/\/agora.xtec.cat\/ceipsantacreudecalafell\/wp-content\/uploads\/usu1567\/2024\/02\/1-1024x576.jpg 1024w, https:\/\/agora.xtec.cat\/ceipsantacreudecalafell\/wp-content\/uploads\/usu1567\/2024\/02\/1-768x432.jpg 768w\" sizes=\"auto, (max-width: 400px) 100vw, 400px\" \/><\/a>\u00a0 <a href=\"https:\/\/agora.xtec.cat\/ceipsantacreudecalafell\/wp-content\/uploads\/usu1567\/2024\/02\/2.jpg\"><img loading=\"lazy\" decoding=\"async\" class=\"alignnone wp-image-3896\" src=\"https:\/\/agora.xtec.cat\/ceipsantacreudecalafell\/wp-content\/uploads\/usu1567\/2024\/02\/2.jpg\" alt=\"\" width=\"400\" height=\"225\" srcset=\"https:\/\/agora.xtec.cat\/ceipsantacreudecalafell\/wp-content\/uploads\/usu1567\/2024\/02\/2.jpg 1440w, https:\/\/agora.xtec.cat\/ceipsantacreudecalafell\/wp-content\/uploads\/usu1567\/2024\/02\/2-300x169.jpg 300w, https:\/\/agora.xtec.cat\/ceipsantacreudecalafell\/wp-content\/uploads\/usu1567\/2024\/02\/2-1024x576.jpg 1024w, https:\/\/agora.xtec.cat\/ceipsantacreudecalafell\/wp-content\/uploads\/usu1567\/2024\/02\/2-768x432.jpg 768w\" sizes=\"auto, (max-width: 400px) 100vw, 400px\" \/><\/a><\/p>\n<p><a href=\"https:\/\/agora.xtec.cat\/ceipsantacreudecalafell\/wp-content\/uploads\/usu1567\/2024\/02\/3.jpg\"><img loading=\"lazy\" decoding=\"async\" class=\"alignnone wp-image-3897\" src=\"https:\/\/agora.xtec.cat\/ceipsantacreudecalafell\/wp-content\/uploads\/usu1567\/2024\/02\/3.jpg\" alt=\"\" width=\"400\" height=\"225\" srcset=\"https:\/\/agora.xtec.cat\/ceipsantacreudecalafell\/wp-content\/uploads\/usu1567\/2024\/02\/3.jpg 1440w, https:\/\/agora.xtec.cat\/ceipsantacreudecalafell\/wp-content\/uploads\/usu1567\/2024\/02\/3-300x169.jpg 300w, https:\/\/agora.xtec.cat\/ceipsantacreudecalafell\/wp-content\/uploads\/usu1567\/2024\/02\/3-1024x576.jpg 1024w, https:\/\/agora.xtec.cat\/ceipsantacreudecalafell\/wp-content\/uploads\/usu1567\/2024\/02\/3-768x432.jpg 768w\" sizes=\"auto, (max-width: 400px) 100vw, 400px\" \/><\/a>\u00a0 <a href=\"https:\/\/agora.xtec.cat\/ceipsantacreudecalafell\/wp-content\/uploads\/usu1567\/2024\/02\/4.jpg\"><img loading=\"lazy\" decoding=\"async\" class=\"alignnone wp-image-3898\" src=\"https:\/\/agora.xtec.cat\/ceipsantacreudecalafell\/wp-content\/uploads\/usu1567\/2024\/02\/4.jpg\" alt=\"\" width=\"400\" height=\"225\" srcset=\"https:\/\/agora.xtec.cat\/ceipsantacreudecalafell\/wp-content\/uploads\/usu1567\/2024\/02\/4.jpg 1440w, https:\/\/agora.xtec.cat\/ceipsantacreudecalafell\/wp-content\/uploads\/usu1567\/2024\/02\/4-300x169.jpg 300w, https:\/\/agora.xtec.cat\/ceipsantacreudecalafell\/wp-content\/uploads\/usu1567\/2024\/02\/4-1024x576.jpg 1024w, https:\/\/agora.xtec.cat\/ceipsantacreudecalafell\/wp-content\/uploads\/usu1567\/2024\/02\/4-768x432.jpg 768w\" sizes=\"auto, (max-width: 400px) 100vw, 400px\" \/><\/a><\/p>\n<p><span style=\"color: #3366ff;\">4t de Prim\u00e0ria<\/span><\/p>\n<p><a href=\"https:\/\/agora.xtec.cat\/ceipsantacreudecalafell\/wp-content\/uploads\/usu1567\/2024\/06\/IMG-20240530-WA0010.jpg\"><img loading=\"lazy\" decoding=\"async\" class=\"alignnone wp-image-4056\" src=\"https:\/\/agora.xtec.cat\/ceipsantacreudecalafell\/wp-content\/uploads\/usu1567\/2024\/06\/IMG-20240530-WA0010.jpg\" alt=\"\" width=\"299\" height=\"168\" srcset=\"https:\/\/agora.xtec.cat\/ceipsantacreudecalafell\/wp-content\/uploads\/usu1567\/2024\/06\/IMG-20240530-WA0010.jpg 1600w, https:\/\/agora.xtec.cat\/ceipsantacreudecalafell\/wp-content\/uploads\/usu1567\/2024\/06\/IMG-20240530-WA0010-300x169.jpg 300w, https:\/\/agora.xtec.cat\/ceipsantacreudecalafell\/wp-content\/uploads\/usu1567\/2024\/06\/IMG-20240530-WA0010-1024x576.jpg 1024w, https:\/\/agora.xtec.cat\/ceipsantacreudecalafell\/wp-content\/uploads\/usu1567\/2024\/06\/IMG-20240530-WA0010-768x432.jpg 768w, https:\/\/agora.xtec.cat\/ceipsantacreudecalafell\/wp-content\/uploads\/usu1567\/2024\/06\/IMG-20240530-WA0010-1536x864.jpg 1536w\" sizes=\"auto, (max-width: 299px) 100vw, 299px\" \/><\/a>\u00a0 <a href=\"https:\/\/agora.xtec.cat\/ceipsantacreudecalafell\/wp-content\/uploads\/usu1567\/2024\/06\/IMG-20240530-WA0011.jpg\"><img loading=\"lazy\" decoding=\"async\" class=\"alignnone wp-image-4057\" src=\"https:\/\/agora.xtec.cat\/ceipsantacreudecalafell\/wp-content\/uploads\/usu1567\/2024\/06\/IMG-20240530-WA0011.jpg\" alt=\"\" width=\"300\" height=\"169\" srcset=\"https:\/\/agora.xtec.cat\/ceipsantacreudecalafell\/wp-content\/uploads\/usu1567\/2024\/06\/IMG-20240530-WA0011.jpg 1600w, https:\/\/agora.xtec.cat\/ceipsantacreudecalafell\/wp-content\/uploads\/usu1567\/2024\/06\/IMG-20240530-WA0011-300x169.jpg 300w, https:\/\/agora.xtec.cat\/ceipsantacreudecalafell\/wp-content\/uploads\/usu1567\/2024\/06\/IMG-20240530-WA0011-1024x576.jpg 1024w, https:\/\/agora.xtec.cat\/ceipsantacreudecalafell\/wp-content\/uploads\/usu1567\/2024\/06\/IMG-20240530-WA0011-768x432.jpg 768w, https:\/\/agora.xtec.cat\/ceipsantacreudecalafell\/wp-content\/uploads\/usu1567\/2024\/06\/IMG-20240530-WA0011-1536x864.jpg 1536w\" sizes=\"auto, (max-width: 300px) 100vw, 300px\" \/><\/a><\/p>\n<p><a href=\"https:\/\/agora.xtec.cat\/ceipsantacreudecalafell\/wp-content\/uploads\/usu1567\/2024\/06\/IMG-20240530-WA0012.jpg\"><img loading=\"lazy\" decoding=\"async\" class=\"alignnone wp-image-4059\" src=\"https:\/\/agora.xtec.cat\/ceipsantacreudecalafell\/wp-content\/uploads\/usu1567\/2024\/06\/IMG-20240530-WA0012.jpg\" alt=\"\" width=\"300\" height=\"169\" srcset=\"https:\/\/agora.xtec.cat\/ceipsantacreudecalafell\/wp-content\/uploads\/usu1567\/2024\/06\/IMG-20240530-WA0012.jpg 1600w, https:\/\/agora.xtec.cat\/ceipsantacreudecalafell\/wp-content\/uploads\/usu1567\/2024\/06\/IMG-20240530-WA0012-300x169.jpg 300w, https:\/\/agora.xtec.cat\/ceipsantacreudecalafell\/wp-content\/uploads\/usu1567\/2024\/06\/IMG-20240530-WA0012-1024x576.jpg 1024w, https:\/\/agora.xtec.cat\/ceipsantacreudecalafell\/wp-content\/uploads\/usu1567\/2024\/06\/IMG-20240530-WA0012-768x432.jpg 768w, https:\/\/agora.xtec.cat\/ceipsantacreudecalafell\/wp-content\/uploads\/usu1567\/2024\/06\/IMG-20240530-WA0012-1536x864.jpg 1536w\" sizes=\"auto, (max-width: 300px) 100vw, 300px\" \/><\/a>\u00a0 <a href=\"https:\/\/agora.xtec.cat\/ceipsantacreudecalafell\/wp-content\/uploads\/usu1567\/2024\/06\/IMG-20240530-WA0013.jpg\"><img loading=\"lazy\" decoding=\"async\" class=\"alignnone wp-image-4060\" src=\"https:\/\/agora.xtec.cat\/ceipsantacreudecalafell\/wp-content\/uploads\/usu1567\/2024\/06\/IMG-20240530-WA0013.jpg\" alt=\"\" width=\"299\" height=\"168\" srcset=\"https:\/\/agora.xtec.cat\/ceipsantacreudecalafell\/wp-content\/uploads\/usu1567\/2024\/06\/IMG-20240530-WA0013.jpg 1600w, https:\/\/agora.xtec.cat\/ceipsantacreudecalafell\/wp-content\/uploads\/usu1567\/2024\/06\/IMG-20240530-WA0013-300x169.jpg 300w, https:\/\/agora.xtec.cat\/ceipsantacreudecalafell\/wp-content\/uploads\/usu1567\/2024\/06\/IMG-20240530-WA0013-1024x576.jpg 1024w, https:\/\/agora.xtec.cat\/ceipsantacreudecalafell\/wp-content\/uploads\/usu1567\/2024\/06\/IMG-20240530-WA0013-768x432.jpg 768w, https:\/\/agora.xtec.cat\/ceipsantacreudecalafell\/wp-content\/uploads\/usu1567\/2024\/06\/IMG-20240530-WA0013-1536x864.jpg 1536w\" sizes=\"auto, (max-width: 299px) 100vw, 299px\" \/><\/a><\/p>\n<p><a href=\"https:\/\/agora.xtec.cat\/ceipsantacreudecalafell\/wp-content\/uploads\/usu1567\/2024\/06\/IMG-20240530-WA0014.jpg\"><img loading=\"lazy\" decoding=\"async\" class=\"alignnone wp-image-4061\" src=\"https:\/\/agora.xtec.cat\/ceipsantacreudecalafell\/wp-content\/uploads\/usu1567\/2024\/06\/IMG-20240530-WA0014.jpg\" alt=\"\" width=\"299\" height=\"168\" srcset=\"https:\/\/agora.xtec.cat\/ceipsantacreudecalafell\/wp-content\/uploads\/usu1567\/2024\/06\/IMG-20240530-WA0014.jpg 1600w, https:\/\/agora.xtec.cat\/ceipsantacreudecalafell\/wp-content\/uploads\/usu1567\/2024\/06\/IMG-20240530-WA0014-300x169.jpg 300w, https:\/\/agora.xtec.cat\/ceipsantacreudecalafell\/wp-content\/uploads\/usu1567\/2024\/06\/IMG-20240530-WA0014-1024x576.jpg 1024w, https:\/\/agora.xtec.cat\/ceipsantacreudecalafell\/wp-content\/uploads\/usu1567\/2024\/06\/IMG-20240530-WA0014-768x432.jpg 768w, https:\/\/agora.xtec.cat\/ceipsantacreudecalafell\/wp-content\/uploads\/usu1567\/2024\/06\/IMG-20240530-WA0014-1536x864.jpg 1536w\" sizes=\"auto, (max-width: 299px) 100vw, 299px\" \/><\/a>\u00a0 <a href=\"https:\/\/agora.xtec.cat\/ceipsantacreudecalafell\/wp-content\/uploads\/usu1567\/2024\/06\/IMG-20240530-WA0015.jpg\"><img loading=\"lazy\" decoding=\"async\" class=\"alignnone wp-image-4062\" src=\"https:\/\/agora.xtec.cat\/ceipsantacreudecalafell\/wp-content\/uploads\/usu1567\/2024\/06\/IMG-20240530-WA0015.jpg\" alt=\"\" width=\"301\" height=\"169\" srcset=\"https:\/\/agora.xtec.cat\/ceipsantacreudecalafell\/wp-content\/uploads\/usu1567\/2024\/06\/IMG-20240530-WA0015.jpg 1600w, https:\/\/agora.xtec.cat\/ceipsantacreudecalafell\/wp-content\/uploads\/usu1567\/2024\/06\/IMG-20240530-WA0015-300x169.jpg 300w, https:\/\/agora.xtec.cat\/ceipsantacreudecalafell\/wp-content\/uploads\/usu1567\/2024\/06\/IMG-20240530-WA0015-1024x576.jpg 1024w, https:\/\/agora.xtec.cat\/ceipsantacreudecalafell\/wp-content\/uploads\/usu1567\/2024\/06\/IMG-20240530-WA0015-768x432.jpg 768w, https:\/\/agora.xtec.cat\/ceipsantacreudecalafell\/wp-content\/uploads\/usu1567\/2024\/06\/IMG-20240530-WA0015-1536x864.jpg 1536w\" sizes=\"auto, (max-width: 301px) 100vw, 301px\" \/><\/a><\/p>\n<p><a href=\"https:\/\/agora.xtec.cat\/ceipsantacreudecalafell\/wp-content\/uploads\/usu1567\/2024\/06\/IMG-20240530-WA0016.jpg\"><img loading=\"lazy\" decoding=\"async\" class=\"alignnone wp-image-4063\" src=\"https:\/\/agora.xtec.cat\/ceipsantacreudecalafell\/wp-content\/uploads\/usu1567\/2024\/06\/IMG-20240530-WA0016.jpg\" alt=\"\" width=\"300\" height=\"225\" srcset=\"https:\/\/agora.xtec.cat\/ceipsantacreudecalafell\/wp-content\/uploads\/usu1567\/2024\/06\/IMG-20240530-WA0016.jpg 1600w, https:\/\/agora.xtec.cat\/ceipsantacreudecalafell\/wp-content\/uploads\/usu1567\/2024\/06\/IMG-20240530-WA0016-300x225.jpg 300w, https:\/\/agora.xtec.cat\/ceipsantacreudecalafell\/wp-content\/uploads\/usu1567\/2024\/06\/IMG-20240530-WA0016-1024x768.jpg 1024w, https:\/\/agora.xtec.cat\/ceipsantacreudecalafell\/wp-content\/uploads\/usu1567\/2024\/06\/IMG-20240530-WA0016-768x576.jpg 768w, https:\/\/agora.xtec.cat\/ceipsantacreudecalafell\/wp-content\/uploads\/usu1567\/2024\/06\/IMG-20240530-WA0016-1536x1152.jpg 1536w, https:\/\/agora.xtec.cat\/ceipsantacreudecalafell\/wp-content\/uploads\/usu1567\/2024\/06\/IMG-20240530-WA0016-200x150.jpg 200w\" sizes=\"auto, (max-width: 300px) 100vw, 300px\" \/><\/a>\u00a0 <a href=\"https:\/\/agora.xtec.cat\/ceipsantacreudecalafell\/wp-content\/uploads\/usu1567\/2024\/06\/IMG-20240530-WA0017.jpg\"><img loading=\"lazy\" decoding=\"async\" class=\"alignnone wp-image-4064\" src=\"https:\/\/agora.xtec.cat\/ceipsantacreudecalafell\/wp-content\/uploads\/usu1567\/2024\/06\/IMG-20240530-WA0017.jpg\" alt=\"\" width=\"298\" height=\"224\" srcset=\"https:\/\/agora.xtec.cat\/ceipsantacreudecalafell\/wp-content\/uploads\/usu1567\/2024\/06\/IMG-20240530-WA0017.jpg 1600w, https:\/\/agora.xtec.cat\/ceipsantacreudecalafell\/wp-content\/uploads\/usu1567\/2024\/06\/IMG-20240530-WA0017-300x225.jpg 300w, https:\/\/agora.xtec.cat\/ceipsantacreudecalafell\/wp-content\/uploads\/usu1567\/2024\/06\/IMG-20240530-WA0017-1024x768.jpg 1024w, https:\/\/agora.xtec.cat\/ceipsantacreudecalafell\/wp-content\/uploads\/usu1567\/2024\/06\/IMG-20240530-WA0017-768x576.jpg 768w, https:\/\/agora.xtec.cat\/ceipsantacreudecalafell\/wp-content\/uploads\/usu1567\/2024\/06\/IMG-20240530-WA0017-1536x1152.jpg 1536w, https:\/\/agora.xtec.cat\/ceipsantacreudecalafell\/wp-content\/uploads\/usu1567\/2024\/06\/IMG-20240530-WA0017-200x150.jpg 200w\" sizes=\"auto, (max-width: 298px) 100vw, 298px\" \/><\/a><\/p>\n<p><a href=\"https:\/\/agora.xtec.cat\/ceipsantacreudecalafell\/wp-content\/uploads\/usu1567\/2024\/06\/IMG-20240530-WA0018.jpg\"><img loading=\"lazy\" decoding=\"async\" class=\"alignnone wp-image-4065\" src=\"https:\/\/agora.xtec.cat\/ceipsantacreudecalafell\/wp-content\/uploads\/usu1567\/2024\/06\/IMG-20240530-WA0018.jpg\" alt=\"\" width=\"300\" height=\"225\" srcset=\"https:\/\/agora.xtec.cat\/ceipsantacreudecalafell\/wp-content\/uploads\/usu1567\/2024\/06\/IMG-20240530-WA0018.jpg 1600w, https:\/\/agora.xtec.cat\/ceipsantacreudecalafell\/wp-content\/uploads\/usu1567\/2024\/06\/IMG-20240530-WA0018-300x225.jpg 300w, https:\/\/agora.xtec.cat\/ceipsantacreudecalafell\/wp-content\/uploads\/usu1567\/2024\/06\/IMG-20240530-WA0018-1024x768.jpg 1024w, https:\/\/agora.xtec.cat\/ceipsantacreudecalafell\/wp-content\/uploads\/usu1567\/2024\/06\/IMG-20240530-WA0018-768x576.jpg 768w, https:\/\/agora.xtec.cat\/ceipsantacreudecalafell\/wp-content\/uploads\/usu1567\/2024\/06\/IMG-20240530-WA0018-1536x1152.jpg 1536w, https:\/\/agora.xtec.cat\/ceipsantacreudecalafell\/wp-content\/uploads\/usu1567\/2024\/06\/IMG-20240530-WA0018-200x150.jpg 200w\" sizes=\"auto, (max-width: 300px) 100vw, 300px\" \/><\/a>\u00a0 <a href=\"https:\/\/agora.xtec.cat\/ceipsantacreudecalafell\/wp-content\/uploads\/usu1567\/2024\/06\/IMG-20240530-WA0019.jpg\"><img loading=\"lazy\" decoding=\"async\" class=\"alignnone wp-image-4066\" src=\"https:\/\/agora.xtec.cat\/ceipsantacreudecalafell\/wp-content\/uploads\/usu1567\/2024\/06\/IMG-20240530-WA0019.jpg\" alt=\"\" width=\"300\" height=\"225\" srcset=\"https:\/\/agora.xtec.cat\/ceipsantacreudecalafell\/wp-content\/uploads\/usu1567\/2024\/06\/IMG-20240530-WA0019.jpg 1600w, https:\/\/agora.xtec.cat\/ceipsantacreudecalafell\/wp-content\/uploads\/usu1567\/2024\/06\/IMG-20240530-WA0019-300x225.jpg 300w, https:\/\/agora.xtec.cat\/ceipsantacreudecalafell\/wp-content\/uploads\/usu1567\/2024\/06\/IMG-20240530-WA0019-1024x768.jpg 1024w, https:\/\/agora.xtec.cat\/ceipsantacreudecalafell\/wp-content\/uploads\/usu1567\/2024\/06\/IMG-20240530-WA0019-768x576.jpg 768w, https:\/\/agora.xtec.cat\/ceipsantacreudecalafell\/wp-content\/uploads\/usu1567\/2024\/06\/IMG-20240530-WA0019-1536x1152.jpg 1536w, https:\/\/agora.xtec.cat\/ceipsantacreudecalafell\/wp-content\/uploads\/usu1567\/2024\/06\/IMG-20240530-WA0019-200x150.jpg 200w\" sizes=\"auto, (max-width: 300px) 100vw, 300px\" \/><\/a><\/p>\n<p><a href=\"https:\/\/agora.xtec.cat\/ceipsantacreudecalafell\/wp-content\/uploads\/usu1567\/2024\/06\/IMG-20240530-WA0020.jpg\"><img loading=\"lazy\" decoding=\"async\" class=\"alignnone wp-image-4067\" src=\"https:\/\/agora.xtec.cat\/ceipsantacreudecalafell\/wp-content\/uploads\/usu1567\/2024\/06\/IMG-20240530-WA0020.jpg\" alt=\"\" width=\"300\" height=\"400\" srcset=\"https:\/\/agora.xtec.cat\/ceipsantacreudecalafell\/wp-content\/uploads\/usu1567\/2024\/06\/IMG-20240530-WA0020.jpg 1200w, https:\/\/agora.xtec.cat\/ceipsantacreudecalafell\/wp-content\/uploads\/usu1567\/2024\/06\/IMG-20240530-WA0020-225x300.jpg 225w, https:\/\/agora.xtec.cat\/ceipsantacreudecalafell\/wp-content\/uploads\/usu1567\/2024\/06\/IMG-20240530-WA0020-768x1024.jpg 768w, https:\/\/agora.xtec.cat\/ceipsantacreudecalafell\/wp-content\/uploads\/usu1567\/2024\/06\/IMG-20240530-WA0020-1152x1536.jpg 1152w\" sizes=\"auto, (max-width: 300px) 100vw, 300px\" \/><\/a> <a href=\"https:\/\/agora.xtec.cat\/ceipsantacreudecalafell\/wp-content\/uploads\/usu1567\/2024\/06\/IMG-20240530-WA0024.jpg\"><img loading=\"lazy\" decoding=\"async\" class=\"alignnone wp-image-4070\" src=\"https:\/\/agora.xtec.cat\/ceipsantacreudecalafell\/wp-content\/uploads\/usu1567\/2024\/06\/IMG-20240530-WA0024.jpg\" alt=\"\" width=\"299\" height=\"398\" srcset=\"https:\/\/agora.xtec.cat\/ceipsantacreudecalafell\/wp-content\/uploads\/usu1567\/2024\/06\/IMG-20240530-WA0024.jpg 1200w, https:\/\/agora.xtec.cat\/ceipsantacreudecalafell\/wp-content\/uploads\/usu1567\/2024\/06\/IMG-20240530-WA0024-225x300.jpg 225w, https:\/\/agora.xtec.cat\/ceipsantacreudecalafell\/wp-content\/uploads\/usu1567\/2024\/06\/IMG-20240530-WA0024-768x1024.jpg 768w, https:\/\/agora.xtec.cat\/ceipsantacreudecalafell\/wp-content\/uploads\/usu1567\/2024\/06\/IMG-20240530-WA0024-1152x1536.jpg 1152w\" sizes=\"auto, (max-width: 299px) 100vw, 299px\" \/><\/a><\/p>\n<p><a href=\"https:\/\/agora.xtec.cat\/ceipsantacreudecalafell\/wp-content\/uploads\/usu1567\/2024\/06\/IMG-20240530-WA0021.jpg\"><img loading=\"lazy\" decoding=\"async\" class=\"alignnone wp-image-4068\" src=\"https:\/\/agora.xtec.cat\/ceipsantacreudecalafell\/wp-content\/uploads\/usu1567\/2024\/06\/IMG-20240530-WA0021.jpg\" alt=\"\" width=\"300\" height=\"225\" srcset=\"https:\/\/agora.xtec.cat\/ceipsantacreudecalafell\/wp-content\/uploads\/usu1567\/2024\/06\/IMG-20240530-WA0021.jpg 1600w, https:\/\/agora.xtec.cat\/ceipsantacreudecalafell\/wp-content\/uploads\/usu1567\/2024\/06\/IMG-20240530-WA0021-300x225.jpg 300w, https:\/\/agora.xtec.cat\/ceipsantacreudecalafell\/wp-content\/uploads\/usu1567\/2024\/06\/IMG-20240530-WA0021-1024x768.jpg 1024w, https:\/\/agora.xtec.cat\/ceipsantacreudecalafell\/wp-content\/uploads\/usu1567\/2024\/06\/IMG-20240530-WA0021-768x576.jpg 768w, https:\/\/agora.xtec.cat\/ceipsantacreudecalafell\/wp-content\/uploads\/usu1567\/2024\/06\/IMG-20240530-WA0021-1536x1152.jpg 1536w, https:\/\/agora.xtec.cat\/ceipsantacreudecalafell\/wp-content\/uploads\/usu1567\/2024\/06\/IMG-20240530-WA0021-200x150.jpg 200w\" sizes=\"auto, (max-width: 300px) 100vw, 300px\" \/><\/a>\u00a0 <a href=\"https:\/\/agora.xtec.cat\/ceipsantacreudecalafell\/wp-content\/uploads\/usu1567\/2024\/06\/IMG-20240530-WA0022.jpg\"><img loading=\"lazy\" decoding=\"async\" class=\"alignnone wp-image-4069\" src=\"https:\/\/agora.xtec.cat\/ceipsantacreudecalafell\/wp-content\/uploads\/usu1567\/2024\/06\/IMG-20240530-WA0022.jpg\" alt=\"\" width=\"300\" height=\"225\" srcset=\"https:\/\/agora.xtec.cat\/ceipsantacreudecalafell\/wp-content\/uploads\/usu1567\/2024\/06\/IMG-20240530-WA0022.jpg 1600w, https:\/\/agora.xtec.cat\/ceipsantacreudecalafell\/wp-content\/uploads\/usu1567\/2024\/06\/IMG-20240530-WA0022-300x225.jpg 300w, https:\/\/agora.xtec.cat\/ceipsantacreudecalafell\/wp-content\/uploads\/usu1567\/2024\/06\/IMG-20240530-WA0022-1024x768.jpg 1024w, https:\/\/agora.xtec.cat\/ceipsantacreudecalafell\/wp-content\/uploads\/usu1567\/2024\/06\/IMG-20240530-WA0022-768x576.jpg 768w, https:\/\/agora.xtec.cat\/ceipsantacreudecalafell\/wp-content\/uploads\/usu1567\/2024\/06\/IMG-20240530-WA0022-1536x1152.jpg 1536w, https:\/\/agora.xtec.cat\/ceipsantacreudecalafell\/wp-content\/uploads\/usu1567\/2024\/06\/IMG-20240530-WA0022-200x150.jpg 200w\" sizes=\"auto, (max-width: 300px) 100vw, 300px\" \/><\/a>\u00a0 <a href=\"https:\/\/agora.xtec.cat\/ceipsantacreudecalafell\/wp-content\/uploads\/usu1567\/2024\/06\/IMG-20240530-WA0025.jpg\"><img loading=\"lazy\" decoding=\"async\" class=\"alignnone wp-image-4071\" src=\"https:\/\/agora.xtec.cat\/ceipsantacreudecalafell\/wp-content\/uploads\/usu1567\/2024\/06\/IMG-20240530-WA0025.jpg\" alt=\"\" width=\"300\" height=\"400\" srcset=\"https:\/\/agora.xtec.cat\/ceipsantacreudecalafell\/wp-content\/uploads\/usu1567\/2024\/06\/IMG-20240530-WA0025.jpg 1200w, https:\/\/agora.xtec.cat\/ceipsantacreudecalafell\/wp-content\/uploads\/usu1567\/2024\/06\/IMG-20240530-WA0025-225x300.jpg 225w, https:\/\/agora.xtec.cat\/ceipsantacreudecalafell\/wp-content\/uploads\/usu1567\/2024\/06\/IMG-20240530-WA0025-768x1024.jpg 768w, https:\/\/agora.xtec.cat\/ceipsantacreudecalafell\/wp-content\/uploads\/usu1567\/2024\/06\/IMG-20240530-WA0025-1152x1536.jpg 1152w\" sizes=\"auto, (max-width: 300px) 100vw, 300px\" \/><\/a>\u00a0 <a href=\"https:\/\/agora.xtec.cat\/ceipsantacreudecalafell\/wp-content\/uploads\/usu1567\/2024\/06\/IMG-20240530-WA0026.jpg\"><img loading=\"lazy\" decoding=\"async\" class=\"alignnone wp-image-4072\" src=\"https:\/\/agora.xtec.cat\/ceipsantacreudecalafell\/wp-content\/uploads\/usu1567\/2024\/06\/IMG-20240530-WA0026.jpg\" alt=\"\" width=\"300\" height=\"400\" srcset=\"https:\/\/agora.xtec.cat\/ceipsantacreudecalafell\/wp-content\/uploads\/usu1567\/2024\/06\/IMG-20240530-WA0026.jpg 1200w, https:\/\/agora.xtec.cat\/ceipsantacreudecalafell\/wp-content\/uploads\/usu1567\/2024\/06\/IMG-20240530-WA0026-225x300.jpg 225w, https:\/\/agora.xtec.cat\/ceipsantacreudecalafell\/wp-content\/uploads\/usu1567\/2024\/06\/IMG-20240530-WA0026-768x1024.jpg 768w, https:\/\/agora.xtec.cat\/ceipsantacreudecalafell\/wp-content\/uploads\/usu1567\/2024\/06\/IMG-20240530-WA0026-1152x1536.jpg 1152w\" sizes=\"auto, (max-width: 300px) 100vw, 300px\" \/><\/a> <a href=\"https:\/\/agora.xtec.cat\/ceipsantacreudecalafell\/wp-content\/uploads\/usu1567\/2024\/06\/IMG-20240530-WA0027.jpg\"><img loading=\"lazy\" decoding=\"async\" class=\"alignnone wp-image-4073\" src=\"https:\/\/agora.xtec.cat\/ceipsantacreudecalafell\/wp-content\/uploads\/usu1567\/2024\/06\/IMG-20240530-WA0027.jpg\" alt=\"\" width=\"298\" height=\"397\" srcset=\"https:\/\/agora.xtec.cat\/ceipsantacreudecalafell\/wp-content\/uploads\/usu1567\/2024\/06\/IMG-20240530-WA0027.jpg 1200w, https:\/\/agora.xtec.cat\/ceipsantacreudecalafell\/wp-content\/uploads\/usu1567\/2024\/06\/IMG-20240530-WA0027-225x300.jpg 225w, https:\/\/agora.xtec.cat\/ceipsantacreudecalafell\/wp-content\/uploads\/usu1567\/2024\/06\/IMG-20240530-WA0027-768x1024.jpg 768w, https:\/\/agora.xtec.cat\/ceipsantacreudecalafell\/wp-content\/uploads\/usu1567\/2024\/06\/IMG-20240530-WA0027-1152x1536.jpg 1152w\" sizes=\"auto, (max-width: 298px) 100vw, 298px\" \/><\/a>\u00a0 <a href=\"https:\/\/agora.xtec.cat\/ceipsantacreudecalafell\/wp-content\/uploads\/usu1567\/2024\/06\/IMG-20240530-WA0028.jpg\"><img loading=\"lazy\" decoding=\"async\" class=\"alignnone wp-image-4074\" src=\"https:\/\/agora.xtec.cat\/ceipsantacreudecalafell\/wp-content\/uploads\/usu1567\/2024\/06\/IMG-20240530-WA0028.jpg\" alt=\"\" width=\"300\" height=\"400\" srcset=\"https:\/\/agora.xtec.cat\/ceipsantacreudecalafell\/wp-content\/uploads\/usu1567\/2024\/06\/IMG-20240530-WA0028.jpg 1200w, https:\/\/agora.xtec.cat\/ceipsantacreudecalafell\/wp-content\/uploads\/usu1567\/2024\/06\/IMG-20240530-WA0028-225x300.jpg 225w, https:\/\/agora.xtec.cat\/ceipsantacreudecalafell\/wp-content\/uploads\/usu1567\/2024\/06\/IMG-20240530-WA0028-768x1024.jpg 768w, https:\/\/agora.xtec.cat\/ceipsantacreudecalafell\/wp-content\/uploads\/usu1567\/2024\/06\/IMG-20240530-WA0028-1152x1536.jpg 1152w\" sizes=\"auto, (max-width: 300px) 100vw, 300px\" \/><\/a><\/p>\n<p><span style=\"color: #3366ff;\">5\u00e8 de Prim\u00e0ria<\/span><\/p>\n<p><a href=\"https:\/\/agora.xtec.cat\/ceipsantacreudecalafell\/wp-content\/uploads\/usu1567\/2024\/02\/6_20240229_120932_0005.jpg\"><img loading=\"lazy\" decoding=\"async\" class=\"alignnone wp-image-3905\" src=\"https:\/\/agora.xtec.cat\/ceipsantacreudecalafell\/wp-content\/uploads\/usu1567\/2024\/02\/6_20240229_120932_0005.jpg\" alt=\"\" width=\"400\" height=\"225\" srcset=\"https:\/\/agora.xtec.cat\/ceipsantacreudecalafell\/wp-content\/uploads\/usu1567\/2024\/02\/6_20240229_120932_0005.jpg 1680w, https:\/\/agora.xtec.cat\/ceipsantacreudecalafell\/wp-content\/uploads\/usu1567\/2024\/02\/6_20240229_120932_0005-300x169.jpg 300w, https:\/\/agora.xtec.cat\/ceipsantacreudecalafell\/wp-content\/uploads\/usu1567\/2024\/02\/6_20240229_120932_0005-1024x576.jpg 1024w, https:\/\/agora.xtec.cat\/ceipsantacreudecalafell\/wp-content\/uploads\/usu1567\/2024\/02\/6_20240229_120932_0005-768x432.jpg 768w, https:\/\/agora.xtec.cat\/ceipsantacreudecalafell\/wp-content\/uploads\/usu1567\/2024\/02\/6_20240229_120932_0005-1536x864.jpg 1536w\" sizes=\"auto, (max-width: 400px) 100vw, 400px\" \/><\/a>\u00a0 <a href=\"https:\/\/agora.xtec.cat\/ceipsantacreudecalafell\/wp-content\/uploads\/usu1567\/2024\/02\/5_20240229_120932_0004.jpg\"><img loading=\"lazy\" decoding=\"async\" class=\"alignnone wp-image-3906\" src=\"https:\/\/agora.xtec.cat\/ceipsantacreudecalafell\/wp-content\/uploads\/usu1567\/2024\/02\/5_20240229_120932_0004.jpg\" alt=\"\" width=\"400\" height=\"225\" srcset=\"https:\/\/agora.xtec.cat\/ceipsantacreudecalafell\/wp-content\/uploads\/usu1567\/2024\/02\/5_20240229_120932_0004.jpg 1680w, https:\/\/agora.xtec.cat\/ceipsantacreudecalafell\/wp-content\/uploads\/usu1567\/2024\/02\/5_20240229_120932_0004-300x169.jpg 300w, https:\/\/agora.xtec.cat\/ceipsantacreudecalafell\/wp-content\/uploads\/usu1567\/2024\/02\/5_20240229_120932_0004-1024x576.jpg 1024w, https:\/\/agora.xtec.cat\/ceipsantacreudecalafell\/wp-content\/uploads\/usu1567\/2024\/02\/5_20240229_120932_0004-768x432.jpg 768w, https:\/\/agora.xtec.cat\/ceipsantacreudecalafell\/wp-content\/uploads\/usu1567\/2024\/02\/5_20240229_120932_0004-1536x864.jpg 1536w\" sizes=\"auto, (max-width: 400px) 100vw, 400px\" \/><\/a><\/p>\n<p><a href=\"https:\/\/agora.xtec.cat\/ceipsantacreudecalafell\/wp-content\/uploads\/usu1567\/2024\/02\/4_20240229_120932_0003.jpg\"><img loading=\"lazy\" decoding=\"async\" class=\"alignnone wp-image-3907\" src=\"https:\/\/agora.xtec.cat\/ceipsantacreudecalafell\/wp-content\/uploads\/usu1567\/2024\/02\/4_20240229_120932_0003.jpg\" alt=\"\" width=\"400\" height=\"225\" srcset=\"https:\/\/agora.xtec.cat\/ceipsantacreudecalafell\/wp-content\/uploads\/usu1567\/2024\/02\/4_20240229_120932_0003.jpg 1680w, https:\/\/agora.xtec.cat\/ceipsantacreudecalafell\/wp-content\/uploads\/usu1567\/2024\/02\/4_20240229_120932_0003-300x169.jpg 300w, https:\/\/agora.xtec.cat\/ceipsantacreudecalafell\/wp-content\/uploads\/usu1567\/2024\/02\/4_20240229_120932_0003-1024x576.jpg 1024w, https:\/\/agora.xtec.cat\/ceipsantacreudecalafell\/wp-content\/uploads\/usu1567\/2024\/02\/4_20240229_120932_0003-768x432.jpg 768w, https:\/\/agora.xtec.cat\/ceipsantacreudecalafell\/wp-content\/uploads\/usu1567\/2024\/02\/4_20240229_120932_0003-1536x864.jpg 1536w\" sizes=\"auto, (max-width: 400px) 100vw, 400px\" \/><\/a>\u00a0 <a href=\"https:\/\/agora.xtec.cat\/ceipsantacreudecalafell\/wp-content\/uploads\/usu1567\/2024\/02\/3_20240229_120932_0002.jpg\"><img loading=\"lazy\" decoding=\"async\" class=\"alignnone wp-image-3908\" src=\"https:\/\/agora.xtec.cat\/ceipsantacreudecalafell\/wp-content\/uploads\/usu1567\/2024\/02\/3_20240229_120932_0002.jpg\" alt=\"\" width=\"400\" height=\"225\" srcset=\"https:\/\/agora.xtec.cat\/ceipsantacreudecalafell\/wp-content\/uploads\/usu1567\/2024\/02\/3_20240229_120932_0002.jpg 1680w, https:\/\/agora.xtec.cat\/ceipsantacreudecalafell\/wp-content\/uploads\/usu1567\/2024\/02\/3_20240229_120932_0002-300x169.jpg 300w, https:\/\/agora.xtec.cat\/ceipsantacreudecalafell\/wp-content\/uploads\/usu1567\/2024\/02\/3_20240229_120932_0002-1024x576.jpg 1024w, https:\/\/agora.xtec.cat\/ceipsantacreudecalafell\/wp-content\/uploads\/usu1567\/2024\/02\/3_20240229_120932_0002-768x432.jpg 768w, https:\/\/agora.xtec.cat\/ceipsantacreudecalafell\/wp-content\/uploads\/usu1567\/2024\/02\/3_20240229_120932_0002-1536x864.jpg 1536w\" sizes=\"auto, (max-width: 400px) 100vw, 400px\" \/><\/a><\/p>\n<p><a href=\"https:\/\/agora.xtec.cat\/ceipsantacreudecalafell\/wp-content\/uploads\/usu1567\/2024\/02\/2_20240229_120932_0001.jpg\"><img loading=\"lazy\" decoding=\"async\" class=\"alignnone wp-image-3909\" src=\"https:\/\/agora.xtec.cat\/ceipsantacreudecalafell\/wp-content\/uploads\/usu1567\/2024\/02\/2_20240229_120932_0001.jpg\" alt=\"\" width=\"400\" height=\"225\" srcset=\"https:\/\/agora.xtec.cat\/ceipsantacreudecalafell\/wp-content\/uploads\/usu1567\/2024\/02\/2_20240229_120932_0001.jpg 1680w, https:\/\/agora.xtec.cat\/ceipsantacreudecalafell\/wp-content\/uploads\/usu1567\/2024\/02\/2_20240229_120932_0001-300x169.jpg 300w, https:\/\/agora.xtec.cat\/ceipsantacreudecalafell\/wp-content\/uploads\/usu1567\/2024\/02\/2_20240229_120932_0001-1024x576.jpg 1024w, https:\/\/agora.xtec.cat\/ceipsantacreudecalafell\/wp-content\/uploads\/usu1567\/2024\/02\/2_20240229_120932_0001-768x432.jpg 768w, https:\/\/agora.xtec.cat\/ceipsantacreudecalafell\/wp-content\/uploads\/usu1567\/2024\/02\/2_20240229_120932_0001-1536x864.jpg 1536w\" sizes=\"auto, (max-width: 400px) 100vw, 400px\" \/><\/a>\u00a0 <a href=\"https:\/\/agora.xtec.cat\/ceipsantacreudecalafell\/wp-content\/uploads\/usu1567\/2024\/02\/1_20240229_120931_0000.jpg\"><img loading=\"lazy\" decoding=\"async\" class=\"alignnone wp-image-3910\" src=\"https:\/\/agora.xtec.cat\/ceipsantacreudecalafell\/wp-content\/uploads\/usu1567\/2024\/02\/1_20240229_120931_0000.jpg\" alt=\"\" width=\"400\" height=\"225\" srcset=\"https:\/\/agora.xtec.cat\/ceipsantacreudecalafell\/wp-content\/uploads\/usu1567\/2024\/02\/1_20240229_120931_0000.jpg 1680w, https:\/\/agora.xtec.cat\/ceipsantacreudecalafell\/wp-content\/uploads\/usu1567\/2024\/02\/1_20240229_120931_0000-300x169.jpg 300w, https:\/\/agora.xtec.cat\/ceipsantacreudecalafell\/wp-content\/uploads\/usu1567\/2024\/02\/1_20240229_120931_0000-1024x576.jpg 1024w, https:\/\/agora.xtec.cat\/ceipsantacreudecalafell\/wp-content\/uploads\/usu1567\/2024\/02\/1_20240229_120931_0000-768x432.jpg 768w, https:\/\/agora.xtec.cat\/ceipsantacreudecalafell\/wp-content\/uploads\/usu1567\/2024\/02\/1_20240229_120931_0000-1536x864.jpg 1536w\" sizes=\"auto, (max-width: 400px) 100vw, 400px\" \/><\/a><\/p>\n<p><span style=\"color: #3366ff;\">6\u00e8 de Prim\u00e0ria<\/span><\/p>\n<p><a href=\"https:\/\/agora.xtec.cat\/ceipsantacreudecalafell\/wp-content\/uploads\/usu1567\/2024\/06\/1.jpg\"><img loading=\"lazy\" decoding=\"async\" class=\"alignnone wp-image-4047\" src=\"https:\/\/agora.xtec.cat\/ceipsantacreudecalafell\/wp-content\/uploads\/usu1567\/2024\/06\/1.jpg\" alt=\"\" width=\"398\" height=\"224\" srcset=\"https:\/\/agora.xtec.cat\/ceipsantacreudecalafell\/wp-content\/uploads\/usu1567\/2024\/06\/1.jpg 1440w, https:\/\/agora.xtec.cat\/ceipsantacreudecalafell\/wp-content\/uploads\/usu1567\/2024\/06\/1-300x169.jpg 300w, https:\/\/agora.xtec.cat\/ceipsantacreudecalafell\/wp-content\/uploads\/usu1567\/2024\/06\/1-1024x576.jpg 1024w, https:\/\/agora.xtec.cat\/ceipsantacreudecalafell\/wp-content\/uploads\/usu1567\/2024\/06\/1-768x432.jpg 768w\" sizes=\"auto, (max-width: 398px) 100vw, 398px\" \/><\/a>\u00a0 <a href=\"https:\/\/agora.xtec.cat\/ceipsantacreudecalafell\/wp-content\/uploads\/usu1567\/2024\/06\/2.jpg\"><img loading=\"lazy\" decoding=\"async\" class=\"alignnone wp-image-4048\" src=\"https:\/\/agora.xtec.cat\/ceipsantacreudecalafell\/wp-content\/uploads\/usu1567\/2024\/06\/2.jpg\" alt=\"\" width=\"400\" height=\"225\" srcset=\"https:\/\/agora.xtec.cat\/ceipsantacreudecalafell\/wp-content\/uploads\/usu1567\/2024\/06\/2.jpg 1440w, https:\/\/agora.xtec.cat\/ceipsantacreudecalafell\/wp-content\/uploads\/usu1567\/2024\/06\/2-300x169.jpg 300w, https:\/\/agora.xtec.cat\/ceipsantacreudecalafell\/wp-content\/uploads\/usu1567\/2024\/06\/2-1024x576.jpg 1024w, https:\/\/agora.xtec.cat\/ceipsantacreudecalafell\/wp-content\/uploads\/usu1567\/2024\/06\/2-768x432.jpg 768w\" sizes=\"auto, (max-width: 400px) 100vw, 400px\" \/><\/a><\/p>\n<p><a href=\"https:\/\/agora.xtec.cat\/ceipsantacreudecalafell\/wp-content\/uploads\/usu1567\/2024\/06\/3.jpg\"><img loading=\"lazy\" decoding=\"async\" class=\"alignnone wp-image-4049\" src=\"https:\/\/agora.xtec.cat\/ceipsantacreudecalafell\/wp-content\/uploads\/usu1567\/2024\/06\/3.jpg\" alt=\"\" width=\"398\" height=\"224\" srcset=\"https:\/\/agora.xtec.cat\/ceipsantacreudecalafell\/wp-content\/uploads\/usu1567\/2024\/06\/3.jpg 1440w, https:\/\/agora.xtec.cat\/ceipsantacreudecalafell\/wp-content\/uploads\/usu1567\/2024\/06\/3-300x169.jpg 300w, https:\/\/agora.xtec.cat\/ceipsantacreudecalafell\/wp-content\/uploads\/usu1567\/2024\/06\/3-1024x576.jpg 1024w, https:\/\/agora.xtec.cat\/ceipsantacreudecalafell\/wp-content\/uploads\/usu1567\/2024\/06\/3-768x432.jpg 768w\" sizes=\"auto, (max-width: 398px) 100vw, 398px\" \/><\/a>\u00a0 <a href=\"https:\/\/agora.xtec.cat\/ceipsantacreudecalafell\/wp-content\/uploads\/usu1567\/2024\/06\/4.jpg\"><img loading=\"lazy\" decoding=\"async\" class=\"alignnone wp-image-4050\" src=\"https:\/\/agora.xtec.cat\/ceipsantacreudecalafell\/wp-content\/uploads\/usu1567\/2024\/06\/4.jpg\" alt=\"\" width=\"400\" height=\"225\" srcset=\"https:\/\/agora.xtec.cat\/ceipsantacreudecalafell\/wp-content\/uploads\/usu1567\/2024\/06\/4.jpg 1440w, https:\/\/agora.xtec.cat\/ceipsantacreudecalafell\/wp-content\/uploads\/usu1567\/2024\/06\/4-300x169.jpg 300w, https:\/\/agora.xtec.cat\/ceipsantacreudecalafell\/wp-content\/uploads\/usu1567\/2024\/06\/4-1024x576.jpg 1024w, https:\/\/agora.xtec.cat\/ceipsantacreudecalafell\/wp-content\/uploads\/usu1567\/2024\/06\/4-768x432.jpg 768w\" sizes=\"auto, (max-width: 400px) 100vw, 400px\" \/><\/a><\/p>\n<p><a href=\"https:\/\/agora.xtec.cat\/ceipsantacreudecalafell\/wp-content\/uploads\/usu1567\/2024\/06\/5.jpg\"><img loading=\"lazy\" decoding=\"async\" class=\"alignnone wp-image-4051\" src=\"https:\/\/agora.xtec.cat\/ceipsantacreudecalafell\/wp-content\/uploads\/usu1567\/2024\/06\/5.jpg\" alt=\"\" width=\"398\" height=\"224\" srcset=\"https:\/\/agora.xtec.cat\/ceipsantacreudecalafell\/wp-content\/uploads\/usu1567\/2024\/06\/5.jpg 1440w, https:\/\/agora.xtec.cat\/ceipsantacreudecalafell\/wp-content\/uploads\/usu1567\/2024\/06\/5-300x169.jpg 300w, https:\/\/agora.xtec.cat\/ceipsantacreudecalafell\/wp-content\/uploads\/usu1567\/2024\/06\/5-1024x576.jpg 1024w, https:\/\/agora.xtec.cat\/ceipsantacreudecalafell\/wp-content\/uploads\/usu1567\/2024\/06\/5-768x432.jpg 768w\" sizes=\"auto, (max-width: 398px) 100vw, 398px\" \/><\/a>\u00a0 <a href=\"https:\/\/agora.xtec.cat\/ceipsantacreudecalafell\/wp-content\/uploads\/usu1567\/2024\/06\/6.jpg\"><img loading=\"lazy\" decoding=\"async\" class=\"alignnone wp-image-4052\" src=\"https:\/\/agora.xtec.cat\/ceipsantacreudecalafell\/wp-content\/uploads\/usu1567\/2024\/06\/6.jpg\" alt=\"\" width=\"396\" height=\"223\" srcset=\"https:\/\/agora.xtec.cat\/ceipsantacreudecalafell\/wp-content\/uploads\/usu1567\/2024\/06\/6.jpg 1440w, https:\/\/agora.xtec.cat\/ceipsantacreudecalafell\/wp-content\/uploads\/usu1567\/2024\/06\/6-300x169.jpg 300w, https:\/\/agora.xtec.cat\/ceipsantacreudecalafell\/wp-content\/uploads\/usu1567\/2024\/06\/6-1024x576.jpg 1024w, https:\/\/agora.xtec.cat\/ceipsantacreudecalafell\/wp-content\/uploads\/usu1567\/2024\/06\/6-768x432.jpg 768w\" sizes=\"auto, (max-width: 396px) 100vw, 396px\" \/><\/a><\/p>\n<p><a href=\"https:\/\/agora.xtec.cat\/ceipsantacreudecalafell\/wp-content\/uploads\/usu1567\/2024\/06\/7.jpg\"><img loading=\"lazy\" decoding=\"async\" class=\"alignnone wp-image-4053\" src=\"https:\/\/agora.xtec.cat\/ceipsantacreudecalafell\/wp-content\/uploads\/usu1567\/2024\/06\/7.jpg\" alt=\"\" width=\"396\" height=\"223\" srcset=\"https:\/\/agora.xtec.cat\/ceipsantacreudecalafell\/wp-content\/uploads\/usu1567\/2024\/06\/7.jpg 1440w, https:\/\/agora.xtec.cat\/ceipsantacreudecalafell\/wp-content\/uploads\/usu1567\/2024\/06\/7-300x169.jpg 300w, https:\/\/agora.xtec.cat\/ceipsantacreudecalafell\/wp-content\/uploads\/usu1567\/2024\/06\/7-1024x576.jpg 1024w, https:\/\/agora.xtec.cat\/ceipsantacreudecalafell\/wp-content\/uploads\/usu1567\/2024\/06\/7-768x432.jpg 768w\" sizes=\"auto, (max-width: 396px) 100vw, 396px\" \/><\/a>\u00a0 <a href=\"https:\/\/agora.xtec.cat\/ceipsantacreudecalafell\/wp-content\/uploads\/usu1567\/2024\/06\/8.jpg\"><img loading=\"lazy\" decoding=\"async\" class=\"alignnone wp-image-4054\" src=\"https:\/\/agora.xtec.cat\/ceipsantacreudecalafell\/wp-content\/uploads\/usu1567\/2024\/06\/8.jpg\" alt=\"\" width=\"398\" height=\"224\" srcset=\"https:\/\/agora.xtec.cat\/ceipsantacreudecalafell\/wp-content\/uploads\/usu1567\/2024\/06\/8.jpg 1440w, https:\/\/agora.xtec.cat\/ceipsantacreudecalafell\/wp-content\/uploads\/usu1567\/2024\/06\/8-300x169.jpg 300w, https:\/\/agora.xtec.cat\/ceipsantacreudecalafell\/wp-content\/uploads\/usu1567\/2024\/06\/8-1024x576.jpg 1024w, https:\/\/agora.xtec.cat\/ceipsantacreudecalafell\/wp-content\/uploads\/usu1567\/2024\/06\/8-768x432.jpg 768w\" sizes=\"auto, (max-width: 398px) 100vw, 398px\" \/><\/a><\/p>\n<div class=\"ast-oembed-container \" style=\"height: 100%;\"><iframe loading=\"lazy\" title=\"Rob\u00f2tica a l&#039;escola Santa Creu de Calafell\" width=\"500\" height=\"375\" src=\"https:\/\/www.youtube.com\/embed\/sLRXbL3ICe8?feature=oembed\" frameborder=\"0\" allow=\"accelerometer; autoplay; clipboard-write; encrypted-media; gyroscope; picture-in-picture; web-share\" referrerpolicy=\"strict-origin-when-cross-origin\" allowfullscreen><\/iframe><\/div>\n<p>Els alumnes de 6\u00e8 han comen\u00e7at el Projecte de Rob\u00f2tica creant &#8220;Milo amb un bra\u00e7&#8221; i &#8220;Milo amb dos bra\u00e7os&#8221;, han apr\u00e8s tamb\u00e9 a programar-lo perqu\u00e8 faci diverses funcions com caminar endavant, caminar al darrere, l&#8217;han afegit soroll de fons, l&#8217;han canviat el color&#8230;<\/p>\n<div class=\"ast-oembed-container \" style=\"height: 100%;\"><iframe loading=\"lazy\" title=\"Rob\u00f2tica 6\u00e8\" width=\"500\" height=\"375\" src=\"https:\/\/www.youtube.com\/embed\/u-sKHOEerog?feature=oembed\" frameborder=\"0\" allow=\"accelerometer; autoplay; clipboard-write; encrypted-media; gyroscope; picture-in-picture; web-share\" referrerpolicy=\"strict-origin-when-cross-origin\" allowfullscreen><\/iframe><\/div>\n<p>Els alumnes de 5\u00e8 han comen\u00e7at el Projecte de Rob\u00f2tica creant &#8220;Milo amb un bra\u00e7&#8221; i &#8220;Milo amb dos bra\u00e7os&#8221;, han apr\u00e8s tamb\u00e9 a programar-lo perqu\u00e8 faci diverses funcions com girar les aspes, l&#8217;han afegit soroll de fons, l&#8217;han canviat el color&#8230;<\/p>\n<div class=\"ast-oembed-container \" style=\"height: 100%;\"><iframe loading=\"lazy\" title=\"Rob\u00f2tica 5\u00e8\" width=\"500\" height=\"375\" src=\"https:\/\/www.youtube.com\/embed\/mU2F4UQ-dxo?feature=oembed\" frameborder=\"0\" allow=\"accelerometer; autoplay; clipboard-write; encrypted-media; gyroscope; picture-in-picture; web-share\" referrerpolicy=\"strict-origin-when-cross-origin\" allowfullscreen><\/iframe><\/div>\n<p>Els alumnes de 4t han comen\u00e7at el Projecte de Rob\u00f2tica creant &#8220;El Ventilador de refredament&#8221; i &#8220;El sat\u00e8l\u00b7lit m\u00f2bil&#8221;, han apr\u00e8s tamb\u00e9 a programar-lo perqu\u00e8 faci diverses funcions com girar les aspes, l&#8217;han afegit soroll de fons, l&#8217;han canviat el color&#8230;<\/p>\n<div class=\"ast-oembed-container \" style=\"height: 100%;\"><iframe loading=\"lazy\" title=\"Rob\u00f2tica 4t\" width=\"500\" height=\"375\" src=\"https:\/\/www.youtube.com\/embed\/mMVJcmkeS4w?feature=oembed\" frameborder=\"0\" allow=\"accelerometer; autoplay; clipboard-write; encrypted-media; gyroscope; picture-in-picture; web-share\" referrerpolicy=\"strict-origin-when-cross-origin\" allowfullscreen><\/iframe><\/div>\n<p>&nbsp;<\/p>\n<p><a href=\"https:\/\/agora.xtec.cat\/ceipsantacreudecalafell\/wp-content\/uploads\/usu1567\/2022\/02\/20220214_102445.jpg\"><img loading=\"lazy\" decoding=\"async\" class=\"alignnone wp-image-2949\" src=\"https:\/\/agora.xtec.cat\/ceipsantacreudecalafell\/wp-content\/uploads\/usu1567\/2022\/02\/20220214_102445.jpg\" alt=\"\" width=\"399\" height=\"299\" srcset=\"https:\/\/agora.xtec.cat\/ceipsantacreudecalafell\/wp-content\/uploads\/usu1567\/2022\/02\/20220214_102445.jpg 1024w, https:\/\/agora.xtec.cat\/ceipsantacreudecalafell\/wp-content\/uploads\/usu1567\/2022\/02\/20220214_102445-300x225.jpg 300w, https:\/\/agora.xtec.cat\/ceipsantacreudecalafell\/wp-content\/uploads\/usu1567\/2022\/02\/20220214_102445-768x576.jpg 768w, https:\/\/agora.xtec.cat\/ceipsantacreudecalafell\/wp-content\/uploads\/usu1567\/2022\/02\/20220214_102445-200x150.jpg 200w\" sizes=\"auto, (max-width: 399px) 100vw, 399px\" \/><\/a><\/p>\n<p><a href=\"https:\/\/agora.xtec.cat\/ceipsantacreudecalafell\/wp-content\/uploads\/usu1567\/2022\/02\/20220221_151404.jpg\"><img loading=\"lazy\" decoding=\"async\" class=\"alignnone wp-image-2997\" src=\"https:\/\/agora.xtec.cat\/ceipsantacreudecalafell\/wp-content\/uploads\/usu1567\/2022\/02\/20220221_151404.jpg\" alt=\"\" width=\"400\" height=\"300\" srcset=\"https:\/\/agora.xtec.cat\/ceipsantacreudecalafell\/wp-content\/uploads\/usu1567\/2022\/02\/20220221_151404.jpg 1024w, https:\/\/agora.xtec.cat\/ceipsantacreudecalafell\/wp-content\/uploads\/usu1567\/2022\/02\/20220221_151404-300x225.jpg 300w, https:\/\/agora.xtec.cat\/ceipsantacreudecalafell\/wp-content\/uploads\/usu1567\/2022\/02\/20220221_151404-768x576.jpg 768w, https:\/\/agora.xtec.cat\/ceipsantacreudecalafell\/wp-content\/uploads\/usu1567\/2022\/02\/20220221_151404-200x150.jpg 200w\" sizes=\"auto, (max-width: 400px) 100vw, 400px\" \/><\/a>\u00a0<a href=\"https:\/\/agora.xtec.cat\/ceipsantacreudecalafell\/wp-content\/uploads\/usu1567\/2022\/03\/20220222_101917.jpg\"><img loading=\"lazy\" decoding=\"async\" class=\"alignnone wp-image-3047\" src=\"https:\/\/agora.xtec.cat\/ceipsantacreudecalafell\/wp-content\/uploads\/usu1567\/2022\/03\/20220222_101917.jpg\" alt=\"\" width=\"400\" height=\"300\" srcset=\"https:\/\/agora.xtec.cat\/ceipsantacreudecalafell\/wp-content\/uploads\/usu1567\/2022\/03\/20220222_101917.jpg 1024w, https:\/\/agora.xtec.cat\/ceipsantacreudecalafell\/wp-content\/uploads\/usu1567\/2022\/03\/20220222_101917-300x225.jpg 300w, https:\/\/agora.xtec.cat\/ceipsantacreudecalafell\/wp-content\/uploads\/usu1567\/2022\/03\/20220222_101917-768x576.jpg 768w, https:\/\/agora.xtec.cat\/ceipsantacreudecalafell\/wp-content\/uploads\/usu1567\/2022\/03\/20220222_101917-200x150.jpg 200w\" sizes=\"auto, (max-width: 400px) 100vw, 400px\" \/><\/a>\u00a0 <a href=\"https:\/\/agora.xtec.cat\/ceipsantacreudecalafell\/wp-content\/uploads\/usu1567\/2022\/03\/20220301_101911.jpg\"><img loading=\"lazy\" decoding=\"async\" class=\"alignnone wp-image-3048\" src=\"https:\/\/agora.xtec.cat\/ceipsantacreudecalafell\/wp-content\/uploads\/usu1567\/2022\/03\/20220301_101911.jpg\" alt=\"\" width=\"399\" height=\"299\" srcset=\"https:\/\/agora.xtec.cat\/ceipsantacreudecalafell\/wp-content\/uploads\/usu1567\/2022\/03\/20220301_101911.jpg 1024w, https:\/\/agora.xtec.cat\/ceipsantacreudecalafell\/wp-content\/uploads\/usu1567\/2022\/03\/20220301_101911-300x225.jpg 300w, https:\/\/agora.xtec.cat\/ceipsantacreudecalafell\/wp-content\/uploads\/usu1567\/2022\/03\/20220301_101911-768x576.jpg 768w, https:\/\/agora.xtec.cat\/ceipsantacreudecalafell\/wp-content\/uploads\/usu1567\/2022\/03\/20220301_101911-200x150.jpg 200w\" sizes=\"auto, (max-width: 399px) 100vw, 399px\" \/><\/a> <a style=\"font-family: inherit; font-size: 1em;\" href=\"https:\/\/agora.xtec.cat\/ceipsantacreudecalafell\/wp-content\/uploads\/usu1567\/2022\/03\/20220301_153528.jpg\"><img loading=\"lazy\" decoding=\"async\" class=\"alignnone wp-image-3049\" src=\"https:\/\/agora.xtec.cat\/ceipsantacreudecalafell\/wp-content\/uploads\/usu1567\/2022\/03\/20220301_153528.jpg\" alt=\"\" width=\"399\" height=\"299\" srcset=\"https:\/\/agora.xtec.cat\/ceipsantacreudecalafell\/wp-content\/uploads\/usu1567\/2022\/03\/20220301_153528.jpg 1024w, https:\/\/agora.xtec.cat\/ceipsantacreudecalafell\/wp-content\/uploads\/usu1567\/2022\/03\/20220301_153528-300x225.jpg 300w, https:\/\/agora.xtec.cat\/ceipsantacreudecalafell\/wp-content\/uploads\/usu1567\/2022\/03\/20220301_153528-768x576.jpg 768w, https:\/\/agora.xtec.cat\/ceipsantacreudecalafell\/wp-content\/uploads\/usu1567\/2022\/03\/20220301_153528-200x150.jpg 200w\" sizes=\"auto, (max-width: 399px) 100vw, 399px\" \/><\/a><span style=\"font-family: inherit; font-size: 1em;\">\u00a0 <\/span><a style=\"font-family: inherit; font-size: 1em;\" href=\"https:\/\/agora.xtec.cat\/ceipsantacreudecalafell\/wp-content\/uploads\/usu1567\/2022\/03\/20220303_120137.jpg\"><img loading=\"lazy\" decoding=\"async\" class=\"alignnone wp-image-3050\" src=\"https:\/\/agora.xtec.cat\/ceipsantacreudecalafell\/wp-content\/uploads\/usu1567\/2022\/03\/20220303_120137.jpg\" alt=\"\" width=\"399\" height=\"299\" srcset=\"https:\/\/agora.xtec.cat\/ceipsantacreudecalafell\/wp-content\/uploads\/usu1567\/2022\/03\/20220303_120137.jpg 1024w, https:\/\/agora.xtec.cat\/ceipsantacreudecalafell\/wp-content\/uploads\/usu1567\/2022\/03\/20220303_120137-300x225.jpg 300w, https:\/\/agora.xtec.cat\/ceipsantacreudecalafell\/wp-content\/uploads\/usu1567\/2022\/03\/20220303_120137-768x576.jpg 768w, https:\/\/agora.xtec.cat\/ceipsantacreudecalafell\/wp-content\/uploads\/usu1567\/2022\/03\/20220303_120137-200x150.jpg 200w\" sizes=\"auto, (max-width: 399px) 100vw, 399px\" \/><\/a>\u00a0 <a href=\"https:\/\/agora.xtec.cat\/ceipsantacreudecalafell\/wp-content\/uploads\/usu1567\/2022\/03\/20220303_151448.jpg\"><img loading=\"lazy\" decoding=\"async\" class=\"alignnone wp-image-3051\" src=\"https:\/\/agora.xtec.cat\/ceipsantacreudecalafell\/wp-content\/uploads\/usu1567\/2022\/03\/20220303_151448.jpg\" alt=\"\" width=\"400\" height=\"300\" srcset=\"https:\/\/agora.xtec.cat\/ceipsantacreudecalafell\/wp-content\/uploads\/usu1567\/2022\/03\/20220303_151448.jpg 1024w, https:\/\/agora.xtec.cat\/ceipsantacreudecalafell\/wp-content\/uploads\/usu1567\/2022\/03\/20220303_151448-300x225.jpg 300w, https:\/\/agora.xtec.cat\/ceipsantacreudecalafell\/wp-content\/uploads\/usu1567\/2022\/03\/20220303_151448-768x576.jpg 768w, https:\/\/agora.xtec.cat\/ceipsantacreudecalafell\/wp-content\/uploads\/usu1567\/2022\/03\/20220303_151448-200x150.jpg 200w\" sizes=\"auto, (max-width: 400px) 100vw, 400px\" \/><\/a>\u00a0 <a href=\"https:\/\/agora.xtec.cat\/ceipsantacreudecalafell\/wp-content\/uploads\/usu1567\/2022\/03\/20220307_121129.jpg\"><img loading=\"lazy\" decoding=\"async\" class=\"alignnone wp-image-3052\" src=\"https:\/\/agora.xtec.cat\/ceipsantacreudecalafell\/wp-content\/uploads\/usu1567\/2022\/03\/20220307_121129.jpg\" alt=\"\" width=\"400\" height=\"300\" srcset=\"https:\/\/agora.xtec.cat\/ceipsantacreudecalafell\/wp-content\/uploads\/usu1567\/2022\/03\/20220307_121129.jpg 1024w, https:\/\/agora.xtec.cat\/ceipsantacreudecalafell\/wp-content\/uploads\/usu1567\/2022\/03\/20220307_121129-300x225.jpg 300w, https:\/\/agora.xtec.cat\/ceipsantacreudecalafell\/wp-content\/uploads\/usu1567\/2022\/03\/20220307_121129-768x576.jpg 768w, https:\/\/agora.xtec.cat\/ceipsantacreudecalafell\/wp-content\/uploads\/usu1567\/2022\/03\/20220307_121129-200x150.jpg 200w\" sizes=\"auto, (max-width: 400px) 100vw, 400px\" \/><\/a>\u00a0 <a href=\"https:\/\/agora.xtec.cat\/ceipsantacreudecalafell\/wp-content\/uploads\/usu1567\/2022\/03\/20220307_152831.jpg\"><img loading=\"lazy\" decoding=\"async\" class=\"alignnone wp-image-3053\" src=\"https:\/\/agora.xtec.cat\/ceipsantacreudecalafell\/wp-content\/uploads\/usu1567\/2022\/03\/20220307_152831.jpg\" alt=\"\" width=\"399\" height=\"300\" srcset=\"https:\/\/agora.xtec.cat\/ceipsantacreudecalafell\/wp-content\/uploads\/usu1567\/2022\/03\/20220307_152831.jpg 1024w, https:\/\/agora.xtec.cat\/ceipsantacreudecalafell\/wp-content\/uploads\/usu1567\/2022\/03\/20220307_152831-300x225.jpg 300w, https:\/\/agora.xtec.cat\/ceipsantacreudecalafell\/wp-content\/uploads\/usu1567\/2022\/03\/20220307_152831-768x576.jpg 768w, https:\/\/agora.xtec.cat\/ceipsantacreudecalafell\/wp-content\/uploads\/usu1567\/2022\/03\/20220307_152831-200x150.jpg 200w\" sizes=\"auto, (max-width: 399px) 100vw, 399px\" \/><\/a>\u00a0 <a href=\"https:\/\/agora.xtec.cat\/ceipsantacreudecalafell\/wp-content\/uploads\/usu1567\/2022\/03\/20220314_121452.jpg\"><img loading=\"lazy\" decoding=\"async\" class=\"alignnone wp-image-3054\" src=\"https:\/\/agora.xtec.cat\/ceipsantacreudecalafell\/wp-content\/uploads\/usu1567\/2022\/03\/20220314_121452.jpg\" alt=\"\" width=\"400\" height=\"300\" srcset=\"https:\/\/agora.xtec.cat\/ceipsantacreudecalafell\/wp-content\/uploads\/usu1567\/2022\/03\/20220314_121452.jpg 1024w, https:\/\/agora.xtec.cat\/ceipsantacreudecalafell\/wp-content\/uploads\/usu1567\/2022\/03\/20220314_121452-300x225.jpg 300w, https:\/\/agora.xtec.cat\/ceipsantacreudecalafell\/wp-content\/uploads\/usu1567\/2022\/03\/20220314_121452-768x576.jpg 768w, https:\/\/agora.xtec.cat\/ceipsantacreudecalafell\/wp-content\/uploads\/usu1567\/2022\/03\/20220314_121452-200x150.jpg 200w\" sizes=\"auto, (max-width: 400px) 100vw, 400px\" \/><\/a>\u00a0 <a href=\"https:\/\/agora.xtec.cat\/ceipsantacreudecalafell\/wp-content\/uploads\/usu1567\/2022\/03\/20220318_120940.jpg\"><img loading=\"lazy\" decoding=\"async\" class=\"alignnone wp-image-3055\" src=\"https:\/\/agora.xtec.cat\/ceipsantacreudecalafell\/wp-content\/uploads\/usu1567\/2022\/03\/20220318_120940.jpg\" alt=\"\" width=\"400\" height=\"300\" srcset=\"https:\/\/agora.xtec.cat\/ceipsantacreudecalafell\/wp-content\/uploads\/usu1567\/2022\/03\/20220318_120940.jpg 1024w, https:\/\/agora.xtec.cat\/ceipsantacreudecalafell\/wp-content\/uploads\/usu1567\/2022\/03\/20220318_120940-300x225.jpg 300w, https:\/\/agora.xtec.cat\/ceipsantacreudecalafell\/wp-content\/uploads\/usu1567\/2022\/03\/20220318_120940-768x576.jpg 768w, https:\/\/agora.xtec.cat\/ceipsantacreudecalafell\/wp-content\/uploads\/usu1567\/2022\/03\/20220318_120940-200x150.jpg 200w\" sizes=\"auto, (max-width: 400px) 100vw, 400px\" \/><\/a><\/p>\n","protected":false},"excerpt":{"rendered":"<p>CURS 2023-2024 3r de Prim\u00e0ria \u00a0 \u00a0 \u00a0 4t de Prim\u00e0ria \u00a0 \u00a0 \u00a0 \u00a0 \u00a0 \u00a0 \u00a0 \u00a0 \u00a0 5\u00e8 de Prim\u00e0ria \u00a0 \u00a0 \u00a0 6\u00e8 de Prim\u00e0ria \u00a0 \u00a0 \u00a0 \u00a0 Els alumnes de 6\u00e8 han comen\u00e7at el Projecte de Rob\u00f2tica creant &#8220;Milo amb un bra\u00e7&#8221; i &#8220;Milo amb dos bra\u00e7os&#8221;, han apr\u00e8s [&hellip;]<\/p>\n","protected":false},"author":1,"featured_media":0,"parent":64,"menu_order":50,"comment_status":"closed","ping_status":"closed","template":"page-templates\/side-menu.php","meta":{"_bbp_topic_count":0,"_bbp_reply_count":0,"_bbp_total_topic_count":0,"_bbp_total_reply_count":0,"_bbp_voice_count":0,"_bbp_anonymous_reply_count":0,"_bbp_topic_count_hidden":0,"_bbp_reply_count_hidden":0,"_bbp_forum_subforum_count":0,"site-sidebar-layout":"default","site-content-layout":"","ast-site-content-layout":"","site-content-style":"default","site-sidebar-style":"default","ast-global-header-display":"","ast-banner-title-visibility":"","ast-main-header-display":"","ast-hfb-above-header-display":"","ast-hfb-below-header-display":"","ast-hfb-mobile-header-display":"","site-post-title":"","ast-breadcrumbs-content":"","ast-featured-img":"","footer-sml-layout":"","theme-transparent-header-meta":"","adv-header-id-meta":"","stick-header-meta":"","header-above-stick-meta":"","header-main-stick-meta":"","header-below-stick-meta":"","astra-migrate-meta-layouts":"default","ast-page-background-enabled":"default","ast-page-background-meta":{"desktop":{"background-color":"var(--ast-global-color-4)","background-image":"","background-repeat":"repeat","background-position":"center center","background-size":"auto","background-attachment":"scroll","background-type":"","background-media":"","overlay-type":"","overlay-color":"","overlay-opacity":"","overlay-gradient":""},"tablet":{"background-color":"","background-image":"","background-repeat":"repeat","background-position":"center center","background-size":"auto","background-attachment":"scroll","background-type":"","background-media":"","overlay-type":"","overlay-color":"","overlay-opacity":"","overlay-gradient":""},"mobile":{"background-color":"","background-image":"","background-repeat":"repeat","background-position":"center center","background-size":"auto","background-attachment":"scroll","background-type":"","background-media":"","overlay-type":"","overlay-color":"","overlay-opacity":"","overlay-gradient":""}},"ast-content-background-meta":{"desktop":{"background-color":"var(--ast-global-color-5)","background-image":"","background-repeat":"repeat","background-position":"center center","background-size":"auto","background-attachment":"scroll","background-type":"","background-media":"","overlay-type":"","overlay-color":"","overlay-opacity":"","overlay-gradient":""},"tablet":{"background-color":"var(--ast-global-color-5)","background-image":"","background-repeat":"repeat","background-position":"center center","background-size":"auto","background-attachment":"scroll","background-type":"","background-media":"","overlay-type":"","overlay-color":"","overlay-opacity":"","overlay-gradient":""},"mobile":{"background-color":"var(--ast-global-color-5)","background-image":"","background-repeat":"repeat","background-position":"center center","background-size":"auto","background-attachment":"scroll","background-type":"","background-media":"","overlay-type":"","overlay-color":"","overlay-opacity":"","overlay-gradient":""}},"footnotes":""},"class_list":["post-2945","page","type-page","status-publish","hentry"],"post_mailing_queue_ids":[],"_links":{"self":[{"href":"https:\/\/agora.xtec.cat\/ceipsantacreudecalafell\/wp-json\/wp\/v2\/pages\/2945","targetHints":{"allow":["GET"]}}],"collection":[{"href":"https:\/\/agora.xtec.cat\/ceipsantacreudecalafell\/wp-json\/wp\/v2\/pages"}],"about":[{"href":"https:\/\/agora.xtec.cat\/ceipsantacreudecalafell\/wp-json\/wp\/v2\/types\/page"}],"author":[{"embeddable":true,"href":"https:\/\/agora.xtec.cat\/ceipsantacreudecalafell\/wp-json\/wp\/v2\/users\/1"}],"replies":[{"embeddable":true,"href":"https:\/\/agora.xtec.cat\/ceipsantacreudecalafell\/wp-json\/wp\/v2\/comments?post=2945"}],"version-history":[{"count":6,"href":"https:\/\/agora.xtec.cat\/ceipsantacreudecalafell\/wp-json\/wp\/v2\/pages\/2945\/revisions"}],"predecessor-version":[{"id":4076,"href":"https:\/\/agora.xtec.cat\/ceipsantacreudecalafell\/wp-json\/wp\/v2\/pages\/2945\/revisions\/4076"}],"up":[{"embeddable":true,"href":"https:\/\/agora.xtec.cat\/ceipsantacreudecalafell\/wp-json\/wp\/v2\/pages\/64"}],"wp:attachment":[{"href":"https:\/\/agora.xtec.cat\/ceipsantacreudecalafell\/wp-json\/wp\/v2\/media?parent=2945"}],"curies":[{"name":"wp","href":"https:\/\/api.w.org\/{rel}","templated":true}]}}