{"id":967,"date":"2018-01-15T15:31:28","date_gmt":"2018-01-15T14:31:28","guid":{"rendered":"http:\/\/agora.xtec.cat\/ceipsalvadorninot\/?page_id=967"},"modified":"2025-07-14T16:14:45","modified_gmt":"2025-07-14T14:14:45","slug":"projecte-eudcatiu-del-centre","status":"publish","type":"page","link":"https:\/\/agora.xtec.cat\/ceipsalvadorninot\/projecte-eudcatiu-del-centre\/","title":{"rendered":"PEC"},"content":{"rendered":"<h2 style=\"text-align: center;\"><span style=\"text-decoration: underline; color: #339966;\"><strong>PRINCIPIS QUE DEFINEIXEN EL PROJECTE EDUCATIU DE L&#8217;ESCOLA SALVADOR NINOT<\/strong><\/span><\/h2>\n<p><a href=\"https:\/\/agora.xtec.cat\/ceipsalvadorninot\/wp-content\/uploads\/usu1097\/2025\/07\/Principis-PEC.jpg\"><img loading=\"lazy\" decoding=\"async\" class=\"aligncenter wp-image-9458 size-large\" src=\"https:\/\/agora.xtec.cat\/ceipsalvadorninot\/wp-content\/uploads\/usu1097\/2025\/07\/Principis-PEC-1024x724.jpg\" alt=\"\" width=\"1024\" height=\"724\" srcset=\"https:\/\/agora.xtec.cat\/ceipsalvadorninot\/wp-content\/uploads\/usu1097\/2025\/07\/Principis-PEC-1024x724.jpg 1024w, https:\/\/agora.xtec.cat\/ceipsalvadorninot\/wp-content\/uploads\/usu1097\/2025\/07\/Principis-PEC-300x212.jpg 300w, https:\/\/agora.xtec.cat\/ceipsalvadorninot\/wp-content\/uploads\/usu1097\/2025\/07\/Principis-PEC-768x543.jpg 768w, https:\/\/agora.xtec.cat\/ceipsalvadorninot\/wp-content\/uploads\/usu1097\/2025\/07\/Principis-PEC-1536x1086.jpg 1536w, https:\/\/agora.xtec.cat\/ceipsalvadorninot\/wp-content\/uploads\/usu1097\/2025\/07\/Principis-PEC.jpg 2000w\" sizes=\"auto, (max-width: 1024px) 100vw, 1024px\" \/><\/a><\/p>\n<p><img class=\"aligncenter\" \/><span style=\"font-size: 16px;\">L&#8217;<\/span><strong style=\"font-size: 16px;\">Escola Salvador Ninot<\/strong><span style=\"font-size: 16px;\"> pret\u00e9n garantir un <\/span><strong style=\"font-size: 16px;\">ensenyament de qualitat<\/strong><span style=\"font-size: 16px;\"> per a tots els nens i nenes, promovent la <\/span><strong style=\"font-size: 16px;\">igualtat d&#8217;oportunitats<\/strong><span style=\"font-size: 16px;\"> en l&#8217;aprenentatge.<\/span><\/p>\n<p>Es treballa per potenciar el <strong>sentit de l&#8217;esfor\u00e7<\/strong>, aix\u00ed com la <strong>const\u00e0ncia<\/strong>, la <strong>perseveran\u00e7a<\/strong> i l&#8217;<strong>autonomia<\/strong>.<\/p>\n<p>Creiem que \u00e9s important el <strong>valor de l\u2019esfor\u00e7<\/strong>, un valor que no \u00e9s innat, sin\u00f3 que cal aprendre\u2019l i adquirir-lo. I el lloc d\u2019aquest aprenentatge i d\u2019aquesta adquisici\u00f3 \u00e9s, entre d\u2019altres, l\u2019escola. L\u2019esfor\u00e7 ens ajuda a lluitar per aquells objectius que volem aconseguir. Aquests objectius no venen sols, sin\u00f3 que cal afany i dedicaci\u00f3 per arribar-hi. Pensem que l\u2019esfor\u00e7 \u00e9s clau per <strong>formar persones responsables i competents<\/strong>, capaces de valer-se per elles mateixes i, d\u2019aquesta manera, fer front als problemes i dificultats que es presenten en el cam\u00ed de la vida.<\/p>\n<p><span style=\"font-weight: 400;\">Alhora, l\u2019esfor\u00e7 contribueix a la fortalesa, la paci\u00e8ncia, la perseveran\u00e7a, la const\u00e0ncia, la confian\u00e7a (en un mateix i en els altres), la <\/span><strong>disciplina<\/strong><span style=\"font-weight: 400;\"> i la <\/span><strong>col\u00b7laboraci\u00f3<\/strong>. La <strong>const\u00e0ncia<\/strong> i la <strong>perseveran\u00e7a<\/strong> esdevenen necess\u00e0ries per tal d\u2019assolir el <strong>desenvolupament<\/strong> <strong>personal<\/strong>. \u00c9s amb la perseveran\u00e7a que hom s\u2019adona que l\u2019<strong>\u00e8xit s\u2019assoleix amb temps i esfor\u00e7<\/strong>.<\/p>\n<p>I aquesta const\u00e0ncia, tamb\u00e9 la considerem necess\u00e0ria enmig d\u2019un m\u00f3n que prioritza la rapidesa i la immediatesa; necess\u00e0ria per <strong>cr\u00e9ixer en la paci\u00e8ncia<\/strong> i <strong>no rendir-se davant la primera dificultat<\/strong>.<\/p>\n<p><span style=\"font-weight: 400;\">Amb la <strong>perseveran\u00e7a<\/strong> i l\u2019<strong>esfor\u00e7<\/strong>, els i les alumnes podran assolir aquella <strong>autonomia personal<\/strong> de la qual hem fet esment al principi.<\/span><\/p>\n<p>A continuaci\u00f3, clicant en el seg\u00fcent enlla\u00e7, podeu consultar el <strong>Projecte Educatiu de Centre<\/strong>:<\/p>\n<p><a href=\"https:\/\/www.calameo.com\/read\/0065313305aaeb8cc7c01\">Projecte Educatiu ESC Salvador Ninot<\/a><\/p>\n","protected":false},"excerpt":{"rendered":"<p>PRINCIPIS QUE DEFINEIXEN EL PROJECTE EDUCATIU DE L&#8217;ESCOLA SALVADOR NINOT L&#8217;Escola Salvador Ninot pret\u00e9n garantir un ensenyament de qualitat per [&hellip;]<\/p>\n","protected":false},"author":1,"featured_media":0,"parent":0,"menu_order":0,"comment_status":"closed","ping_status":"closed","template":"","meta":{"_bbp_topic_count":0,"_bbp_reply_count":0,"_bbp_total_topic_count":0,"_bbp_total_reply_count":0,"_bbp_voice_count":0,"_bbp_anonymous_reply_count":0,"_bbp_topic_count_hidden":0,"_bbp_reply_count_hidden":0,"_bbp_forum_subforum_count":0,"site-sidebar-layout":"default","site-content-layout":"","ast-site-content-layout":"default","site-content-style":"default","site-sidebar-style":"default","ast-global-header-display":"","ast-banner-title-visibility":"","ast-main-header-display":"","ast-hfb-above-header-display":"","ast-hfb-below-header-display":"","ast-hfb-mobile-header-display":"","site-post-title":"","ast-breadcrumbs-content":"","ast-featured-img":"","footer-sml-layout":"","theme-transparent-header-meta":"default","adv-header-id-meta":"","stick-header-meta":"","header-above-stick-meta":"","header-main-stick-meta":"","header-below-stick-meta":"","astra-migrate-meta-layouts":"set","ast-page-background-enabled":"default","ast-page-background-meta":{"desktop":{"background-color":"var(--ast-global-color-4)","background-image":"","background-repeat":"repeat","background-position":"center center","background-size":"auto","background-attachment":"scroll","background-type":"","background-media":"","overlay-type":"","overlay-color":"","overlay-opacity":"","overlay-gradient":""},"tablet":{"background-color":"","background-image":"","background-repeat":"repeat","background-position":"center center","background-size":"auto","background-attachment":"scroll","background-type":"","background-media":"","overlay-type":"","overlay-color":"","overlay-opacity":"","overlay-gradient":""},"mobile":{"background-color":"","background-image":"","background-repeat":"repeat","background-position":"center center","background-size":"auto","background-attachment":"scroll","background-type":"","background-media":"","overlay-type":"","overlay-color":"","overlay-opacity":"","overlay-gradient":""}},"ast-content-background-meta":{"desktop":{"background-color":"var(--ast-global-color-5)","background-image":"","background-repeat":"repeat","background-position":"center center","background-size":"auto","background-attachment":"scroll","background-type":"","background-media":"","overlay-type":"","overlay-color":"","overlay-opacity":"","overlay-gradient":""},"tablet":{"background-color":"var(--ast-global-color-5)","background-image":"","background-repeat":"repeat","background-position":"center center","background-size":"auto","background-attachment":"scroll","background-type":"","background-media":"","overlay-type":"","overlay-color":"","overlay-opacity":"","overlay-gradient":""},"mobile":{"background-color":"var(--ast-global-color-5)","background-image":"","background-repeat":"repeat","background-position":"center center","background-size":"auto","background-attachment":"scroll","background-type":"","background-media":"","overlay-type":"","overlay-color":"","overlay-opacity":"","overlay-gradient":""}},"footnotes":""},"class_list":["post-967","page","type-page","status-publish","hentry"],"post_mailing_queue_ids":[],"_links":{"self":[{"href":"https:\/\/agora.xtec.cat\/ceipsalvadorninot\/wp-json\/wp\/v2\/pages\/967","targetHints":{"allow":["GET"]}}],"collection":[{"href":"https:\/\/agora.xtec.cat\/ceipsalvadorninot\/wp-json\/wp\/v2\/pages"}],"about":[{"href":"https:\/\/agora.xtec.cat\/ceipsalvadorninot\/wp-json\/wp\/v2\/types\/page"}],"author":[{"embeddable":true,"href":"https:\/\/agora.xtec.cat\/ceipsalvadorninot\/wp-json\/wp\/v2\/users\/1"}],"replies":[{"embeddable":true,"href":"https:\/\/agora.xtec.cat\/ceipsalvadorninot\/wp-json\/wp\/v2\/comments?post=967"}],"version-history":[{"count":7,"href":"https:\/\/agora.xtec.cat\/ceipsalvadorninot\/wp-json\/wp\/v2\/pages\/967\/revisions"}],"predecessor-version":[{"id":9461,"href":"https:\/\/agora.xtec.cat\/ceipsalvadorninot\/wp-json\/wp\/v2\/pages\/967\/revisions\/9461"}],"wp:attachment":[{"href":"https:\/\/agora.xtec.cat\/ceipsalvadorninot\/wp-json\/wp\/v2\/media?parent=967"}],"curies":[{"name":"wp","href":"https:\/\/api.w.org\/{rel}","templated":true}]}}