{"id":6615,"date":"2020-09-28T11:03:46","date_gmt":"2020-09-28T09:03:46","guid":{"rendered":"http:\/\/agora.xtec.cat\/ceipsab\/?page_id=6615"},"modified":"2020-09-28T11:05:37","modified_gmt":"2020-09-28T09:05:37","slug":"normativa","status":"publish","type":"page","link":"https:\/\/agora.xtec.cat\/ceipsab\/serveis\/normativa\/","title":{"rendered":"Normativa"},"content":{"rendered":"<p>Aquest curs, degut a la situaci\u00f3 esdevinguda per la COVID-19, totes les fam\u00edlies que vulguin que els seus fills\/es es quedin a dinar al menjador, hauran de realitzar la inscripci\u00f3 ONLINE.<\/p>\n<p>Per accedir a fer la inscripci\u00f3 online o veure els men\u00fas mensuals ho heu de fer a trav\u00e9s del seg\u00fcent enlla\u00e7: <a href=\"https:\/\/comacasamenjadors.cat\/families\/\">https:\/\/comacasamenjadors.cat\/families\/<\/a><\/p>\n<p>&nbsp;<\/p>\n<p><strong>USUARI: SANTANDREU<\/strong><\/p>\n<p><strong>CONTRASENYA: ANDREU<\/strong><\/p>\n<p><strong>\u00a0<\/strong><\/p>\n<p><strong>PAGAMENTS FIXES<\/strong> \u00e0 6,33\u20ac\u00a0\u00a0 <strong>PAGAMENT ESPOR\u00c0DICS<\/strong> \u00e06,96\u20ac<\/p>\n<p>&nbsp;<\/p>\n<ul>\n<li>Per mitj\u00e0 de Domiciliaci\u00f3 banc\u00e0ria o codi de barres a mes ven\u00e7ut.<\/li>\n<li>Els rebuts retornats tindran rec\u00e0rrec de 3\u20ac.<\/li>\n<li>Les faltes avisades tindran un abonament de 3\u20ac al rebut seg\u00fcent.<\/li>\n<li>A partir del tercer dia de falta avisada es retornar\u00e0 el 100%<\/li>\n<li>Les baixes del servei s\u2019hauran de comunicar amb 15 dies d\u2019antelaci\u00f3, en cas d\u2019haver d\u2019abonar qualsevol import a les fam\u00edlies es procedir\u00e0 a la transacci\u00f3 al finalitzar el curs.<\/li>\n<li>Els nens fixes que nomes es quedin dies concrets hauran de pagar els dies fora del que hagin establert com a espor\u00e0dics, en cas de no avisar abans del dia 3 del mateix mes, dels dies \u201cextra\u201d que volen fer us del servei.al seg\u00fcent rebut en cas que hi hagi dos rebuts pendents de pagament l\u2019alumne no podr\u00e0 fer \u00fas del servei<\/li>\n<li>Els usuaris amb necessitat de men\u00fa especial, haur\u00e0 de informar a la coordinadora i presentar un informe m\u00e8dic en el cas que el nen\/a pateixi alguna al\u00b7l\u00e8rgia.<\/li>\n<\/ul>\n","protected":false},"excerpt":{"rendered":"<p>Aquest curs, degut a la situaci\u00f3 esdevinguda per la COVID-19, totes les fam\u00edlies que vulguin que els seus fills\/es es quedin a dinar al menjador, hauran de realitzar la inscripci\u00f3 ONLINE.<br \/>\nPer accedir a fer la inscripci\u00f3 online o veure els men\u00fas mensuals ho heu de&hellip;  <a href=\"https:\/\/agora.xtec.cat\/ceipsab\/serveis\/normativa\/\" title=\"Read Normativa\">Llegeix m\u00e9s\u00bb<\/a><\/p>\n","protected":false},"author":3,"featured_media":0,"parent":66,"menu_order":50,"comment_status":"closed","ping_status":"closed","template":"page-templates\/side-menu.php","meta":{"_bbp_topic_count":0,"_bbp_reply_count":0,"_bbp_total_topic_count":0,"_bbp_total_reply_count":0,"_bbp_voice_count":0,"_bbp_anonymous_reply_count":0,"_bbp_topic_count_hidden":0,"_bbp_reply_count_hidden":0,"_bbp_forum_subforum_count":0,"footnotes":""},"class_list":["post-6615","page","type-page","status-publish","hentry"],"post_mailing_queue_ids":[],"_links":{"self":[{"href":"https:\/\/agora.xtec.cat\/ceipsab\/wp-json\/wp\/v2\/pages\/6615","targetHints":{"allow":["GET"]}}],"collection":[{"href":"https:\/\/agora.xtec.cat\/ceipsab\/wp-json\/wp\/v2\/pages"}],"about":[{"href":"https:\/\/agora.xtec.cat\/ceipsab\/wp-json\/wp\/v2\/types\/page"}],"author":[{"embeddable":true,"href":"https:\/\/agora.xtec.cat\/ceipsab\/wp-json\/wp\/v2\/users\/3"}],"replies":[{"embeddable":true,"href":"https:\/\/agora.xtec.cat\/ceipsab\/wp-json\/wp\/v2\/comments?post=6615"}],"version-history":[{"count":1,"href":"https:\/\/agora.xtec.cat\/ceipsab\/wp-json\/wp\/v2\/pages\/6615\/revisions"}],"predecessor-version":[{"id":6616,"href":"https:\/\/agora.xtec.cat\/ceipsab\/wp-json\/wp\/v2\/pages\/6615\/revisions\/6616"}],"up":[{"embeddable":true,"href":"https:\/\/agora.xtec.cat\/ceipsab\/wp-json\/wp\/v2\/pages\/66"}],"wp:attachment":[{"href":"https:\/\/agora.xtec.cat\/ceipsab\/wp-json\/wp\/v2\/media?parent=6615"}],"curies":[{"name":"wp","href":"https:\/\/api.w.org\/{rel}","templated":true}]}}