{"id":877,"date":"2020-04-07T09:27:45","date_gmt":"2020-04-07T07:27:45","guid":{"rendered":"https:\/\/agora.xtec.cat\/ceiprocafonda\/?page_id=877"},"modified":"2025-01-21T09:51:51","modified_gmt":"2025-01-21T08:51:51","slug":"afa","status":"publish","type":"page","link":"https:\/\/agora.xtec.cat\/ceiprocafonda\/afa\/","title":{"rendered":"AFA"},"content":{"rendered":"<p><a href=\"https:\/\/agora.xtec.cat\/ceiprocafonda\/wp-content\/uploads\/usu416\/2020\/04\/LOGO-AFA.jpg\"><img loading=\"lazy\" decoding=\"async\" class=\"alignnone wp-image-929\" src=\"https:\/\/agora.xtec.cat\/ceiprocafonda\/wp-content\/uploads\/usu416\/2020\/04\/LOGO-AFA-1024x291.jpg\" alt=\"\" width=\"306\" height=\"87\" srcset=\"https:\/\/agora.xtec.cat\/ceiprocafonda\/wp-content\/uploads\/usu416\/2020\/04\/LOGO-AFA-1024x291.jpg 1024w, https:\/\/agora.xtec.cat\/ceiprocafonda\/wp-content\/uploads\/usu416\/2020\/04\/LOGO-AFA-300x85.jpg 300w, https:\/\/agora.xtec.cat\/ceiprocafonda\/wp-content\/uploads\/usu416\/2020\/04\/LOGO-AFA-768x218.jpg 768w, https:\/\/agora.xtec.cat\/ceiprocafonda\/wp-content\/uploads\/usu416\/2020\/04\/LOGO-AFA.jpg 1646w\" sizes=\"auto, (max-width: 306px) 100vw, 306px\" \/><\/a><\/p>\n<p>L\u2019AFA de l\u2019escola Rocafonda \u00e9s la principal via de participaci\u00f3 de les fam\u00edlies en la vida del centre<a href=\"https:\/\/agora.xtec.cat\/ceiprocafonda\/wp-content\/uploads\/usu416\/2020\/04\/FB_IMG_1518937555088.jpg\"><img loading=\"lazy\" decoding=\"async\" class=\"wp-image-1316 alignright\" src=\"https:\/\/agora.xtec.cat\/ceiprocafonda\/wp-content\/uploads\/usu416\/2020\/04\/FB_IMG_1518937555088.jpg\" alt=\"\" width=\"353\" height=\"471\" srcset=\"https:\/\/agora.xtec.cat\/ceiprocafonda\/wp-content\/uploads\/usu416\/2020\/04\/FB_IMG_1518937555088.jpg 720w, https:\/\/agora.xtec.cat\/ceiprocafonda\/wp-content\/uploads\/usu416\/2020\/04\/FB_IMG_1518937555088-225x300.jpg 225w\" sizes=\"auto, (max-width: 353px) 100vw, 353px\" \/><\/a>.<\/p>\n<p>Som una associaci\u00f3 sense \u00e0nim de lucre, independent, integrada per les fam\u00edlies dels alumnes de l\u2019escola, on tothom est\u00e0 convidat a participar. Comunicativa, participativa i oberta a tothom, \u00e9s l\u2019instrument que tenim les fam\u00edlies per participar d\u2019una forma activa i organitzada en la vida de l\u2019escola dels nostres fills\/es.<\/p>\n<p>L\u2019AFA \u00e9s la responsable d\u2019organitzar i gestionar\u00a0 els diferents serveis de qu\u00e8 gaudeixen els alumnes fora de l\u2019horari escolar. Tamb\u00e9 organitza activitats dirigides a les mateixes fam\u00edlies, facilitant la integraci\u00f3 i la implicaci\u00f3 de totes les fam\u00edlies a l\u2019escola.<\/p>\n<p>Participa en la presa de decisions i en el govern de l\u2019escola mitjan\u00e7ant els seus representants al Consell Escolar, en aquells aspectes que delimiti el marc normatiu.<\/p>\n<p>Administra i gestiona els recursos que aporten els associats. La base del nostre finan\u00e7ament \u00e9s principalment l\u2019aportaci\u00f3 de la quota anual de 20\u20ac per fam\u00edlia (la qual dona dret d\u2019acc\u00e9s als serveis de l\u2019AFA), juntament amb la venda de roba de l\u2019escola. Tot plegat ens permet organitzar les diferents activitats i serveis que s\u2019ofereixen.<\/p>\n<p>A m\u00e9s, la vostra col\u00b7laboraci\u00f3 tamb\u00e9 es pot fer palesa en:<\/p>\n<ul>\n<li>L\u2019assist\u00e8ncia a les reunions d\u2019AFA (<a href=\"https:\/\/agora.xtec.cat\/ceiprocafonda\/wp-content\/uploads\/usu416\/2020\/04\/Orientacions-per-a-les-reunions-dAFA.pdf\">Orientacions per a les reunions d&#8217;AFA)<\/a><\/li>\n<li>Aportant idees i suggeriments de millora de l\u2019escola<\/li>\n<li>Donant suport a les activitats<\/li>\n<li>Fent-se delegat\/da d\u2019aula<\/li>\n<\/ul>\n<p>La Junta \u00a0de l\u2019AFA \u00e9s qui regeix, administra i representa l\u2019associaci\u00f3, i est\u00e0 composada pel president\/a, el\/la vicepresident\/a, el\/la secretari\/a, el\/la tresorer\/a i vocals. Aquests c\u00e0rrecs han de ser exercits per persones diferents. La Junta actual la formen:<\/p>\n<ul>\n<li><strong>\u00a0Presidenta<\/strong>: Annabel Soria Romeralo <span style=\"font-family: inherit; font-size: 1em;\">(mare Carla I3)<\/span><\/li>\n<li><strong>\u00a0Secret\u00e0ria:<\/strong> Diana Gom\u00e0 Rodr\u00edguez (mare Isona I4)<\/li>\n<li><strong>Tresorer:<\/strong> Jordi Esquerra Gonz\u00e1lez (pare Carla I3)<a href=\"https:\/\/agora.xtec.cat\/ceiprocafonda\/wp-content\/uploads\/usu416\/2020\/04\/FB_IMG_1518936741711.jpg\"><img loading=\"lazy\" decoding=\"async\" class=\"wp-image-1317 alignright\" src=\"https:\/\/agora.xtec.cat\/ceiprocafonda\/wp-content\/uploads\/usu416\/2020\/04\/FB_IMG_1518936741711.jpg\" alt=\"\" width=\"363\" height=\"272\" srcset=\"https:\/\/agora.xtec.cat\/ceiprocafonda\/wp-content\/uploads\/usu416\/2020\/04\/FB_IMG_1518936741711.jpg 960w, https:\/\/agora.xtec.cat\/ceiprocafonda\/wp-content\/uploads\/usu416\/2020\/04\/FB_IMG_1518936741711-300x225.jpg 300w, https:\/\/agora.xtec.cat\/ceiprocafonda\/wp-content\/uploads\/usu416\/2020\/04\/FB_IMG_1518936741711-768x576.jpg 768w, https:\/\/agora.xtec.cat\/ceiprocafonda\/wp-content\/uploads\/usu416\/2020\/04\/FB_IMG_1518936741711-200x150.jpg 200w\" sizes=\"auto, (max-width: 363px) 100vw, 363px\" \/><\/a><\/li>\n<\/ul>\n<p>&nbsp;<\/p>\n<p><strong>COM PODEU CONTACTAR AMB NOSALTRES<\/strong><\/p>\n<p><strong>Tel\u00e8fon: <\/strong>937.903.751<strong>\u00a0<\/strong><\/p>\n<p><strong>Email: <\/strong><a href=\"mailto:amparocafonda@gmail.com\">amparocafonda@gmail.com<\/a><\/p>\n<p><strong>\u00a0<\/strong><\/p>\n<p>RESPECTEU les persones que aporten part del seu temps personal pel b\u00e9 de l\u2019escola i penseu&#8230; jo puc fer alguna cosa?&#8230; SEGUR QUE S\u00cd !!!<\/p>\n<p style=\"text-align: center;\">BENVINGUTS\/DES A LA COMUNITAT EDUCATIVA DE L\u2019ESCOLA ROCAFONDA!<\/p>\n<p style=\"text-align: right;\"><a href=\"https:\/\/agora.xtec.cat\/ceiprocafonda\/wp-content\/uploads\/usu416\/2020\/04\/InkedAFA-ESCOLA-ROCAFONDA-SOM-TOTS_LI.jpg\"><img loading=\"lazy\" decoding=\"async\" class=\"size-full wp-image-1240 aligncenter\" src=\"https:\/\/agora.xtec.cat\/ceiprocafonda\/wp-content\/uploads\/usu416\/2020\/04\/InkedAFA-ESCOLA-ROCAFONDA-SOM-TOTS_LI.jpg\" alt=\"\" width=\"490\" height=\"472\" srcset=\"https:\/\/agora.xtec.cat\/ceiprocafonda\/wp-content\/uploads\/usu416\/2020\/04\/InkedAFA-ESCOLA-ROCAFONDA-SOM-TOTS_LI.jpg 490w, https:\/\/agora.xtec.cat\/ceiprocafonda\/wp-content\/uploads\/usu416\/2020\/04\/InkedAFA-ESCOLA-ROCAFONDA-SOM-TOTS_LI-300x289.jpg 300w\" sizes=\"auto, (max-width: 490px) 100vw, 490px\" \/><\/a><\/p>\n","protected":false},"excerpt":{"rendered":"<p>L\u2019AFA de l\u2019escola Rocafonda \u00e9s la principal via de participaci\u00f3 de les fam\u00edlies en la vida del centre. Som una associaci\u00f3 sense \u00e0nim de lucre, independent, integrada per les fam\u00edlies dels alumnes de l\u2019escola, on tothom est\u00e0 convidat a participar. Comunicativa, participativa i oberta a tothom, \u00e9s l\u2019instrument que tenim les fam\u00edlies per participar d\u2019una [&hellip;]<\/p>\n","protected":false},"author":1,"featured_media":0,"parent":0,"menu_order":0,"comment_status":"closed","ping_status":"closed","template":"page-templates\/side-menu.php","meta":{"_bbp_topic_count":0,"_bbp_reply_count":0,"_bbp_total_topic_count":0,"_bbp_total_reply_count":0,"_bbp_voice_count":0,"_bbp_anonymous_reply_count":0,"_bbp_topic_count_hidden":0,"_bbp_reply_count_hidden":0,"_bbp_forum_subforum_count":0,"site-sidebar-layout":"default","site-content-layout":"","ast-site-content-layout":"","site-content-style":"default","site-sidebar-style":"default","ast-global-header-display":"","ast-banner-title-visibility":"","ast-main-header-display":"","ast-hfb-above-header-display":"","ast-hfb-below-header-display":"","ast-hfb-mobile-header-display":"","site-post-title":"","ast-breadcrumbs-content":"","ast-featured-img":"","footer-sml-layout":"","theme-transparent-header-meta":"","adv-header-id-meta":"","stick-header-meta":"","header-above-stick-meta":"","header-main-stick-meta":"","header-below-stick-meta":"","astra-migrate-meta-layouts":"default","ast-page-background-enabled":"default","ast-page-background-meta":{"desktop":{"background-color":"var(--ast-global-color-4)","background-image":"","background-repeat":"repeat","background-position":"center center","background-size":"auto","background-attachment":"scroll","background-type":"","background-media":"","overlay-type":"","overlay-color":"","overlay-opacity":"","overlay-gradient":""},"tablet":{"background-color":"","background-image":"","background-repeat":"repeat","background-position":"center center","background-size":"auto","background-attachment":"scroll","background-type":"","background-media":"","overlay-type":"","overlay-color":"","overlay-opacity":"","overlay-gradient":""},"mobile":{"background-color":"","background-image":"","background-repeat":"repeat","background-position":"center center","background-size":"auto","background-attachment":"scroll","background-type":"","background-media":"","overlay-type":"","overlay-color":"","overlay-opacity":"","overlay-gradient":""}},"ast-content-background-meta":{"desktop":{"background-color":"var(--ast-global-color-5)","background-image":"","background-repeat":"repeat","background-position":"center center","background-size":"auto","background-attachment":"scroll","background-type":"","background-media":"","overlay-type":"","overlay-color":"","overlay-opacity":"","overlay-gradient":""},"tablet":{"background-color":"var(--ast-global-color-5)","background-image":"","background-repeat":"repeat","background-position":"center center","background-size":"auto","background-attachment":"scroll","background-type":"","background-media":"","overlay-type":"","overlay-color":"","overlay-opacity":"","overlay-gradient":""},"mobile":{"background-color":"var(--ast-global-color-5)","background-image":"","background-repeat":"repeat","background-position":"center center","background-size":"auto","background-attachment":"scroll","background-type":"","background-media":"","overlay-type":"","overlay-color":"","overlay-opacity":"","overlay-gradient":""}},"footnotes":""},"class_list":["post-877","page","type-page","status-publish","hentry"],"post_mailing_queue_ids":[],"_links":{"self":[{"href":"https:\/\/agora.xtec.cat\/ceiprocafonda\/wp-json\/wp\/v2\/pages\/877","targetHints":{"allow":["GET"]}}],"collection":[{"href":"https:\/\/agora.xtec.cat\/ceiprocafonda\/wp-json\/wp\/v2\/pages"}],"about":[{"href":"https:\/\/agora.xtec.cat\/ceiprocafonda\/wp-json\/wp\/v2\/types\/page"}],"author":[{"embeddable":true,"href":"https:\/\/agora.xtec.cat\/ceiprocafonda\/wp-json\/wp\/v2\/users\/1"}],"replies":[{"embeddable":true,"href":"https:\/\/agora.xtec.cat\/ceiprocafonda\/wp-json\/wp\/v2\/comments?post=877"}],"version-history":[{"count":5,"href":"https:\/\/agora.xtec.cat\/ceiprocafonda\/wp-json\/wp\/v2\/pages\/877\/revisions"}],"predecessor-version":[{"id":16863,"href":"https:\/\/agora.xtec.cat\/ceiprocafonda\/wp-json\/wp\/v2\/pages\/877\/revisions\/16863"}],"wp:attachment":[{"href":"https:\/\/agora.xtec.cat\/ceiprocafonda\/wp-json\/wp\/v2\/media?parent=877"}],"curies":[{"name":"wp","href":"https:\/\/api.w.org\/{rel}","templated":true}]}}