{"id":798,"date":"2020-04-06T21:42:50","date_gmt":"2020-04-06T19:42:50","guid":{"rendered":"https:\/\/agora.xtec.cat\/ceiprocafonda\/?page_id=798"},"modified":"2026-02-19T14:00:07","modified_gmt":"2026-02-19T13:00:07","slug":"preinscripcio-20-21","status":"publish","type":"page","link":"https:\/\/agora.xtec.cat\/ceiprocafonda\/lescola\/preinscripcio-20-21\/","title":{"rendered":"Preinscripci\u00f3 26-27"},"content":{"rendered":"<h1 class=\"title ng-star-inserted\">La preinscripci\u00f3 escolar per l&#8217;educaci\u00f3 infantil i prim\u00e0ria\u00a0 ser\u00e0 entre el 4 i el 18 de mar\u00e7<\/h1>\n<div>\n<div class=\"css-1dbjc4n r-xoduu5 r-1mlwlqe r-1d2f490 r-1udh08x r-u8s1d r-h9hxbl r-417010\" aria-label=\"Receptor de tel\u00e8fon\">\n<p>\ud83d\udcddWEB d&#8217;ajuda per a fer la preinscripci\u00f3: <a href=\"https:\/\/preinscripcio.gencat.cat\/ca\/inici\/\">https:\/\/preinscripcio.gencat.cat\/ca\/inici\/<\/a><\/p>\n<p>\ud83d\udcd5Guia per a fer la<a href=\"https:\/\/agora.xtec.cat\/ceiprocafonda\/wp-content\/uploads\/usu416\/2024\/02\/guia-preinscripcio-ca.pdf\"> guia-preinscripcio.pdf (gencat.cat)<\/a><\/p>\n<p>\ud83d\ude00Aquest any la <strong>sol\u00b7licitud de preinscripci\u00f3 l&#8217;has d&#8217;emplenar i presentar en l\u00ednia<\/strong>. Pots fer-ho des de qualsevol ordinador, tauleta o m\u00f2bil amb connexi\u00f3 a Internet.<\/p>\n<\/div>\n<\/div>\n<div aria-label=\"Receptor de tel\u00e8fon\">\n<p><b>CALENDARI DE PREINSCRIPCI\u00d3 I MATRICULACI\u00d3 CURS 2026-2027<\/b><\/p>\n<p><span style=\"font-weight: 400;\">Del <strong>4 al 18 de mar\u00e7<\/strong><\/span> Presentaci\u00f3 de la Sol\u00b7licitud de preinscripci\u00f3<\/p>\n<p>Del <strong>22 de juny al 30 de juny<\/strong>\u00a0Matriculaci\u00f3<\/p>\n<p>&nbsp;<\/p>\n<p><strong>Comencem l&#8217;escola<\/strong>:<\/p>\n<\/div>\n<p><a href=\"https:\/\/educacio.gencat.cat\/ca\/arees-actuacio\/families\/families-escola\/escolaritat\/i3-comencem-escola\/\">https:\/\/educacio.gencat.cat\/ca\/arees-actuacio\/families\/families-escola\/escolaritat\/i3-comencem-escola\/<\/a><\/p>\n<div><\/div>\n<div class=\"gmail_default\"><span style=\"font-family: verdana, sans-serif;\">La <\/span><strong><span style=\"font-family: verdana, sans-serif;\">NORMATIVA de refer\u00e8ncia<\/span><\/strong><span style=\"font-family: verdana, sans-serif;\"> es pot consultar a:<\/span><\/div>\n<div><\/div>\n<div>INSTRUCCIONS per a l\u2019organitzaci\u00f3 de jornades de portes obertes :<\/div>\n<div><a href=\"https:\/\/salut.sindicat.net\/media\/salut\/uploads\/2021\/01\/13\/20210113-instruccions-jornades-portes-obertes.pdf\">Instruccions per a l\u2019organitzaci\u00f3 de jornades de portes obertes presencials als centres educatius per al proc\u00e9s de preinscripci\u00f3 del curs 2021-2022 <\/a><\/div>\n<div><\/div>\n<div class=\"gmail_default\"><span style=\"font-family: verdana, sans-serif;\">RESOLUCI\u00d3 EDU\/977\/2020, de 8 de maig, per la qual s&#8217;actualitza el procediment i es modifica la Resoluci\u00f3 EDU\/576\/2020, de 28 de febrer,:<\/span><\/div>\n<div class=\"gmail_default\"><span style=\"font-family: verdana, sans-serif;\"><a href=\"https:\/\/portaldogc.gencat.cat\/utilsEADOP\/PDF\/8130\/1793813.pdf\" target=\"_blank\" rel=\"noopener noreferrer\" data-saferedirecturl=\"https:\/\/www.google.com\/url?q=https:\/\/portaldogc.gencat.cat\/utilsEADOP\/PDF\/8130\/1793813.pdf&amp;source=gmail&amp;ust=1589466109517000&amp;usg=AFQjCNHHjIC8Z6nn7FpZfWSTB2gqXRO-Hw\">https:\/\/portaldogc.gencat.cat\/<wbr \/>utilsEADOP\/PDF\/8130\/1793813.<wbr \/>pdf<\/a>\u00a0<\/span><\/div>\n<div class=\"gmail_default\"><span style=\"font-family: verdana, sans-serif;\">\u00a0<\/span><\/div>\n<div class=\"gmail_default\"><span style=\"font-family: verdana, sans-serif;\"><span style=\"color: #000000;\">Resoluci\u00f3 576 de febrer de 2020\u00a0<\/span>per la qual s&#8217;aproven les normes de preinscripci\u00f3 i matr\u00edcula per al curs 2020-2021:<\/span><\/div>\n<div class=\"gmail_default\"><span style=\"font-family: verdana, sans-serif;\"><a href=\"https:\/\/dogc.gencat.cat\/ca\/pdogc_canals_interns\/pdogc_resultats_fitxa\/?action=fitxa&amp;documentId=869583&amp;language=ca_ES\" target=\"_blank\" rel=\"noopener noreferrer\" data-saferedirecturl=\"https:\/\/www.google.com\/url?q=https:\/\/dogc.gencat.cat\/ca\/pdogc_canals_interns\/pdogc_resultats_fitxa\/?action%3Dfitxa%26documentId%3D869583%26language%3Dca_ES&amp;source=gmail&amp;ust=1589466109518000&amp;usg=AFQjCNGUeoPiZImjllWId1hgzcnYezoMDQ\">https:\/\/dogc.gencat.cat\/ca\/<wbr \/>pdogc_canals_interns\/pdogc_<wbr \/>resultats_fitxa\/?action=fitxa&amp;<wbr \/>documentId=869583&amp;language=ca_<wbr \/>ES<\/a>\u00a0\u00a0<\/span><\/div>\n<div><\/div>\n<p>&nbsp;<\/p>\n","protected":false},"excerpt":{"rendered":"<p>La preinscripci\u00f3 escolar per l&#8217;educaci\u00f3 infantil i prim\u00e0ria\u00a0 ser\u00e0 entre el 4 i el 18 de mar\u00e7 \ud83d\udcddWEB d&#8217;ajuda per a fer la preinscripci\u00f3: https:\/\/preinscripcio.gencat.cat\/ca\/inici\/ \ud83d\udcd5Guia per a fer la guia-preinscripcio.pdf (gencat.cat) \ud83d\ude00Aquest any la sol\u00b7licitud de preinscripci\u00f3 l&#8217;has d&#8217;emplenar i presentar en l\u00ednia. Pots fer-ho des de qualsevol ordinador, tauleta o m\u00f2bil amb connexi\u00f3 [&hellip;]<\/p>\n","protected":false},"author":1,"featured_media":0,"parent":22,"menu_order":13,"comment_status":"closed","ping_status":"closed","template":"","meta":{"_bbp_topic_count":0,"_bbp_reply_count":0,"_bbp_total_topic_count":0,"_bbp_total_reply_count":0,"_bbp_voice_count":0,"_bbp_anonymous_reply_count":0,"_bbp_topic_count_hidden":0,"_bbp_reply_count_hidden":0,"_bbp_forum_subforum_count":0,"site-sidebar-layout":"default","site-content-layout":"","ast-site-content-layout":"default","site-content-style":"default","site-sidebar-style":"default","ast-global-header-display":"","ast-banner-title-visibility":"","ast-main-header-display":"","ast-hfb-above-header-display":"","ast-hfb-below-header-display":"","ast-hfb-mobile-header-display":"","site-post-title":"","ast-breadcrumbs-content":"","ast-featured-img":"","footer-sml-layout":"","theme-transparent-header-meta":"default","adv-header-id-meta":"","stick-header-meta":"","header-above-stick-meta":"","header-main-stick-meta":"","header-below-stick-meta":"","astra-migrate-meta-layouts":"set","ast-page-background-enabled":"default","ast-page-background-meta":{"desktop":{"background-color":"var(--ast-global-color-4)","background-image":"","background-repeat":"repeat","background-position":"center center","background-size":"auto","background-attachment":"scroll","background-type":"","background-media":"","overlay-type":"","overlay-color":"","overlay-opacity":"","overlay-gradient":""},"tablet":{"background-color":"","background-image":"","background-repeat":"repeat","background-position":"center center","background-size":"auto","background-attachment":"scroll","background-type":"","background-media":"","overlay-type":"","overlay-color":"","overlay-opacity":"","overlay-gradient":""},"mobile":{"background-color":"","background-image":"","background-repeat":"repeat","background-position":"center center","background-size":"auto","background-attachment":"scroll","background-type":"","background-media":"","overlay-type":"","overlay-color":"","overlay-opacity":"","overlay-gradient":""}},"ast-content-background-meta":{"desktop":{"background-color":"var(--ast-global-color-5)","background-image":"","background-repeat":"repeat","background-position":"center center","background-size":"auto","background-attachment":"scroll","background-type":"","background-media":"","overlay-type":"","overlay-color":"","overlay-opacity":"","overlay-gradient":""},"tablet":{"background-color":"var(--ast-global-color-5)","background-image":"","background-repeat":"repeat","background-position":"center center","background-size":"auto","background-attachment":"scroll","background-type":"","background-media":"","overlay-type":"","overlay-color":"","overlay-opacity":"","overlay-gradient":""},"mobile":{"background-color":"var(--ast-global-color-5)","background-image":"","background-repeat":"repeat","background-position":"center center","background-size":"auto","background-attachment":"scroll","background-type":"","background-media":"","overlay-type":"","overlay-color":"","overlay-opacity":"","overlay-gradient":""}},"footnotes":""},"class_list":["post-798","page","type-page","status-publish","hentry"],"post_mailing_queue_ids":[],"_links":{"self":[{"href":"https:\/\/agora.xtec.cat\/ceiprocafonda\/wp-json\/wp\/v2\/pages\/798","targetHints":{"allow":["GET"]}}],"collection":[{"href":"https:\/\/agora.xtec.cat\/ceiprocafonda\/wp-json\/wp\/v2\/pages"}],"about":[{"href":"https:\/\/agora.xtec.cat\/ceiprocafonda\/wp-json\/wp\/v2\/types\/page"}],"author":[{"embeddable":true,"href":"https:\/\/agora.xtec.cat\/ceiprocafonda\/wp-json\/wp\/v2\/users\/1"}],"replies":[{"embeddable":true,"href":"https:\/\/agora.xtec.cat\/ceiprocafonda\/wp-json\/wp\/v2\/comments?post=798"}],"version-history":[{"count":6,"href":"https:\/\/agora.xtec.cat\/ceiprocafonda\/wp-json\/wp\/v2\/pages\/798\/revisions"}],"predecessor-version":[{"id":19014,"href":"https:\/\/agora.xtec.cat\/ceiprocafonda\/wp-json\/wp\/v2\/pages\/798\/revisions\/19014"}],"up":[{"embeddable":true,"href":"https:\/\/agora.xtec.cat\/ceiprocafonda\/wp-json\/wp\/v2\/pages\/22"}],"wp:attachment":[{"href":"https:\/\/agora.xtec.cat\/ceiprocafonda\/wp-json\/wp\/v2\/media?parent=798"}],"curies":[{"name":"wp","href":"https:\/\/api.w.org\/{rel}","templated":true}]}}