{"id":778,"date":"2020-04-06T21:17:31","date_gmt":"2020-04-06T19:17:31","guid":{"rendered":"https:\/\/agora.xtec.cat\/ceiprocafonda\/?page_id=778"},"modified":"2025-12-16T12:55:50","modified_gmt":"2025-12-16T11:55:50","slug":"informacions-del-curs-escolar","status":"publish","type":"page","link":"https:\/\/agora.xtec.cat\/ceiprocafonda\/lescola\/informacions-del-curs-escolar\/","title":{"rendered":"Informacions del curs escolar"},"content":{"rendered":"<p><strong><u>CALENDARI ESCOLAR CURS 25-26<img loading=\"lazy\" decoding=\"async\" class=\"wp-image-1242 alignright\" src=\"https:\/\/agora.xtec.cat\/ceiprocafonda\/wp-content\/uploads\/usu416\/2020\/04\/bon-inici-curs-1024x724.jpg\" alt=\"\" width=\"331\" height=\"234\" srcset=\"https:\/\/agora.xtec.cat\/ceiprocafonda\/wp-content\/uploads\/usu416\/2020\/04\/bon-inici-curs-1024x724.jpg 1024w, https:\/\/agora.xtec.cat\/ceiprocafonda\/wp-content\/uploads\/usu416\/2020\/04\/bon-inici-curs-300x212.jpg 300w, https:\/\/agora.xtec.cat\/ceiprocafonda\/wp-content\/uploads\/usu416\/2020\/04\/bon-inici-curs-768x543.jpg 768w, https:\/\/agora.xtec.cat\/ceiprocafonda\/wp-content\/uploads\/usu416\/2020\/04\/bon-inici-curs.jpg 1600w\" sizes=\"auto, (max-width: 331px) 100vw, 331px\" \/><\/u><\/strong><\/p>\n<p>El curs escolar comen\u00e7a el <strong>8 de setembre i finalitza el 19 de juny<\/strong>.<\/p>\n<p>Durant el curs escolar 2025-26 s\u00f3n dies festius regulats pel Departament d&#8217;Educaci\u00f3 de la Generalitat de Catalunya:<\/p>\n<p>Del\u00a0 20\u00a0 de desembre al 7 de gener, ambd\u00f3s inclosos.<\/p>\n<p>Del\u00a0 28 de mar\u00e7\u00a0 al 6 d\u2019abril,\u00a0 ambd\u00f3s inclosos.<\/p>\n<p>L&#8217;horari lectiu per a tot el curs \u00e9s el que va de 9h a 12h (infantil) i de 9h a 13h (prim\u00e0ria) i de 15h a 17h<\/p>\n<p>Hi haur\u00e0 jornada intensiva (de 9h a 13h infantil i de 9h a 13:30h prim\u00e0ria) el dia 19 de desembre de 2025 i del 8 al 19 de juny de 2026.<\/p>\n<p>Hi ha tamb\u00e9 dies festius de lliure disposici\u00f3, triats pel Consell Escolar Municipal, que s\u00f3n:<\/p>\n<ul>\n<li>El dia 3 de novembre de 2025.<\/li>\n<li>El dia 5 de desembre de 2025<\/li>\n<li>El dia 16 de febrer de 2026.<\/li>\n<li>El dia 13 de mar\u00e7 de 2026.<\/li>\n<li>El dia 30 d&#8217;abril de 2026<\/li>\n<\/ul>\n<p><a href=\"https:\/\/agora.xtec.cat\/ceiprocafonda\/wp-content\/uploads\/usu416\/2025\/12\/Infografia-BUTLLETI-INF-I-PRI-25-26.pdf\">Infografia BUTLLET\u00cd INF I PRI 25-26<\/a><\/p>\n<p><a href=\"https:\/\/agora.xtec.cat\/ceiprocafonda\/wp-content\/uploads\/usu416\/2025\/12\/Butlleti-informatiu-INF-25-26.pdf\">Butllet\u00ed informatiu INF 25-26<\/a><\/p>\n<p><a href=\"https:\/\/agora.xtec.cat\/ceiprocafonda\/wp-content\/uploads\/usu416\/2025\/12\/Butlleti-informatiu-PRI-25-26.pdf\">Butllet\u00ed informatiu PRI 25-26<\/a><\/p>\n<p><strong><u>HORARI ESCOLAR<\/u><\/strong><\/p>\n<p>Al mat\u00ed l&#8217;hora d&#8217;entrada \u00e9s a les 9h i a la tarda a les 15h.<\/p>\n<p>Els alumnes que arriben tard per alguna ra\u00f3 justificada, han de trucar el timbre de la porta i esperar ser atesos.<\/p>\n<p>A partir de les 13h i de les 17h \u00e9s responsabilitat de les fam\u00edlies recollir els alumnes a l&#8217;escola. En cas de retard en la recollida dels alumnes, s&#8217;avisar\u00e0 telef\u00f2nicament\u00a0 a la fam\u00edlia i, passat un temps prudencial, si no s&#8217;ha localitzat cap familiar s&#8217;avisar\u00e0 al policia de barri.<\/p>\n<p>\u00c9s convenient ser puntuals tant a les hores d&#8217;entrada com a les hores de sortida. Pel que fa a les sortides, no es permet als alumnes quedar-se al pati, tret que tinguin activitats de menjador o d&#8217;extraescolars.<\/p>\n<p>Quan els alumnes hagin de marxar dins l\u2019horari lectiu, caldr\u00e0 omplir a consergeria un full de responsabilitat.<\/p>\n<p><strong><u>ASSIST\u00c8NCIA\u00a0 <\/u><\/strong><\/p>\n<p>\u00c9s obligat\u00f2ria l&#8217;assist\u00e8ncia dels alumnes a l&#8217;escola, tant al mat\u00ed com a la tarda. En cas d&#8217;haver de faltar algun dia, cal donar av\u00eds al mestre\/a de la classe i portar el justificant.<\/p>\n<p>En cas d&#8217;abs\u00e8ncies continuades d\u2019un alumne\/a, sense justificaci\u00f3 per part de la fam\u00edlia, l&#8217;escola passar\u00e0 la\u00a0 comunicaci\u00f3 al Servei d&#8217;Educaci\u00f3 de l&#8217;Ajuntament.<\/p>\n<p>La no assist\u00e8ncia a excursions i sortides tamb\u00e9 s&#8217;ha de justificar.<\/p>\n<p><strong><u>EXCURSIONS I SORTIDES<\/u><\/strong><\/p>\n<p>Les excursions i sortides de tot tipus (espectacles, visites, col\u00f2nies&#8230;.) s\u00f3n activitats importants i b\u00e0siques per l&#8217;aprenentatge escolar. Queda totalment prohibit portar diners. Com a beguda nom\u00e9s es pot portar aigua.<\/p>\n<p>Abans d&#8217;una sortida, la fam\u00edlia rebr\u00e0 una notificaci\u00f3 pel TPV Escola, que caldr\u00e0 signar des de la mateixa aplicaci\u00f3 dins del termini que indiqui la comunicaci\u00f3. En cas contrari l&#8217;alumne no podr\u00e0 assistir a l&#8217;activitat.<\/p>\n<p>Les sortides dins de Matar\u00f3 s&#8217;autoritzen globalment a l&#8217;inici de curs.<\/p>\n<p>El pagament de les sortides es fa a trav\u00e9s del TPV Escola. No es cobrar\u00e0 cap import en met\u00e0l\u00b7lic. En cas que el\/la vostre\/a fill\/a no pugui realitzar una sortida que ja ha pagat, amb motiu justificat, es podr\u00e0 retornar l&#8217;import corresponent a l&#8217;activitat, sempre que l&#8217;empresa organitzadora retorni els diners dels no assistents.<\/p>\n<p>En cas que s\u2019hagu\u00e9s de suspendre l\u2019activitat el mateix dia per mal temps, les fam\u00edlies han de venir a recollir els nens o nenes a les 12h (infantil) i a les 13h (prim\u00e0ria).<\/p>\n<p><strong><u>ROBA QUE CAL PORTAR<\/u><\/strong><\/p>\n<p>L\u2019alumnat d\u2019Educaci\u00f3 Infantil i Prim\u00e0ria nom\u00e9s ha de portar una bata marcada amb el nom i cognoms per fer les activitats de pl\u00e0stica, laboratori i tallers.<\/p>\n<p>Totes les pertinences de l\u2019alumnat hauran d\u2019anar marcades amb el nom i cognoms del\/de la nen\/a.<\/p>\n<p>Els infants d&#8217; I3 hauran de tenir a la classe una muda completa degudament marcada dins una bossa de roba: sabates, mitjons, calcetes\/cal\u00e7otets, pantalons i samarreta.<\/p>\n<p>L&#8217;alumnat d&#8217;infantil (I3-I5), per fer psicomotricitat cal que portin mitjons antilliscants i hauran de venir a l&#8217;escola amb xandall i cal\u00e7at esportiu amb tanca de &#8220;velcro&#8221;.<\/p>\n<p>L&#8217;alumnat de Prim\u00e0ria (1r-6\u00e8), per fer les classes d\u2019Educaci\u00f3 F\u00edsica cal que porti roba adient i cal\u00e7at esportiu adequat, a m\u00e9s a m\u00e9s d\u2019una bosseta amb una samarreta de recanvi, mitjons i una tovallola petita.<\/p>\n<p>No est\u00e0 perm\u00e8s portar motxilles amb rodes i recomanem l\u2019\u00fas de motxilles o bosses de mida petita<\/p>\n<p><strong><u>SALUT F\u00cdSICA I HIGIENE<\/u><\/strong><\/p>\n<p>Quan un alumne presenta s\u00edmptomes de malaltia, tant si t\u00e9 febre com si no en t\u00e9, cal que es quedi a casa i si ho detectem a l&#8217;escola, avisarem a la fam\u00edlia perqu\u00e8 els vingueu a buscar.<\/p>\n<p>\u00c9s convenient que els alumnes es quedin a casa, quan presenten febre, fongs,\u00a0 conjuntivitis, erupcions a la pell, etc. excepte si el metge certifica per escrit que el que t\u00e9 no \u00e9s contagi\u00f3s.<\/p>\n<p>Un cop diagnosticada la malaltia, s&#8217;ha de comunicar a l&#8217;escola, per si cal prendre alguna precauci\u00f3.<\/p>\n<p>Si cal administrar algun medicament en horari escolar, \u00e9s imprescindible comptar amb l&#8217;autoritzaci\u00f3 signada per la pr\u00f2pia fam\u00edlia o el metge.<\/p>\n<p>Quan un alumne pren mal a l&#8217;escola, s&#8217;avisa la fam\u00edlia en primer lloc\u00a0 i, en cas de no localitzar cap familiar, se&#8217;l porta a un centre m\u00e8dic.<\/p>\n<p><strong><u>MENJAR<\/u><\/strong><\/p>\n<p><a href=\"https:\/\/agora.xtec.cat\/ceiprocafonda\/wp-content\/uploads\/usu416\/2020\/04\/carmanyoles.jpg\"><img loading=\"lazy\" decoding=\"async\" class=\"wp-image-834 alignleft\" src=\"https:\/\/agora.xtec.cat\/ceiprocafonda\/wp-content\/uploads\/usu416\/2020\/04\/carmanyoles.jpg\" alt=\"\" width=\"220\" height=\"220\" srcset=\"https:\/\/agora.xtec.cat\/ceiprocafonda\/wp-content\/uploads\/usu416\/2020\/04\/carmanyoles.jpg 367w, https:\/\/agora.xtec.cat\/ceiprocafonda\/wp-content\/uploads\/usu416\/2020\/04\/carmanyoles-150x150.jpg 150w, https:\/\/agora.xtec.cat\/ceiprocafonda\/wp-content\/uploads\/usu416\/2020\/04\/carmanyoles-300x300.jpg 300w\" sizes=\"auto, (max-width: 220px) 100vw, 220px\" \/><\/a><\/p>\n<p>Per a un millor rendiment escolar, aconsellem que s&#8217;esmorzi a casa, i que a mig mat\u00ed es porti fruita, fruits secs o un entrep\u00e0 petit. Eviteu embolicar els entrepans i utilitzeu carmanyoles o boc\u2019n\u2019rolls.<\/p>\n<p>Est\u00e0 prohibit portar brioixeria industrial o altre tipus de menjar envasat, aix\u00ed com iogurts o altres aliments de cullera. Tampoc est\u00e0 perm\u00e8s dur begudes ensucrades (actimels o brics de suc) ni llaminadures. Us suggerim que a les 17h eviteu tamb\u00e9 donar aquest tipus de productes als vostres fills i filles.<\/p>\n<p>L\u2019alumnat d&#8217; I3 fins a 6\u00e8 que vulgui celebrar l&#8217;aniversari podr\u00e0 portar coca, per\u00f2 caldr\u00e0 avisar al tutor\/a amb antelaci\u00f3 per poder avisar a les fam\u00edlies dels altres infants.<\/p>\n<p>A classe no es repartir\u00e0 cap mena de llaminadura ni tampoc repartirem invitacions d&#8217;aniversari.<\/p>\n<p><strong><u>JOGUINES I MATERIAL<\/u><\/strong><\/p>\n<p>Els alumnes no han de dur de casa cap joguina ni tampoc no es poden dur pilotes. Tot el que necessitin se&#8217;ls donar\u00e0 a l&#8217;escola.<\/p>\n<p>A inici de curs cada alumne\/a haur\u00e0 de portar un paquet de tovalloletes humides i un rotlle de paper de cuina.<\/p>\n<p><strong><u>RELACI\u00d3 ESCOLA I FAM\u00cdLIA<\/u><\/strong><\/p>\n<p>\u00c9s necessari i important que les fam\u00edlies (pares, mares o tutors legals) assistiu a les reunions d&#8217;aula i a les entrevistes que us seran avisades amb antelaci\u00f3. Si no podeu assistir-hi cal avisar al\/la mestre\/a. Els nens i nenes no han d&#8217;estar en aquestes reunions ni romandre sols al pati.<\/p>\n<p>Per concretar l&#8217;entrevista amb el tutor\/a o amb el coordinador\/a, cal demanar hora via correu electr\u00f2nic del tutor\/a i en el cas de l\u2019alumnat de 3r a 6\u00e8 tamb\u00e9 es podr\u00e0 fer servir l&#8217;agenda. En cas de no poder-se comunicar, es podr\u00e0 trucar a l\u2019escola.<\/p>\n<p><strong>Els mestres no acceptem regals<\/strong>, el millor regal \u00e9s saber que el\/la vostre\/a fill\/a est\u00e0 content\/a a l\u2019escola.<\/p>\n<p>L&#8217;Associaci\u00f3 de Fam\u00edlies i Alumnes (AFA) es reuneix mensualment. La reuni\u00f3 sempre est\u00e0 oberta a tothom que hi vulgui assistir.<\/p>\n<p>En cada grup-aula, hi ha un familiar que fa de Delegat\/a d\u2019aula, el qual fa el trasp\u00e0s d\u2019informacions i assisteix a les reunions d\u2019AFA.<\/p>\n<p><strong><u>AUTORITZACI\u00d3 DELS DRETS D\u2019 IMATGE DELS ALUMNES<\/u><\/strong><\/p>\n<p>Els alumnes que s&#8217;incorporin de nou a l&#8217;escola hauran de signar l&#8217;autoritzaci\u00f3 corresponent perqu\u00e8 la seva imatge pugui ser\u00a0 utilitzada en\u00a0 fotografies, filmacions, web, facebook, twitter, exposicions i revistes\u00a0 de caire intern corresponents a activitats lectives, complement\u00e0ries i\/o extraescolars.<\/p>\n<p><strong><u>CONSERVACI\u00d3 DE L&#8217;ESCOLA<\/u><\/strong><\/p>\n<p>Mantenir l&#8217;escola neta \u00e9s feina de tots. Hem d&#8217;acostumar els nens a no llen\u00e7ar papers a terra, tant a casa com al carrer, tal i com ho fem a l&#8217;escola. Qualsevol desperfecte de material escolar o mobiliari que es produeixi per conducta negligent o de forma intencionada, s&#8217;ha de reparar o, si \u00e9s el cas, s\u2019haur\u00e0 d&#8217;abonar el que contempla la normativa interna del centre.<\/p>\n<p><a href=\"https:\/\/agora.xtec.cat\/ceiprocafonda\/wp-content\/uploads\/usu416\/2020\/04\/Inkedper-ensenyar-i-aprendre-amb-el-cap-i-el-cor_LI.jpg\"><img loading=\"lazy\" decoding=\"async\" class=\"alignnone size-large wp-image-1245\" src=\"https:\/\/agora.xtec.cat\/ceiprocafonda\/wp-content\/uploads\/usu416\/2020\/04\/Inkedper-ensenyar-i-aprendre-amb-el-cap-i-el-cor_LI-1024x720.jpg\" alt=\"\" width=\"1024\" height=\"720\" srcset=\"https:\/\/agora.xtec.cat\/ceiprocafonda\/wp-content\/uploads\/usu416\/2020\/04\/Inkedper-ensenyar-i-aprendre-amb-el-cap-i-el-cor_LI-1024x720.jpg 1024w, https:\/\/agora.xtec.cat\/ceiprocafonda\/wp-content\/uploads\/usu416\/2020\/04\/Inkedper-ensenyar-i-aprendre-amb-el-cap-i-el-cor_LI-300x211.jpg 300w, https:\/\/agora.xtec.cat\/ceiprocafonda\/wp-content\/uploads\/usu416\/2020\/04\/Inkedper-ensenyar-i-aprendre-amb-el-cap-i-el-cor_LI-768x540.jpg 768w, https:\/\/agora.xtec.cat\/ceiprocafonda\/wp-content\/uploads\/usu416\/2020\/04\/Inkedper-ensenyar-i-aprendre-amb-el-cap-i-el-cor_LI.jpg 1377w\" sizes=\"auto, (max-width: 1024px) 100vw, 1024px\" \/><\/a><\/p>\n","protected":false},"excerpt":{"rendered":"<p>CALENDARI ESCOLAR CURS 25-26 El curs escolar comen\u00e7a el 8 de setembre i finalitza el 19 de juny. Durant el curs escolar 2025-26 s\u00f3n dies festius regulats pel Departament d&#8217;Educaci\u00f3 de la Generalitat de Catalunya: Del\u00a0 20\u00a0 de desembre al 7 de gener, ambd\u00f3s inclosos. Del\u00a0 28 de mar\u00e7\u00a0 al 6 d\u2019abril,\u00a0 ambd\u00f3s inclosos. L&#8217;horari [&hellip;]<\/p>\n","protected":false},"author":1,"featured_media":0,"parent":22,"menu_order":9,"comment_status":"closed","ping_status":"closed","template":"","meta":{"_bbp_topic_count":0,"_bbp_reply_count":0,"_bbp_total_topic_count":0,"_bbp_total_reply_count":0,"_bbp_voice_count":0,"_bbp_anonymous_reply_count":0,"_bbp_topic_count_hidden":0,"_bbp_reply_count_hidden":0,"_bbp_forum_subforum_count":0,"site-sidebar-layout":"default","site-content-layout":"","ast-site-content-layout":"default","site-content-style":"default","site-sidebar-style":"default","ast-global-header-display":"","ast-banner-title-visibility":"","ast-main-header-display":"","ast-hfb-above-header-display":"","ast-hfb-below-header-display":"","ast-hfb-mobile-header-display":"","site-post-title":"","ast-breadcrumbs-content":"","ast-featured-img":"","footer-sml-layout":"","theme-transparent-header-meta":"default","adv-header-id-meta":"","stick-header-meta":"","header-above-stick-meta":"","header-main-stick-meta":"","header-below-stick-meta":"","astra-migrate-meta-layouts":"set","ast-page-background-enabled":"default","ast-page-background-meta":{"desktop":{"background-color":"var(--ast-global-color-4)","background-image":"","background-repeat":"repeat","background-position":"center center","background-size":"auto","background-attachment":"scroll","background-type":"","background-media":"","overlay-type":"","overlay-color":"","overlay-opacity":"","overlay-gradient":""},"tablet":{"background-color":"","background-image":"","background-repeat":"repeat","background-position":"center center","background-size":"auto","background-attachment":"scroll","background-type":"","background-media":"","overlay-type":"","overlay-color":"","overlay-opacity":"","overlay-gradient":""},"mobile":{"background-color":"","background-image":"","background-repeat":"repeat","background-position":"center center","background-size":"auto","background-attachment":"scroll","background-type":"","background-media":"","overlay-type":"","overlay-color":"","overlay-opacity":"","overlay-gradient":""}},"ast-content-background-meta":{"desktop":{"background-color":"var(--ast-global-color-5)","background-image":"","background-repeat":"repeat","background-position":"center center","background-size":"auto","background-attachment":"scroll","background-type":"","background-media":"","overlay-type":"","overlay-color":"","overlay-opacity":"","overlay-gradient":""},"tablet":{"background-color":"var(--ast-global-color-5)","background-image":"","background-repeat":"repeat","background-position":"center center","background-size":"auto","background-attachment":"scroll","background-type":"","background-media":"","overlay-type":"","overlay-color":"","overlay-opacity":"","overlay-gradient":""},"mobile":{"background-color":"var(--ast-global-color-5)","background-image":"","background-repeat":"repeat","background-position":"center center","background-size":"auto","background-attachment":"scroll","background-type":"","background-media":"","overlay-type":"","overlay-color":"","overlay-opacity":"","overlay-gradient":""}},"footnotes":""},"class_list":["post-778","page","type-page","status-publish","hentry"],"post_mailing_queue_ids":[],"_links":{"self":[{"href":"https:\/\/agora.xtec.cat\/ceiprocafonda\/wp-json\/wp\/v2\/pages\/778","targetHints":{"allow":["GET"]}}],"collection":[{"href":"https:\/\/agora.xtec.cat\/ceiprocafonda\/wp-json\/wp\/v2\/pages"}],"about":[{"href":"https:\/\/agora.xtec.cat\/ceiprocafonda\/wp-json\/wp\/v2\/types\/page"}],"author":[{"embeddable":true,"href":"https:\/\/agora.xtec.cat\/ceiprocafonda\/wp-json\/wp\/v2\/users\/1"}],"replies":[{"embeddable":true,"href":"https:\/\/agora.xtec.cat\/ceiprocafonda\/wp-json\/wp\/v2\/comments?post=778"}],"version-history":[{"count":6,"href":"https:\/\/agora.xtec.cat\/ceiprocafonda\/wp-json\/wp\/v2\/pages\/778\/revisions"}],"predecessor-version":[{"id":18815,"href":"https:\/\/agora.xtec.cat\/ceiprocafonda\/wp-json\/wp\/v2\/pages\/778\/revisions\/18815"}],"up":[{"embeddable":true,"href":"https:\/\/agora.xtec.cat\/ceiprocafonda\/wp-json\/wp\/v2\/pages\/22"}],"wp:attachment":[{"href":"https:\/\/agora.xtec.cat\/ceiprocafonda\/wp-json\/wp\/v2\/media?parent=778"}],"curies":[{"name":"wp","href":"https:\/\/api.w.org\/{rel}","templated":true}]}}