{"id":730,"date":"2020-04-06T20:14:17","date_gmt":"2020-04-06T18:14:17","guid":{"rendered":"https:\/\/agora.xtec.cat\/ceiprocafonda\/?page_id=730"},"modified":"2025-12-10T13:47:43","modified_gmt":"2025-12-10T12:47:43","slug":"plantejament-institucional","status":"publish","type":"page","link":"https:\/\/agora.xtec.cat\/ceiprocafonda\/projecte-educatiu-2\/plantejament-institucional\/","title":{"rendered":"Missi\u00f3, visi\u00f3 i valors"},"content":{"rendered":"<ul>\n<li><strong>MISSI\u00d3<\/strong><\/li>\n<\/ul>\n<p>Som\u00a0 una\u00a0 escola\u00a0 que\u00a0 t\u00e9\u00a0 per\u00a0 objectiu\u00a0 el\u00a0 desenvolupament\u00a0 integral\u00a0 dels\u00a0 nostres alumnes, oferint interaccions de qualitat als nostres infants, acompanyant-los en el seu proc\u00e9s d\u2019aprenentatge, provocant-los l\u2019inter\u00e8s per aprendre, empoderant-los amb les eines i recursos necessaris per desenvolupar la seva autonomia, la creativitat i el pensament cr\u00edtic a fi que siguin ciutadans competents, responsables, compromesos i actius envers la societat.<\/p>\n<p>Som un centre que impulsa l\u2019aprenentatge competencial ling\u00fc\u00edstic de les lleng\u00fces curriculars (catalana, castellana i anglesa), mitjan\u00e7ant el desenvolupament del <strong>Pla d\u2019Impuls a la Lectura<\/strong> i el <strong>Pla \u201cOral English is fun<\/strong>!\u201d de centre. Apliquem la metodologia <strong>AICLE<\/strong> per al tractament de continguts de psicomotricitat en llengua anglesa a P4 i P5, i continguts d\u2019educaci\u00f3 f\u00edsica i de visual i pl\u00e0stica en llengua anglesa a educaci\u00f3 prim\u00e0ria.<\/p>\n<p>Som un centre que potencia l\u2019aprenentatge competencial de les matem\u00e0tiques, a trav\u00e9s de la viv\u00e8ncia personal i l\u2019experimentaci\u00f3 a trav\u00e9s del Programa <strong>Innovamat<\/strong> i amb material did\u00e0ctic per a l\u2019adquisici\u00f3 dels continguts claus de les diverses dimensions d\u2019aquesta disciplina.<\/p>\n<p>Som un centre que aposta per l\u2019educaci\u00f3 per a una societat digital, afavorint el pensament computacional per adquirir les habilitats necess\u00e0ries per afrontar els reptes de la transformaci\u00f3 digital incorporant a la pr\u00e0ctica educativa d\u2019aula la <strong>programaci\u00f3, la rob\u00f2tica i l\u2019aprenentatge m\u00f2bil<\/strong>.<\/p>\n<p>Som un centre que utilitza la tecnologia educativa de forma transversal a tots els \u00e0mbits curriculars i, universal per estimular l\u2019aprenentatge personalitzat dels alumnes.<\/p>\n<p>Som un centre que potencia l\u2019educaci\u00f3 de la creativitat i art\u00edstica a trav\u00e9s del <strong>Projecte araArt<\/strong>, on a trav\u00e9s de la m\u00fasica i del teatre, busquem despertar la curiositat, la creativitat, estimular la imaginaci\u00f3 i el sentit est\u00e8tic, incentivar el pensament divergent i, fomentar la capacitat d\u2019iniciativa per a la resoluci\u00f3 de reptes.<\/p>\n<p>Som un centre que aposta per a un ensenyament basat en l\u2019aprenentatge significatiu centrat en l\u2019alumne, a trav\u00e9s d\u2019una metodologia activa que afavoreixi l\u2019autonomia i el desenvolupament del raonament efica\u00e7.<\/p>\n<p><a href=\"https:\/\/agora.xtec.cat\/ceiprocafonda\/wp-content\/uploads\/usu416\/2020\/04\/IMG-20200217-WA0021.jpg\"><img loading=\"lazy\" decoding=\"async\" class=\"wp-image-1196 alignleft\" src=\"https:\/\/agora.xtec.cat\/ceiprocafonda\/wp-content\/uploads\/usu416\/2020\/04\/IMG-20200217-WA0021-768x1024.jpg\" alt=\"\" width=\"142\" height=\"189\" srcset=\"https:\/\/agora.xtec.cat\/ceiprocafonda\/wp-content\/uploads\/usu416\/2020\/04\/IMG-20200217-WA0021-768x1024.jpg 768w, https:\/\/agora.xtec.cat\/ceiprocafonda\/wp-content\/uploads\/usu416\/2020\/04\/IMG-20200217-WA0021-225x300.jpg 225w, https:\/\/agora.xtec.cat\/ceiprocafonda\/wp-content\/uploads\/usu416\/2020\/04\/IMG-20200217-WA0021.jpg 1200w\" sizes=\"auto, (max-width: 142px) 100vw, 142px\" \/><\/a>Som un centre que aplica mesures metodol\u00f2giques i organitzatives <strong>com racons i tallers<\/strong>, per atendre la diversitat de necessitats educatives de l\u2019alumnat per a garantir l\u2019adquisici\u00f3 i la integraci\u00f3 dels nous coneixements i compet\u00e8ncies.<\/p>\n<ul>\n<li><strong>VISI\u00d3<\/strong><\/li>\n<\/ul>\n<p>El\u00a0 nostre\u00a0 centre\u00a0 vol\u00a0 ser\u00a0 una\u00a0 escola\u00a0 on\u00a0 es\u00a0 consolidi\u00a0 l\u2019objectiu\u00a0 del desenvolupament\u00a0 integral\u00a0 dels\u00a0 nostres\u00a0 alumnes,\u00a0 millorant\u00a0 les\u00a0 expectatives acad\u00e8miques,\u00a0 personals\u00a0 i\u00a0 socials. La nostra escola pret\u00e9n educar persones en tots els seus vessants, tant en el personal, de formaci\u00f3 de ciutadans responsables i compromesos amb la societat, com en el vessant intel\u2022lectual.<\/p>\n<p>La nostra visi\u00f3 \u00e9s ser una escola referent en innovaci\u00f3 pedag\u00f2gica que permeti als infants descobrir el m\u00f3n oferint nous entorns d\u2019aprenentatge que garanteixen l\u2019\u00e8xit escolar i la cohesi\u00f3 social. Ser un centre actiu referent al barri tant en l\u2019educaci\u00f3 formal i no formal dels infants amb visi\u00f3 de futur que respecta l\u2019entorn i el medi ambient, potenciant l\u2019educaci\u00f3 emocional per a una bona conviv\u00e8ncia i la cultura de l\u2019esfor\u00e7.<\/p>\n<ul>\n<li><strong>VALORS DEL CENTRE<\/strong><\/li>\n<\/ul>\n<p>Som\u00a0 una\u00a0 escola\u00a0 p\u00fablica\u00a0 catalana i laica\u00a0 que\u00a0 ens\u00a0 identifiquem\u00a0 en\u00a0 els\u00a0 valors\u00a0 de\u00a0 respecte a les\u00a0 persones,\u00a0 fomentem\u00a0 l\u2019autonomia\u00a0 personal\u00a0 i\u00a0 la\u00a0 responsabilitat\u00a0 dels\u00a0 nostres alumnes amb la corresponsabilitat de les fam\u00edlies .<\/p>\n<p>L\u2019atenci\u00f3\u00a0 a\u00a0 la\u00a0 diversitat\u00a0 dels\u00a0 nostres\u00a0 alumnes\u00a0 la\u00a0 contemplem\u00a0 sota\u00a0 criteris\u00a0 d\u2019inclusi\u00f3,\u00a0 de\u00a0 manera\u00a0 que\u00a0 el\u00a0 nostre\u00a0 centre\u00a0 esdevingui\u00a0 acollidor\u00a0 i\u00a0 un\u00a0 marc\u00a0 de conviv\u00e8ncia per a tota la comunitat educativa. Posem un especial \u00e8mfasi\u00a0 en l\u2019\u00fas transversal de les tecnologies.<\/p>\n<p>Eduquem els nostres alumnes per tal que esdevinguin subjectes participatius i cr\u00edtics en el si d\u2019una societat democr\u00e0tica, equitativa i plural.<\/p>\n<p>&nbsp;<\/p>\n","protected":false},"excerpt":{"rendered":"<p>MISSI\u00d3 Som\u00a0 una\u00a0 escola\u00a0 que\u00a0 t\u00e9\u00a0 per\u00a0 objectiu\u00a0 el\u00a0 desenvolupament\u00a0 integral\u00a0 dels\u00a0 nostres alumnes, oferint interaccions de qualitat als nostres infants, acompanyant-los en el seu proc\u00e9s d\u2019aprenentatge, provocant-los l\u2019inter\u00e8s per aprendre, empoderant-los amb les eines i recursos necessaris per desenvolupar la seva autonomia, la creativitat i el pensament cr\u00edtic a fi que siguin ciutadans competents, [&hellip;]<\/p>\n","protected":false},"author":1,"featured_media":0,"parent":727,"menu_order":1,"comment_status":"closed","ping_status":"closed","template":"page-templates\/side-menu.php","meta":{"_bbp_topic_count":0,"_bbp_reply_count":0,"_bbp_total_topic_count":0,"_bbp_total_reply_count":0,"_bbp_voice_count":0,"_bbp_anonymous_reply_count":0,"_bbp_topic_count_hidden":0,"_bbp_reply_count_hidden":0,"_bbp_forum_subforum_count":0,"site-sidebar-layout":"default","site-content-layout":"","ast-site-content-layout":"","site-content-style":"default","site-sidebar-style":"default","ast-global-header-display":"","ast-banner-title-visibility":"","ast-main-header-display":"","ast-hfb-above-header-display":"","ast-hfb-below-header-display":"","ast-hfb-mobile-header-display":"","site-post-title":"","ast-breadcrumbs-content":"","ast-featured-img":"","footer-sml-layout":"","theme-transparent-header-meta":"","adv-header-id-meta":"","stick-header-meta":"","header-above-stick-meta":"","header-main-stick-meta":"","header-below-stick-meta":"","astra-migrate-meta-layouts":"default","ast-page-background-enabled":"default","ast-page-background-meta":{"desktop":{"background-color":"var(--ast-global-color-4)","background-image":"","background-repeat":"repeat","background-position":"center center","background-size":"auto","background-attachment":"scroll","background-type":"","background-media":"","overlay-type":"","overlay-color":"","overlay-opacity":"","overlay-gradient":""},"tablet":{"background-color":"","background-image":"","background-repeat":"repeat","background-position":"center center","background-size":"auto","background-attachment":"scroll","background-type":"","background-media":"","overlay-type":"","overlay-color":"","overlay-opacity":"","overlay-gradient":""},"mobile":{"background-color":"","background-image":"","background-repeat":"repeat","background-position":"center center","background-size":"auto","background-attachment":"scroll","background-type":"","background-media":"","overlay-type":"","overlay-color":"","overlay-opacity":"","overlay-gradient":""}},"ast-content-background-meta":{"desktop":{"background-color":"var(--ast-global-color-5)","background-image":"","background-repeat":"repeat","background-position":"center center","background-size":"auto","background-attachment":"scroll","background-type":"","background-media":"","overlay-type":"","overlay-color":"","overlay-opacity":"","overlay-gradient":""},"tablet":{"background-color":"var(--ast-global-color-5)","background-image":"","background-repeat":"repeat","background-position":"center center","background-size":"auto","background-attachment":"scroll","background-type":"","background-media":"","overlay-type":"","overlay-color":"","overlay-opacity":"","overlay-gradient":""},"mobile":{"background-color":"var(--ast-global-color-5)","background-image":"","background-repeat":"repeat","background-position":"center center","background-size":"auto","background-attachment":"scroll","background-type":"","background-media":"","overlay-type":"","overlay-color":"","overlay-opacity":"","overlay-gradient":""}},"footnotes":""},"class_list":["post-730","page","type-page","status-publish","hentry"],"post_mailing_queue_ids":[],"_links":{"self":[{"href":"https:\/\/agora.xtec.cat\/ceiprocafonda\/wp-json\/wp\/v2\/pages\/730","targetHints":{"allow":["GET"]}}],"collection":[{"href":"https:\/\/agora.xtec.cat\/ceiprocafonda\/wp-json\/wp\/v2\/pages"}],"about":[{"href":"https:\/\/agora.xtec.cat\/ceiprocafonda\/wp-json\/wp\/v2\/types\/page"}],"author":[{"embeddable":true,"href":"https:\/\/agora.xtec.cat\/ceiprocafonda\/wp-json\/wp\/v2\/users\/1"}],"replies":[{"embeddable":true,"href":"https:\/\/agora.xtec.cat\/ceiprocafonda\/wp-json\/wp\/v2\/comments?post=730"}],"version-history":[{"count":5,"href":"https:\/\/agora.xtec.cat\/ceiprocafonda\/wp-json\/wp\/v2\/pages\/730\/revisions"}],"predecessor-version":[{"id":18708,"href":"https:\/\/agora.xtec.cat\/ceiprocafonda\/wp-json\/wp\/v2\/pages\/730\/revisions\/18708"}],"up":[{"embeddable":true,"href":"https:\/\/agora.xtec.cat\/ceiprocafonda\/wp-json\/wp\/v2\/pages\/727"}],"wp:attachment":[{"href":"https:\/\/agora.xtec.cat\/ceiprocafonda\/wp-json\/wp\/v2\/media?parent=730"}],"curies":[{"name":"wp","href":"https:\/\/api.w.org\/{rel}","templated":true}]}}