{"id":696,"date":"2020-03-16T10:37:22","date_gmt":"2020-03-16T09:37:22","guid":{"rendered":"https:\/\/agora.xtec.cat\/ceiprocafonda\/?page_id=696"},"modified":"2021-02-26T06:57:15","modified_gmt":"2021-02-26T05:57:15","slug":"historia-2","status":"publish","type":"page","link":"https:\/\/agora.xtec.cat\/ceiprocafonda\/lescola\/historia\/historia-2\/","title":{"rendered":"Hist\u00f2ria"},"content":{"rendered":"<h4><b>Una mica d\u2019hist\u00f2ria\u00a0<\/b><\/h4>\n<p><span style=\"font-weight: 400;\">L\u2019escola Rocafonda, \u00e9s una de les 20 escoles p\u00fabliques de la ciutat de Matar\u00f3. Va ser creada al 1977, <a href=\"https:\/\/agora.xtec.cat\/ceiprocafonda\/wp-content\/uploads\/usu416\/2021\/02\/esco-rocaf.jpg\"><img loading=\"lazy\" decoding=\"async\" class=\" wp-image-3045 alignright\" src=\"https:\/\/agora.xtec.cat\/ceiprocafonda\/wp-content\/uploads\/usu416\/2021\/02\/esco-rocaf-1024x859.jpg\" alt=\"\" width=\"347\" height=\"291\" srcset=\"https:\/\/agora.xtec.cat\/ceiprocafonda\/wp-content\/uploads\/usu416\/2021\/02\/esco-rocaf-1024x859.jpg 1024w, https:\/\/agora.xtec.cat\/ceiprocafonda\/wp-content\/uploads\/usu416\/2021\/02\/esco-rocaf-300x252.jpg 300w, https:\/\/agora.xtec.cat\/ceiprocafonda\/wp-content\/uploads\/usu416\/2021\/02\/esco-rocaf-768x644.jpg 768w\" sizes=\"auto, (max-width: 347px) 100vw, 347px\" \/><\/a>com a conseq\u00fc\u00e8ncia d\u2019un d\u00e8ficit molt gran de places escolars de l\u2019\u00e8poca i fruit d&#8217;una llarga lluita col\u00b7lectiva per aconseguir una escola a l&#8217;abast de tothom, arrelada al medi, de car\u00e0cter p\u00fablic i gestionada democr\u00e0ticament.\u00a0<\/span><\/p>\n<p><span style=\"font-weight: 400;\">Des dels seus inicis, va estar vinculada als principis b\u00e0sics de la \u201cpedagogia activa\u201d, flexible que integri la diversitat de ritmes del nostre alumnat. Treballem amb activitats pedag\u00f2giques destinades a la formaci\u00f3 integral dels alumnes, a l\u2019adquisici\u00f3 de valors democr\u00e0tics i coeducatius. Aix\u00ed doncs, \u00e9s una escola amb un llarg recorregut educatiu que mant\u00e9 els principis de ser una escola oberta, integradora i arrelada a l\u2019entorn.\u00a0<\/span><\/p>\n<p><span style=\"font-weight: 400;\">Aquesta entitat, resultat del consens entre tots els estaments del centre, desenvolupa els objectius generals, concreta la seva estructura i els serveis que pot oferir de manera adequada i adaptada a les pr\u00f2pies circumst\u00e0ncies, a la normativa vigent i a m\u00e9s, recull l&#8217;experi\u00e8ncia des de 1977 en qu\u00e8 es va iniciar.<\/span><\/p>\n<p><span style=\"font-weight: 400;\">Entenem l&#8217;escola com una instituci\u00f3 que fa un servei i que, per fer-lo, es fonamenta en el treball en equip i en la cooperaci\u00f3. Totes les estructures organitzatives, des de les m\u00e9s \u00e0mplies a les m\u00e9s redu\u00efdes en quant a participaci\u00f3, d&#8217;execuci\u00f3 o de car\u00e0cter t\u00e8cnic, es regeixen per aquest treball col\u00b7lectiu.<\/span><\/p>\n<div class=\"ast-oembed-container \" style=\"height: 100%;\"><iframe loading=\"lazy\" title=\"Hist\u00f2ria Rocafonda\" width=\"500\" height=\"281\" src=\"https:\/\/www.youtube.com\/embed\/k8k40EZke3I?feature=oembed\" frameborder=\"0\" allow=\"accelerometer; autoplay; clipboard-write; encrypted-media; gyroscope; picture-in-picture; web-share\" referrerpolicy=\"strict-origin-when-cross-origin\" allowfullscreen><\/iframe><\/div>\n<p>Els alumnes de P5 han estat treballant\u00a0 &#8220;<strong>les entrevistes<\/strong>&#8221; i han fet <strong>preguntes a antics alumnes<\/strong> sobre la seva viv\u00e8ncia a l&#8217;escola. Algunes de les respostes de la\u00a0@belolid,\u00a0@bballestin,@<wbr \/>TheVilchezLab,@Esparrell1975,\u00a0<wbr \/>@laiam2,\u00a0entre d&#8217;altres han estat:&#8221;l&#8217;escola era com una segona casa&#8221;, &#8220;tinc el record de que era un lloc molt gran&#8221;, &#8220;recordo molt les col\u00f2nies i les sortides&#8221;, &#8220;un record molt bonic s\u00f3n les danses i la m\u00fasica&#8221;, &#8230; Moltes gr\u00e0cies!!<\/p>\n<table>\n<tbody>\n<tr>\n<td>\n<div class=\"ast-oembed-container \" style=\"height: 100%;\"><iframe loading=\"lazy\" title=\"Antics alumnes P1\" width=\"500\" height=\"281\" src=\"https:\/\/www.youtube.com\/embed\/BtyLtZj3vfA?feature=oembed\" frameborder=\"0\" allow=\"accelerometer; autoplay; clipboard-write; encrypted-media; gyroscope; picture-in-picture; web-share\" referrerpolicy=\"strict-origin-when-cross-origin\" allowfullscreen><\/iframe><\/div>\n<\/td>\n<td>\n<div class=\"ast-oembed-container \" style=\"height: 100%;\"><iframe loading=\"lazy\" title=\"Antics alumnes P2\" width=\"500\" height=\"281\" src=\"https:\/\/www.youtube.com\/embed\/hSEJ7W2WTzo?feature=oembed\" frameborder=\"0\" allow=\"accelerometer; autoplay; clipboard-write; encrypted-media; gyroscope; picture-in-picture; web-share\" referrerpolicy=\"strict-origin-when-cross-origin\" allowfullscreen><\/iframe><\/div>\n<\/td>\n<\/tr>\n<\/tbody>\n<\/table>\n<h1>Orles<\/h1>\n<p>L&#8217;escola Rocafonda ja t\u00e9 m\u00e9s de 40 anys d&#8217;hist\u00f2ria; Junts hem fet un llarg cam\u00ed, ple d&#8217;aventures i somriures, \u00e9s per aix\u00f2 i, perqu\u00e8 tots i totes ho heu fet possible, que ens fa molt\u00edssima il\u00b7lusi\u00f3 compartir amb vosaltres les orles de tots aquests anys:<\/p>\n<h2>1985-1990<\/h2>\n<p><iframe class=\"wp-embedded-content\" sandbox=\"allow-scripts\" security=\"restricted\" title=\"1985-1990 orles\" frameborder='0' width='1200' height='675' src='https:\/\/view.genially.com\/6033c546bbb6260d0e5f060d#?secret=bxV6dhnira' data-secret='bxV6dhnira' scrolling='yes'><\/iframe><\/p>\n<h2>1990-2000<\/h2>\n<p><iframe class=\"wp-embedded-content\" sandbox=\"allow-scripts\" security=\"restricted\" title=\"1990- 2000 orles\" frameborder='0' width='1200' height='675' src='https:\/\/view.genially.com\/6033dbd210abd40d0f712135#?secret=mKjrgKnM0J' data-secret='mKjrgKnM0J' scrolling='yes'><\/iframe><\/p>\n<h2>2000-2010<\/h2>\n<p><iframe class=\"wp-embedded-content\" sandbox=\"allow-scripts\" security=\"restricted\" title=\"Orles 2000 - 2010\" frameborder='0' width='1200' height='675' src='https:\/\/view.genially.com\/60351db001461e0d68e9fbc7#?secret=3LQGBQ3rAO' data-secret='3LQGBQ3rAO' scrolling='yes'><\/iframe><\/p>\n<h2>2010-2020<\/h2>\n<p><iframe class=\"wp-embedded-content\" sandbox=\"allow-scripts\" security=\"restricted\" title=\"Orles 2010 - 2020\" frameborder='0' width='1200' height='675' src='https:\/\/view.genially.com\/6035251fb5e29b0d7a3db092#?secret=cYaMlmPSTz' data-secret='cYaMlmPSTz' scrolling='yes'><\/iframe><\/p>\n","protected":false},"excerpt":{"rendered":"<p>Una mica d\u2019hist\u00f2ria\u00a0 L\u2019escola Rocafonda, \u00e9s una de les 20 escoles p\u00fabliques de la ciutat de Matar\u00f3. Va ser creada al 1977, com a conseq\u00fc\u00e8ncia d\u2019un d\u00e8ficit molt gran de places escolars de l\u2019\u00e8poca i fruit d&#8217;una llarga lluita col\u00b7lectiva per aconseguir una escola a l&#8217;abast de tothom, arrelada al medi, de car\u00e0cter p\u00fablic i [&hellip;]<\/p>\n","protected":false},"author":1,"featured_media":0,"parent":26,"menu_order":2,"comment_status":"closed","ping_status":"closed","template":"page-templates\/side-menu.php","meta":{"_bbp_topic_count":0,"_bbp_reply_count":0,"_bbp_total_topic_count":0,"_bbp_total_reply_count":0,"_bbp_voice_count":0,"_bbp_anonymous_reply_count":0,"_bbp_topic_count_hidden":0,"_bbp_reply_count_hidden":0,"_bbp_forum_subforum_count":0,"site-sidebar-layout":"default","site-content-layout":"","ast-site-content-layout":"","site-content-style":"default","site-sidebar-style":"default","ast-global-header-display":"","ast-banner-title-visibility":"","ast-main-header-display":"","ast-hfb-above-header-display":"","ast-hfb-below-header-display":"","ast-hfb-mobile-header-display":"","site-post-title":"","ast-breadcrumbs-content":"","ast-featured-img":"","footer-sml-layout":"","theme-transparent-header-meta":"","adv-header-id-meta":"","stick-header-meta":"","header-above-stick-meta":"","header-main-stick-meta":"","header-below-stick-meta":"","astra-migrate-meta-layouts":"default","ast-page-background-enabled":"default","ast-page-background-meta":{"desktop":{"background-color":"var(--ast-global-color-4)","background-image":"","background-repeat":"repeat","background-position":"center center","background-size":"auto","background-attachment":"scroll","background-type":"","background-media":"","overlay-type":"","overlay-color":"","overlay-opacity":"","overlay-gradient":""},"tablet":{"background-color":"","background-image":"","background-repeat":"repeat","background-position":"center center","background-size":"auto","background-attachment":"scroll","background-type":"","background-media":"","overlay-type":"","overlay-color":"","overlay-opacity":"","overlay-gradient":""},"mobile":{"background-color":"","background-image":"","background-repeat":"repeat","background-position":"center center","background-size":"auto","background-attachment":"scroll","background-type":"","background-media":"","overlay-type":"","overlay-color":"","overlay-opacity":"","overlay-gradient":""}},"ast-content-background-meta":{"desktop":{"background-color":"var(--ast-global-color-5)","background-image":"","background-repeat":"repeat","background-position":"center center","background-size":"auto","background-attachment":"scroll","background-type":"","background-media":"","overlay-type":"","overlay-color":"","overlay-opacity":"","overlay-gradient":""},"tablet":{"background-color":"var(--ast-global-color-5)","background-image":"","background-repeat":"repeat","background-position":"center center","background-size":"auto","background-attachment":"scroll","background-type":"","background-media":"","overlay-type":"","overlay-color":"","overlay-opacity":"","overlay-gradient":""},"mobile":{"background-color":"var(--ast-global-color-5)","background-image":"","background-repeat":"repeat","background-position":"center center","background-size":"auto","background-attachment":"scroll","background-type":"","background-media":"","overlay-type":"","overlay-color":"","overlay-opacity":"","overlay-gradient":""}},"footnotes":""},"class_list":["post-696","page","type-page","status-publish","hentry"],"post_mailing_queue_ids":[],"_links":{"self":[{"href":"https:\/\/agora.xtec.cat\/ceiprocafonda\/wp-json\/wp\/v2\/pages\/696","targetHints":{"allow":["GET"]}}],"collection":[{"href":"https:\/\/agora.xtec.cat\/ceiprocafonda\/wp-json\/wp\/v2\/pages"}],"about":[{"href":"https:\/\/agora.xtec.cat\/ceiprocafonda\/wp-json\/wp\/v2\/types\/page"}],"author":[{"embeddable":true,"href":"https:\/\/agora.xtec.cat\/ceiprocafonda\/wp-json\/wp\/v2\/users\/1"}],"replies":[{"embeddable":true,"href":"https:\/\/agora.xtec.cat\/ceiprocafonda\/wp-json\/wp\/v2\/comments?post=696"}],"version-history":[{"count":4,"href":"https:\/\/agora.xtec.cat\/ceiprocafonda\/wp-json\/wp\/v2\/pages\/696\/revisions"}],"predecessor-version":[{"id":3137,"href":"https:\/\/agora.xtec.cat\/ceiprocafonda\/wp-json\/wp\/v2\/pages\/696\/revisions\/3137"}],"up":[{"embeddable":true,"href":"https:\/\/agora.xtec.cat\/ceiprocafonda\/wp-json\/wp\/v2\/pages\/26"}],"wp:attachment":[{"href":"https:\/\/agora.xtec.cat\/ceiprocafonda\/wp-json\/wp\/v2\/media?parent=696"}],"curies":[{"name":"wp","href":"https:\/\/api.w.org\/{rel}","templated":true}]}}