{"id":34,"date":"2014-09-18T12:32:18","date_gmt":"2014-09-18T11:32:18","guid":{"rendered":"http:\/\/agora.xtec.cat\/ceiprocafonda\/?page_id=34"},"modified":"2026-01-14T13:34:06","modified_gmt":"2026-01-14T12:34:06","slug":"oferta-educativa","status":"publish","type":"page","link":"https:\/\/agora.xtec.cat\/ceiprocafonda\/lescola\/oferta-educativa\/","title":{"rendered":"Educaci\u00f3 360\u00ba"},"content":{"rendered":"<h3><b>Sortides<\/b><\/h3>\n<p><span style=\"font-weight: 400;\">El nostre centre t\u00e9 programades sortides i visites durant tot el curs. Creiem que l\u2019aprenentatge ha de ser actiu, vivencial i engrescador; per tot aix\u00f2 donem molta import\u00e0ncia a les sortides escolars. L\u2019objectiu d\u2019aquestes sortides, a m\u00e9s de con\u00e8ixer l\u2019entorn, est\u00e0 sempre relacionat amb el curr\u00edculum corresponent a cada curs. La realitat que ens envolta ens proporciona els elements complementaris a la tasca educativa di\u00e0ria i moltes vegades \u00e9s el punt de partida a l\u2019hora de desenvolupar els projectes programats o unitats de programaci\u00f3.<\/span><\/p>\n<p><span style=\"font-weight: 400;\">Les sortides serveixen per a que els\/les nostres alumnes s\u00e0piguen estar en els llocs, ja sigui en un teatre, enmig de la natura, visitant un museu o escoltant una audici\u00f3.<\/span><\/p>\n<p><span style=\"font-weight: 400;\">A cada curs, com a m\u00ednim es realitzen 2 sortides d\u2019un dia de durada i varies m\u00e9s que poden ser en franja de mat\u00ed o tarda. Es fan tant a Matar\u00f3 com a fora.<\/span><\/p>\n<p>&nbsp;<\/p>\n<h3><b>Col\u00f2nies<\/b><\/h3>\n<p><span style=\"font-weight: 400;\">Les col\u00f2nies escolars s\u00f3n una experi\u00e8ncia educativa que permet als infants aprendre a conviure amb els companys\/es i mestres, a ser aut\u00f2noms i a desenvolupar valors molt significatius, tot refor\u00e7ant la cohesi\u00f3 del grup-classe. Tamb\u00e9 s\u00f3n una eina educativa que posa a disponibilitat dels i les mestres un espai on promoure la curiositat innata dels infants, la descoberta natural\u00edstica i l\u2019aproximaci\u00f3 cient\u00edfica. Les col\u00f2nies reforcen, per tant, totes les \u00e0rees curriculars del treball a l\u2019aula i ajuden a refor\u00e7ar el projecte educatiu.<\/span><\/p>\n<p><span style=\"font-weight: 400;\">Cada any \u00e9s una experi\u00e8ncia inoblidable, \u00fanica i emocionant, on es fan coses diferents: con\u00e8ixer el follet del bosc, fer activitats d\u2019aventura, cuinar, fer de grangers, descobrir diferents personatges, fer col\u00f2nia&#8230; Fins arribar a 6<\/span><span style=\"font-weight: 400;\">\u00e8<\/span><span style=\"font-weight: 400;\"> que es fa un incre\u00efble viatge d\u2019una setmana a Granada!!<\/span><\/p>\n<p><b>A la nostra escola anem de col\u00f2nies tots els cursos:<\/b><\/p>\n<table class=\" aligncenter\" style=\"width: 48.2913%;\">\n<tbody>\n<tr style=\"height: 31px;\">\n<td style=\"width: 22.8663%; text-align: center; height: 31px;\">\n<h5><strong>CURS<\/strong><\/h5>\n<\/td>\n<td style=\"width: 23.6676%; text-align: center; height: 31px;\">\n<h5><strong>CASA<\/strong><\/h5>\n<\/td>\n<td style=\"width: 31.1075%; text-align: center; height: 31px;\">\n<h5><strong>POBLACI\u00d3<\/strong><\/h5>\n<\/td>\n<td style=\"width: 27.9514%; text-align: center; height: 31px;\">\n<h5><strong>DATES<\/strong><\/h5>\n<\/td>\n<\/tr>\n<tr style=\"height: 31px;\">\n<td style=\"width: 22.8663%; height: 31px; text-align: center;\">ED. Infantil<\/td>\n<td style=\"width: 23.6676%; height: 31px; text-align: center;\">Can Putxet<\/td>\n<td style=\"width: 31.1075%; height: 31px; text-align: center;\"><span style=\"font-weight: 400;\">Sant Celoni<\/span><\/td>\n<td style=\"width: 27.9514%;\"><span style=\"font-weight: 400;\">8 &#8211; 19 de maig<\/span><\/td>\n<\/tr>\n<tr style=\"height: 31px;\">\n<td style=\"width: 22.8663%; height: 31px; text-align: center;\">1r<\/td>\n<td style=\"width: 23.6676%; height: 31px; text-align: center;\">Camp de Rami\u00f3<\/td>\n<td style=\"width: 31.1075%; height: 31px; text-align: center;\">Fogars de la Selva<\/td>\n<td style=\"width: 27.9514%; height: 31px; text-align: center;\">8 &#8211; 10 d&#8217;abril<\/td>\n<\/tr>\n<tr style=\"height: 31px;\">\n<td style=\"width: 22.8663%; height: 31px; text-align: center;\">2n<\/td>\n<td style=\"width: 23.6676%; height: 31px; text-align: center;\">Camp de Rami\u00f3<\/td>\n<td style=\"width: 31.1075%; height: 31px; text-align: center;\">Fogars de la Selva<\/td>\n<td style=\"width: 27.9514%; height: 31px; text-align: center;\">8 &#8211; 10\u00a0 d&#8217;abril<\/td>\n<\/tr>\n<tr style=\"height: 31px;\">\n<td style=\"width: 22.8663%; height: 31px; text-align: center;\">3r<\/td>\n<td style=\"width: 23.6676%; height: 31px; text-align: center;\">Can Putxet<\/td>\n<td style=\"width: 31.1075%; height: 31px; text-align: center;\">Sant Celoni<\/td>\n<td style=\"width: 27.9514%; height: 31px; text-align: center;\">3 &#8211; 5 de mar\u00e7<\/td>\n<\/tr>\n<tr style=\"height: 31px;\">\n<td style=\"width: 22.8663%; height: 31px; text-align: center;\">4t<\/td>\n<td style=\"width: 23.6676%; height: 31px; text-align: center;\">Can Putxet<\/td>\n<td style=\"width: 31.1075%; height: 31px; text-align: center;\">Sant Celoni<\/td>\n<td style=\"width: 27.9514%; height: 31px; text-align: center;\">3 &#8211; 5 de mar\u00e7<\/td>\n<\/tr>\n<tr style=\"height: 31px;\">\n<td style=\"width: 22.8663%; height: 31px; text-align: center;\">5\u00e8<\/td>\n<td style=\"width: 23.6676%; height: 31px; text-align: center;\">Can Mogent<\/td>\n<td style=\"width: 31.1075%; height: 31px; text-align: center;\">Llinars del Vall\u00e8s<\/td>\n<td style=\"width: 27.9514%; height: 31px; text-align: center;\">5 &#8211; 7 de novembre<\/td>\n<\/tr>\n<tr style=\"height: 31px;\">\n<td style=\"width: 22.8663%; height: 31px; text-align: center;\">6\u00e8<\/td>\n<td style=\"width: 23.6676%; height: 31px; text-align: center;\">Hotel Or Blanc<\/td>\n<td style=\"width: 31.1075%; height: 31px; text-align: center;\">Espot<\/td>\n<td style=\"width: 27.9514%; height: 31px; text-align: center;\">26 &#8211; 29 de maig<\/td>\n<\/tr>\n<\/tbody>\n<\/table>\n<p>&nbsp;<\/p>\n","protected":false},"excerpt":{"rendered":"<p>Sortides El nostre centre t\u00e9 programades sortides i visites durant tot el curs. Creiem que l\u2019aprenentatge ha de ser actiu, vivencial i engrescador; per tot aix\u00f2 donem molta import\u00e0ncia a les sortides escolars. L\u2019objectiu d\u2019aquestes sortides, a m\u00e9s de con\u00e8ixer l\u2019entorn, est\u00e0 sempre relacionat amb el curr\u00edculum corresponent a cada curs. La realitat que ens [&hellip;]<\/p>\n","protected":false},"author":1,"featured_media":0,"parent":22,"menu_order":10,"comment_status":"closed","ping_status":"closed","template":"","meta":{"_bbp_topic_count":0,"_bbp_reply_count":0,"_bbp_total_topic_count":0,"_bbp_total_reply_count":0,"_bbp_voice_count":0,"_bbp_anonymous_reply_count":0,"_bbp_topic_count_hidden":0,"_bbp_reply_count_hidden":0,"_bbp_forum_subforum_count":0,"site-sidebar-layout":"default","site-content-layout":"","ast-site-content-layout":"default","site-content-style":"default","site-sidebar-style":"default","ast-global-header-display":"","ast-banner-title-visibility":"","ast-main-header-display":"","ast-hfb-above-header-display":"","ast-hfb-below-header-display":"","ast-hfb-mobile-header-display":"","site-post-title":"","ast-breadcrumbs-content":"","ast-featured-img":"","footer-sml-layout":"","theme-transparent-header-meta":"default","adv-header-id-meta":"","stick-header-meta":"","header-above-stick-meta":"","header-main-stick-meta":"","header-below-stick-meta":"","astra-migrate-meta-layouts":"set","ast-page-background-enabled":"default","ast-page-background-meta":{"desktop":{"background-color":"var(--ast-global-color-4)","background-image":"","background-repeat":"repeat","background-position":"center center","background-size":"auto","background-attachment":"scroll","background-type":"","background-media":"","overlay-type":"","overlay-color":"","overlay-opacity":"","overlay-gradient":""},"tablet":{"background-color":"","background-image":"","background-repeat":"repeat","background-position":"center center","background-size":"auto","background-attachment":"scroll","background-type":"","background-media":"","overlay-type":"","overlay-color":"","overlay-opacity":"","overlay-gradient":""},"mobile":{"background-color":"","background-image":"","background-repeat":"repeat","background-position":"center center","background-size":"auto","background-attachment":"scroll","background-type":"","background-media":"","overlay-type":"","overlay-color":"","overlay-opacity":"","overlay-gradient":""}},"ast-content-background-meta":{"desktop":{"background-color":"var(--ast-global-color-5)","background-image":"","background-repeat":"repeat","background-position":"center center","background-size":"auto","background-attachment":"scroll","background-type":"","background-media":"","overlay-type":"","overlay-color":"","overlay-opacity":"","overlay-gradient":""},"tablet":{"background-color":"var(--ast-global-color-5)","background-image":"","background-repeat":"repeat","background-position":"center center","background-size":"auto","background-attachment":"scroll","background-type":"","background-media":"","overlay-type":"","overlay-color":"","overlay-opacity":"","overlay-gradient":""},"mobile":{"background-color":"var(--ast-global-color-5)","background-image":"","background-repeat":"repeat","background-position":"center center","background-size":"auto","background-attachment":"scroll","background-type":"","background-media":"","overlay-type":"","overlay-color":"","overlay-opacity":"","overlay-gradient":""}},"footnotes":""},"class_list":["post-34","page","type-page","status-publish","hentry"],"post_mailing_queue_ids":[],"_links":{"self":[{"href":"https:\/\/agora.xtec.cat\/ceiprocafonda\/wp-json\/wp\/v2\/pages\/34","targetHints":{"allow":["GET"]}}],"collection":[{"href":"https:\/\/agora.xtec.cat\/ceiprocafonda\/wp-json\/wp\/v2\/pages"}],"about":[{"href":"https:\/\/agora.xtec.cat\/ceiprocafonda\/wp-json\/wp\/v2\/types\/page"}],"author":[{"embeddable":true,"href":"https:\/\/agora.xtec.cat\/ceiprocafonda\/wp-json\/wp\/v2\/users\/1"}],"replies":[{"embeddable":true,"href":"https:\/\/agora.xtec.cat\/ceiprocafonda\/wp-json\/wp\/v2\/comments?post=34"}],"version-history":[{"count":7,"href":"https:\/\/agora.xtec.cat\/ceiprocafonda\/wp-json\/wp\/v2\/pages\/34\/revisions"}],"predecessor-version":[{"id":18822,"href":"https:\/\/agora.xtec.cat\/ceiprocafonda\/wp-json\/wp\/v2\/pages\/34\/revisions\/18822"}],"up":[{"embeddable":true,"href":"https:\/\/agora.xtec.cat\/ceiprocafonda\/wp-json\/wp\/v2\/pages\/22"}],"wp:attachment":[{"href":"https:\/\/agora.xtec.cat\/ceiprocafonda\/wp-json\/wp\/v2\/media?parent=34"}],"curies":[{"name":"wp","href":"https:\/\/api.w.org\/{rel}","templated":true}]}}