{"id":13403,"date":"2023-12-19T11:59:00","date_gmt":"2023-12-19T10:59:00","guid":{"rendered":"https:\/\/agora.xtec.cat\/ceiprocafonda\/?page_id=13403"},"modified":"2023-12-19T12:01:30","modified_gmt":"2023-12-19T11:01:30","slug":"centre-formador-a-p","status":"publish","type":"page","link":"https:\/\/agora.xtec.cat\/ceiprocafonda\/projecte-educatiu-2\/centre-formador-a-p\/","title":{"rendered":"Centre formador (A.P)"},"content":{"rendered":"<header class=\"entry-header\">\n<h3 class=\"entry-title\"><span style=\"font-size: 1em;\">Centres formadors alumnes universitaris en pr\u00e0ctiques<\/span><\/h3>\n<\/header>\n<div class=\"entry-content\">\n<p>Els centres formadors s\u00f3n aquells centres educatius sostinguts amb fons p\u00fablics que imparteixen ensenyaments d\u2019educaci\u00f3 infantil, prim\u00e0ria, secund\u00e0ria obligat\u00f2ria, batxillerat, formaci\u00f3 professional, ensenyaments de r\u00e8gim especial i\/o formaci\u00f3 de persones adultes, aix\u00ed com els serveis educatius i unitats del Departament d\u2019Educaci\u00f3 els quals s\u2019ofereixen per rebre i tutoritzar estudiants universitaris en pr\u00e0ctiques, incorporant-los en la vida di\u00e0ria del centre, amb l\u2019objectiu de que rebin formaci\u00f3 professionalitzada en l\u2019entorn real de centre i aula. Aix\u00f2 requereix d\u2019una coordinaci\u00f3 estreta amb les universitats i l\u2019establiment d\u2019un pla de treball que guiar\u00e0 l\u2019acompanyament d\u2019aquests estudiants en pr\u00e0ctiques al llarg de la seva estada al centre.<\/p>\n<p>L\u2019escola col\u00b7labora amb les seg\u00fcents Universitats:<\/p>\n<ul>\n<li><strong>Universitat de Barcelona (UB)<\/strong><\/li>\n<\/ul>\n<p><a href=\"https:\/\/agora.xtec.cat\/esc-camidelcros\/wp-content\/uploads\/usu1981\/2021\/01\/UB-b.png\"><img loading=\"lazy\" decoding=\"async\" class=\"alignnone wp-image-1228\" src=\"https:\/\/agora.xtec.cat\/esc-camidelcros\/wp-content\/uploads\/usu1981\/2021\/01\/UB-b-300x131.png\" sizes=\"auto, (max-width: 268px) 100vw, 268px\" srcset=\"https:\/\/agora.xtec.cat\/esc-camidelcros\/wp-content\/uploads\/usu1981\/2021\/01\/UB-b-300x131.png 300w, https:\/\/agora.xtec.cat\/esc-camidelcros\/wp-content\/uploads\/usu1981\/2021\/01\/UB-b-768x335.png 768w, https:\/\/agora.xtec.cat\/esc-camidelcros\/wp-content\/uploads\/usu1981\/2021\/01\/UB-b-1024x447.png 1024w, https:\/\/agora.xtec.cat\/esc-camidelcros\/wp-content\/uploads\/usu1981\/2021\/01\/UB-b.png 1105w\" alt=\"\" width=\"268\" height=\"117\" \/><\/a><\/p>\n<ul>\n<li><strong>Universitat Aut\u00f2noma de Barcelona (UAB)<\/strong><\/li>\n<\/ul>\n<p><a href=\"https:\/\/agora.xtec.cat\/esc-camidelcros\/wp-content\/uploads\/usu1981\/2021\/01\/UAB.png\"><img loading=\"lazy\" decoding=\"async\" class=\"alignnone wp-image-1231\" src=\"https:\/\/agora.xtec.cat\/esc-camidelcros\/wp-content\/uploads\/usu1981\/2021\/01\/UAB-300x139.png\" sizes=\"auto, (max-width: 201px) 100vw, 201px\" srcset=\"https:\/\/agora.xtec.cat\/esc-camidelcros\/wp-content\/uploads\/usu1981\/2021\/01\/UAB-300x139.png 300w, https:\/\/agora.xtec.cat\/esc-camidelcros\/wp-content\/uploads\/usu1981\/2021\/01\/UAB-768x355.png 768w, https:\/\/agora.xtec.cat\/esc-camidelcros\/wp-content\/uploads\/usu1981\/2021\/01\/UAB-1024x474.png 1024w, https:\/\/agora.xtec.cat\/esc-camidelcros\/wp-content\/uploads\/usu1981\/2021\/01\/UAB.png 1225w\" alt=\"\" width=\"201\" height=\"93\" \/><\/a><\/p>\n<ul>\n<li><strong>Universitat de Girona (UdG)<\/strong><\/li>\n<\/ul>\n<p><a href=\"https:\/\/agora.xtec.cat\/esc-camidelcros\/wp-content\/uploads\/usu1981\/2021\/01\/UDg.png\"><img loading=\"lazy\" decoding=\"async\" class=\"alignnone wp-image-1230\" src=\"https:\/\/agora.xtec.cat\/esc-camidelcros\/wp-content\/uploads\/usu1981\/2021\/01\/UDg-300x141.png\" sizes=\"auto, (max-width: 232px) 100vw, 232px\" srcset=\"https:\/\/agora.xtec.cat\/esc-camidelcros\/wp-content\/uploads\/usu1981\/2021\/01\/UDg-300x141.png 300w, https:\/\/agora.xtec.cat\/esc-camidelcros\/wp-content\/uploads\/usu1981\/2021\/01\/UDg.png 335w\" alt=\"\" width=\"204\" height=\"96\" \/><\/a><\/p>\n<ul>\n<li><strong>Universitat de Vic (UVIC)<\/strong><\/li>\n<\/ul>\n<p><a href=\"https:\/\/agora.xtec.cat\/ceiprocafonda\/wp-content\/uploads\/usu416\/2023\/12\/baixa.png\"><img loading=\"lazy\" decoding=\"async\" class=\"alignnone wp-image-13404\" src=\"https:\/\/agora.xtec.cat\/ceiprocafonda\/wp-content\/uploads\/usu416\/2023\/12\/baixa.png\" alt=\"\" width=\"220\" height=\"96\" srcset=\"https:\/\/agora.xtec.cat\/ceiprocafonda\/wp-content\/uploads\/usu416\/2023\/12\/baixa.png 340w, https:\/\/agora.xtec.cat\/ceiprocafonda\/wp-content\/uploads\/usu416\/2023\/12\/baixa-300x131.png 300w\" sizes=\"auto, (max-width: 220px) 100vw, 220px\" \/><\/a><\/p>\n<ul>\n<li><strong>Universitat Ramon LLull-Blanquerna (URL)<\/strong><\/li>\n<\/ul>\n<p><a href=\"https:\/\/agora.xtec.cat\/esc-camidelcros\/wp-content\/uploads\/usu1981\/2021\/01\/Blanquerna.jpg\"><img loading=\"lazy\" decoding=\"async\" class=\"alignnone wp-image-1229\" src=\"https:\/\/agora.xtec.cat\/esc-camidelcros\/wp-content\/uploads\/usu1981\/2021\/01\/Blanquerna-300x94.jpg\" sizes=\"auto, (max-width: 300px) 100vw, 300px\" srcset=\"https:\/\/agora.xtec.cat\/esc-camidelcros\/wp-content\/uploads\/usu1981\/2021\/01\/Blanquerna-300x94.jpg 300w, https:\/\/agora.xtec.cat\/esc-camidelcros\/wp-content\/uploads\/usu1981\/2021\/01\/Blanquerna.jpg 512w\" alt=\"\" width=\"220\" height=\"69\" \/><\/a><\/p>\n<ul>\n<li><strong>Universitat Oberta de Catalunya (UOC)<\/strong><\/li>\n<\/ul>\n<p><a href=\"https:\/\/agora.xtec.cat\/ceiprocafonda\/wp-content\/uploads\/usu416\/2023\/12\/baixa-1.png\"><img loading=\"lazy\" decoding=\"async\" class=\"alignnone wp-image-13405\" src=\"https:\/\/agora.xtec.cat\/ceiprocafonda\/wp-content\/uploads\/usu416\/2023\/12\/baixa-1.png\" alt=\"\" width=\"264\" height=\"93\" srcset=\"https:\/\/agora.xtec.cat\/ceiprocafonda\/wp-content\/uploads\/usu416\/2023\/12\/baixa-1.png 378w, https:\/\/agora.xtec.cat\/ceiprocafonda\/wp-content\/uploads\/usu416\/2023\/12\/baixa-1-300x106.png 300w\" sizes=\"auto, (max-width: 264px) 100vw, 264px\" \/><\/a><\/p>\n<h6><\/h6>\n<h6><\/h6>\n<h6>ESTADA\u00a0 A L\u2019EMPRESA<\/h6>\n<p>L\u2019estada a l\u2019empresa \u00e9s una mat\u00e8ria espec\u00edfica del curr\u00edculum de batxillerat amb una funci\u00f3 essencialment orientadora que t\u00e9 com a objectiu fer con\u00e8ixer als alumnes la realitat del m\u00f3n laboral.<\/p>\n<p>Consisteix b\u00e0sicament en un per\u00edode de perman\u00e8ncia i activitat dels alumnes en una empresa, entesa com a unitat de producci\u00f3, distribuci\u00f3 o de serveis. Durant l\u2019estada, l\u2019alumne pren contacte amb un camp professional vers el qual se sent motivat i, aix\u00ed, enfocar millor el seu projecte de futur acad\u00e8mic i professional.<\/p>\n<p>La mat\u00e8ria ofereix als alumnes la possibilitat de con\u00e8ixer l\u2019estructura organitzativa d\u2019una empresa i la gesti\u00f3 dels seus recursos humans, materials i energ\u00e8tics; les condicions legals que afecten les relacions laborals; i la identificaci\u00f3 de les capacitats pr\u00f2pies referides al m\u00f3n laboral per tal d\u2019establir el seu itinerari formatiu i professional d\u2019acord amb els seus interessos.<\/p>\n<p>Permet posar en pr\u00e0ctica un seguit de procediments, habilitats i actituds generals que s\u00f3n indispensables per a la bona adaptaci\u00f3 dels alumnes al m\u00f3n laboral futur ( assist\u00e8ncia, puntualitat, curiositat, creativitat, afany de superaci\u00f3, capacitat de treball individual i en grup, etc.). Es tracta d\u2019un recurs que serveix a la funci\u00f3 orientadora del batxillerat, amb independ\u00e8ncia de la modalitat cursada, ja que permet que l\u2019alumne\/a canalitzi les seves prefer\u00e8ncies i capacitats en un cotext diferent de l\u2019acad\u00e8mic i amb l\u2019orientaci\u00f3 adequada.<\/p>\n<p>L\u2019escola col\u00b7labora amb els seg\u00fcents instituts:<\/p>\n<ul>\n<li><strong>IES Puig i Cadafalch \u00a0\u00a0<\/strong><\/li>\n<\/ul>\n<p><a href=\"https:\/\/agora.xtec.cat\/esc-camidelcros\/wp-content\/uploads\/usu1981\/2021\/01\/Puig-i-cadafalch.png\"><img loading=\"lazy\" decoding=\"async\" class=\"alignnone wp-image-1234\" src=\"https:\/\/agora.xtec.cat\/esc-camidelcros\/wp-content\/uploads\/usu1981\/2021\/01\/Puig-i-cadafalch-300x114.png\" alt=\"\" width=\"187\" height=\"71\" \/><\/a><\/p>\n<ul>\n<li><strong>Escoles Freta Matar\u00f3\u00a0 \u00a0 \u00a0 \u00a0 \u00a0<\/strong><\/li>\n<\/ul>\n<p><a href=\"https:\/\/agora.xtec.cat\/esc-camidelcros\/wp-content\/uploads\/usu1981\/2021\/01\/freta.jpg\"><img loading=\"lazy\" decoding=\"async\" class=\"alignnone wp-image-1237\" src=\"https:\/\/agora.xtec.cat\/esc-camidelcros\/wp-content\/uploads\/usu1981\/2021\/01\/freta-300x300.jpg\" sizes=\"auto, (max-width: 82px) 100vw, 82px\" srcset=\"https:\/\/agora.xtec.cat\/esc-camidelcros\/wp-content\/uploads\/usu1981\/2021\/01\/freta-300x300.jpg 300w, https:\/\/agora.xtec.cat\/esc-camidelcros\/wp-content\/uploads\/usu1981\/2021\/01\/freta-150x150.jpg 150w, https:\/\/agora.xtec.cat\/esc-camidelcros\/wp-content\/uploads\/usu1981\/2021\/01\/freta.jpg 512w\" alt=\"\" width=\"134\" height=\"134\" \/><\/a><\/p>\n<ul>\n<li><strong>IES Thos i Codina\u00a0 \u00a0 \u00a0<\/strong><\/li>\n<\/ul>\n<p><a href=\"https:\/\/agora.xtec.cat\/esc-camidelcros\/wp-content\/uploads\/usu1981\/2021\/01\/Thos-i-Codina.png\"><img loading=\"lazy\" decoding=\"async\" class=\" wp-image-1236 alignleft\" src=\"https:\/\/agora.xtec.cat\/esc-camidelcros\/wp-content\/uploads\/usu1981\/2021\/01\/Thos-i-Codina-300x53.png\" sizes=\"auto, (max-width: 300px) 100vw, 300px\" srcset=\"https:\/\/agora.xtec.cat\/esc-camidelcros\/wp-content\/uploads\/usu1981\/2021\/01\/Thos-i-Codina-300x53.png 300w, https:\/\/agora.xtec.cat\/esc-camidelcros\/wp-content\/uploads\/usu1981\/2021\/01\/Thos-i-Codina.png 452w\" alt=\"\" width=\"260\" height=\"46\" \/><\/a><\/p>\n<p>&nbsp;<\/p>\n<\/div>\n","protected":false},"excerpt":{"rendered":"<p>Centres formadors alumnes universitaris en pr\u00e0ctiques Els centres formadors s\u00f3n aquells centres educatius sostinguts amb fons p\u00fablics que imparteixen ensenyaments d\u2019educaci\u00f3 infantil, prim\u00e0ria, secund\u00e0ria obligat\u00f2ria, batxillerat, formaci\u00f3 professional, ensenyaments de r\u00e8gim especial i\/o formaci\u00f3 de persones adultes, aix\u00ed com els serveis educatius i unitats del Departament d\u2019Educaci\u00f3 els quals s\u2019ofereixen per rebre i tutoritzar estudiants [&hellip;]<\/p>\n","protected":false},"author":1,"featured_media":0,"parent":727,"menu_order":15,"comment_status":"closed","ping_status":"closed","template":"page-templates\/side-menu.php","meta":{"_bbp_topic_count":0,"_bbp_reply_count":0,"_bbp_total_topic_count":0,"_bbp_total_reply_count":0,"_bbp_voice_count":0,"_bbp_anonymous_reply_count":0,"_bbp_topic_count_hidden":0,"_bbp_reply_count_hidden":0,"_bbp_forum_subforum_count":0,"site-sidebar-layout":"default","site-content-layout":"","ast-site-content-layout":"","site-content-style":"default","site-sidebar-style":"default","ast-global-header-display":"","ast-banner-title-visibility":"","ast-main-header-display":"","ast-hfb-above-header-display":"","ast-hfb-below-header-display":"","ast-hfb-mobile-header-display":"","site-post-title":"","ast-breadcrumbs-content":"","ast-featured-img":"","footer-sml-layout":"","theme-transparent-header-meta":"","adv-header-id-meta":"","stick-header-meta":"","header-above-stick-meta":"","header-main-stick-meta":"","header-below-stick-meta":"","astra-migrate-meta-layouts":"default","ast-page-background-enabled":"default","ast-page-background-meta":{"desktop":{"background-color":"var(--ast-global-color-4)","background-image":"","background-repeat":"repeat","background-position":"center center","background-size":"auto","background-attachment":"scroll","background-type":"","background-media":"","overlay-type":"","overlay-color":"","overlay-opacity":"","overlay-gradient":""},"tablet":{"background-color":"","background-image":"","background-repeat":"repeat","background-position":"center center","background-size":"auto","background-attachment":"scroll","background-type":"","background-media":"","overlay-type":"","overlay-color":"","overlay-opacity":"","overlay-gradient":""},"mobile":{"background-color":"","background-image":"","background-repeat":"repeat","background-position":"center center","background-size":"auto","background-attachment":"scroll","background-type":"","background-media":"","overlay-type":"","overlay-color":"","overlay-opacity":"","overlay-gradient":""}},"ast-content-background-meta":{"desktop":{"background-color":"var(--ast-global-color-5)","background-image":"","background-repeat":"repeat","background-position":"center center","background-size":"auto","background-attachment":"scroll","background-type":"","background-media":"","overlay-type":"","overlay-color":"","overlay-opacity":"","overlay-gradient":""},"tablet":{"background-color":"var(--ast-global-color-5)","background-image":"","background-repeat":"repeat","background-position":"center center","background-size":"auto","background-attachment":"scroll","background-type":"","background-media":"","overlay-type":"","overlay-color":"","overlay-opacity":"","overlay-gradient":""},"mobile":{"background-color":"var(--ast-global-color-5)","background-image":"","background-repeat":"repeat","background-position":"center center","background-size":"auto","background-attachment":"scroll","background-type":"","background-media":"","overlay-type":"","overlay-color":"","overlay-opacity":"","overlay-gradient":""}},"footnotes":""},"class_list":["post-13403","page","type-page","status-publish","hentry"],"post_mailing_queue_ids":[],"_links":{"self":[{"href":"https:\/\/agora.xtec.cat\/ceiprocafonda\/wp-json\/wp\/v2\/pages\/13403","targetHints":{"allow":["GET"]}}],"collection":[{"href":"https:\/\/agora.xtec.cat\/ceiprocafonda\/wp-json\/wp\/v2\/pages"}],"about":[{"href":"https:\/\/agora.xtec.cat\/ceiprocafonda\/wp-json\/wp\/v2\/types\/page"}],"author":[{"embeddable":true,"href":"https:\/\/agora.xtec.cat\/ceiprocafonda\/wp-json\/wp\/v2\/users\/1"}],"replies":[{"embeddable":true,"href":"https:\/\/agora.xtec.cat\/ceiprocafonda\/wp-json\/wp\/v2\/comments?post=13403"}],"version-history":[{"count":2,"href":"https:\/\/agora.xtec.cat\/ceiprocafonda\/wp-json\/wp\/v2\/pages\/13403\/revisions"}],"predecessor-version":[{"id":13407,"href":"https:\/\/agora.xtec.cat\/ceiprocafonda\/wp-json\/wp\/v2\/pages\/13403\/revisions\/13407"}],"up":[{"embeddable":true,"href":"https:\/\/agora.xtec.cat\/ceiprocafonda\/wp-json\/wp\/v2\/pages\/727"}],"wp:attachment":[{"href":"https:\/\/agora.xtec.cat\/ceiprocafonda\/wp-json\/wp\/v2\/media?parent=13403"}],"curies":[{"name":"wp","href":"https:\/\/api.w.org\/{rel}","templated":true}]}}