{"id":553,"date":"2022-03-08T09:44:30","date_gmt":"2022-03-08T08:44:30","guid":{"rendered":"https:\/\/agora.xtec.cat\/ceiprivorubeo\/?page_id=553"},"modified":"2023-07-20T10:41:05","modified_gmt":"2023-07-20T08:41:05","slug":"pla-comunicacio","status":"publish","type":"page","link":"https:\/\/agora.xtec.cat\/ceiprivorubeo\/projecte-educatiu\/pla-comunicacio\/","title":{"rendered":"Pla de Comunicaci\u00f3"},"content":{"rendered":"<p>La Comunicaci\u00f3 en el s\u00ed de l\u2019escola Rivo Rubeo \u00e9s un puntal important per a la consecuci\u00f3 del seu projecte educatiu.<\/p>\n<p>Una bona comunicaci\u00f3 contribueix a la satisfacci\u00f3 de les fam\u00edlies envers l\u2019escola. Aquesta satisfacci\u00f3 es tradueix en el manteniment de la confian\u00e7a, l\u2019inter\u00e8s en la participaci\u00f3 i implicaci\u00f3 de les fam\u00edlies en els aprenentatges dels seus fills i filles. Fam\u00edlies que autoritzen a l\u2019escola a educar els nens i les nenes.<\/p>\n<p>Durant el curs 2021-2022 s\u2019ha estat treballant per elaborar un pla de comunicaci\u00f3 que contempli totes les necessitats comunicatives que t\u00e9 l\u2019escola i els protocols a seguir. Per fer-ho hem partit d\u2019una an\u00e0lisi exhaustiva de tots els elements que tenen participaci\u00f3 en l\u2019aspecte de la comunicaci\u00f3: docents, fam\u00edlies, alumnes, PAS, aix\u00ed com d\u2019altres informacions que ens han ajudat a emmarcar el mapa comunicatiu del centre.<\/p>\n<p>De l\u2019an\u00e0lisi feta podem determinar que:<\/p>\n<ul>\n<li>La comunicaci\u00f3 al s\u00ed de l\u2019escola gaudeix de bona salut general.<\/li>\n<li>Hi ha alguns aspectes a ser abordats per tal de millorar-los, tant pel que fa a criteris generals com a aspectes m\u00e9s espec\u00edfics com el desenvolupament de cada canal de comunicaci\u00f3.<\/li>\n<\/ul>\n<p>Actualment l&#8217;escola disposa del seg\u00fcent mapa comunicatiu, basat en l&#8217;objecte del missatge: l&#8217;escola, l&#8217;aula i l&#8217;alumne\/a.<\/p>\n<p><a href=\"https:\/\/agora.xtec.cat\/ceiprivorubeo\/wp-content\/uploads\/usu2655\/2023\/07\/MAPA-DE-LA-COMUNICACIO-AL-RIVO-2.png\"><img loading=\"lazy\" decoding=\"async\" class=\"alignnone size-large wp-image-2967\" src=\"https:\/\/agora.xtec.cat\/ceiprivorubeo\/wp-content\/uploads\/usu2655\/2023\/07\/MAPA-DE-LA-COMUNICACIO-AL-RIVO-2-1024x934.png\" alt=\"\" width=\"1024\" height=\"934\" srcset=\"https:\/\/agora.xtec.cat\/ceiprivorubeo\/wp-content\/uploads\/usu2655\/2023\/07\/MAPA-DE-LA-COMUNICACIO-AL-RIVO-2-1024x934.png 1024w, https:\/\/agora.xtec.cat\/ceiprivorubeo\/wp-content\/uploads\/usu2655\/2023\/07\/MAPA-DE-LA-COMUNICACIO-AL-RIVO-2-300x274.png 300w, https:\/\/agora.xtec.cat\/ceiprivorubeo\/wp-content\/uploads\/usu2655\/2023\/07\/MAPA-DE-LA-COMUNICACIO-AL-RIVO-2-768x700.png 768w, https:\/\/agora.xtec.cat\/ceiprivorubeo\/wp-content\/uploads\/usu2655\/2023\/07\/MAPA-DE-LA-COMUNICACIO-AL-RIVO-2.png 1316w\" sizes=\"auto, (max-width: 1024px) 100vw, 1024px\" \/><\/a><\/p>\n<p>El pla de comunicaci\u00f3, a elaborar a partir del proper curs 2022-2023 tindr\u00e0 doncs, tres grans abordatges:<\/p>\n<ol>\n<li>Definici\u00f3 dels objectius del Pla de Comunicaci\u00f3 de l\u2019escola.<\/li>\n<li>Presentaci\u00f3 de mesures correctives a aquells aspectes a millorar.<\/li>\n<li>Presentaci\u00f3 d\u2019uns criteris de comunicaci\u00f3 generals.<\/li>\n<\/ol>\n<p>En aquesta presentaci\u00f3 podem veure algunes de les dades analitzades:<\/p>\n<p style=\"text-align: center;\"><iframe loading=\"lazy\" src=\"https:\/\/docs.google.com\/presentation\/d\/e\/2PACX-1vSpokiTzPae35v_VoHla8yZQhTIn1lCsmlYDtxVN6Opc0kGLejD44rrifphG_NbmOAdEqd6i4rW2Qah\/embed?start=false&amp;loop=false&amp;delayms=3000\" width=\"960\" height=\"569\" frameborder=\"0\" allowfullscreen=\"allowfullscreen\"><\/iframe><\/p>\n","protected":false},"excerpt":{"rendered":"<p>La Comunicaci\u00f3 en el s\u00ed de l\u2019escola Rivo Rubeo \u00e9s un puntal important per a la consecuci\u00f3 del seu projecte educatiu.<br \/>\nUna bona comunicaci\u00f3 contribueix a la satisfacci\u00f3 de les fam\u00edlies envers l\u2019escola. Aquesta satisfacci\u00f3 es tradueix en el manteniment de la confian\u00e7a, l\u2019inter\u00e8s en la&hellip;  <a href=\"https:\/\/agora.xtec.cat\/ceiprivorubeo\/projecte-educatiu\/pla-comunicacio\/\" title=\"Read Pla de Comunicaci\u00f3\">Llegeix m\u00e9s\u00bb<\/a><\/p>\n","protected":false},"author":1,"featured_media":0,"parent":64,"menu_order":7,"comment_status":"closed","ping_status":"closed","template":"page-templates\/side-menu.php","meta":{"_bbp_topic_count":0,"_bbp_reply_count":0,"_bbp_total_topic_count":0,"_bbp_total_reply_count":0,"_bbp_voice_count":0,"_bbp_anonymous_reply_count":0,"_bbp_topic_count_hidden":0,"_bbp_reply_count_hidden":0,"_bbp_forum_subforum_count":0,"footnotes":""},"class_list":["post-553","page","type-page","status-publish","hentry"],"post_mailing_queue_ids":[],"_links":{"self":[{"href":"https:\/\/agora.xtec.cat\/ceiprivorubeo\/wp-json\/wp\/v2\/pages\/553","targetHints":{"allow":["GET"]}}],"collection":[{"href":"https:\/\/agora.xtec.cat\/ceiprivorubeo\/wp-json\/wp\/v2\/pages"}],"about":[{"href":"https:\/\/agora.xtec.cat\/ceiprivorubeo\/wp-json\/wp\/v2\/types\/page"}],"author":[{"embeddable":true,"href":"https:\/\/agora.xtec.cat\/ceiprivorubeo\/wp-json\/wp\/v2\/users\/1"}],"replies":[{"embeddable":true,"href":"https:\/\/agora.xtec.cat\/ceiprivorubeo\/wp-json\/wp\/v2\/comments?post=553"}],"version-history":[{"count":3,"href":"https:\/\/agora.xtec.cat\/ceiprivorubeo\/wp-json\/wp\/v2\/pages\/553\/revisions"}],"predecessor-version":[{"id":2968,"href":"https:\/\/agora.xtec.cat\/ceiprivorubeo\/wp-json\/wp\/v2\/pages\/553\/revisions\/2968"}],"up":[{"embeddable":true,"href":"https:\/\/agora.xtec.cat\/ceiprivorubeo\/wp-json\/wp\/v2\/pages\/64"}],"wp:attachment":[{"href":"https:\/\/agora.xtec.cat\/ceiprivorubeo\/wp-json\/wp\/v2\/media?parent=553"}],"curies":[{"name":"wp","href":"https:\/\/api.w.org\/{rel}","templated":true}]}}