{"id":529,"date":"2022-03-01T15:52:18","date_gmt":"2022-03-01T14:52:18","guid":{"rendered":"https:\/\/agora.xtec.cat\/ceiprivorubeo\/?page_id=529"},"modified":"2022-06-08T14:39:15","modified_gmt":"2022-06-08T12:39:15","slug":"presentacio-trets-didentitat","status":"publish","type":"page","link":"https:\/\/agora.xtec.cat\/ceiprivorubeo\/projecte-educatiu\/presentacio-trets-didentitat\/","title":{"rendered":"Trets d&#8217;identitat"},"content":{"rendered":"<p>En ocasi\u00f3 del des\u00e8 aniversari del centre, al 2016, la comunitat educativa va identificar quins eren els trets que m\u00e9s identificaven l&#8217;escola. A partir d&#8217;una enquesta a les fam\u00edlies i un treball de claustre, vam trobar aquelles 10 idees que ens definien.<\/p>\n<p>D&#8217;aquest treball en van sortir els nostres trets d&#8217;identitat acompanyats pels superherois i superhero\u00efnes que ens acompanyen des de llavors.<\/p>\n<p>Aix\u00ed doncs, us presentem els trets d&#8217;identitat del Rivo!<\/p>\n<table style=\"height: 794px; width: 100.218%; border-collapse: collapse; border-color: #ffffff; border-style: none;\">\n<tbody>\n<tr>\n<td style=\"width: 50%;\"><span style=\"text-decoration: underline;\"><strong>INCLUSI\u00d3<\/strong><\/span><\/p>\n<p><i><span style=\"font-weight: 400;\">\u201cEl distret es va entrebancar amb ella, l\u2019emprenedor la va utilitzar per construir, el\u00a0 pag\u00e8s, cansat, s\u2019hi va asseure, el nen la va fer servir per jugar, David la va utilitzar contra Goliat, i Miquel \u00c0ngel va treure\u2019n una bella escultura. En tots els casos la diferencia no la feia la pedra, sin\u00f3 la persona. No existeix cap pedra en el teu cam\u00ed que no puguis aprofitar per cr\u00e9ixer.\u201d<\/span><\/i><span style=\"font-weight: 400;\"> An\u00f2nim<\/span><\/p>\n<p><span style=\"font-weight: 400;\">Creiem en el potencial de la diversitat en tot proc\u00e9s d\u2019aprenentatge, un aprenentatge que considerem fet social per definici\u00f3, que es val dels altres per cr\u00e9ixer i consolidar-se i que retorna als altres tot el seu valor.<\/span><\/td>\n<td style=\"width: 50%;\"><a href=\"https:\/\/agora.xtec.cat\/ceiprivorubeo\/wp-content\/uploads\/usu2655\/2022\/06\/camaleonica.png\"><img loading=\"lazy\" decoding=\"async\" class=\"size-medium wp-image-792 aligncenter\" src=\"https:\/\/agora.xtec.cat\/ceiprivorubeo\/wp-content\/uploads\/usu2655\/2022\/06\/camaleonica-186x300.png\" alt=\"\" width=\"186\" height=\"300\" srcset=\"https:\/\/agora.xtec.cat\/ceiprivorubeo\/wp-content\/uploads\/usu2655\/2022\/06\/camaleonica-186x300.png 186w, https:\/\/agora.xtec.cat\/ceiprivorubeo\/wp-content\/uploads\/usu2655\/2022\/06\/camaleonica-634x1024.png 634w, https:\/\/agora.xtec.cat\/ceiprivorubeo\/wp-content\/uploads\/usu2655\/2022\/06\/camaleonica-768x1239.png 768w, https:\/\/agora.xtec.cat\/ceiprivorubeo\/wp-content\/uploads\/usu2655\/2022\/06\/camaleonica-952x1536.png 952w, https:\/\/agora.xtec.cat\/ceiprivorubeo\/wp-content\/uploads\/usu2655\/2022\/06\/camaleonica.png 966w\" sizes=\"auto, (max-width: 186px) 100vw, 186px\" \/><\/a><\/p>\n<p style=\"text-align: center;\">Rivo Camale\u00f2nica<\/p>\n<\/td>\n<\/tr>\n<tr>\n<td style=\"width: 50%;\"><a href=\"https:\/\/agora.xtec.cat\/ceiprivorubeo\/wp-content\/uploads\/usu2655\/2022\/06\/capi-planeta.png\"><img loading=\"lazy\" decoding=\"async\" class=\"size-medium wp-image-793 aligncenter\" src=\"https:\/\/agora.xtec.cat\/ceiprivorubeo\/wp-content\/uploads\/usu2655\/2022\/06\/capi-planeta-260x300.png\" alt=\"\" width=\"260\" height=\"300\" srcset=\"https:\/\/agora.xtec.cat\/ceiprivorubeo\/wp-content\/uploads\/usu2655\/2022\/06\/capi-planeta-260x300.png 260w, https:\/\/agora.xtec.cat\/ceiprivorubeo\/wp-content\/uploads\/usu2655\/2022\/06\/capi-planeta-887x1024.png 887w, https:\/\/agora.xtec.cat\/ceiprivorubeo\/wp-content\/uploads\/usu2655\/2022\/06\/capi-planeta-768x887.png 768w, https:\/\/agora.xtec.cat\/ceiprivorubeo\/wp-content\/uploads\/usu2655\/2022\/06\/capi-planeta-1331x1536.png 1331w, https:\/\/agora.xtec.cat\/ceiprivorubeo\/wp-content\/uploads\/usu2655\/2022\/06\/capi-planeta.png 1535w\" sizes=\"auto, (max-width: 260px) 100vw, 260px\" \/><\/a><\/p>\n<p style=\"text-align: center;\">Capit\u00e0 Planeta<\/p>\n<\/td>\n<td style=\"width: 50%;\"><span style=\"text-decoration: underline;\"><strong>SOSTENIBILITAT<\/strong><\/span><\/p>\n<p><i><span style=\"font-weight: 400;\">\u201cSi sab\u00e9s que el m\u00f3n s\u2019ha d\u2019acabar dem\u00e0, jo avui encara plantaria un arbre\u201d<\/span><\/i><span style=\"font-weight: 400;\">\u00a0Martin Luter King<\/span><\/p>\n<p><span style=\"font-weight: 400;\">Creiem que l\u2019escola ha de ser una eina transformadora que afavoreixi una societat m\u00e9s sostenible per al M\u00f3n en que vivim. \u00c9s per aix\u00f2 que, lluny de dur a terme accions puntuals i a\u00efllades, participem a la Xarxa d\u2019Escoles Verdes i anem consolidant una cultura de centre en la qual la cura i estimaci\u00f3 de l\u2019entorn i la reflexi\u00f3 sobre el nostre impacte hi s\u00f3n molt presents.<\/span><\/td>\n<\/tr>\n<tr>\n<td style=\"width: 50%;\"><span style=\"text-decoration: underline;\"><strong>IDENTITAT I ARRELAMENT<\/strong><\/span><\/p>\n<p><i><span style=\"font-weight: 400;\">\u201cLa cultura \u00e9s un saber del que un nose n\u2019ha de recordar. Flueix espont\u00e0niament\u201d. <\/span><\/i><span style=\"font-weight: 400;\">Di\u00f2genes<\/span><\/p>\n<p><span style=\"text-decoration: underline;\"><span style=\"text-decoration: underline;\"><strong><br \/>\n<\/strong><\/span><\/span><span style=\"font-weight: 400;\">Vetllem per mantenir el sentiment de pertinen\u00e7a a un Poble, a una hist\u00f2ria i a una cultura, mentre veiem com dins de la comunitat educativa es consolida una identitat pr\u00f2pia amb uns valors i una cultura compartits que ens permeten obrir-nos al M\u00f3n, con\u00e8ixer i donar-nos a con\u00e8ixer i seguir aprenent com a organitzaci\u00f3.<\/span><\/td>\n<td style=\"width: 50%;\"><a href=\"https:\/\/agora.xtec.cat\/ceiprivorubeo\/wp-content\/uploads\/usu2655\/2022\/06\/rubikundus.png\"><img loading=\"lazy\" decoding=\"async\" class=\"size-medium wp-image-800 aligncenter\" src=\"https:\/\/agora.xtec.cat\/ceiprivorubeo\/wp-content\/uploads\/usu2655\/2022\/06\/rubikundus-194x300.png\" alt=\"\" width=\"194\" height=\"300\" srcset=\"https:\/\/agora.xtec.cat\/ceiprivorubeo\/wp-content\/uploads\/usu2655\/2022\/06\/rubikundus-194x300.png 194w, https:\/\/agora.xtec.cat\/ceiprivorubeo\/wp-content\/uploads\/usu2655\/2022\/06\/rubikundus-662x1024.png 662w, https:\/\/agora.xtec.cat\/ceiprivorubeo\/wp-content\/uploads\/usu2655\/2022\/06\/rubikundus-768x1188.png 768w, https:\/\/agora.xtec.cat\/ceiprivorubeo\/wp-content\/uploads\/usu2655\/2022\/06\/rubikundus-993x1536.png 993w, https:\/\/agora.xtec.cat\/ceiprivorubeo\/wp-content\/uploads\/usu2655\/2022\/06\/rubikundus.png 1222w\" sizes=\"auto, (max-width: 194px) 100vw, 194px\" \/><\/a><\/p>\n<p style=\"text-align: center;\">Diabl\u00f2ria Rubea<\/p>\n<\/td>\n<\/tr>\n<tr>\n<td style=\"width: 50%;\">\n<p style=\"text-align: center;\"><span style=\"text-decoration: underline;\"><strong><a href=\"https:\/\/agora.xtec.cat\/ceiprivorubeo\/wp-content\/uploads\/usu2655\/2022\/06\/bonrollito.png\"><img loading=\"lazy\" decoding=\"async\" class=\"alignnone size-medium wp-image-791\" src=\"https:\/\/agora.xtec.cat\/ceiprivorubeo\/wp-content\/uploads\/usu2655\/2022\/06\/bonrollito-258x300.png\" alt=\"\" width=\"258\" height=\"300\" srcset=\"https:\/\/agora.xtec.cat\/ceiprivorubeo\/wp-content\/uploads\/usu2655\/2022\/06\/bonrollito-258x300.png 258w, https:\/\/agora.xtec.cat\/ceiprivorubeo\/wp-content\/uploads\/usu2655\/2022\/06\/bonrollito-881x1024.png 881w, https:\/\/agora.xtec.cat\/ceiprivorubeo\/wp-content\/uploads\/usu2655\/2022\/06\/bonrollito-768x892.png 768w, https:\/\/agora.xtec.cat\/ceiprivorubeo\/wp-content\/uploads\/usu2655\/2022\/06\/bonrollito-1322x1536.png 1322w, https:\/\/agora.xtec.cat\/ceiprivorubeo\/wp-content\/uploads\/usu2655\/2022\/06\/bonrollito.png 1371w\" sizes=\"auto, (max-width: 258px) 100vw, 258px\" \/><\/a><\/strong><\/span><\/p>\n<p style=\"text-align: center;\">Bra\u00e7os Man<\/p>\n<\/td>\n<td style=\"width: 50%;\"><span style=\"text-decoration: underline;\"><strong>ACOLLIDORA<\/strong><\/span><\/p>\n<p><span style=\"font-weight: 400;\">\u201cLa<\/span><i><span style=\"font-weight: 400;\"> casa ha de ser l\u2019estoig de la vida, la m\u00e0quina de la felicitat\u201d<\/span><\/i><span style=\"font-weight: 400;\"> . <\/span><span style=\"font-weight: 400;\">Le Corbusier<\/span><\/p>\n<p><span style=\"font-weight: 400;\">Que l&#8217;acollida dels alumnes, fam\u00edlies, mestres, personal no docent, visitants, faci de l&#8217;escola una segona casa, on vingui de gust estar-s&#8217;hi.<\/span><\/td>\n<\/tr>\n<tr>\n<td style=\"width: 50%;\"><span style=\"text-decoration: underline;\"><strong>COMUNICACI\u00d3 I PARTICIPACI\u00d3<\/strong><\/span><\/p>\n<p><span style=\"font-weight: 400;\">\u201cDigue-ho i ho oblido, ensenya-m\u2019ho i ho recordo, involucra\u2019m i ho aprenc\u201d <\/span><span style=\"font-weight: 400;\">Benjamin Franklin.<\/span><\/p>\n<p><span style=\"font-weight: 400;\">Vetllem per una comunicaci\u00f3 fluida que promogui la participaci\u00f3 en la cogesti\u00f3 educativa. Som conscients de la import\u00e0ncia del treball en equip escola-fam\u00edlia que requereix un proc\u00e9s d\u2019aprenentatge coherent i complert, en el qual cada vegada hi intervenen m\u00e9s factors i actors. Al mateix temps vetllem per educar en la participaci\u00f3, a trav\u00e9s del consell d\u2019alumnes de l\u2019escola.<\/span><\/td>\n<td style=\"width: 50%;\"><span style=\"text-decoration: underline;\"><strong><a href=\"https:\/\/agora.xtec.cat\/ceiprivorubeo\/wp-content\/uploads\/usu2655\/2022\/06\/parab.png\"><img loading=\"lazy\" decoding=\"async\" class=\"alignnone size-medium wp-image-797 aligncenter\" src=\"https:\/\/agora.xtec.cat\/ceiprivorubeo\/wp-content\/uploads\/usu2655\/2022\/06\/parab-139x300.png\" alt=\"\" width=\"139\" height=\"300\" srcset=\"https:\/\/agora.xtec.cat\/ceiprivorubeo\/wp-content\/uploads\/usu2655\/2022\/06\/parab-139x300.png 139w, https:\/\/agora.xtec.cat\/ceiprivorubeo\/wp-content\/uploads\/usu2655\/2022\/06\/parab.png 371w\" sizes=\"auto, (max-width: 139px) 100vw, 139px\" \/><\/a><\/strong><\/span><\/p>\n<p style=\"text-align: center;\">Xarxa H\u00e8rtzica<\/p>\n<\/td>\n<\/tr>\n<tr>\n<td style=\"width: 50%;\"><span style=\"text-decoration: underline;\"><strong><a href=\"https:\/\/agora.xtec.cat\/ceiprivorubeo\/wp-content\/uploads\/usu2655\/2022\/06\/BOMBETA-1.png\"><img loading=\"lazy\" decoding=\"async\" class=\"size-medium wp-image-790 aligncenter\" src=\"https:\/\/agora.xtec.cat\/ceiprivorubeo\/wp-content\/uploads\/usu2655\/2022\/06\/BOMBETA-1-144x300.png\" alt=\"\" width=\"144\" height=\"300\" srcset=\"https:\/\/agora.xtec.cat\/ceiprivorubeo\/wp-content\/uploads\/usu2655\/2022\/06\/BOMBETA-1-144x300.png 144w, https:\/\/agora.xtec.cat\/ceiprivorubeo\/wp-content\/uploads\/usu2655\/2022\/06\/BOMBETA-1-491x1024.png 491w, https:\/\/agora.xtec.cat\/ceiprivorubeo\/wp-content\/uploads\/usu2655\/2022\/06\/BOMBETA-1-768x1602.png 768w, https:\/\/agora.xtec.cat\/ceiprivorubeo\/wp-content\/uploads\/usu2655\/2022\/06\/BOMBETA-1-736x1536.png 736w, https:\/\/agora.xtec.cat\/ceiprivorubeo\/wp-content\/uploads\/usu2655\/2022\/06\/BOMBETA-1-982x2048.png 982w, https:\/\/agora.xtec.cat\/ceiprivorubeo\/wp-content\/uploads\/usu2655\/2022\/06\/BOMBETA-1.png 1176w\" sizes=\"auto, (max-width: 144px) 100vw, 144px\" \/><\/a><\/strong><\/span><\/p>\n<p style=\"text-align: center;\">Bombeta Woman<\/p>\n<\/td>\n<td style=\"width: 50%;\"><span style=\"text-decoration: underline;\"><strong>CREATIVITAT<\/strong><\/span><\/p>\n<p><i><span style=\"font-weight: 400;\">\u201cTot nen \u00e9s un artista, el problema \u00e9s seguir sent un artista quan creixes\u201d. <\/span><\/i><span style=\"font-weight: 400;\">Pablo Picasso<\/span><\/p>\n<p><span style=\"font-weight: 400;\">Creiem que la creativitat t\u00e9 un fort potencial en l\u2019activaci\u00f3 de l\u2019aprenentatge. Teixeix un aprenentatge profund i singular que no es pot aconseguir per la via de l\u2019estandarditzaci\u00f3 i la repetici\u00f3. <\/span><\/td>\n<\/tr>\n<tr>\n<td style=\"width: 50%;\"><span style=\"text-decoration: underline;\"><strong>IL\u00b7LUSI\u00d3, IMPLICACI\u00d3, MOTIVACI\u00d3<\/strong><\/span><\/p>\n<p><i><span style=\"font-weight: 400;\">\u201cPots dissenyar, crear i constru\u00efr el lloc m\u00e9s meravell\u00f3s del m\u00f3n, per\u00f2 fa falta gent per fer el somni realitat\u201d. <\/span><\/i><span style=\"font-weight: 400;\">Walt Disney<\/span><\/p>\n<p><span style=\"font-weight: 400;\">Ens valem de la motivaci\u00f3, implicaci\u00f3 i dedicaci\u00f3 de les persones que conformen l\u2019ampli equip impulsor que mou el nostre projecte. Unes actituds que, alhora, volem transmetre als nostres alumnes, com a cultura de treball.<\/span><\/td>\n<td style=\"width: 50%;\"><span style=\"text-decoration: underline;\"><strong><a href=\"https:\/\/agora.xtec.cat\/ceiprivorubeo\/wp-content\/uploads\/usu2655\/2022\/06\/motivat.png\"><img loading=\"lazy\" decoding=\"async\" class=\"size-medium wp-image-796 aligncenter\" src=\"https:\/\/agora.xtec.cat\/ceiprivorubeo\/wp-content\/uploads\/usu2655\/2022\/06\/motivat-185x300.png\" alt=\"\" width=\"185\" height=\"300\" srcset=\"https:\/\/agora.xtec.cat\/ceiprivorubeo\/wp-content\/uploads\/usu2655\/2022\/06\/motivat-185x300.png 185w, https:\/\/agora.xtec.cat\/ceiprivorubeo\/wp-content\/uploads\/usu2655\/2022\/06\/motivat-633x1024.png 633w, https:\/\/agora.xtec.cat\/ceiprivorubeo\/wp-content\/uploads\/usu2655\/2022\/06\/motivat-768x1243.png 768w, https:\/\/agora.xtec.cat\/ceiprivorubeo\/wp-content\/uploads\/usu2655\/2022\/06\/motivat.png 899w\" sizes=\"auto, (max-width: 185px) 100vw, 185px\" \/><\/a><\/strong><\/span><\/p>\n<p style=\"text-align: center;\">Moti-Boti<\/p>\n<\/td>\n<\/tr>\n<tr>\n<td style=\"width: 50%;\">\n<p style=\"text-align: center;\"><span style=\"text-decoration: underline;\"><strong><a href=\"https:\/\/agora.xtec.cat\/ceiprivorubeo\/wp-content\/uploads\/usu2655\/2022\/06\/sophos.png\"><img loading=\"lazy\" decoding=\"async\" class=\"alignnone size-medium wp-image-801\" src=\"https:\/\/agora.xtec.cat\/ceiprivorubeo\/wp-content\/uploads\/usu2655\/2022\/06\/sophos-140x300.png\" alt=\"\" width=\"140\" height=\"300\" srcset=\"https:\/\/agora.xtec.cat\/ceiprivorubeo\/wp-content\/uploads\/usu2655\/2022\/06\/sophos-140x300.png 140w, https:\/\/agora.xtec.cat\/ceiprivorubeo\/wp-content\/uploads\/usu2655\/2022\/06\/sophos-477x1024.png 477w, https:\/\/agora.xtec.cat\/ceiprivorubeo\/wp-content\/uploads\/usu2655\/2022\/06\/sophos-768x1649.png 768w, https:\/\/agora.xtec.cat\/ceiprivorubeo\/wp-content\/uploads\/usu2655\/2022\/06\/sophos-715x1536.png 715w, https:\/\/agora.xtec.cat\/ceiprivorubeo\/wp-content\/uploads\/usu2655\/2022\/06\/sophos.png 785w\" sizes=\"auto, (max-width: 140px) 100vw, 140px\" \/><\/a><\/strong><\/span><\/p>\n<p style=\"text-align: center;\">Sophos<\/p>\n<\/td>\n<td style=\"width: 50%;\"><span style=\"text-decoration: underline;\"><strong>APRENENTATGE SIGNIFICATIU<\/strong><\/span><\/p>\n<p><i><span style=\"font-weight: 400;\">\u00a0\u201cNo preparis el cam\u00ed per al nen, prepara el nen per al cam\u00ed\u201d . <\/span><\/i><span style=\"font-weight: 400;\">An\u00f2nim<\/span><\/p>\n<p><span style=\"font-weight: 400;\">Com a equip docent del Rivo, hem definit el <\/span><i><span style=\"font-weight: 400;\">Perfil Competencial<\/span><\/i><span style=\"font-weight: 400;\"> de l\u2019alumne que visionem al finalitzar l\u2019etapa d\u2019Educaci\u00f3 Prim\u00e0ria al nostre Centre, la imatge d\u2019aquest alumne \u00e9s guia en tota decisi\u00f3 pedag\u00f2gica.<\/span><\/p>\n<p><span style=\"text-decoration: underline;\"><strong>\u00a0<\/strong><\/span><\/td>\n<\/tr>\n<tr>\n<td style=\"width: 50%;\"><span style=\"text-decoration: underline;\"><strong>DESENVOLUPAMENT INTEGRAL<\/strong><\/span><\/p>\n<p><i><span style=\"font-weight: 400;\">\u201cUna prova de l\u2019encert de la intervenci\u00f3 educativa \u00e9s la felicitat del nen\u201d. <\/span><\/i><span style=\"font-weight: 400;\">Maria Montessori<\/span><\/p>\n<p><span style=\"font-weight: 400;\">Entenem l\u2019educaci\u00f3 com a element clau en el desenvolupament integral de l\u2019aulmne (des de la perspectiva intel\u00b7lectual, f\u00edsica, social i emocional) tenint en compte que els alumnes tenen diverses capacitats potencials que hem d\u2019ajudar a explotar des d\u2019uns entorns educatius que vetllin per l\u2019autonomia en l\u2019aprenentatge, la diversitat de propostes i l\u2019avaluaci\u00f3 formativa i personalitzada.<\/span><\/td>\n<td style=\"width: 50%;\"><span style=\"text-decoration: underline;\"><strong><a href=\"https:\/\/agora.xtec.cat\/ceiprivorubeo\/wp-content\/uploads\/usu2655\/2022\/06\/global.png\"><img loading=\"lazy\" decoding=\"async\" class=\"size-medium wp-image-794 aligncenter\" src=\"https:\/\/agora.xtec.cat\/ceiprivorubeo\/wp-content\/uploads\/usu2655\/2022\/06\/global-179x300.png\" alt=\"\" width=\"179\" height=\"300\" srcset=\"https:\/\/agora.xtec.cat\/ceiprivorubeo\/wp-content\/uploads\/usu2655\/2022\/06\/global-179x300.png 179w, https:\/\/agora.xtec.cat\/ceiprivorubeo\/wp-content\/uploads\/usu2655\/2022\/06\/global-610x1024.png 610w, https:\/\/agora.xtec.cat\/ceiprivorubeo\/wp-content\/uploads\/usu2655\/2022\/06\/global-768x1289.png 768w, https:\/\/agora.xtec.cat\/ceiprivorubeo\/wp-content\/uploads\/usu2655\/2022\/06\/global.png 830w\" sizes=\"auto, (max-width: 179px) 100vw, 179px\" \/><\/a><\/strong><\/span><\/p>\n<p style=\"text-align: center;\">Global<\/p>\n<\/td>\n<\/tr>\n<tr>\n<td style=\"width: 50%;\">\n<p style=\"text-align: center;\"><span style=\"text-decoration: underline;\"><strong><a href=\"https:\/\/agora.xtec.cat\/ceiprivorubeo\/wp-content\/uploads\/usu2655\/2022\/06\/innova.png\"><img loading=\"lazy\" decoding=\"async\" class=\"alignnone size-medium wp-image-795\" src=\"https:\/\/agora.xtec.cat\/ceiprivorubeo\/wp-content\/uploads\/usu2655\/2022\/06\/innova-106x300.png\" alt=\"\" width=\"106\" height=\"300\" srcset=\"https:\/\/agora.xtec.cat\/ceiprivorubeo\/wp-content\/uploads\/usu2655\/2022\/06\/innova-106x300.png 106w, https:\/\/agora.xtec.cat\/ceiprivorubeo\/wp-content\/uploads\/usu2655\/2022\/06\/innova-362x1024.png 362w, https:\/\/agora.xtec.cat\/ceiprivorubeo\/wp-content\/uploads\/usu2655\/2022\/06\/innova-543x1536.png 543w, https:\/\/agora.xtec.cat\/ceiprivorubeo\/wp-content\/uploads\/usu2655\/2022\/06\/innova.png 626w\" sizes=\"auto, (max-width: 106px) 100vw, 106px\" \/><\/a><\/strong><\/span><\/p>\n<p style=\"text-align: center;\">Innovu<\/p>\n<\/td>\n<td style=\"width: 50%;\"><span style=\"text-decoration: underline;\"><strong>MILLORA CONT\u00cdNUA<\/strong><\/span><\/p>\n<p><i><span style=\"font-weight: 400;\">\u201cQuan bufen vents de canvi, alguns aixequen murs i altres construeixen molins&#8221;.\u00a0<\/span><\/i><span style=\"font-weight: 400;\">Proverbi Xin\u00e8s<\/span><\/p>\n<p><span style=\"font-weight: 400;\">Establim estrat\u00e8gies de millora cont\u00ednua, valent-nos d\u2019una actitud d\u2019investigaci\u00f3-acci\u00f3. D\u2019aquesta manera mantenim en in\u00e8rcia un engranatge dissenyat i controlat des de l\u2019autonomia del centre, que ens permet avan\u00e7ar en un proc\u00e9s tranquil, sostenible i on els camins es\u00a0 dirigeixen a horitzons m\u00e9s que a metes.<\/span><\/td>\n<\/tr>\n<\/tbody>\n<\/table>\n<p>&nbsp;<\/p>\n<p>&nbsp;<\/p>\n","protected":false},"excerpt":{"rendered":"<p>En ocasi\u00f3 del des\u00e8 aniversari del centre, al 2016, la comunitat educativa va identificar quins eren els trets que m\u00e9s identificaven l&#8217;escola. A partir d&#8217;una enquesta a les fam\u00edlies i un treball de claustre, vam trobar aquelles 10 idees que ens definien.<br \/>\nD&#8217;aquest treball en van&hellip;  <a href=\"https:\/\/agora.xtec.cat\/ceiprivorubeo\/projecte-educatiu\/presentacio-trets-didentitat\/\" title=\"Read Trets d&#8217;identitat\">Llegeix m\u00e9s\u00bb<\/a><\/p>\n","protected":false},"author":1,"featured_media":0,"parent":64,"menu_order":2,"comment_status":"closed","ping_status":"closed","template":"page-templates\/side-menu.php","meta":{"_bbp_topic_count":0,"_bbp_reply_count":0,"_bbp_total_topic_count":0,"_bbp_total_reply_count":0,"_bbp_voice_count":0,"_bbp_anonymous_reply_count":0,"_bbp_topic_count_hidden":0,"_bbp_reply_count_hidden":0,"_bbp_forum_subforum_count":0,"footnotes":""},"class_list":["post-529","page","type-page","status-publish","hentry"],"post_mailing_queue_ids":[],"_links":{"self":[{"href":"https:\/\/agora.xtec.cat\/ceiprivorubeo\/wp-json\/wp\/v2\/pages\/529","targetHints":{"allow":["GET"]}}],"collection":[{"href":"https:\/\/agora.xtec.cat\/ceiprivorubeo\/wp-json\/wp\/v2\/pages"}],"about":[{"href":"https:\/\/agora.xtec.cat\/ceiprivorubeo\/wp-json\/wp\/v2\/types\/page"}],"author":[{"embeddable":true,"href":"https:\/\/agora.xtec.cat\/ceiprivorubeo\/wp-json\/wp\/v2\/users\/1"}],"replies":[{"embeddable":true,"href":"https:\/\/agora.xtec.cat\/ceiprivorubeo\/wp-json\/wp\/v2\/comments?post=529"}],"version-history":[{"count":4,"href":"https:\/\/agora.xtec.cat\/ceiprivorubeo\/wp-json\/wp\/v2\/pages\/529\/revisions"}],"predecessor-version":[{"id":814,"href":"https:\/\/agora.xtec.cat\/ceiprivorubeo\/wp-json\/wp\/v2\/pages\/529\/revisions\/814"}],"up":[{"embeddable":true,"href":"https:\/\/agora.xtec.cat\/ceiprivorubeo\/wp-json\/wp\/v2\/pages\/64"}],"wp:attachment":[{"href":"https:\/\/agora.xtec.cat\/ceiprivorubeo\/wp-json\/wp\/v2\/media?parent=529"}],"curies":[{"name":"wp","href":"https:\/\/api.w.org\/{rel}","templated":true}]}}