{"id":4363,"date":"2024-10-24T07:38:28","date_gmt":"2024-10-24T05:38:28","guid":{"rendered":"https:\/\/agora.xtec.cat\/ceiprivorubeo\/?page_id=4363"},"modified":"2024-10-24T07:38:28","modified_gmt":"2024-10-24T05:38:28","slug":"robotica-al-rivo","status":"publish","type":"page","link":"https:\/\/agora.xtec.cat\/ceiprivorubeo\/robotica-al-rivo\/","title":{"rendered":"Rob\u00f2tica al Rivo"},"content":{"rendered":"<p style=\"text-align: justify;\">Al Rivo creiem en la import\u00e0ncia de desenvolupar el <strong>pensament computacional<\/strong> i l&#8217;entenem com una oportunitat per combinar el<\/p>\n<p style=\"text-align: justify;\"><strong>pensament<\/strong> <strong>matem\u00e0tic<\/strong> <strong>i cient\u00edfic<\/strong> amb <strong>l&#8217;enginyeria<\/strong> per a la resoluci\u00f3 de problemes concrets. Per fer-ho, potenciem el <strong>treball<\/strong> <strong>en equip,\u00a0<\/strong>les<\/p>\n<p><strong>agrupacions intercicle<\/strong>, la <strong>transversalitat<\/strong>, la <strong>imaginaci\u00f3<\/strong> i <strong>creativitat <\/strong>a partir de diferents reptes:<\/p>\n<p>&nbsp;<\/p>\n<p><a href=\"https:\/\/drive.google.com\/file\/d\/1Qz3E4ylfLY1qtZKS9MZKdMoXn2zLD2_r\/view?usp=drive_link\"><img loading=\"lazy\" decoding=\"async\" class=\"wp-image-4364 alignleft\" src=\"https:\/\/agora.xtec.cat\/ceiprivorubeo\/wp-content\/uploads\/usu2655\/2024\/10\/CULTURA-DIGITAL-7-e1729747137285.png\" alt=\"\" width=\"279\" height=\"202\" srcset=\"https:\/\/agora.xtec.cat\/ceiprivorubeo\/wp-content\/uploads\/usu2655\/2024\/10\/CULTURA-DIGITAL-7-e1729747137285.png 412w, https:\/\/agora.xtec.cat\/ceiprivorubeo\/wp-content\/uploads\/usu2655\/2024\/10\/CULTURA-DIGITAL-7-e1729747137285-300x217.png 300w\" sizes=\"auto, (max-width: 279px) 100vw, 279px\" \/><\/a><\/p>\n","protected":false},"excerpt":{"rendered":"<p>Al Rivo creiem en la import\u00e0ncia de desenvolupar el pensament computacional i l&#8217;entenem com una oportunitat per combinar el<br \/>\npensament matem\u00e0tic i cient\u00edfic amb l&#8217;enginyeria per a la resoluci\u00f3 de problemes concrets. Per fer-ho, potenciem el treball en equip,\u00a0les<br \/>\nagrupacions intercicle, la transversalitat, la imaginaci\u00f3 i creativitat&hellip;  <a href=\"https:\/\/agora.xtec.cat\/ceiprivorubeo\/robotica-al-rivo\/\" title=\"Read Rob\u00f2tica al Rivo\">Llegeix m\u00e9s\u00bb<\/a><\/p>\n","protected":false},"author":1,"featured_media":0,"parent":0,"menu_order":0,"comment_status":"closed","ping_status":"closed","template":"","meta":{"_bbp_topic_count":0,"_bbp_reply_count":0,"_bbp_total_topic_count":0,"_bbp_total_reply_count":0,"_bbp_voice_count":0,"_bbp_anonymous_reply_count":0,"_bbp_topic_count_hidden":0,"_bbp_reply_count_hidden":0,"_bbp_forum_subforum_count":0,"footnotes":""},"class_list":["post-4363","page","type-page","status-publish","hentry"],"post_mailing_queue_ids":[],"_links":{"self":[{"href":"https:\/\/agora.xtec.cat\/ceiprivorubeo\/wp-json\/wp\/v2\/pages\/4363","targetHints":{"allow":["GET"]}}],"collection":[{"href":"https:\/\/agora.xtec.cat\/ceiprivorubeo\/wp-json\/wp\/v2\/pages"}],"about":[{"href":"https:\/\/agora.xtec.cat\/ceiprivorubeo\/wp-json\/wp\/v2\/types\/page"}],"author":[{"embeddable":true,"href":"https:\/\/agora.xtec.cat\/ceiprivorubeo\/wp-json\/wp\/v2\/users\/1"}],"replies":[{"embeddable":true,"href":"https:\/\/agora.xtec.cat\/ceiprivorubeo\/wp-json\/wp\/v2\/comments?post=4363"}],"version-history":[{"count":6,"href":"https:\/\/agora.xtec.cat\/ceiprivorubeo\/wp-json\/wp\/v2\/pages\/4363\/revisions"}],"predecessor-version":[{"id":4370,"href":"https:\/\/agora.xtec.cat\/ceiprivorubeo\/wp-json\/wp\/v2\/pages\/4363\/revisions\/4370"}],"wp:attachment":[{"href":"https:\/\/agora.xtec.cat\/ceiprivorubeo\/wp-json\/wp\/v2\/media?parent=4363"}],"curies":[{"name":"wp","href":"https:\/\/api.w.org\/{rel}","templated":true}]}}