{"id":3753,"date":"2024-01-25T10:56:20","date_gmt":"2024-01-25T09:56:20","guid":{"rendered":"https:\/\/agora.xtec.cat\/ceiprivorubeo\/?page_id=3753"},"modified":"2024-06-10T10:48:02","modified_gmt":"2024-06-10T08:48:02","slug":"preinscripcio-i-matricula-curs-24-25","status":"publish","type":"page","link":"https:\/\/agora.xtec.cat\/ceiprivorubeo\/preinscripcio-i-matricula-curs-24-25\/","title":{"rendered":"Preinscripci\u00f3 i matr\u00edcula Curs 24-25"},"content":{"rendered":"<p style=\"text-align: left;\"><span style=\"font-size: 12pt;\">Us donem la benvinguda a l&#8217;escola Rivo Rubeo!<\/span><\/p>\n<p><span style=\"font-size: 12pt;\">En aquest apartat us anirem publicant tota la<strong>\u00a0informaci\u00f3 necess\u00e0ria per\u00a0seguir el proc\u00e9s de preinscripci\u00f3 i matr\u00edcula.<\/strong> Si continueu navegant per la nostra web, podreu consultar informaci\u00f3 sobre el <a href=\"l-escola\/projecte\/projecte-educatiu\"><span style=\"color: #0000ff;\">nostre Projecte\u00a0Educatiu<\/span><\/a>, el\u00a0<span style=\"color: #0000ff;\"><a style=\"color: #0000ff;\" href=\"l-escola\/projecte\/projecte-direccio\">Projecte de Direcci\u00f3<\/a><\/span>, els serveis que s&#8217;ofereixen i el seu preu i els aspectes organitzatius m\u00e9s b\u00e0sics.<\/span><\/p>\n<h2>Llista d&#8217;alumnats que han demanat el centre amb indicaci\u00f3 de la primera petici\u00f3 (10\/06\/2024)<\/h2>\n<p><a href=\"https:\/\/agora.xtec.cat\/ceiprivorubeo\/wp-content\/uploads\/usu2655\/2024\/06\/ALUMNES-ASSIGNATS-AL-CENTRE.pdf\">ALUMNES ASSIGNATS AL CENTRE<\/a><\/p>\n<h2>Llista d&#8217;alumnats en llista d&#8217;espera (10\/06\/2023)<\/h2>\n<p><a href=\"https:\/\/agora.xtec.cat\/ceiprivorubeo\/wp-content\/uploads\/usu2655\/2024\/06\/LLISTA-DESPERA-1.pdf\">LLISTA D&#8217;ESPERA (1)<\/a><\/p>\n<p>&nbsp;<\/p>\n<h2>Publicaci\u00f3 de la llista de sol\u00b7licituds que han demanat el centre i l&#8217;ensenyament en primera petici\u00f3 ordenada (02\/05\/2024)<\/h2>\n<p><a href=\"https:\/\/agora.xtec.cat\/ceiprivorubeo\/wp-content\/uploads\/usu2655\/2024\/05\/INFORME_BAREM_DEFINITIU_BAREM-2.pdf\">INFORME_BAREM_DEFINITIU_BAREM (2)<\/a><\/p>\n<h2 class=\"entry-title\">N\u00famero del sorteig de desempat (30\/4\/24)<\/h2>\n<p><a href=\"https:\/\/agora.xtec.cat\/ceiprivorubeo\/wp-content\/uploads\/usu2655\/2024\/05\/20240430-sorteig-desempat-obligatoris.png_191393041.png\"><img loading=\"lazy\" decoding=\"async\" class=\" wp-image-4000 aligncenter\" src=\"https:\/\/agora.xtec.cat\/ceiprivorubeo\/wp-content\/uploads\/usu2655\/2024\/05\/20240430-sorteig-desempat-obligatoris.png_191393041-300x233.png\" alt=\"\" width=\"454\" height=\"352\" srcset=\"https:\/\/agora.xtec.cat\/ceiprivorubeo\/wp-content\/uploads\/usu2655\/2024\/05\/20240430-sorteig-desempat-obligatoris.png_191393041-300x233.png 300w, https:\/\/agora.xtec.cat\/ceiprivorubeo\/wp-content\/uploads\/usu2655\/2024\/05\/20240430-sorteig-desempat-obligatoris.png_191393041.png 555w\" sizes=\"auto, (max-width: 454px) 100vw, 454px\" \/><\/a><\/p>\n<h2 class=\"entry-title\">Llista de sol\u00b7licituds resoltes les reclamacions (25\/4\/24)<\/h2>\n<p>La podeu consultar al seg\u00fcent enlla\u00e7 <a href=\"https:\/\/agora.xtec.cat\/ceiprivorubeo\/wp-content\/uploads\/usu2655\/2024\/04\/INFORME_BAREM_RESOLTES_RECLAMACIONS.pdf\">INFORME_BAREM_RESOLTES_RECLAMACIONS<\/a> o, f\u00edsicament a l&#8217;entrada del centre.<\/p>\n<h2 class=\"entry-title\">Llista de sol\u00b7licituds amb puntuaci\u00f3 provisional (17\/4\/24)<\/h2>\n<p>Avui,\u00a0<strong>\u00a017 d\u2019abril<\/strong>\u00a0s\u2019ha publicat\u00a0la\u00a0<strong>llista de sol\u00b7licituds que han demanat el centre i l\u2019ensenyament en primera\u00a0<\/strong><strong>petici\u00f3 amb la puntuaci\u00f3 provisional a 17\/04\/2024<\/strong><strong>.\u00a0<\/strong><\/p>\n<p>La podeu consultar al seg\u00fcent enlla\u00e7\u00a0<a href=\"https:\/\/agora.xtec.cat\/ceiprivorubeo\/wp-content\/uploads\/usu2655\/2024\/04\/INFORME_BAREM_PROVISIONAL_abans_reclamacions.pdf\">INFORME_BAREM_PROVISIONAL_abans_reclamacions<\/a>\u00a0o, f\u00edsicament, a l\u2019entrada principal del centre.<\/p>\n<p>&nbsp;<\/p>\n<h2><strong>OFERTA MATR\u00cdCULA CURS 24-25<\/strong><\/h2>\n<p>Publicaci\u00f3 de l\u2019oferta de preinscripci\u00f3 curs 2024-2025 d\u2019Educaci\u00f3 Infantil i Prim\u00e0ria.<\/p>\n<p><a href=\"https:\/\/agora.xtec.cat\/ceiprivorubeo\/wp-content\/uploads\/usu2655\/2024\/03\/Publicacio-de-loferta-incicial-de-places.pdf\">Publicaci\u00f3 de l&#8217;oferta inicial de places<\/a><\/p>\n<p>&nbsp;<\/p>\n<hr \/>\n<h2><strong>PREINSCRIPCI\u00d3<\/strong><\/h2>\n<p><strong>Educaci\u00f3 infantil (3-6 anys), educaci\u00f3 prim\u00e0ria i educaci\u00f3 secund\u00e0ria obligat\u00f2ria<\/strong><\/p>\n<p><strong>Presentaci\u00f3 de sol\u00b7licituds:<\/strong><\/p>\n<ul>\n<li>Educaci\u00f3 infantil (3-6 anys) i educaci\u00f3 prim\u00e0ria:\u00a0<strong>del 6 al 20 de mar\u00e7<\/strong><\/li>\n<li>Educaci\u00f3 secund\u00e0ria obligat\u00f2ria:\u00a0<strong>del 8 al 20 de mar\u00e7<\/strong><\/li>\n<\/ul>\n<p>&nbsp;<\/p>\n<p><span style=\"font-size: 12pt;\">Consulteu la<span style=\"text-decoration: underline; color: #0000ff;\"><a href=\"https:\/\/preinscripcio.gencat.cat\/ca\/inici\/\"> p\u00e0gina de la Generalita<\/a>t <\/span>en la que podeu:<\/span><\/p>\n<ul>\n<li><span style=\"font-size: 12pt;\">Informar-vos abans<\/span><\/li>\n<li><span style=\"font-size: 12pt;\">Entendre els criteris de prioritzaci\u00f3 de sol\u00b7licituds<\/span><\/li>\n<li><span style=\"font-size: 12pt;\">Preparar la documentaci\u00f3 necess\u00e0ria\u00a0<\/span><\/li>\n<li><span style=\"font-size: 12pt;\">I altres informacions.<\/span><\/li>\n<\/ul>\n<p><span style=\"font-size: 16px;\">En aquesta <span style=\"text-decoration: underline; color: #0000ff;\"><a style=\"color: #0000ff; text-decoration: underline;\" href=\"https:\/\/preinscripcio.gencat.cat\/ca\/estudis\/infantil-3-6\/ajuda\/dubtes-temes\/\">altra p\u00e0gina<\/a><\/span>\u00a0podreu resoldre molts dubtes per temes.\u00a0<\/span><\/p>\n<p><span style=\"font-size: 16px;\">Recomanem especialment que us informeu sobre la <strong>formalitzaci\u00f3 de la preinscripci\u00f3<\/strong>, que ser\u00e0 telem\u00e0tica i t\u00e9 alguns requisits t\u00e8cnics.<\/span><\/p>\n<p><span style=\"font-size: 12pt;\">Podeu demanar suport a l&#8217;<span style=\"text-decoration: underline; color: #0000ff;\"><strong><a style=\"color: #0000ff; text-decoration: underline;\" href=\"https:\/\/citaprevia.gestorn.com\/rubi\/?idioma=ca_ES&amp;id_oficina_sele=0#nbb\">Oficina Municipal d&#8217;Escolaritzaci\u00f3 (OME)<\/a><\/strong><\/span>\u00a0<\/span><\/p>\n<p>&nbsp;<\/p>\n<hr \/>\n<p>&nbsp;<\/p>\n<h2><strong>PORTES OBERTES. ENS VOLEU CON\u00c8IXER?<\/strong><\/h2>\n<p>&nbsp;<\/p>\n<ul>\n<li><span style=\"font-size: 12pt;\">El dia 19 de debrer a les 15:15h OBRIM LES PORTES del RIVO RUBEO.\u00a0<\/span>\n<div>\n<ul>\n<li><span style=\"font-size: 12pt;\"><b>Cal inscriure&#8217;s <span style=\"color: #0000ff;\"><a style=\"color: #0000ff;\" href=\"https:\/\/forms.gle\/c11x5aL7J4mdYC1GA\" target=\"_blank\" rel=\"noopener noreferrer\" data-saferedirecturl=\"https:\/\/www.google.com\/url?q=https:\/\/aplicacions.gestioeducativa.gencat.cat\/pls\/apex\/f?p%3DCITA_PREVIA:4::::4:P4_TIPUS_CALENDARI,P4_DOMINI:01_JPO_O,08064076&amp;source=gmail&amp;ust=1644307010494000&amp;usg=AOvVaw0JEkCtDMug2hzrhBS41Atz\">AQUI<\/a><\/span>.<\/b><\/span><\/li>\n<li>M\u00e9s informaci\u00f3 <a href=\"https:\/\/agora.xtec.cat\/ceiprivorubeo\/general\/portes-obertes-curs-24-25\/\"><strong>AQU\u00cd<\/strong><\/a>.<\/li>\n<\/ul>\n<div><\/div>\n<\/div>\n<p>&nbsp;<\/li>\n<li><span style=\"font-size: 12pt;\">Abans de la vostra visita podeu veure aquesta\u00a0<span style=\"text-decoration: underline; color: #0000ff;\"><a style=\"color: #0000ff; text-decoration: underline;\" href=\"https:\/\/drive.google.com\/file\/d\/1UZpX5jHaCHcm12r213yuiSraUnIQH9KK\/view?usp=sharing\">visita virtual pel centre<\/a><\/span>\u00a0i la\u00a0<span style=\"text-decoration: underline; color: #0000ff;\"><a style=\"color: #0000ff; text-decoration: underline;\" href=\"https:\/\/prezi.com\/lbulwdhayyzl\/?token=9ac5c2982f05b27564f4c0fb495160e01831b7c93e5e4eef744115a244826507\">presentaci\u00f3 del Projecte Educatiu<\/a><\/span>\u00a0(que es pot consultar permanentment).<\/span><\/li>\n<\/ul>\n<hr \/>\n<h2><strong>AFA<\/strong><\/h2>\n<p><span style=\"font-size: 12pt;\">Si voleu con\u00e8ixer millor\u00a0<span style=\"color: #0000ff;\"><a style=\"color: #0000ff;\" href=\"afa\/qui-som\">l&#8217;AFA<\/a><\/span>, a la web tamb\u00e9 en podeu consultar molta informaci\u00f3.<\/span><\/p>\n<hr \/>\n<h2><strong>M\u00c9S INFORMACI\u00d3&#8230;<\/strong><\/h2>\n<p><span style=\"font-size: 12pt; color: #0000ff;\"><a style=\"color: #0000ff;\" href=\"https:\/\/preinscripcio.gencat.cat\/ca\/estudis\/infantil-3-6\/inici\/\">Clicant\u00a0aqu\u00ed\u00a0podreu accedir a tota la informaci\u00f3 que publica la Generalitat a la seva plana web, gencat.cat:<\/a><\/span><\/p>\n<ul>\n<li><span style=\"font-size: 12pt;\">Dates de preinscripci\u00f3.<\/span><\/li>\n<li><span style=\"font-size: 12pt;\">Criteris de prioritat.<\/span><\/li>\n<li><span style=\"font-size: 12pt;\">Calendari de matriculaci\u00f3.\u00a0<\/span><\/li>\n<\/ul>\n<p><span style=\"font-size: 12pt;\"><span style=\"color: #0000ff;\"><a style=\"color: #0000ff;\" href=\"https:\/\/www.rubi.cat\/ca\/temes\/educacio\/preinscripcio-i-matriculacio\">Tamb\u00e9 us deixem l&#8217;enlla\u00e7 a la informaci\u00f3 publicada per l&#8217;Ajuntament de Rub\u00ed.<\/a><\/span><em><br \/>\n<\/em><\/span><\/p>\n<ul>\n<li><span style=\"font-size: 12pt;\">Oferta educativa de la ciutat.<\/span><\/li>\n<li><span style=\"font-size: 12pt;\">Calendari de portes obertes.<\/span><\/li>\n<li><span style=\"font-size: 12pt;\">Puntuaci\u00f3 per zones de resid\u00e8ncia.<\/span><\/li>\n<\/ul>\n","protected":false},"excerpt":{"rendered":"<p>Us donem la benvinguda a l&#8217;escola Rivo Rubeo!<br \/>\nEn aquest apartat us anirem publicant tota la\u00a0informaci\u00f3 necess\u00e0ria per\u00a0seguir el proc\u00e9s de preinscripci\u00f3 i matr\u00edcula. Si continueu navegant per la nostra web, podreu consultar informaci\u00f3 sobre el <a href=\"l-escola\/projecte\/projecte-educatiu\">nostre Projecte\u00a0Educatiu<\/a>, el\u00a0<a style=\"color: #0000ff;\" href=\"l-escola\/projecte\/projecte-direccio\">Projecte de Direcci\u00f3<\/a>, els&hellip;  <a href=\"https:\/\/agora.xtec.cat\/ceiprivorubeo\/preinscripcio-i-matricula-curs-24-25\/\" title=\"Read Preinscripci\u00f3 i matr\u00edcula Curs 24-25\">Llegeix m\u00e9s\u00bb<\/a><\/p>\n","protected":false},"author":1,"featured_media":0,"parent":0,"menu_order":0,"comment_status":"closed","ping_status":"closed","template":"","meta":{"_bbp_topic_count":0,"_bbp_reply_count":0,"_bbp_total_topic_count":0,"_bbp_total_reply_count":0,"_bbp_voice_count":0,"_bbp_anonymous_reply_count":0,"_bbp_topic_count_hidden":0,"_bbp_reply_count_hidden":0,"_bbp_forum_subforum_count":0,"footnotes":""},"class_list":["post-3753","page","type-page","status-publish","hentry"],"post_mailing_queue_ids":[],"_links":{"self":[{"href":"https:\/\/agora.xtec.cat\/ceiprivorubeo\/wp-json\/wp\/v2\/pages\/3753","targetHints":{"allow":["GET"]}}],"collection":[{"href":"https:\/\/agora.xtec.cat\/ceiprivorubeo\/wp-json\/wp\/v2\/pages"}],"about":[{"href":"https:\/\/agora.xtec.cat\/ceiprivorubeo\/wp-json\/wp\/v2\/types\/page"}],"author":[{"embeddable":true,"href":"https:\/\/agora.xtec.cat\/ceiprivorubeo\/wp-json\/wp\/v2\/users\/1"}],"replies":[{"embeddable":true,"href":"https:\/\/agora.xtec.cat\/ceiprivorubeo\/wp-json\/wp\/v2\/comments?post=3753"}],"version-history":[{"count":6,"href":"https:\/\/agora.xtec.cat\/ceiprivorubeo\/wp-json\/wp\/v2\/pages\/3753\/revisions"}],"predecessor-version":[{"id":4159,"href":"https:\/\/agora.xtec.cat\/ceiprivorubeo\/wp-json\/wp\/v2\/pages\/3753\/revisions\/4159"}],"wp:attachment":[{"href":"https:\/\/agora.xtec.cat\/ceiprivorubeo\/wp-json\/wp\/v2\/media?parent=3753"}],"curies":[{"name":"wp","href":"https:\/\/api.w.org\/{rel}","templated":true}]}}