{"id":28,"date":"2025-12-18T12:29:35","date_gmt":"2025-12-18T11:29:35","guid":{"rendered":"http:\/\/agora.xtec.cat\/ceiprivorubeo\/?page_id=28"},"modified":"2025-12-18T15:10:22","modified_gmt":"2025-12-18T14:10:22","slug":"consell-escolar","status":"publish","type":"page","link":"https:\/\/agora.xtec.cat\/ceiprivorubeo\/lescola\/consell-escolar\/","title":{"rendered":"Consell escolar"},"content":{"rendered":"<p style=\"text-align: left;\">El Consell Escolar el formen representants de tota la comunitat educativa: direcci\u00f3, equip docent, fam\u00edlies, personal d&#8217;administraci\u00f3 i serveis, un\/a representant de l&#8217;administraci\u00f3 local, un\/a representant de l&#8217;AFA i altres persones que el mateix consell consideri necess\u00e0ries. Vetlla pel bon funcionament i organitzaci\u00f3 del centre i participa en la presa de decisions relacionades; el projecte educatiu, la programaci\u00f3 general, la gesti\u00f3 econ\u00f2mica, etc.<\/p>\n<p>Les persones representants del consell escolar s\u00f3n escollides per un per\u00edode de quatre anys, per\u00f2 cada dos anys es convoquen eleccions per renovar la meitat dels seus membres, lles \u00faltimes eleccions es van convocar el desembre de 2023. Per ser representant del sector pares i mares nom\u00e9s cal tenir ganes de formar-ne part i tenir disponibilitat hor\u00e0ria per participar a les reunions que es fan en horari de tarda a les 17h. Se solen celebrar entre 4 i 6 reunions al llarg del curs.<\/p>\n<p>Consulteu la <a href=\"http:\/\/www20.gencat.cat\/portal\/site\/familiaescola\/menuitem.5b21aabe12191ad9aacf3010b0c0e1a0\/?vgnextoid=4b43f679b3db0310VgnVCM1000000b0c1e0aRCRD&amp;vgnextchannel=4b43f679b3db0310VgnVCM1000000b0c1e0aRCRD&amp;vgnextfmt=default\" target=\"_blank\" rel=\"noopener noreferrer\">Web Fam\u00edlia i Escola, <\/a>on hi trobareu informaci\u00f3 sobre els consells escolars, les seves funcions i la seva import\u00e0ncia.<\/p>\n<p>Els membres actuals del consell escolar del Rivo Rubeo<\/p>\n<table style=\"width: 33.1493%; height: 913px;\" border=\"0\" cellspacing=\"0\" cellpadding=\"0\">\n<tbody>\n<tr>\n<td style=\"width: 38.0744%;\" width=\"164\"><strong>Cristina Mart\u00ednez<\/strong><\/td>\n<td style=\"width: 15.0985%;\" width=\"65\"><strong>\u00a0<\/strong><\/td>\n<td style=\"width: 46.3895%;\" width=\"200\"><strong>Presidenta<\/strong><\/td>\n<\/tr>\n<tr>\n<td style=\"width: 38.0744%;\" width=\"164\"><strong>Patr\u00edcia Toledano<\/strong><\/td>\n<td style=\"width: 15.0985%;\" width=\"65\"><strong>\u00a0<\/strong><\/td>\n<td style=\"width: 46.3895%;\" width=\"200\"><strong>Secret\u00e0ria\u00a0<\/strong><\/td>\n<\/tr>\n<tr>\n<td style=\"width: 38.0744%;\" width=\"164\"><strong>Vero Suazo<\/strong><\/td>\n<td style=\"width: 15.0985%;\" width=\"65\"><strong>\u00a0<\/strong><\/td>\n<td style=\"width: 46.3895%;\" width=\"200\"><strong>Cap d&#8217;estudis<\/strong><\/td>\n<\/tr>\n<tr>\n<td style=\"width: 38.0744%;\" width=\"164\"><strong>Lorena Andreu<\/strong><\/td>\n<td style=\"width: 15.0985%;\" width=\"65\"><strong>\u00a0<\/strong><\/td>\n<td style=\"width: 46.3895%;\" width=\"200\"><strong>Representant mestres\u00a0<\/strong><\/td>\n<\/tr>\n<tr>\n<td style=\"width: 38.0744%;\" width=\"164\"><strong>L\u00eddia And\u00fajar<\/strong><\/td>\n<td style=\"width: 15.0985%;\" width=\"65\"><strong>\u00a0<\/strong><\/td>\n<td style=\"width: 46.3895%;\" width=\"200\"><strong>Representant mestres\u00a0<\/strong><\/td>\n<\/tr>\n<tr>\n<td style=\"width: 38.0744%;\" width=\"164\"><strong>Clara Plaja<\/strong><\/td>\n<td style=\"width: 15.0985%;\" width=\"65\"><strong>\u00a0<\/strong><\/td>\n<td style=\"width: 46.3895%;\" width=\"200\"><strong>Representant mestres<\/strong><\/td>\n<\/tr>\n<tr>\n<td style=\"width: 38.0744%;\" width=\"164\"><strong>Desir\u00e9e Gallardo<\/strong><\/td>\n<td style=\"width: 15.0985%;\" width=\"65\"><strong>\u00a0<\/strong><\/td>\n<td style=\"width: 46.3895%;\" width=\"200\"><strong>Representant mestres<\/strong><\/td>\n<\/tr>\n<tr>\n<td style=\"width: 38.0744%;\" width=\"164\"><strong>Gemma Cuesta<\/strong><\/td>\n<td style=\"width: 15.0985%;\" width=\"65\"><strong>\u00a0<\/strong><\/td>\n<td style=\"width: 46.3895%;\" width=\"200\"><strong>Representant pares i mares<\/strong><\/td>\n<\/tr>\n<tr>\n<td style=\"width: 38.0744%;\" width=\"164\"><strong>Amanda Mart\u00ednez<\/strong><\/td>\n<td style=\"width: 15.0985%;\" width=\"65\"><strong>\u00a0<\/strong><\/td>\n<td style=\"width: 46.3895%;\" width=\"200\"><strong>Representant pares i mares<\/strong><\/td>\n<\/tr>\n<tr>\n<td style=\"width: 38.0744%;\" width=\"164\"><strong>Manuel Peinado<\/strong><\/td>\n<td style=\"width: 15.0985%;\" width=\"65\"><strong>\u00a0<\/strong><\/td>\n<td style=\"width: 46.3895%;\" width=\"200\"><strong>Representant pares i mares<\/strong><\/td>\n<\/tr>\n<tr>\n<td style=\"width: 38.0744%;\" width=\"164\"><strong>Javier Royo<\/strong><\/td>\n<td style=\"width: 15.0985%;\" width=\"65\"><strong>\u00a0<\/strong><\/td>\n<td style=\"width: 46.3895%;\" width=\"200\"><strong>Representant pares i mares<\/strong><\/td>\n<\/tr>\n<tr>\n<td style=\"width: 38.0744%;\" width=\"164\"><strong>Gemma Sampons<\/strong><\/td>\n<td style=\"width: 15.0985%;\" width=\"65\"><strong>\u00a0<\/strong><\/td>\n<td style=\"width: 46.3895%;\" width=\"200\"><strong>Representant\u00a0AFA<\/strong><\/td>\n<\/tr>\n<tr>\n<td style=\"width: 38.0744%;\" width=\"164\"><strong>S\u00f2nia Carmona<\/strong><\/td>\n<td style=\"width: 15.0985%;\" width=\"65\"><strong>\u00a0<\/strong><\/td>\n<td style=\"width: 46.3895%;\" width=\"200\"><strong>Representant personal no docent<\/strong><\/td>\n<\/tr>\n<tr>\n<td style=\"width: 38.0744%;\" width=\"164\"><strong>Ariadna Cavero<\/strong><\/td>\n<td style=\"width: 15.0985%;\" width=\"65\"><strong>\u00a0<\/strong><\/td>\n<td style=\"width: 46.3895%;\" width=\"200\"><strong>Representant Ajuntament<\/strong><\/td>\n<\/tr>\n<\/tbody>\n<\/table>\n","protected":false},"excerpt":{"rendered":"<p>El Consell Escolar el formen representants de tota la comunitat educativa: direcci\u00f3, equip docent, fam\u00edlies, personal d&#8217;administraci\u00f3 i serveis, un\/a representant de l&#8217;administraci\u00f3 local, un\/a representant de l&#8217;AFA i altres persones que el mateix consell consideri necess\u00e0ries. Vetlla pel bon funcionament i organitzaci\u00f3 del centre&hellip;  <a href=\"https:\/\/agora.xtec.cat\/ceiprivorubeo\/lescola\/consell-escolar\/\" title=\"Read Consell escolar\">Llegeix m\u00e9s\u00bb<\/a><\/p>\n","protected":false},"author":1,"featured_media":0,"parent":22,"menu_order":7,"comment_status":"closed","ping_status":"closed","template":"page-templates\/side-menu.php","meta":{"_bbp_topic_count":0,"_bbp_reply_count":0,"_bbp_total_topic_count":0,"_bbp_total_reply_count":0,"_bbp_voice_count":0,"_bbp_anonymous_reply_count":0,"_bbp_topic_count_hidden":0,"_bbp_reply_count_hidden":0,"_bbp_forum_subforum_count":0,"footnotes":""},"class_list":["post-28","page","type-page","status-publish","hentry"],"post_mailing_queue_ids":[],"_links":{"self":[{"href":"https:\/\/agora.xtec.cat\/ceiprivorubeo\/wp-json\/wp\/v2\/pages\/28","targetHints":{"allow":["GET"]}}],"collection":[{"href":"https:\/\/agora.xtec.cat\/ceiprivorubeo\/wp-json\/wp\/v2\/pages"}],"about":[{"href":"https:\/\/agora.xtec.cat\/ceiprivorubeo\/wp-json\/wp\/v2\/types\/page"}],"author":[{"embeddable":true,"href":"https:\/\/agora.xtec.cat\/ceiprivorubeo\/wp-json\/wp\/v2\/users\/1"}],"replies":[{"embeddable":true,"href":"https:\/\/agora.xtec.cat\/ceiprivorubeo\/wp-json\/wp\/v2\/comments?post=28"}],"version-history":[{"count":6,"href":"https:\/\/agora.xtec.cat\/ceiprivorubeo\/wp-json\/wp\/v2\/pages\/28\/revisions"}],"predecessor-version":[{"id":5016,"href":"https:\/\/agora.xtec.cat\/ceiprivorubeo\/wp-json\/wp\/v2\/pages\/28\/revisions\/5016"}],"up":[{"embeddable":true,"href":"https:\/\/agora.xtec.cat\/ceiprivorubeo\/wp-json\/wp\/v2\/pages\/22"}],"wp:attachment":[{"href":"https:\/\/agora.xtec.cat\/ceiprivorubeo\/wp-json\/wp\/v2\/media?parent=28"}],"curies":[{"name":"wp","href":"https:\/\/api.w.org\/{rel}","templated":true}]}}