{"id":360,"date":"2014-11-19T15:30:06","date_gmt":"2014-11-19T13:30:06","guid":{"rendered":"http:\/\/www.rieraderibes.cat\/?page_id=360"},"modified":"2023-07-20T13:15:01","modified_gmt":"2023-07-20T11:15:01","slug":"projecte-educatiu-2","status":"publish","type":"page","link":"https:\/\/agora.xtec.cat\/ceiprieraderibes\/projecte-educatiu-2\/","title":{"rendered":"Projecte Educatiu"},"content":{"rendered":"<p>&nbsp;<\/p>\n<p><a href=\"http:\/\/agora.xtec.cat\/ceiprieraderibes\/wp-content\/uploads\/usu901\/2014\/11\/PEC-Riera-de-Ribes.pdf\" target=\"_blank\" rel=\"noopener noreferrer\"><img loading=\"lazy\" decoding=\"async\" class=\"alignright wp-image-296\" src=\"http:\/\/agora.xtec.cat\/ceiprieraderibes\/wp-content\/uploads\/usu901\/2014\/11\/comic.jpg\" alt=\"comic\" width=\"435\" height=\"540\" srcset=\"https:\/\/agora.xtec.cat\/ceiprieraderibes\/wp-content\/uploads\/usu901\/2014\/11\/comic.jpg 501w, https:\/\/agora.xtec.cat\/ceiprieraderibes\/wp-content\/uploads\/usu901\/2014\/11\/comic-242x300.jpg 242w\" sizes=\"auto, (max-width: 435px) 100vw, 435px\" \/><\/a>El model educatiu de l\u2019escola Riera de Ribes proposa ensenyar i aprendre des de la l\u00f2gica del funcionament de les persones, en com resolen els reptes\u00a0de la vida utilitzant els sabers com a eina per comprendre i per resoldre les situacions del m\u00f3n real. Aix\u00ed els aprenentatges s\u00f3n de m\u00e9s qualitat, es milloren: els resultats educatius i la cohesi\u00f3 social. Una instituci\u00f3 en la que s\u2019apr\u00e8n m\u00e9s i millor perqu\u00e8 posa l\u2019\u00e8mfasi en el valor de cadasc\u00fa, en la millora del talent de cadasc\u00fa \u2013alumnat, professionals i faAnnex PEC<\/p>\n<p>m\u00edlies- i millora el projecte com\u00fa.<\/p>\n<p>MARC D&#8217;ACTUACI\u00d3:<br \/>\n. Intervenci\u00f3 en diferents contextos on cadasc\u00fa es pot recon\u00e8ixer la pr\u00f2pia capacitat d&#8217;aprendre.<br \/>\n. Construcci\u00f3 de xarxes de relaci\u00f3, col\u00b7laboraci\u00f3 i intercanvi entre el dins i el fora de l&#8217;escola.<br \/>\n. Voluntat de millora en els diferents \u00e0mbits que configuren la cultura de l&#8217;escola des del valor de cadasc\u00fa i els rols que pot desenvolupar.<br \/>\n. Resoluci\u00f3 de situacions del m\u00f3n real amb la intenci\u00f3 de reflexionar sobre els sabers i el mateix proc\u00e9s d&#8217;aprendre a partir d&#8217;itineraris cognitius diversificats tenint en compte els interessos, els processos i els ritmes de cadasc\u00fa.<\/p>\n<p>VALORS:<br \/>\n. Ens plantegem reptes que ens preocupen o ens interessen resoldre per a la vida de les persones.<br \/>\n. Cultura del valor de la comunicaci\u00f3 per a la millora.<br \/>\n. Utilitzem els sabers com a eina per a comprendre i resoldre, fent i reflexionant sobre el qu\u00e8 fem per a ser competents a la vida.<br \/>\n. Actuem en situacions del m\u00f3n real, des de la complexitat.<br \/>\n. Creiem en un infant com a individu i en un mestre capa\u00e7 d&#8217;actuar d&#8217;acord amb el sentit dels sabers.<br \/>\n. Potenciem el valor de les idees de les persones.<br \/>\n. Donem valor al fet de sentir-nos que pertanyem a una comunitat.<\/p>\n<div class=\"entry-content\">\n<ul>\n<li><a href=\"https:\/\/agora.xtec.cat\/ceiprieraderibes\/wp-content\/uploads\/usu901\/2023\/07\/1.-PdD_n_sarriazahonero_gener-2023-act.pdf\">PROJECTE DE DIRECCI\u00d3 2023-2027<\/a><\/li>\n<li><a style=\"color: #2795b6;\" href=\"https:\/\/agora.xtec.cat\/ceiprieraderibes\/wp-content\/uploads\/usu901\/2018\/11\/annexe-PEC-RieradeRibes.pdf\" target=\"_blank\" rel=\"noopener noreferrer\">ANNEX-PEC (En proc\u00e9s d&#8217;actualitzaci\u00f3)<\/a><\/li>\n<li><a href=\"https:\/\/agora.xtec.cat\/ceiprieraderibes\/wp-content\/uploads\/usu901\/2019\/03\/Pla-ling\u00fc\u00edstic-Riera-de-Ribes-watermark.pdf\" target=\"_blank\" rel=\"noopener noreferrer\">PROJECTE LING\u00dc\u00cdSTIC (En Proc\u00e8s d&#8217;Actualitzaci\u00f3)<\/a><\/li>\n<li><a href=\"https:\/\/agora.xtec.cat\/ceiprieraderibes\/wp-content\/uploads\/usu901\/2019\/03\/NOFC-Riera-de-Ribes-watermark-1.pdf\" target=\"_blank\" rel=\"noopener noreferrer\">NOFC RIERA DE RIBES (En Proc\u00e8s d&#8217;Actualitzaci\u00f3)<\/a><\/li>\n<li><a href=\"https:\/\/agora.xtec.cat\/ceiprieraderibes\/wp-content\/uploads\/usu901\/2019\/03\/annex-regim-intern-Documnet-Saber-estar-watermark.pdf\" target=\"_blank\" rel=\"noopener noreferrer\">ANNEX NOFC RIERA DE RIBES (En Proc\u00e8s d&#8217;Actualitzaci\u00f3)<\/a><\/li>\n<li><a href=\"https:\/\/agora.xtec.cat\/ceiprieraderibes\/wp-content\/uploads\/usu901\/2019\/06\/Carta-comprom\u00eds.pdf\">CARTA DE COMPROM\u00cdS EDUCATIU<\/a><\/li>\n<li><a href=\"https:\/\/sites.google.com\/rieraderibes.cat\/estrategiadigitaldecentreriera?usp=sharing\" target=\"_blank\" rel=\"noopener\">ESTRAT\u00c8GIA DIGITAL DE CENTRE<\/a><\/li>\n<\/ul>\n<p>&nbsp;<\/p>\n<\/div>\n","protected":false},"excerpt":{"rendered":"<p>&nbsp;<br \/>\n<a href=\"http:\/\/agora.xtec.cat\/ceiprieraderibes\/wp-content\/uploads\/usu901\/2014\/11\/PEC-Riera-de-Ribes.pdf\" target=\"_blank\" rel=\"noopener noreferrer\"><\/a>El model educatiu de l\u2019escola Riera de Ribes proposa ensenyar i aprendre des de la l\u00f2gica del funcionament de les persones, en com resolen els reptes\u00a0de la vida utilitzant els sabers com a eina per comprendre i per resoldre les situacions&hellip;  <a href=\"https:\/\/agora.xtec.cat\/ceiprieraderibes\/projecte-educatiu-2\/\" title=\"Read Projecte Educatiu\">Llegeix m\u00e9s\u00bb<\/a><\/p>\n","protected":false},"author":175,"featured_media":296,"parent":0,"menu_order":0,"comment_status":"open","ping_status":"open","template":"","meta":{"_bbp_topic_count":0,"_bbp_reply_count":0,"_bbp_total_topic_count":0,"_bbp_total_reply_count":0,"_bbp_voice_count":0,"_bbp_anonymous_reply_count":0,"_bbp_topic_count_hidden":0,"_bbp_reply_count_hidden":0,"_bbp_forum_subforum_count":0,"footnotes":""},"class_list":["post-360","page","type-page","status-publish","has-post-thumbnail","hentry"],"post_mailing_queue_ids":[],"_links":{"self":[{"href":"https:\/\/agora.xtec.cat\/ceiprieraderibes\/wp-json\/wp\/v2\/pages\/360","targetHints":{"allow":["GET"]}}],"collection":[{"href":"https:\/\/agora.xtec.cat\/ceiprieraderibes\/wp-json\/wp\/v2\/pages"}],"about":[{"href":"https:\/\/agora.xtec.cat\/ceiprieraderibes\/wp-json\/wp\/v2\/types\/page"}],"author":[{"embeddable":true,"href":"https:\/\/agora.xtec.cat\/ceiprieraderibes\/wp-json\/wp\/v2\/users\/175"}],"replies":[{"embeddable":true,"href":"https:\/\/agora.xtec.cat\/ceiprieraderibes\/wp-json\/wp\/v2\/comments?post=360"}],"version-history":[{"count":5,"href":"https:\/\/agora.xtec.cat\/ceiprieraderibes\/wp-json\/wp\/v2\/pages\/360\/revisions"}],"predecessor-version":[{"id":13112,"href":"https:\/\/agora.xtec.cat\/ceiprieraderibes\/wp-json\/wp\/v2\/pages\/360\/revisions\/13112"}],"wp:featuredmedia":[{"embeddable":true,"href":"https:\/\/agora.xtec.cat\/ceiprieraderibes\/wp-json\/wp\/v2\/media\/296"}],"wp:attachment":[{"href":"https:\/\/agora.xtec.cat\/ceiprieraderibes\/wp-json\/wp\/v2\/media?parent=360"}],"curies":[{"name":"wp","href":"https:\/\/api.w.org\/{rel}","templated":true}]}}