{"id":315,"date":"2014-11-19T13:37:41","date_gmt":"2014-11-19T11:37:41","guid":{"rendered":"http:\/\/www.rieraderibes.cat\/?page_id=315"},"modified":"2020-01-28T15:40:35","modified_gmt":"2020-01-28T14:40:35","slug":"experiencies-i-treballs-de-recerca","status":"publish","type":"page","link":"https:\/\/agora.xtec.cat\/ceiprieraderibes\/experiencies-i-treballs-de-recerca\/","title":{"rendered":"Experi\u00e8ncies  i Treballs de Recerca"},"content":{"rendered":"<p>En aquest espai es mostren les experi\u00e8ncies i els\u00a0 treballs de recerca en els que l\u2019escola\u00a0 hi\u00a0 col\u00b7labora\u00a0 i hi ha participat\u00a0 al llarg dels anys.<\/p>\n<ul>\n<li>Una altra escola \u00e9s possible?<\/li>\n<\/ul>\n<p style=\"padding-left: 30px;\">L&#8217;escola Riera de Ribes va participar l&#8217;any 2005 en la Va convocat\u00f2ria d&#8217;ajunt a un projecte de recerca en l&#8217;etapa d&#8217;ensenyament obligatori, Fundaci\u00f3 Propedag\u00f2gic.<\/p>\n<p style=\"padding-left: 30px;\"><a href=\"http:\/\/www.xtec.cat\/ceiprieraderibes\/indextot_archivos\/Un%20altre%20escola%20es%20posible\/index.htm\" target=\"_blank\" rel=\"noopener noreferrer\"><img loading=\"lazy\" decoding=\"async\" class=\"alignnone wp-image-545 size-full\" src=\"http:\/\/agora.xtec.cat\/ceiprieraderibes\/wp-content\/uploads\/usu901\/2014\/12\/titol.gif\" alt=\"Una altra escola \u00e9s possible\" width=\"760\" height=\"98\" \/><\/a><\/p>\n<ul>\n<li>Informe Fundaci\u00f3 Jaume Bofill<\/li>\n<\/ul>\n<p style=\"padding-left: 30px; text-align: left;\"><a href=\"http:\/\/agora.xtec.cat\/ceiprieraderibes\/wp-content\/uploads\/usu901\/2014\/11\/Riera-de-Ribes-FUNDACIO-Jaume-Bofill.pdf\" target=\"_blank\" rel=\"noopener noreferrer\"><img loading=\"lazy\" decoding=\"async\" class=\"alignleft wp-image-550 size-full\" src=\"http:\/\/agora.xtec.cat\/ceiprieraderibes\/wp-content\/uploads\/usu901\/2014\/11\/581.jpg\" alt=\"581\" width=\"140\" height=\"198\" \/><\/a><\/p>\n<p style=\"padding-left: 30px; text-align: justify;\"><!--more--><\/p>\n<p style=\"padding-left: 30px; text-align: justify;\">L\u2019informe Lideratge per l\u2019aprenentatge estudia el lideratge que fa possible entorns\u00a0 d&#8217;aprenentatge innovadors a partir de l&#8217;an\u00e0lisi d&#8217;experi\u00e8ncies que van poder observar els membres de la Fundaci\u00f3 Jaume Bofill despr\u00e8s de visitar\u00a0 3 escoles i 3 instituts de tot Catalunya. Una d\u2019aquestes escoles \u00e9s la nostra, l\u2019escola Riera de Ribes.<\/p>\n<ul>\n<li style=\"text-align: justify;\"><strong>Universitats<\/strong><br \/>\nEls projectes ARMIF:<br \/>\n\u2022 Democr\u00e0cia a les aules<br \/>\n\u2022 La millora de l\u2019\u00fas de les lleng\u00fces a l\u2019aula com a mediaci\u00f3 per a l\u2019aprenentatge interdisciplinari: aprendre el discurs de l\u2019aula (Els mestres participen dins d\u2019aquest projecte juntament amb les universitats UAB, UB, UdG, \u2026)\u00a0 \u00a0 \u00a0 \u00a0 \u00a0 \u00a0 \u00a0 \u00a0 \u00a0 \u00a0 \u00a0 \u00a0 \u00a0 \u00a0 \u00a0 \u00a0 \u00a0 \u00a0 \u00a0 \u00a0 \u00a0 \u00a0 \u00a0 \u00a0 \u00a0 \u00a0 \u00a0 \u00a0 \u00a0 \u00a0 \u00a0 \u00a0 \u00a0 \u00a0 \u00a0 \u00a0 \u00a0 \u00a0 \u00a0 \u00a0 \u00a0 \u00a0 \u00a0 \u00a0 \u00a0 \u00a0 \u00a0 \u00a0 \u00a0 \u00a0 \u00a0 \u2022 Pluriling\u00fc\u00edsme<\/li>\n<\/ul>\n<p>Tamb\u00e9 les mestres de l\u2019escola, des de fa molts anys, col\u00b7laborem en el m\u00f3n educatiu des de diferents \u00e0mbits. Aquest curs hem participat com a ponents en :<\/p>\n<ul>\n<li>Taula Rodona de Apr\u00e8n a aprendre (Projecte ARMIF)<\/li>\n<li>Jornades de matem\u00e0tiques de l\u2019ICE de l\u2019UAB. La cultura matem\u00e0tica de les persones<\/li>\n<li>Postgrau de Pedagogia Sist\u00e8mica de la Universitat de Girona<\/li>\n<li>Programa L\u2019Ofici d\u2019Educar de Catalunya Radio : L\u2019escola dels meus sommis.<\/li>\n<\/ul>\n","protected":false},"excerpt":{"rendered":"<p>En aquest espai es mostren les experi\u00e8ncies i els\u00a0 treballs de recerca en els que l\u2019escola\u00a0 hi\u00a0 col\u00b7labora\u00a0 i hi ha participat\u00a0 al llarg dels anys.<\/p>\n<ul>\n<li>Una altra escola \u00e9s possible?<\/li>\n<\/ul>\n<p>L&#8217;escola Riera de Ribes va participar l&#8217;any 2005 en la Va convocat\u00f2ria d&#8217;ajunt a un projecte&hellip;  <a href=\"https:\/\/agora.xtec.cat\/ceiprieraderibes\/experiencies-i-treballs-de-recerca\/\" title=\"Read Experi\u00e8ncies  i Treballs de Recerca\">Llegeix m\u00e9s\u00bb<\/a><\/p>\n","protected":false},"author":175,"featured_media":0,"parent":0,"menu_order":0,"comment_status":"open","ping_status":"open","template":"","meta":{"_bbp_topic_count":0,"_bbp_reply_count":0,"_bbp_total_topic_count":0,"_bbp_total_reply_count":0,"_bbp_voice_count":0,"_bbp_anonymous_reply_count":0,"_bbp_topic_count_hidden":0,"_bbp_reply_count_hidden":0,"_bbp_forum_subforum_count":0,"footnotes":""},"class_list":["post-315","page","type-page","status-publish","hentry"],"post_mailing_queue_ids":[],"_links":{"self":[{"href":"https:\/\/agora.xtec.cat\/ceiprieraderibes\/wp-json\/wp\/v2\/pages\/315","targetHints":{"allow":["GET"]}}],"collection":[{"href":"https:\/\/agora.xtec.cat\/ceiprieraderibes\/wp-json\/wp\/v2\/pages"}],"about":[{"href":"https:\/\/agora.xtec.cat\/ceiprieraderibes\/wp-json\/wp\/v2\/types\/page"}],"author":[{"embeddable":true,"href":"https:\/\/agora.xtec.cat\/ceiprieraderibes\/wp-json\/wp\/v2\/users\/175"}],"replies":[{"embeddable":true,"href":"https:\/\/agora.xtec.cat\/ceiprieraderibes\/wp-json\/wp\/v2\/comments?post=315"}],"version-history":[{"count":2,"href":"https:\/\/agora.xtec.cat\/ceiprieraderibes\/wp-json\/wp\/v2\/pages\/315\/revisions"}],"predecessor-version":[{"id":9517,"href":"https:\/\/agora.xtec.cat\/ceiprieraderibes\/wp-json\/wp\/v2\/pages\/315\/revisions\/9517"}],"wp:attachment":[{"href":"https:\/\/agora.xtec.cat\/ceiprieraderibes\/wp-json\/wp\/v2\/media?parent=315"}],"curies":[{"name":"wp","href":"https:\/\/api.w.org\/{rel}","templated":true}]}}