{"id":260,"date":"2014-11-19T11:12:33","date_gmt":"2014-11-19T09:12:33","guid":{"rendered":"http:\/\/www.rieraderibes.cat\/?page_id=260"},"modified":"2014-11-19T11:12:33","modified_gmt":"2014-11-19T09:12:33","slug":"benvinguda","status":"publish","type":"page","link":"https:\/\/agora.xtec.cat\/ceiprieraderibes\/benvinguda\/","title":{"rendered":"Benvinguda"},"content":{"rendered":"<p>&nbsp;<\/p>\n<p>Us donem la benvinguda a la p\u00e0gina de l\u2019Escola Riera de Ribes. Som una escola p\u00fablica que fa possible una proposta innovadora, singular i de qualitat que creix des de la reflexi\u00f3 compartida, cadasc\u00fa des del lloc que ocupa, per a la millora. <a href=\"http:\/\/agora.xtec.cat\/ceiprieraderibes\/wp-content\/uploads\/usu901\/2014\/11\/fa\u00e7ana-e1416494858348.jpg\"><br \/>\n<\/a><\/p>\n\n\t\t<style type=\"text\/css\">\n\t\t\t#gallery-1 {\n\t\t\t\tmargin: auto;\n\t\t\t}\n\t\t\t#gallery-1 .gallery-item {\n\t\t\t\tfloat: left;\n\t\t\t\tmargin-top: 10px;\n\t\t\t\ttext-align: center;\n\t\t\t\twidth: 33%;\n\t\t\t}\n\t\t\t#gallery-1 img {\n\t\t\t\tborder: 2px solid #cfcfcf;\n\t\t\t}\n\t\t\t#gallery-1 .gallery-caption {\n\t\t\t\tmargin-left: 0;\n\t\t\t}\n\t\t\t\/* see gallery_shortcode() in wp-includes\/media.php *\/\n\t\t<\/style>\n\t\t<div id='gallery-1' class='gallery galleryid-260 gallery-columns-3 gallery-size-thumbnail'><dl class='gallery-item'>\n\t\t\t<dt class='gallery-icon landscape'>\n\t\t\t\t<a href='https:\/\/agora.xtec.cat\/ceiprieraderibes\/img_9042-2\/'><img loading=\"lazy\" decoding=\"async\" width=\"150\" height=\"150\" src=\"https:\/\/agora.xtec.cat\/ceiprieraderibes\/wp-content\/uploads\/usu901\/2014\/12\/IMG_90421-150x150.jpg\" class=\"attachment-thumbnail size-thumbnail\" alt=\"\" \/><\/a>\n\t\t\t<\/dt><\/dl><dl class='gallery-item'>\n\t\t\t<dt class='gallery-icon portrait'>\n\t\t\t\t<a href='https:\/\/agora.xtec.cat\/ceiprieraderibes\/img_9045\/'><img loading=\"lazy\" decoding=\"async\" width=\"150\" height=\"150\" src=\"https:\/\/agora.xtec.cat\/ceiprieraderibes\/wp-content\/uploads\/usu901\/2014\/12\/IMG_9045-150x150.jpg\" class=\"attachment-thumbnail size-thumbnail\" alt=\"\" \/><\/a>\n\t\t\t<\/dt><\/dl><dl class='gallery-item'>\n\t\t\t<dt class='gallery-icon landscape'>\n\t\t\t\t<a href='https:\/\/agora.xtec.cat\/ceiprieraderibes\/img_9039b\/'><img loading=\"lazy\" decoding=\"async\" width=\"150\" height=\"150\" src=\"https:\/\/agora.xtec.cat\/ceiprieraderibes\/wp-content\/uploads\/usu901\/2014\/12\/IMG_9039b-150x150.jpg\" class=\"attachment-thumbnail size-thumbnail\" alt=\"\" \/><\/a>\n\t\t\t<\/dt><\/dl><br style=\"clear: both\" \/>\n\t\t<\/div>\n\n<p>&nbsp;<\/p>\n<p>PRESENTACI\u00d3<\/p>\n<p>L\u2019Escola Riera de Ribes \u00e9s una escola p\u00fablica, catalana, arrelada i compromesa amb l\u2019entorn tan natural com social. Atribu\u00efm a l\u2019educaci\u00f3 una funci\u00f3 social compartida, cadasc\u00fa des del lloc que ocupa, dirigida cap al desenvolupament personal de tots els membres de la comunitat educativa, principalment les nenes i nens, per la comprensi\u00f3 i participaci\u00f3 reflexiva i cr\u00edtica de la realitat, i per la dignitat de tots i totes. Una escola en constant proc\u00e9s de reflexi\u00f3 per aconseguir un ensenyament de qualitat, que es fonamenta en set idees:<br \/>\n\u2022 Una escola centrada en les persones;<br \/>\n\u2022 en la integraci\u00f3 dels sabers que configuren el curr\u00edculum;<br \/>\n\u2022 que genera contextos personals i comunitaris culturalment rics i complexos;<br \/>\n\u2022 que t\u00e9 en compte les idees dels nens i nenes com a base del treball;<br \/>\n\u2022 centrada en la comunicaci\u00f3;<br \/>\n\u2022 que s\u2019interessa per la millora i<br \/>\n\u2022 que pertany a una comunitat.<\/p>\n<p><iframe loading=\"lazy\" title=\"Documental La Riera\" src=\"https:\/\/player.vimeo.com\/video\/114470398?dnt=1&amp;app_id=122963\" width=\"500\" height=\"400\" frameborder=\"0\" allow=\"autoplay; fullscreen; picture-in-picture; clipboard-write\"><\/iframe><\/p>\n","protected":false},"excerpt":{"rendered":"<p>&nbsp;<br \/>\nUs donem la benvinguda a la p\u00e0gina de l\u2019Escola Riera de Ribes. Som una escola p\u00fablica que fa possible una proposta innovadora, singular i de qualitat que creix des de la reflexi\u00f3 compartida, cadasc\u00fa des del lloc que ocupa, per a la millora. <a href=\"http:\/\/agora.xtec.cat\/ceiprieraderibes\/wp-content\/uploads\/usu901\/2014\/11\/fa\u00e7ana-e1416494858348.jpg\"><br \/>\n<\/a><\/p>\n<p>\t\t\t#gallery-2&hellip;  <a href=\"https:\/\/agora.xtec.cat\/ceiprieraderibes\/benvinguda\/\" title=\"Read Benvinguda\">Llegeix m\u00e9s\u00bb<\/a><\/p>\n","protected":false},"author":175,"featured_media":0,"parent":0,"menu_order":0,"comment_status":"open","ping_status":"open","template":"","meta":{"_bbp_topic_count":0,"_bbp_reply_count":0,"_bbp_total_topic_count":0,"_bbp_total_reply_count":0,"_bbp_voice_count":0,"_bbp_anonymous_reply_count":0,"_bbp_topic_count_hidden":0,"_bbp_reply_count_hidden":0,"_bbp_forum_subforum_count":0,"footnotes":""},"class_list":["post-260","page","type-page","status-publish","hentry"],"post_mailing_queue_ids":[],"_links":{"self":[{"href":"https:\/\/agora.xtec.cat\/ceiprieraderibes\/wp-json\/wp\/v2\/pages\/260","targetHints":{"allow":["GET"]}}],"collection":[{"href":"https:\/\/agora.xtec.cat\/ceiprieraderibes\/wp-json\/wp\/v2\/pages"}],"about":[{"href":"https:\/\/agora.xtec.cat\/ceiprieraderibes\/wp-json\/wp\/v2\/types\/page"}],"author":[{"embeddable":true,"href":"https:\/\/agora.xtec.cat\/ceiprieraderibes\/wp-json\/wp\/v2\/users\/175"}],"replies":[{"embeddable":true,"href":"https:\/\/agora.xtec.cat\/ceiprieraderibes\/wp-json\/wp\/v2\/comments?post=260"}],"version-history":[{"count":0,"href":"https:\/\/agora.xtec.cat\/ceiprieraderibes\/wp-json\/wp\/v2\/pages\/260\/revisions"}],"wp:attachment":[{"href":"https:\/\/agora.xtec.cat\/ceiprieraderibes\/wp-json\/wp\/v2\/media?parent=260"}],"curies":[{"name":"wp","href":"https:\/\/api.w.org\/{rel}","templated":true}]}}