{"id":234,"date":"2014-10-29T12:18:27","date_gmt":"2014-10-29T10:18:27","guid":{"rendered":"http:\/\/www.rieraderibes.cat\/?page_id=234"},"modified":"2014-10-29T12:18:27","modified_gmt":"2014-10-29T10:18:27","slug":"equip-educatiu","status":"publish","type":"page","link":"https:\/\/agora.xtec.cat\/ceiprieraderibes\/equip-educatiu\/","title":{"rendered":"Equip educatiu"},"content":{"rendered":"<p>&nbsp;<\/p>\n<p>L\u2019equip educatiu de l\u2019escola som professionals sabedors de la confian\u00e7a que ens fan les fam\u00edlies per\u00a0 deixar a les nostres mans els seus fills i filles que s\u00f3n el seu b\u00e9\u00a0 m\u00e9s preuat.<\/p>\n<p>&nbsp;<\/p>\n<p>Aquest Claustre s&#8217;organitza en els seg\u00fcents Equips:<\/p>\n<p><strong>Equip Directiu:<\/strong><br \/>\nDirectora: Lola S\u00e1nchez<br \/>\nCap d\u2019Estudis: Rosa M\u00aa Barnadas<br \/>\nSecret\u00e0ria: Montse Palaz\u00f3n<\/p>\n<p><strong>Equip de Gesti\u00f3-Assessor:<\/strong><br \/>\nLola S\u00e1nchez<br \/>\nRosa M\u00aa Barnadas<br \/>\nMontse Palaz\u00f3n<br \/>\nMar Grau<br \/>\nN\u00faria Borr\u00e0s<br \/>\nMarga Margalef<br \/>\nMari Nieblas<br \/>\nBelen Jaime<br \/>\nSusana Gallardo<\/p>\n<p><strong>Equip Educatiu del Consell Escolar:<\/strong><br \/>\nBelen Jaime<br \/>\nMontse Mil\u00e0<br \/>\nAgnes Sala<br \/>\nNeus Mil\u00e0<br \/>\nN\u00faria S\u00e0rria<br \/>\nSusana Gallardo<br \/>\nEli Castorina<br \/>\nPatri Exp\u00f3sito<\/p>\n<p><strong>Equip de Diversitat:<\/strong><br \/>\nRosa M\u00aa Barnadas<br \/>\nEli Castorina<br \/>\nBelen Jaime<\/p>\n<p><strong>Equip Formador:<\/strong><br \/>\nRosa M\u00aa Barnadas<br \/>\nN\u00faria Borr\u00e0s<br \/>\nNeus Mil\u00e0<br \/>\nMerc\u00e8 Cuadras<br \/>\nMarga Margalef<\/p>\n<p><strong>Equip TAC:<\/strong><br \/>\nElena Ferrer<br \/>\nC\u00e8lia Ganga<br \/>\nSusana Gallardo<br \/>\nLola S\u00e1nchez<\/p>\n<p><strong>Equip d\u2019Educaci\u00f3 Infantil:<\/strong><br \/>\nP3: Mari Nieblas i Belen Jaime<br \/>\nP4: M\u00f3nica Rovira i Gemma Gallofr\u00e9<br \/>\nP5: Montse Mil\u00e0 i Marina Boix<br \/>\nAssessora: Rosa M\u00aa Barnadas<br \/>\nCoordinaci\u00f3: Mari Nieblas<\/p>\n<p><strong>Equip d\u2019Educaci\u00f3 Prim\u00e0ria:<\/strong><br \/>\n1r: Diana Torres i \u00c0gnes Sala<br \/>\n2n: Elena Ferrer i Marga Margalef<br \/>\n3r: Noem\u00ed Mil\u00e0 i Esther Arteaga<br \/>\nAssessora: Marga Margalef<br \/>\nCoordinadora: Montse Palaz\u00f3n<\/p>\n<p>4t: Juan Murcia i N\u00faria Borr\u00e0s<br \/>\n5\u00e8: Eli Merino i Merc\u00e8 Cuadras<br \/>\n6\u00e8 N\u00faria S\u00e0rria i Neus Mil\u00e0<br \/>\nAssessora: N\u00faria Borr\u00e0s<br \/>\nCoordinadora: Mar Gau<\/p>\n<p><strong>Equip d\u2019especialistes:<\/strong><br \/>\nEducaci\u00f3 F\u00edsica: C\u00e8lia Ganga<br \/>\nPsicomotricitat: Joana Molina i Belen Jaime<br \/>\nAngl\u00e8s: Mar Grau i Johanna Polifrone<br \/>\nM\u00fasica: Susanna Gallardo i Daniel Paral<br \/>\nEducaci\u00f3 Especial: Eli Castorina i Belen Jaime<br \/>\nCoordinadora: Susanna Gallardo<\/p>\n<p><strong>Suport:<\/strong> Noem\u00ed L\u00f3pez<\/p>\n<p><strong>T\u00e8cnic especialista en Educaci\u00f3 Infantil:<\/strong>\u00a0 Patr\u00edcia Exp\u00f3sito<br \/>\n<strong>Personal Educador en Educaci\u00f3 Especial:<\/strong> Maria Medina<br \/>\n<strong>Auxiliar d\u2019Educaci\u00f3 Especial:<\/strong> Gloria Mart\u00ednez<\/p>\n","protected":false},"excerpt":{"rendered":"<p>&nbsp;<br \/>\nL\u2019equip educatiu de l\u2019escola som professionals sabedors de la confian\u00e7a que ens fan les fam\u00edlies per\u00a0 deixar a les nostres mans els seus fills i filles que s\u00f3n el seu b\u00e9\u00a0 m\u00e9s preuat.<br \/>\n&nbsp;<br \/>\nAquest Claustre s&#8217;organitza en els seg\u00fcents Equips:<br \/>\nEquip Directiu:<br \/>\nDirectora: Lola S\u00e1nchez<br \/>\nCap d\u2019Estudis: Rosa M\u00aa&hellip;  <a href=\"https:\/\/agora.xtec.cat\/ceiprieraderibes\/equip-educatiu\/\" title=\"Read Equip educatiu\">Llegeix m\u00e9s\u00bb<\/a><\/p>\n","protected":false},"author":1,"featured_media":0,"parent":0,"menu_order":0,"comment_status":"open","ping_status":"open","template":"","meta":{"_bbp_topic_count":0,"_bbp_reply_count":0,"_bbp_total_topic_count":0,"_bbp_total_reply_count":0,"_bbp_voice_count":0,"_bbp_anonymous_reply_count":0,"_bbp_topic_count_hidden":0,"_bbp_reply_count_hidden":0,"_bbp_forum_subforum_count":0,"footnotes":""},"class_list":["post-234","page","type-page","status-publish","hentry"],"post_mailing_queue_ids":[],"_links":{"self":[{"href":"https:\/\/agora.xtec.cat\/ceiprieraderibes\/wp-json\/wp\/v2\/pages\/234","targetHints":{"allow":["GET"]}}],"collection":[{"href":"https:\/\/agora.xtec.cat\/ceiprieraderibes\/wp-json\/wp\/v2\/pages"}],"about":[{"href":"https:\/\/agora.xtec.cat\/ceiprieraderibes\/wp-json\/wp\/v2\/types\/page"}],"author":[{"embeddable":true,"href":"https:\/\/agora.xtec.cat\/ceiprieraderibes\/wp-json\/wp\/v2\/users\/1"}],"replies":[{"embeddable":true,"href":"https:\/\/agora.xtec.cat\/ceiprieraderibes\/wp-json\/wp\/v2\/comments?post=234"}],"version-history":[{"count":0,"href":"https:\/\/agora.xtec.cat\/ceiprieraderibes\/wp-json\/wp\/v2\/pages\/234\/revisions"}],"wp:attachment":[{"href":"https:\/\/agora.xtec.cat\/ceiprieraderibes\/wp-json\/wp\/v2\/media?parent=234"}],"curies":[{"name":"wp","href":"https:\/\/api.w.org\/{rel}","templated":true}]}}