{"id":7994,"date":"2026-02-10T15:46:34","date_gmt":"2026-02-10T14:46:34","guid":{"rendered":"https:\/\/agora.xtec.cat\/ceippractiques2-lleida\/?page_id=7994"},"modified":"2026-02-13T09:57:47","modified_gmt":"2026-02-13T08:57:47","slug":"consum-de-pantalles","status":"publish","type":"page","link":"https:\/\/agora.xtec.cat\/ceippractiques2-lleida\/consum-de-pantalles\/","title":{"rendered":"Consum de pantalles"},"content":{"rendered":"<p>Us deixem a continuaci\u00f3 alguns <span style=\"text-decoration: underline;\">enlla\u00e7os d&#8217;inter\u00e8s<\/span>\u00a0per a les fam\u00edlies:<\/p>\n<ul>\n<li><a href=\"https:\/\/internetsegura.cat\/consells-ciberhigiene\/\">Consells b\u00e0sics de ciberhigiene per a una vida digital segura i saludable<\/a><\/li>\n<li><a href=\"https:\/\/canalsalut.gencat.cat\/ca\/vida-saludable\/us-responsable-noves-tecnologies\/infancia-adolescencia\/\">\u00das responsable de noves tecnologies en la inf\u00e0ncia i l&#8217;adolesc\u00e8ncia<\/a><\/li>\n<li><a title=\"Publicaci\u00f3 digital amb orientacions sobre la introducci\u00f3 de la tecnologia m\u00f2bil entre els 10 i els 16 anys\" href=\"https:\/\/xtec.gencat.cat\/web\/.content\/recursos\/tecinformacio\/usdispositiusmobils\/documents\/Guia-families-cruels.pdf\" target=\"_blank\" rel=\"noopener\"><span class=\"list-group-item-wrapper-content\">Publicaci\u00f3 digital amb orientacions sobre la introducci\u00f3 de la tecnologia m\u00f2bil entre els 10 i els 16 anys<\/span>\u00a0<\/a><\/li>\n<li><a title=\"Publicaci\u00f3 digital sobre l'impacte de les pantalles en la infantesa i l'adolesc\u00e8ncia\" href=\"https:\/\/xtec.gencat.cat\/web\/.content\/recursos\/tecinformacio\/usdispositiusmobils\/documents\/Infancia-y-pantallas.pdf\" target=\"_blank\" rel=\"noopener\"><span class=\"list-group-item-wrapper-content\">Publicaci\u00f3 digital sobre l&#8217;impacte de les pantalles en la infantesa i l&#8217;adolesc\u00e8ncia<\/span>\u00a0<\/a><\/li>\n<li><a href=\"https:\/\/educacio.gencat.cat\/ca\/arees-actuacio\/families\/us-tecnologies\/index.html\">Fem un bon \u00fas de les tecnologies\u00a0<\/a><\/li>\n<li><a href=\"https:\/\/internetsegura.cat\/families\/responsabilitats-fills-internet\/\">Quines responsabilitats tenen els meus fills a Internet?<\/a><\/li>\n<li><a href=\"https:\/\/www.incibe.es\/menores\/familias\">INCIBE (Instituto Nacional de Ciberseguridad)<\/a><\/li>\n<\/ul>\n<p><iframe loading=\"lazy\" title=\"La seva connexi\u00f3 dep\u00e8n de tu (Pantalles 0-3 anys)\" width=\"500\" height=\"281\" src=\"https:\/\/www.youtube.com\/embed\/g4l7lFbG_Cg?feature=oembed\" frameborder=\"0\" allow=\"accelerometer; autoplay; clipboard-write; encrypted-media; gyroscope; picture-in-picture; web-share\" referrerpolicy=\"strict-origin-when-cross-origin\" allowfullscreen><\/iframe><\/p>\n<p><iframe loading=\"lazy\" title=\"Usos de les tecnologies a les llars | Festival de la Inf\u00e0ncia 2022\" width=\"500\" height=\"281\" src=\"https:\/\/www.youtube.com\/embed\/uP7vLgOozNc?feature=oembed\" frameborder=\"0\" allow=\"accelerometer; autoplay; clipboard-write; encrypted-media; gyroscope; picture-in-picture; web-share\" referrerpolicy=\"strict-origin-when-cross-origin\" allowfullscreen><\/iframe><\/p>\n<p><iframe loading=\"lazy\" title=\"L&#039;\u00fas de pantalles en nens i adolescents\" width=\"500\" height=\"281\" src=\"https:\/\/www.youtube.com\/embed\/8LTHgyx77iA?feature=oembed\" frameborder=\"0\" allow=\"accelerometer; autoplay; clipboard-write; encrypted-media; gyroscope; picture-in-picture; web-share\" referrerpolicy=\"strict-origin-when-cross-origin\" allowfullscreen><\/iframe><\/p>\n<p><iframe loading=\"lazy\" title=\"PANTALLES: DE L&#039;OCI A L&#039;ADDICCI\u00d3\" width=\"500\" height=\"281\" src=\"https:\/\/www.youtube.com\/embed\/mcATpmKZ_fU?feature=oembed\" frameborder=\"0\" allow=\"accelerometer; autoplay; clipboard-write; encrypted-media; gyroscope; picture-in-picture; web-share\" referrerpolicy=\"strict-origin-when-cross-origin\" allowfullscreen><\/iframe><\/p>\n","protected":false},"excerpt":{"rendered":"<p>Us deixem a continuaci\u00f3 alguns enlla\u00e7os d&#8217;inter\u00e8s\u00a0per a les fam\u00edlies:<\/p>\n<ul>\n<li><a href=\"https:\/\/internetsegura.cat\/consells-ciberhigiene\/\">Consells b\u00e0sics de ciberhigiene per a una vida digital segura i saludable<\/a><\/li>\n<li><a href=\"https:\/\/canalsalut.gencat.cat\/ca\/vida-saludable\/us-responsable-noves-tecnologies\/infancia-adolescencia\/\">\u00das responsable de noves tecnologies en la inf\u00e0ncia i l&#8217;adolesc\u00e8ncia<\/a><\/li>\n<li><a title=\"Publicaci\u00f3 digital amb orientacions sobre la introducci\u00f3 de la tecnologia m\u00f2bil entre els&hellip;  <a href=\"https:\/\/agora.xtec.cat\/ceippractiques2-lleida\/consum-de-pantalles\/\" title=\"Read Consum de pantalles\">Llegeix m\u00e9s\u00bb<\/a><br \/>\n","protected":false},"author":1,"featured_media":0,"parent":0,"menu_order":0,"comment_status":"closed","ping_status":"closed","template":"","meta":{"_bbp_topic_count":0,"_bbp_reply_count":0,"_bbp_total_topic_count":0,"_bbp_total_reply_count":0,"_bbp_voice_count":0,"_bbp_anonymous_reply_count":0,"_bbp_topic_count_hidden":0,"_bbp_reply_count_hidden":0,"_bbp_forum_subforum_count":0,"footnotes":""},"class_list":["post-7994","page","type-page","status-publish","hentry"],"post_mailing_queue_ids":[],"_links":{"self":[{"href":"https:\/\/agora.xtec.cat\/ceippractiques2-lleida\/wp-json\/wp\/v2\/pages\/7994","targetHints":{"allow":["GET"]}}],"collection":[{"href":"https:\/\/agora.xtec.cat\/ceippractiques2-lleida\/wp-json\/wp\/v2\/pages"}],"about":[{"href":"https:\/\/agora.xtec.cat\/ceippractiques2-lleida\/wp-json\/wp\/v2\/types\/page"}],"author":[{"embeddable":true,"href":"https:\/\/agora.xtec.cat\/ceippractiques2-lleida\/wp-json\/wp\/v2\/users\/1"}],"replies":[{"embeddable":true,"href":"https:\/\/agora.xtec.cat\/ceippractiques2-lleida\/wp-json\/wp\/v2\/comments?post=7994"}],"version-history":[{"count":2,"href":"https:\/\/agora.xtec.cat\/ceippractiques2-lleida\/wp-json\/wp\/v2\/pages\/7994\/revisions"}],"predecessor-version":[{"id":8001,"href":"https:\/\/agora.xtec.cat\/ceippractiques2-lleida\/wp-json\/wp\/v2\/pages\/7994\/revisions\/8001"}],"wp:attachment":[{"href":"https:\/\/agora.xtec.cat\/ceippractiques2-lleida\/wp-json\/wp\/v2\/media?parent=7994"}],"curies":[{"name":"wp","href":"https:\/\/api.w.org\/{rel}","templated":true}]}}