{"id":6061,"date":"2023-03-07T15:12:03","date_gmt":"2023-03-07T14:12:03","guid":{"rendered":"https:\/\/agora.xtec.cat\/ceippractiques2-lleida\/?page_id=6061"},"modified":"2026-04-15T16:27:40","modified_gmt":"2026-04-15T14:27:40","slug":"informacio-preinscripcio-i-matricula","status":"publish","type":"page","link":"https:\/\/agora.xtec.cat\/ceippractiques2-lleida\/lescola\/informacio-preinscripcio-i-matricula\/","title":{"rendered":"Informaci\u00f3 Preinscripci\u00f3 i Matr\u00edcula CURS 26-27"},"content":{"rendered":"<p style=\"font-weight: 400;\"><strong>DOCUMENTACI\u00d3 D&#8217;INTER\u00c8S<\/strong><\/p>\n<table style=\"border-collapse: collapse; width: 75.7756%;\">\n<tbody>\n<tr>\n<td style=\"width: 20.6707%;\"><strong>Publicaci\u00f3 de l&#8217;oferta inicial<\/strong><\/td>\n<td style=\"width: 55.1051%;\"><\/td>\n<\/tr>\n<\/tbody>\n<\/table>\n<table style=\"border-collapse: collapse; width: 75.9758%;\">\n<tbody>\n<tr>\n<td style=\"width: 20.6707%;\"><strong>Publicaci\u00f3 de la llista de sol\u00b7licituds amb la puntuaci\u00f3 provisional\u00a0<\/strong><\/td>\n<td style=\"width: 55.3053%;\"><a href=\"https:\/\/agora.xtec.cat\/ceippractiques2-lleida\/docs\/barem-provisional\/\">https:\/\/agora.xtec.cat\/ceippractiques2-lleida\/docs\/barem-provisional\/<\/a><\/td>\n<\/tr>\n<\/tbody>\n<\/table>\n<table style=\"border-collapse: collapse; width: 75.9758%;\">\n<tbody>\n<tr>\n<td style=\"width: 20.3704%;\"><strong>Publicaci\u00f3 de la llista amb la puntuaci\u00f3 definitiva<\/strong><\/td>\n<td style=\"width: 55.6056%;\"><\/td>\n<\/tr>\n<\/tbody>\n<\/table>\n<table style=\"border-collapse: collapse; width: 75.8757%; height: 48px;\">\n<tbody>\n<tr style=\"height: 48px;\">\n<td style=\"width: 20.8709%; height: 48px;\"><strong>Publicaci\u00f3 de la llista ordenada<\/strong><\/td>\n<td style=\"width: 55.005%; height: 48px;\"><\/td>\n<\/tr>\n<\/tbody>\n<\/table>\n<table style=\"border-collapse: collapse; width: 75.7756%;\">\n<tbody>\n<tr>\n<td style=\"width: 20.7708%;\"><strong>Publicaci\u00f3 de l&#8217;oferta final<\/strong><\/td>\n<td style=\"width: 55.005%;\"><\/td>\n<\/tr>\n<\/tbody>\n<\/table>\n<table style=\"border-collapse: collapse; width: 75.9758%;\">\n<tbody>\n<tr>\n<td style=\"width: 21.0711%;\"><strong>Publicaci\u00f3 de la llista d&#8217;admesos i la llista d&#8217;espera\u00a0 \u00a0 \u00a0 \u00a0 \u00a0 \u00a0 \u00a0 \u00a0\u00a0<\/strong><\/td>\n<td style=\"width: 54.9049%;\">Places assignades al centre.<\/p>\n<p>LLista d&#8217;espera<\/p>\n<p>LListat de preinscrits al centre en 1a opci\u00f3.<\/td>\n<\/tr>\n<\/tbody>\n<\/table>\n<p><strong style=\"font-family: inherit; font-size: 1em;\">ALTRES INFORMACIONS \u00daTILS<\/strong><\/p>\n<p>La\u00a0preinscripci\u00f3\u00a0es realitza\u00a0<strong>de forma telem\u00e0tica del 4 al 18 de mar\u00e7 (inclosos).\u00a0 <a href=\"https:\/\/preinscripcio.gencat.cat\/ca\/estudis\/infantil-3-6\/preinscriute\/sollicitud\/\">CLIQUEU AQU\u00cd PER ANAR-HI.\u00a0<\/a><\/strong><\/p>\n<p style=\"font-weight: 400;\">Per realitzar la preinscripci\u00f3 haureu de tenir decidit quina\/es escoles voleu i en quin ordre.<\/p>\n<p style=\"font-weight: 400;\">En funci\u00f3 de la vostra situaci\u00f3 (domicili, lloc de feina, germans\/es, situacions especials\u2026) us correspon una puntuaci\u00f3 concreta.<\/p>\n<p style=\"font-weight: 400;\">Podeu\u00a0<strong>consultar els criteris d\u2019assignaci\u00f3\/punts<\/strong>\u00a0que us corresponen en el seg\u00fcent enlla\u00e7:<\/p>\n<p style=\"font-weight: 400;\"><a href=\"https:\/\/preinscripcio.gencat.cat\/ca\/estudis\/infantil-3-6\/informat\/criteris-assignacio\/\">https:\/\/preinscripcio.gencat.cat\/ca\/estudis\/infantil-3-6\/informat\/criteris-assignacio\/<\/a><\/p>\n<p style=\"font-weight: 400;\">Per trobar la informaci\u00f3 concreta de les\u00a0<strong>zones escolars de la ciutat de Lleida,<\/strong>\u00a0podeu consultar la p\u00e0gina de la Regidoria d\u2019Educaci\u00f3 de la Paeria. (per tal de veure les zones escolars de prim\u00e0ria en aquest mapa heu de seleccionar el filtre &#8220;zones escolars prim\u00e0ria&#8221; en aquesta icona, situada a la part dreta superior de la pantalla\u00a0 )<\/p>\n<p><img loading=\"lazy\" decoding=\"async\" class=\"aligncenter size-full wp-image-8015\" src=\"https:\/\/agora.xtec.cat\/ceippractiques2-lleida\/wp-content\/uploads\/usu635\/2026\/02\/Captura-de-pantalla-2026-02-19-111747.png\" alt=\"\" width=\"55\" height=\"63\" \/><\/p>\n<p style=\"font-weight: 400;\">Per qualsevol dubte o informaci\u00f3 que necessiteu, teniu la p\u00e0gina web del Departament d\u2019Educaci\u00f3 en la que us dona una <strong>informaci\u00f3 molt ampliada<\/strong>.<\/p>\n<p><a href=\"https:\/\/preinscripcio.gencat.cat\/ca\/inici\/index.html\">https:\/\/preinscripcio.gencat.cat\/ca\/inici\/index.html<\/a><\/p>\n<p>En el seg\u00fcent v\u00eddeo podeu trobar m\u00e9s informaci\u00f3 de com realitzar el tr\u00e0mit.<\/p>\n<p><iframe loading=\"lazy\" title=\"Com emplenar la sol\u00b7licitud de preinscripcio\u0301 escolar. Curs 2025-2026\" width=\"500\" height=\"281\" src=\"https:\/\/www.youtube.com\/embed\/9xMdvXoFR_4?feature=oembed\" frameborder=\"0\" allow=\"accelerometer; autoplay; clipboard-write; encrypted-media; gyroscope; picture-in-picture; web-share\" referrerpolicy=\"strict-origin-when-cross-origin\" allowfullscreen><\/iframe><\/p>\n<p style=\"font-weight: 400;\">En la imatge seg\u00fcent podeu veure quins s\u00f3n els passos i les dates per tal de realitzar la\u00a0preinscripci\u00f3\u00a0i seguir tot el proc\u00e9s.<\/p>\n<p><img decoding=\"async\" src=\"https:\/\/preinscripcio.gencat.cat\/web\/.content\/estudis\/infantil-3-6\/inici\/carrusel\/infantil3-6-primaria-bola2.png_223078711.png\" \/><\/p>\n<p><img loading=\"lazy\" decoding=\"async\" class=\"aligncenter size-full wp-image-7145\" src=\"https:\/\/agora.xtec.cat\/ceippractiques2-lleida\/wp-content\/uploads\/usu635\/2025\/02\/Captura-dates-preinscripcio.jpg\" alt=\"\" width=\"961\" height=\"686\" srcset=\"https:\/\/agora.xtec.cat\/ceippractiques2-lleida\/wp-content\/uploads\/usu635\/2025\/02\/Captura-dates-preinscripcio.jpg 961w, https:\/\/agora.xtec.cat\/ceippractiques2-lleida\/wp-content\/uploads\/usu635\/2025\/02\/Captura-dates-preinscripcio-300x214.jpg 300w, https:\/\/agora.xtec.cat\/ceippractiques2-lleida\/wp-content\/uploads\/usu635\/2025\/02\/Captura-dates-preinscripcio-768x548.jpg 768w\" sizes=\"auto, (max-width: 961px) 100vw, 961px\" \/><\/p>\n<p style=\"font-weight: 400;\">Dins la <a href=\"https:\/\/preinscripcio.gencat.cat\/ca\/inici\/index.html\">web de preinscripci\u00f3<\/a>,<span style=\"color: #ff9900;\"><strong> els passos en taronja s<\/strong><\/span><span style=\"color: #ff9900;\"><strong>\u00f3n<\/strong>\u00a0<\/span>aquells apartats que, per calendari ja estan oberts.<\/p>\n<p style=\"font-weight: 400;\">Els punts que estan en gris, s\u00f3n aquells que encara no estan disponibles (ja que encara no pertoca per data i calendari).\u00a0 A mesura que avanci el calendari s\u2019aniran marcant amb taronja i hi podreu accedir.<\/p>\n<p>Tens altres dubtes? Consulta les preguntes i respostes m\u00e9s freq\u00fcents <a href=\"https:\/\/preinscripcio.gencat.cat\/ca\/estudis\/infantil-3-6\/preinscriute\/dubtes\/\">clicant AQUI.<\/a><\/p>\n","protected":false},"excerpt":{"rendered":"<p>DOCUMENTACI\u00d3 D&#8217;INTER\u00c8S<\/p>\n<p>Publicaci\u00f3 de l&#8217;oferta inicial<\/p>\n<p>Publicaci\u00f3 de la llista de sol\u00b7licituds amb la puntuaci\u00f3 provisional\u00a0<br \/>\n<a href=\"https:\/\/agora.xtec.cat\/ceippractiques2-lleida\/docs\/barem-provisional\/\">https:\/\/agora.xtec.cat\/ceippractiques2-lleida\/docs\/barem-provisional\/<\/a><\/p>\n<p>Publicaci\u00f3 de la llista amb la puntuaci\u00f3 definitiva<\/p>\n<p>Publicaci\u00f3 de la llista ordenada<\/p>\n<p>Publicaci\u00f3 de l&#8217;oferta final<\/p>\n<p>Publicaci\u00f3 de la llista d&#8217;admesos i la llista d&#8217;espera\u00a0 \u00a0 \u00a0 \u00a0 \u00a0 \u00a0 \u00a0 \u00a0\u00a0<br \/>\nPlaces assignades&hellip;  <a href=\"https:\/\/agora.xtec.cat\/ceippractiques2-lleida\/lescola\/informacio-preinscripcio-i-matricula\/\" title=\"Read Informaci\u00f3 Preinscripci\u00f3 i Matr\u00edcula CURS 26-27\">Llegeix m\u00e9s\u00bb<\/a><\/p>\n","protected":false},"author":1,"featured_media":0,"parent":22,"menu_order":0,"comment_status":"closed","ping_status":"closed","template":"","meta":{"_bbp_topic_count":0,"_bbp_reply_count":0,"_bbp_total_topic_count":0,"_bbp_total_reply_count":0,"_bbp_voice_count":0,"_bbp_anonymous_reply_count":0,"_bbp_topic_count_hidden":0,"_bbp_reply_count_hidden":0,"_bbp_forum_subforum_count":0,"footnotes":""},"class_list":["post-6061","page","type-page","status-publish","hentry"],"post_mailing_queue_ids":[],"_links":{"self":[{"href":"https:\/\/agora.xtec.cat\/ceippractiques2-lleida\/wp-json\/wp\/v2\/pages\/6061","targetHints":{"allow":["GET"]}}],"collection":[{"href":"https:\/\/agora.xtec.cat\/ceippractiques2-lleida\/wp-json\/wp\/v2\/pages"}],"about":[{"href":"https:\/\/agora.xtec.cat\/ceippractiques2-lleida\/wp-json\/wp\/v2\/types\/page"}],"author":[{"embeddable":true,"href":"https:\/\/agora.xtec.cat\/ceippractiques2-lleida\/wp-json\/wp\/v2\/users\/1"}],"replies":[{"embeddable":true,"href":"https:\/\/agora.xtec.cat\/ceippractiques2-lleida\/wp-json\/wp\/v2\/comments?post=6061"}],"version-history":[{"count":6,"href":"https:\/\/agora.xtec.cat\/ceippractiques2-lleida\/wp-json\/wp\/v2\/pages\/6061\/revisions"}],"predecessor-version":[{"id":8157,"href":"https:\/\/agora.xtec.cat\/ceippractiques2-lleida\/wp-json\/wp\/v2\/pages\/6061\/revisions\/8157"}],"up":[{"embeddable":true,"href":"https:\/\/agora.xtec.cat\/ceippractiques2-lleida\/wp-json\/wp\/v2\/pages\/22"}],"wp:attachment":[{"href":"https:\/\/agora.xtec.cat\/ceippractiques2-lleida\/wp-json\/wp\/v2\/media?parent=6061"}],"curies":[{"name":"wp","href":"https:\/\/api.w.org\/{rel}","templated":true}]}}