{"id":26,"date":"2014-09-18T12:24:32","date_gmt":"2014-09-18T10:24:32","guid":{"rendered":"http:\/\/agora.xtec.cat\/ceippractiques2-lleida\/?page_id=26"},"modified":"2026-02-05T16:25:16","modified_gmt":"2026-02-05T15:25:16","slug":"historia","status":"publish","type":"page","link":"https:\/\/agora.xtec.cat\/ceippractiques2-lleida\/lescola\/historia\/","title":{"rendered":"Qui som?"},"content":{"rendered":"<p><span style=\"font-size: 16px; font-family: helvetica, arial, sans-serif;\">Som una escola de dues l\u00ednies amb 6 aules d&#8217;educaci\u00f3 infantil\u00a0 i 12 aules d&#8217;educaci\u00f3 prim\u00e0ria amb un total de 450 alumnes.<\/span><\/p>\n<p><span style=\"font-size: 16px; font-family: helvetica, arial, sans-serif;\"> El claustre del curs 2024-2025\u00a0 \u00e9s el seg\u00fcent:<\/span><\/p>\n<h3 style=\"text-align: center;\"><span style=\"text-decoration: underline; font-family: helvetica, arial, sans-serif; font-size: 16px; color: #333399;\">Equip directiu<\/span><\/h3>\n<p style=\"text-align: center;\"><span style=\"font-size: 16px; font-family: helvetica, arial, sans-serif;\"><strong>Directora<\/strong> Bel\u00e9n Garde\u00f1es<\/span><br \/>\n<span style=\"font-size: 16px; font-family: helvetica, arial, sans-serif;\"> <strong>Cap d&#8217;estudis<\/strong> Merc\u00e8 Gir\u00f3<\/span><br \/>\n<span style=\"font-size: 16px; font-family: helvetica, arial, sans-serif;\"> <strong>Secret\u00e0ria<\/strong> Laia Silvestre<\/span><\/p>\n<h3 style=\"text-align: center;\"><span style=\"text-decoration: underline; color: #333399; font-family: helvetica, arial, sans-serif; font-size: 16px;\">Educaci\u00f3 infantil<\/span><\/h3>\n<p style=\"text-align: center;\"><span style=\"font-size: 16px; font-family: helvetica, arial, sans-serif;\"><strong>I3 A<\/strong> Oriol Larrondo<\/span><br \/>\n<span style=\"font-size: 16px; font-family: helvetica, arial, sans-serif;\"><strong>I3 B <\/strong>Rosa M. Ribalta (coordinadora de cicle)<strong><br \/>\n<\/strong><\/span><\/p>\n<p style=\"text-align: center;\"><span style=\"font-size: 16px; font-family: helvetica, arial, sans-serif;\"><strong>TEI<\/strong> Cecilia Domingo<\/span><\/p>\n<p style=\"text-align: center;\"><span style=\"font-size: 16px; font-family: helvetica, arial, sans-serif;\"><strong>I4 A\u00a0 <\/strong>\u00a0Laura Fern\u00e1ndez<strong><br \/>\nI4 B\u00a0 <\/strong>Cristina Iglesias<br \/>\n<strong>Atenci\u00f3 I3 I4\u00a0 <\/strong>Montse Garcia<\/span><\/p>\n<p style=\"text-align: center;\"><span style=\"font-size: 16px; font-family: helvetica, arial, sans-serif;\"><strong>I5 A\u00a0<\/strong>M\u00f2nica Gurruchaga<\/span><br \/>\n<span style=\"font-size: 16px; font-family: helvetica, arial, sans-serif;\"><strong>I5 B <\/strong>Andrea Aixal\u00e0<br \/>\n<strong>Atenci\u00f3 I5 <\/strong>Edurne Achalandabaso<\/span><\/p>\n<h3 style=\"text-align: center;\"><span style=\"text-decoration: underline; color: #333399; font-family: helvetica, arial, sans-serif; font-size: 16px;\">\u00a0Educaci\u00f3 Prim\u00e0ria<\/span><\/h3>\n<p style=\"text-align: center;\"><span style=\"font-size: 16px; font-family: helvetica, arial, sans-serif;\"><strong>1A\u00a0 <\/strong>Laura Mart\u00edn (coordinadora de cicle)<strong><br \/>\n1B <\/strong>Anna Oriola<\/span><\/p>\n<p style=\"text-align: center;\"><span style=\"font-size: 16px; font-family: helvetica, arial, sans-serif;\"><strong>2A\u00a0 <\/strong>Laia Silvestre\u00a0<strong><br \/>\n2B <\/strong>Marta Huguet<\/span><\/p>\n<p style=\"text-align: center;\"><span style=\"font-size: 16px; font-family: helvetica, arial, sans-serif;\"><strong>Suport CI <\/strong>Dolors Carles \/ Maria Rabassa<\/span><\/p>\n<p style=\"text-align: center;\"><span style=\"font-size: 16px; font-family: helvetica, arial, sans-serif;\"><strong>3A<\/strong> Ana\u00efs Mu\u00f1oz<br \/>\n<strong>3B\u00a0<\/strong>Sandra Manrique\u00a0<\/span><\/p>\n<p style=\"text-align: center;\"><span style=\"font-size: 16px; font-family: helvetica, arial, sans-serif;\"><strong>4A<\/strong> Xavi Casa\u00f1\u00e9 (coordinaci\u00f3 de cicle)<br \/>\n<strong>4B<\/strong> Emma Palau<\/span><\/p>\n<p style=\"text-align: center;\"><span style=\"font-size: 16px; font-family: helvetica, arial, sans-serif;\"><strong>Suport cicle mitj\u00e0:<\/strong> Ester Gin\u00e9<\/span><\/p>\n<p style=\"text-align: center;\"><span style=\"font-size: 16px; font-family: helvetica, arial, sans-serif;\"><strong>5A <\/strong>Mar Mel\u00e9<strong><br \/>\n<\/strong><strong>5B<\/strong> Olga Buj\u00e1n (coordinaci\u00f3 de cicle)<\/span><\/p>\n<p style=\"text-align: center;\"><span style=\"font-size: 16px; font-family: helvetica, arial, sans-serif;\"><strong>6A\u00a0 <\/strong>Maria Odina<strong><br \/>\n<\/strong><strong>6B\u00a0 <\/strong>Andrea Bieto<\/span><\/p>\n<h3 style=\"text-align: center;\"><span style=\"text-decoration: underline; color: #333399; font-family: helvetica, arial, sans-serif; font-size: 16px;\">Especialistes<\/span><\/h3>\n<p style=\"text-align: center;\"><span style=\"font-size: 16px; font-family: helvetica, arial, sans-serif;\"><strong>SIEI: <\/strong>Pilar Fern\u00e1ndez \/ Jose Cereza<\/span><br \/>\n<span style=\"font-size: 16px; font-family: helvetica, arial, sans-serif;\"> <strong>Educaci\u00f3 f\u00edsica<\/strong>: Jose Rojano, Olga Buj\u00e1n, Xavi Casa\u00f1\u00e9 i Andrea Bieto<\/span><br \/>\n<span style=\"font-size: 16px; font-family: helvetica, arial, sans-serif;\"> <strong>Educaci\u00f3 Musical<\/strong>:\u00a0 Marta Marsol<\/span><br \/>\n<span style=\"font-size: 16px; font-family: helvetica, arial, sans-serif;\"> <strong>Llengua anglesa<\/strong>: Laura Alamillo, Cristina Benet<\/span><br \/>\n<span style=\"font-size: 16px; font-family: helvetica, arial, sans-serif;\"> <strong>Llengua francesa<\/strong><\/span><span style=\"font-size: 16px; font-family: helvetica, arial, sans-serif;\">: Merc\u00e8 Gir\u00f3<\/span><\/p>\n<p style=\"text-align: center;\"><strong>Aula d&#8217;acollida<\/strong>: Judit Mart\u00ed i Alba Cam\u00ed<\/p>\n<p style=\"text-align: center;\"><strong>Mestres especialistes Rob\u00f2tica:<\/strong>\u00a0 Laura Fern\u00e1ndez (EI) \/ Laura Alamillo (1r, 2n i 3r) \/ Emma Palau (4t) \/ Olga Buj\u00e1n i Mar Mel\u00e9 (5\u00e8) \/ Maria Odina (6\u00e8)<\/p>\n<p style=\"text-align: center;\"><strong>Religi\u00f3<\/strong>: Elisabeth Domenech<\/p>\n<p style=\"text-align: center;\"><strong>Pedagogia Terap\u00e8utica<\/strong>: Pepita Puig \/ Merc\u00e8 \u00c1lvarez<\/p>\n<h3 style=\"text-align: center;\"><span style=\"text-decoration: underline; color: #333399; font-family: helvetica, arial, sans-serif; font-size: 16px;\">Coordinacions<\/span><\/h3>\n<p style=\"text-align: center;\"><span style=\"font-size: 16px; font-family: helvetica, arial, sans-serif;\"><strong>Projecte de conviv\u00e8ncia i UNESCO<\/strong>: Bel\u00e9n Garde\u00f1es\u00a0<strong><br \/>\n<\/strong><strong>Projecte Escoles Sostenibles<\/strong>: Xavi Casa\u00f1\u00e9<\/span><br \/>\n<span style=\"font-size: 16px; font-family: helvetica, arial, sans-serif;\"> <strong>Projecte de biblioteca<\/strong>: Marta Marsol<\/span><br \/>\n<span style=\"font-size: 16px; font-family: helvetica, arial, sans-serif;\"> <strong>Projecte <\/strong><\/span><span style=\"font-size: 16px; font-family: helvetica, arial, sans-serif;\"><strong>LIC<\/strong>: Andrea<\/span> Aixal\u00e0<\/p>\n<p style=\"text-align: center;\"><span style=\"font-size: 16px; font-family: helvetica, arial, sans-serif;\"><strong>Riscos laborals<\/strong>: Olga Buj\u00e1n<\/span><br \/>\n<span style=\"font-size: 16px; font-family: helvetica, arial, sans-serif;\"> <strong>Coordinaci\u00f3 digital<\/strong>: Maria Odina<\/span><br \/>\n<span style=\"font-size: 16px; font-family: helvetica, arial, sans-serif;\"> <strong>Coordinaci\u00f3 de practicants<\/strong>: Merc\u00e8 Gir\u00f3<br \/>\n<\/span><\/p>\n<h3 style=\"text-align: center;\"><span style=\"text-decoration: underline; color: #333399; font-family: helvetica, arial, sans-serif; font-size: 16px;\">Personal d&#8217;administraci\u00f3 i serveis<\/span><\/h3>\n<p style=\"text-align: center;\"><span style=\"font-size: 16px; font-family: helvetica, arial, sans-serif;\"><strong>Auxiliar d&#8217;educaci\u00f3 especial<\/strong>: Joana Salazar \/ Teresa Melero<\/span><br \/>\n<span style=\"font-size: 16px; font-family: helvetica, arial, sans-serif;\"><strong>Educadora SIEI:<\/strong> Judit Valls \/ Lorena Planella \/ J\u00falia Fern\u00e1ndez<\/span><br \/>\n<span style=\"font-size: 16px; font-family: helvetica, arial, sans-serif;\"> <strong>Auxiliar administratiu<\/strong>:\u00a0 Santi Val<\/span><br \/>\n<span style=\"font-size: 16px; font-family: helvetica, arial, sans-serif;\"> <strong>Conserge<\/strong>:\u00a0 Mag\u00ed Morell<\/span><br \/>\n<span style=\"font-size: 16px; font-family: helvetica, arial, sans-serif;\"> <strong>Personal de neteja<\/strong>: Julieta P\u00e0rraga, Gracia Manrique, Sonsoles Mart\u00edn<\/span><\/p>\n","protected":false},"excerpt":{"rendered":"<p>Som una escola de dues l\u00ednies amb 6 aules d&#8217;educaci\u00f3 infantil\u00a0 i 12 aules d&#8217;educaci\u00f3 prim\u00e0ria amb un total de 450 alumnes.<br \/>\n El claustre del curs 2024-2025\u00a0 \u00e9s el seg\u00fcent:<br \/>\nEquip directiu<br \/>\nDirectora Bel\u00e9n Garde\u00f1es<br \/>\n Cap d&#8217;estudis Merc\u00e8 Gir\u00f3<br \/>\n Secret\u00e0ria Laia Silvestre<br \/>\nEducaci\u00f3 infantil<br \/>\nI3 A Oriol Larrondo<br \/>\nI3 B&hellip;  <a href=\"https:\/\/agora.xtec.cat\/ceippractiques2-lleida\/lescola\/historia\/\" title=\"Read Qui som?\">Llegeix m\u00e9s\u00bb<\/a><\/p>\n","protected":false},"author":1,"featured_media":0,"parent":22,"menu_order":4,"comment_status":"closed","ping_status":"closed","template":"page-templates\/side-menu.php","meta":{"_bbp_topic_count":0,"_bbp_reply_count":0,"_bbp_total_topic_count":0,"_bbp_total_reply_count":0,"_bbp_voice_count":0,"_bbp_anonymous_reply_count":0,"_bbp_topic_count_hidden":0,"_bbp_reply_count_hidden":0,"_bbp_forum_subforum_count":0,"footnotes":""},"class_list":["post-26","page","type-page","status-publish","hentry"],"post_mailing_queue_ids":[],"_links":{"self":[{"href":"https:\/\/agora.xtec.cat\/ceippractiques2-lleida\/wp-json\/wp\/v2\/pages\/26","targetHints":{"allow":["GET"]}}],"collection":[{"href":"https:\/\/agora.xtec.cat\/ceippractiques2-lleida\/wp-json\/wp\/v2\/pages"}],"about":[{"href":"https:\/\/agora.xtec.cat\/ceippractiques2-lleida\/wp-json\/wp\/v2\/types\/page"}],"author":[{"embeddable":true,"href":"https:\/\/agora.xtec.cat\/ceippractiques2-lleida\/wp-json\/wp\/v2\/users\/1"}],"replies":[{"embeddable":true,"href":"https:\/\/agora.xtec.cat\/ceippractiques2-lleida\/wp-json\/wp\/v2\/comments?post=26"}],"version-history":[{"count":6,"href":"https:\/\/agora.xtec.cat\/ceippractiques2-lleida\/wp-json\/wp\/v2\/pages\/26\/revisions"}],"predecessor-version":[{"id":7915,"href":"https:\/\/agora.xtec.cat\/ceippractiques2-lleida\/wp-json\/wp\/v2\/pages\/26\/revisions\/7915"}],"up":[{"embeddable":true,"href":"https:\/\/agora.xtec.cat\/ceippractiques2-lleida\/wp-json\/wp\/v2\/pages\/22"}],"wp:attachment":[{"href":"https:\/\/agora.xtec.cat\/ceippractiques2-lleida\/wp-json\/wp\/v2\/media?parent=26"}],"curies":[{"name":"wp","href":"https:\/\/api.w.org\/{rel}","templated":true}]}}